{"id":11693,"date":"2024-08-17T16:15:12","date_gmt":"2024-08-17T16:15:12","guid":{"rendered":"https:\/\/www.exceptional.art\/?page_id=11693"},"modified":"2024-08-26T18:20:39","modified_gmt":"2024-08-26T18:20:39","slug":"salvador-dali-surrealismo-19041989","status":"publish","type":"page","link":"https:\/\/www.exceptional.art\/pt\/prodigios\/salvador-dali-surrealismo-19041989\/","title":{"rendered":"Salvador Dal\u00ed - Surrealismo - 1904-1989"},"content":{"rendered":"<div data-elementor-type=\"wp-page\" data-elementor-id=\"11693\" class=\"elementor elementor-11693\" data-elementor-post-type=\"page\">\n\t\t\t\t<div class=\"elementor-element elementor-element-9dbc247 e-flex e-con-boxed e-con e-parent\" data-id=\"9dbc247\" data-element_type=\"container\" data-e-type=\"container\">\n\t\t\t\t\t<div class=\"e-con-inner\">\n\t\t<div class=\"elementor-element elementor-element-36a634b e-con-full e-flex e-con e-child\" data-id=\"36a634b\" data-element_type=\"container\" data-e-type=\"container\">\n\t\t\t\t<div class=\"elementor-element elementor-element-6c9ad71 elementor-widget elementor-widget-image\" data-id=\"6c9ad71\" data-element_type=\"widget\" data-e-type=\"widget\" data-widget_type=\"image.default\">\n\t\t\t\t<div class=\"elementor-widget-container\">\n\t\t\t\t\t\t\t\t\t\t\t\t\t\t\t<img fetchpriority=\"high\" decoding=\"async\" width=\"230\" height=\"300\" src=\"https:\/\/www.exceptional.art\/wp-content\/uploads\/2024\/08\/1024px-Salvador_Dali_NYWTS-230x300.jpg\" class=\"attachment-medium size-medium wp-image-11702\" alt=\"Salvador Dal\u00ed, Pintura Surrealista de 1965, Arte Surrealista Ic\u00f4nica de Dal\u00ed\" srcset=\"https:\/\/www.exceptional.art\/wp-content\/uploads\/2024\/08\/1024px-Salvador_Dali_NYWTS-230x300.jpg 230w, https:\/\/www.exceptional.art\/wp-content\/uploads\/2024\/08\/1024px-Salvador_Dali_NYWTS-785x1024.jpg 785w, https:\/\/www.exceptional.art\/wp-content\/uploads\/2024\/08\/1024px-Salvador_Dali_NYWTS-768x1002.jpg 768w, https:\/\/www.exceptional.art\/wp-content\/uploads\/2024\/08\/1024px-Salvador_Dali_NYWTS-9x12.jpg 9w, https:\/\/www.exceptional.art\/wp-content\/uploads\/2024\/08\/1024px-Salvador_Dali_NYWTS-500x652.jpg 500w, https:\/\/www.exceptional.art\/wp-content\/uploads\/2024\/08\/1024px-Salvador_Dali_NYWTS.jpg 1024w\" sizes=\"(max-width: 230px) 100vw, 230px\" \/>\t\t\t\t\t\t\t\t\t\t\t\t\t\t\t<\/div>\n\t\t\t\t<\/div>\n\t\t\t\t<\/div>\n\t\t<div class=\"elementor-element elementor-element-57f915f e-con-full e-flex e-con e-child\" data-id=\"57f915f\" data-element_type=\"container\" data-e-type=\"container\">\n\t\t\t\t<div class=\"elementor-element elementor-element-7062d8c elementor-widget elementor-widget-heading\" data-id=\"7062d8c\" data-element_type=\"widget\" data-e-type=\"widget\" data-widget_type=\"heading.default\">\n\t\t\t\t<div class=\"elementor-widget-container\">\n\t\t\t\t\t<h2 class=\"elementor-heading-title elementor-size-default\"> Salvador Dal\u00ed: Surrealismo (1904-1989)\n<\/h2>\t\t\t\t<\/div>\n\t\t\t\t<\/div>\n\t\t\t\t<\/div>\n\t\t\t\t\t<\/div>\n\t\t\t\t<\/div>\n\t\t<div class=\"elementor-element elementor-element-4714eb7 e-flex e-con-boxed e-con e-parent\" data-id=\"4714eb7\" data-element_type=\"container\" data-e-type=\"container\">\n\t\t\t\t\t<div class=\"e-con-inner\">\n\t\t<div class=\"elementor-element elementor-element-ac6d64a e-con-full e-flex e-con e-child\" data-id=\"ac6d64a\" data-element_type=\"container\" data-e-type=\"container\">\n\t\t\t\t<div class=\"elementor-element elementor-element-26bd7ea elementor-widget elementor-widget-heading\" data-id=\"26bd7ea\" data-element_type=\"widget\" data-e-type=\"widget\" data-widget_type=\"heading.default\">\n\t\t\t\t<div class=\"elementor-widget-container\">\n\t\t\t\t\t<h3 class=\"elementor-heading-title elementor-size-default\">Nascimento e in\u00edcio da vida<\/h3>\t\t\t\t<\/div>\n\t\t\t\t<\/div>\n\t\t\t\t<\/div>\n\t\t<div class=\"elementor-element elementor-element-d6c2b07 e-con-full e-flex e-con e-child\" data-id=\"d6c2b07\" data-element_type=\"container\" data-e-type=\"container\">\n\t\t\t\t<div class=\"elementor-element elementor-element-7e56991 elementor-widget elementor-widget-text-editor\" data-id=\"7e56991\" data-element_type=\"widget\" data-e-type=\"widget\" data-widget_type=\"text-editor.default\">\n\t\t\t\t<div class=\"elementor-widget-container\">\n\t\t\t\t\t\t\t\t\t<p>Salvador Domingo Felipe Jacinto Dal\u00ed i Dom\u00e8nech nasceu em 11 de maio de 1904, em Figueres, na Catalunha, Espanha. Desde o in\u00edcio, a vida de Dal\u00ed foi marcada por um ar de mist\u00e9rio e excentricidade que mais tarde definiria sua personalidade como uma das figuras mais ic\u00f4nicas da hist\u00f3ria da arte. Seus pais, Salvador Dal\u00ed i Cus\u00ed e Felipa Dom\u00e8nech Ferr\u00e9s, tiveram um papel importante na forma\u00e7\u00e3o de suas primeiras experi\u00eancias. A morte de seu irm\u00e3o mais velho, tamb\u00e9m chamado Salvador, nove meses antes do nascimento de Dal\u00ed, deixou uma profunda impress\u00e3o no artista, que acreditava ser a reencarna\u00e7\u00e3o de seu irm\u00e3o - uma no\u00e7\u00e3o incentivada por seus pais. Essa cren\u00e7a em seu destino extraordin\u00e1rio tornou-se um tema recorrente em sua vida e obra.<\/p>\t\t\t\t\t\t\t\t<\/div>\n\t\t\t\t<\/div>\n\t\t\t\t<\/div>\n\t\t\t\t\t<\/div>\n\t\t\t\t<\/div>\n\t\t<div class=\"elementor-element elementor-element-ad4612a e-flex e-con-boxed e-con e-parent\" data-id=\"ad4612a\" data-element_type=\"container\" data-e-type=\"container\">\n\t\t\t\t\t<div class=\"e-con-inner\">\n\t\t\t\t<div class=\"elementor-element elementor-element-09a0d87 elementor-widget elementor-widget-image\" data-id=\"09a0d87\" data-element_type=\"widget\" data-e-type=\"widget\" data-widget_type=\"image.default\">\n\t\t\t\t<div class=\"elementor-widget-container\">\n\t\t\t\t\t\t\t\t\t\t\t\t\t\t\t<img decoding=\"async\" width=\"1024\" height=\"585\" src=\"https:\/\/www.exceptional.art\/wp-content\/uploads\/2024\/08\/serene-rural-landscape-in-Figueres-Catalonia-Spain-1024x585.webp\" class=\"attachment-large size-large wp-image-11703\" alt=\"Paisagem de Figueres, Catalunha, 11 de maio de 1904 - Vilarejo sereno com colinas e montanhas distantes\" srcset=\"https:\/\/www.exceptional.art\/wp-content\/uploads\/2024\/08\/serene-rural-landscape-in-Figueres-Catalonia-Spain-1024x585.webp 1024w, https:\/\/www.exceptional.art\/wp-content\/uploads\/2024\/08\/serene-rural-landscape-in-Figueres-Catalonia-Spain-300x171.webp 300w, https:\/\/www.exceptional.art\/wp-content\/uploads\/2024\/08\/serene-rural-landscape-in-Figueres-Catalonia-Spain-768x439.webp 768w, https:\/\/www.exceptional.art\/wp-content\/uploads\/2024\/08\/serene-rural-landscape-in-Figueres-Catalonia-Spain-1536x878.webp 1536w, https:\/\/www.exceptional.art\/wp-content\/uploads\/2024\/08\/serene-rural-landscape-in-Figueres-Catalonia-Spain-18x10.webp 18w, https:\/\/www.exceptional.art\/wp-content\/uploads\/2024\/08\/serene-rural-landscape-in-Figueres-Catalonia-Spain-500x286.webp 500w, https:\/\/www.exceptional.art\/wp-content\/uploads\/2024\/08\/serene-rural-landscape-in-Figueres-Catalonia-Spain.webp 1792w\" sizes=\"(max-width: 1024px) 100vw, 1024px\" \/>\t\t\t\t\t\t\t\t\t\t\t\t\t\t\t<\/div>\n\t\t\t\t<\/div>\n\t\t\t\t\t<\/div>\n\t\t\t\t<\/div>\n\t\t<div class=\"elementor-element elementor-element-9c947b4 e-flex e-con-boxed e-con e-parent\" data-id=\"9c947b4\" data-element_type=\"container\" data-e-type=\"container\">\n\t\t\t\t\t<div class=\"e-con-inner\">\n\t\t<div class=\"elementor-element elementor-element-56a7576 e-con-full e-flex e-con e-child\" data-id=\"56a7576\" data-element_type=\"container\" data-e-type=\"container\">\n\t\t\t\t<div class=\"elementor-element elementor-element-2bc65c4 elementor-widget elementor-widget-heading\" data-id=\"2bc65c4\" data-element_type=\"widget\" data-e-type=\"widget\" data-widget_type=\"heading.default\">\n\t\t\t\t<div class=\"elementor-widget-container\">\n\t\t\t\t\t<h3 class=\"elementor-heading-title elementor-size-default\">Inf\u00e2ncia e primeiras influ\u00eancias<\/h3>\t\t\t\t<\/div>\n\t\t\t\t<\/div>\n\t\t\t\t<\/div>\n\t\t<div class=\"elementor-element elementor-element-8453709 e-con-full e-flex e-con e-child\" data-id=\"8453709\" data-element_type=\"container\" data-e-type=\"container\">\n\t\t\t\t<\/div>\n\t\t\t\t\t<\/div>\n\t\t\t\t<\/div>\n\t\t<div class=\"elementor-element elementor-element-549e263 e-flex e-con-boxed e-con e-parent\" data-id=\"549e263\" data-element_type=\"container\" data-e-type=\"container\">\n\t\t\t\t\t<div class=\"e-con-inner\">\n\t\t\t\t<div class=\"elementor-element elementor-element-077de36 elementor-widget elementor-widget-text-editor\" data-id=\"077de36\" data-element_type=\"widget\" data-e-type=\"widget\" data-widget_type=\"text-editor.default\">\n\t\t\t\t<div class=\"elementor-widget-container\">\n\t\t\t\t\t\t\t\t\t<p>A inf\u00e2ncia de Dal\u00ed foi uma complexa tape\u00e7aria de emo\u00e7\u00f5es e experi\u00eancias conflitantes. Sua m\u00e3e foi uma influ\u00eancia estimulante, encorajando seus talentos art\u00edsticos desde muito jovem. Ao mesmo tempo, seu pai era um disciplinador rigoroso, promovendo um ambiente de apoio e tens\u00e3o. Dal\u00ed foi uma crian\u00e7a precoce, mostrando sinais de g\u00eanio art\u00edstico desde cedo. Ele come\u00e7ou a pintar quando crian\u00e7a e, aos 10 anos, j\u00e1 estava exibindo seu trabalho publicamente.<br \/>A paisagem da Catalunha, com suas montanhas escarpadas e o sempre presente Mar Mediterr\u00e2neo, moldou significativamente a vis\u00e3o art\u00edstica de Dal\u00ed. Sua exposi\u00e7\u00e3o precoce \u00e0s obras de impressionistas e p\u00f3s-impressionistas, incluindo Picasso e Matisse, em um museu local em Figueres, despertou sua paix\u00e3o pela pintura. As primeiras obras de Dal\u00ed foram fortemente influenciadas pelo impressionismo. Ainda assim, seu estilo evoluiria dramaticamente \u00e0 medida que ele buscava expressar as paisagens surreais de sua mente.<\/p>\t\t\t\t\t\t\t\t<\/div>\n\t\t\t\t<\/div>\n\t\t\t\t\t<\/div>\n\t\t\t\t<\/div>\n\t\t<div class=\"elementor-element elementor-element-b3e6715 e-flex e-con-boxed e-con e-parent\" data-id=\"b3e6715\" data-element_type=\"container\" data-e-type=\"container\">\n\t\t\t\t\t<div class=\"e-con-inner\">\n\t\t\t\t<div class=\"elementor-element elementor-element-e6676c6 elementor-widget elementor-widget-heading\" data-id=\"e6676c6\" data-element_type=\"widget\" data-e-type=\"widget\" data-widget_type=\"heading.default\">\n\t\t\t\t<div class=\"elementor-widget-container\">\n\t\t\t\t\t<h3 class=\"elementor-heading-title elementor-size-default\">Educa\u00e7\u00e3o e dificuldades iniciais<\/h3>\t\t\t\t<\/div>\n\t\t\t\t<\/div>\n\t\t\t\t\t<\/div>\n\t\t\t\t<\/div>\n\t\t<div class=\"elementor-element elementor-element-f698b46 e-flex e-con-boxed e-con e-parent\" data-id=\"f698b46\" data-element_type=\"container\" data-e-type=\"container\">\n\t\t\t\t\t<div class=\"e-con-inner\">\n\t\t\t\t<div class=\"elementor-element elementor-element-0300414 elementor-widget elementor-widget-text-editor\" data-id=\"0300414\" data-element_type=\"widget\" data-e-type=\"widget\" data-widget_type=\"text-editor.default\">\n\t\t\t\t<div class=\"elementor-widget-container\">\n\t\t\t\t\t\t\t\t\t<p>Em 1922, Dal\u00ed mudou-se para Madri para estudar na Real Academia de Belas Artes de San Fernando, onde rapidamente se tornou uma figura central entre seus colegas. Sua personalidade extravagante e seu comportamento exc\u00eantrico o destacaram, assim como seu extraordin\u00e1rio talento. Durante esse per\u00edodo, Dal\u00ed fez experi\u00eancias com v\u00e1rios estilos, incluindo o cubismo, o dada\u00edsmo e as t\u00e9cnicas cl\u00e1ssicas de pintura. Sua habilidade t\u00e9cnica era ineg\u00e1vel, mas sua recusa em se adequar aos padr\u00f5es acad\u00eamicos tradicionais gerou tens\u00f5es com seus instrutores, culminando com sua expuls\u00e3o da academia em 1926, pouco antes dos exames finais.<br \/>Apesar desse contratempo, o tempo que Dal\u00ed passou em Madri moldou sua trajet\u00f3ria art\u00edstica. Ele estabeleceu rela\u00e7\u00f5es estreitas com futuros luminares, como o cineasta Luis Bu\u00f1uel e o poeta Federico Garc\u00eda Lorca. Essas amizades foram fundamentais para a introdu\u00e7\u00e3o de Dal\u00ed ao surrealismo, o movimento que acabaria por definir sua carreira. No entanto, seu relacionamento com Lorca, em particular, era repleto de complexidade, entrela\u00e7ando colabora\u00e7\u00e3o criativa e tens\u00e3o emocional.<\/p>\t\t\t\t\t\t\t\t<\/div>\n\t\t\t\t<\/div>\n\t\t\t\t\t<\/div>\n\t\t\t\t<\/div>\n\t\t<div class=\"elementor-element elementor-element-ed47e90 e-flex e-con-boxed e-con e-parent\" data-id=\"ed47e90\" data-element_type=\"container\" data-e-type=\"container\">\n\t\t\t\t\t<div class=\"e-con-inner\">\n\t\t<div class=\"elementor-element elementor-element-a959d96 e-con-full e-flex e-con e-child\" data-id=\"a959d96\" data-element_type=\"container\" data-e-type=\"container\">\n\t\t\t\t<div class=\"elementor-element elementor-element-cd4ce43 elementor-widget elementor-widget-image\" data-id=\"cd4ce43\" data-element_type=\"widget\" data-e-type=\"widget\" data-widget_type=\"image.default\">\n\t\t\t\t<div class=\"elementor-widget-container\">\n\t\t\t\t\t\t\t\t\t\t\t\t\t\t\t<img decoding=\"async\" width=\"1024\" height=\"1024\" src=\"https:\/\/www.exceptional.art\/wp-content\/uploads\/2024\/08\/Evocative_scene_set_in_the_-1920s-1930s_-Europe.webp\" class=\"attachment-large size-large wp-image-11705\" alt=\"Europa das d\u00e9cadas de 1920-1930 - Grupo de jovens artistas em meio a revoltas pol\u00edticas e sociais\" srcset=\"https:\/\/www.exceptional.art\/wp-content\/uploads\/2024\/08\/Evocative_scene_set_in_the_-1920s-1930s_-Europe.webp 1024w, https:\/\/www.exceptional.art\/wp-content\/uploads\/2024\/08\/Evocative_scene_set_in_the_-1920s-1930s_-Europe-300x300.webp 300w, https:\/\/www.exceptional.art\/wp-content\/uploads\/2024\/08\/Evocative_scene_set_in_the_-1920s-1930s_-Europe-150x150.webp 150w, https:\/\/www.exceptional.art\/wp-content\/uploads\/2024\/08\/Evocative_scene_set_in_the_-1920s-1930s_-Europe-768x768.webp 768w, https:\/\/www.exceptional.art\/wp-content\/uploads\/2024\/08\/Evocative_scene_set_in_the_-1920s-1930s_-Europe-12x12.webp 12w, https:\/\/www.exceptional.art\/wp-content\/uploads\/2024\/08\/Evocative_scene_set_in_the_-1920s-1930s_-Europe-500x500.webp 500w, https:\/\/www.exceptional.art\/wp-content\/uploads\/2024\/08\/Evocative_scene_set_in_the_-1920s-1930s_-Europe-100x100.webp 100w\" sizes=\"(max-width: 1024px) 100vw, 1024px\" \/>\t\t\t\t\t\t\t\t\t\t\t\t\t\t\t<\/div>\n\t\t\t\t<\/div>\n\t\t\t\t<\/div>\n\t\t<div class=\"elementor-element elementor-element-c95c516 e-con-full e-flex e-con e-child\" data-id=\"c95c516\" data-element_type=\"container\" data-e-type=\"container\">\n\t\t\t\t<div class=\"elementor-element elementor-element-829e331 elementor-widget elementor-widget-heading\" data-id=\"829e331\" data-element_type=\"widget\" data-e-type=\"widget\" data-widget_type=\"heading.default\">\n\t\t\t\t<div class=\"elementor-widget-container\">\n\t\t\t\t\t<h3 class=\"elementor-heading-title elementor-size-default\">O surgimento do surrealismo<\/h3>\t\t\t\t<\/div>\n\t\t\t\t<\/div>\n\t\t\t\t<\/div>\n\t\t\t\t\t<\/div>\n\t\t\t\t<\/div>\n\t\t<div class=\"elementor-element elementor-element-50a8587 e-flex e-con-boxed e-con e-parent\" data-id=\"50a8587\" data-element_type=\"container\" data-e-type=\"container\">\n\t\t\t\t\t<div class=\"e-con-inner\">\n\t\t\t\t<div class=\"elementor-element elementor-element-5d44443 elementor-widget elementor-widget-text-editor\" data-id=\"5d44443\" data-element_type=\"widget\" data-e-type=\"widget\" data-widget_type=\"text-editor.default\">\n\t\t\t\t<div class=\"elementor-widget-container\">\n\t\t\t\t\t\t\t\t\t<p>As d\u00e9cadas de 1920 e 1930 foram um per\u00edodo de imensa agita\u00e7\u00e3o pol\u00edtica e social na Europa. As conseq\u00fc\u00eancias da Primeira Guerra Mundial deixaram o continente em turbul\u00eancia, e a ascens\u00e3o do fascismo e a Guerra Civil Espanhola afetaram profundamente Dal\u00ed e seus contempor\u00e2neos. Foi nesse cen\u00e1rio que Dal\u00ed abra\u00e7ou totalmente o surrealismo. Esse movimento buscava desbloquear a mente inconsciente e explorar os aspectos il\u00f3gicos e on\u00edricos da experi\u00eancia humana.<br \/>A apresenta\u00e7\u00e3o de Dal\u00ed ao grupo surrealista parisiense, liderado por Andr\u00e9 Breton, marcou o in\u00edcio de sua ascens\u00e3o \u00e0 fama internacional. Suas primeiras obras surrealistas, como \"The Persistence of Memory\" (1931), com os famosos rel\u00f3gios derretidos, catapultaram-no para a vanguarda do movimento. Essas obras eram experimentos art\u00edsticos e explora\u00e7\u00f5es dos medos, obsess\u00f5es e desejos mais profundos de Dal\u00ed. Seu fasc\u00ednio pelas teorias de Freud sobre psican\u00e1lise e a mente inconsciente influenciou muito seu trabalho durante esse per\u00edodo.<\/p>\t\t\t\t\t\t\t\t<\/div>\n\t\t\t\t<\/div>\n\t\t\t\t\t<\/div>\n\t\t\t\t<\/div>\n\t\t<div class=\"elementor-element elementor-element-3f2888e e-flex e-con-boxed e-con e-parent\" data-id=\"3f2888e\" data-element_type=\"container\" data-e-type=\"container\">\n\t\t\t\t\t<div class=\"e-con-inner\">\n\t\t<div class=\"elementor-element elementor-element-30a0741 e-con-full e-flex e-con e-child\" data-id=\"30a0741\" data-element_type=\"container\" data-e-type=\"container\">\n\t\t\t\t<div class=\"elementor-element elementor-element-f9fe8af elementor-widget elementor-widget-heading\" data-id=\"f9fe8af\" data-element_type=\"widget\" data-e-type=\"widget\" data-widget_type=\"heading.default\">\n\t\t\t\t<div class=\"elementor-widget-container\">\n\t\t\t\t\t<h3 class=\"elementor-heading-title elementor-size-default\">Principais pontos de inflex\u00e3o e avan\u00e7os\n<\/h3>\t\t\t\t<\/div>\n\t\t\t\t<\/div>\n\t\t\t\t<\/div>\n\t\t<div class=\"elementor-element elementor-element-c611805 e-con-full e-flex e-con e-child\" data-id=\"c611805\" data-element_type=\"container\" data-e-type=\"container\">\n\t\t\t\t<div class=\"elementor-element elementor-element-b6dcb17 elementor-widget elementor-widget-image\" data-id=\"b6dcb17\" data-element_type=\"widget\" data-e-type=\"widget\" data-widget_type=\"image.default\">\n\t\t\t\t<div class=\"elementor-widget-container\">\n\t\t\t\t\t\t\t\t\t\t\t\t\t\t\t\t<a href=\"https:\/\/upload.wikimedia.org\/wikipedia\/commons\/4\/4a\/Gala_Dali_%28cropped%29.jpg\">\n\t\t\t\t\t\t\t<img loading=\"lazy\" decoding=\"async\" width=\"150\" height=\"150\" src=\"https:\/\/www.exceptional.art\/wp-content\/uploads\/2024\/08\/Gala_Dali_cropped-150x150.jpg\" class=\"attachment-thumbnail size-thumbnail wp-image-11706\" alt=\"Gala Dal\u00ed - Musa e esposa de Salvador Dal\u00ed, figura ic\u00f4nica do s\u00e9culo XX\" srcset=\"https:\/\/www.exceptional.art\/wp-content\/uploads\/2024\/08\/Gala_Dali_cropped-150x150.jpg 150w, https:\/\/www.exceptional.art\/wp-content\/uploads\/2024\/08\/Gala_Dali_cropped-500x500.jpg 500w, https:\/\/www.exceptional.art\/wp-content\/uploads\/2024\/08\/Gala_Dali_cropped-100x100.jpg 100w\" sizes=\"(max-width: 150px) 100vw, 150px\" \/>\t\t\t\t\t\t\t\t<\/a>\n\t\t\t\t\t\t\t\t\t\t\t\t\t\t\t<\/div>\n\t\t\t\t<\/div>\n\t\t\t\t<\/div>\n\t\t\t\t\t<\/div>\n\t\t\t\t<\/div>\n\t\t<div class=\"elementor-element elementor-element-08c0b03 e-flex e-con-boxed e-con e-parent\" data-id=\"08c0b03\" data-element_type=\"container\" data-e-type=\"container\">\n\t\t\t\t\t<div class=\"e-con-inner\">\n\t\t\t\t<div class=\"elementor-element elementor-element-b6b2881 elementor-widget elementor-widget-text-editor\" data-id=\"b6b2881\" data-element_type=\"widget\" data-e-type=\"widget\" data-widget_type=\"text-editor.default\">\n\t\t\t\t<div class=\"elementor-widget-container\">\n\t\t\t\t\t\t\t\t\t<p><a href=\"https:\/\/commons.wikimedia.org\/wiki\/Commons:Reusing_content_outside_Wikimedia\">Fonte<\/a><\/p>\t\t\t\t\t\t\t\t<\/div>\n\t\t\t\t<\/div>\n\t\t\t\t\t<\/div>\n\t\t\t\t<\/div>\n\t\t<div class=\"elementor-element elementor-element-41c846b e-flex e-con-boxed e-con e-parent\" data-id=\"41c846b\" data-element_type=\"container\" data-e-type=\"container\">\n\t\t\t\t\t<div class=\"e-con-inner\">\n\t\t\t\t\t<\/div>\n\t\t\t\t<\/div>\n\t\t<div class=\"elementor-element elementor-element-f82d60d e-flex e-con-boxed e-con e-parent\" data-id=\"f82d60d\" data-element_type=\"container\" data-e-type=\"container\">\n\t\t\t\t\t<div class=\"e-con-inner\">\n\t\t\t\t<div class=\"elementor-element elementor-element-96370ee elementor-widget elementor-widget-text-editor\" data-id=\"96370ee\" data-element_type=\"widget\" data-e-type=\"widget\" data-widget_type=\"text-editor.default\">\n\t\t\t\t<div class=\"elementor-widget-container\">\n\t\t\t\t\t\t\t\t\t<p>Um dos pontos de virada mais significativos na vida de Dal\u00ed foi seu encontro com Gala \u00c9luard em 1929. Gala, nascida Elena Ivanovna Diakonova, era uma imigrante russa e esposa do poeta Paul \u00c9luard. Ela rapidamente se tornou musa, amante e, por fim, esposa de Dal\u00ed. Gala foi uma for\u00e7a estabilizadora na vida tumultuada de Dal\u00ed e desempenhou um papel crucial no gerenciamento de sua carreira, ajudando a estabelecer sua reputa\u00e7\u00e3o como um mestre surrealista.<br \/>O trabalho de Dal\u00ed durante as d\u00e9cadas de 1930 e 1940 refletiu seu crescente fasc\u00ednio pela ci\u00eancia, religi\u00e3o e metaf\u00edsica. Sua explora\u00e7\u00e3o da teoria at\u00f4mica e do conceito de tempo e espa\u00e7o \u00e9 evidente em suas obras posteriores, como \"The Disintegration of the Persistence of Memory\" (1954). Essas pinturas marcaram uma mudan\u00e7a de suas explora\u00e7\u00f5es surrealistas anteriores para o que ele chamou de \"Misticismo Nuclear\", misturando temas religiosos com descobertas cient\u00edficas contempor\u00e2neas.<\/p>\t\t\t\t\t\t\t\t<\/div>\n\t\t\t\t<\/div>\n\t\t\t\t\t<\/div>\n\t\t\t\t<\/div>\n\t\t<div class=\"elementor-element elementor-element-86a4521 e-flex e-con-boxed e-con e-parent\" data-id=\"86a4521\" data-element_type=\"container\" data-e-type=\"container\">\n\t\t\t\t\t<div class=\"e-con-inner\">\n\t\t\t\t<div class=\"elementor-element elementor-element-b995b22 elementor-widget elementor-widget-heading\" data-id=\"b995b22\" data-element_type=\"widget\" data-e-type=\"widget\" data-widget_type=\"heading.default\">\n\t\t\t\t<div class=\"elementor-widget-container\">\n\t\t\t\t\t<h3 class=\"elementor-heading-title elementor-size-default\">Amizades e conflitos<\/h3>\t\t\t\t<\/div>\n\t\t\t\t<\/div>\n\t\t\t\t\t<\/div>\n\t\t\t\t<\/div>\n\t\t<div class=\"elementor-element elementor-element-405da88 e-flex e-con-boxed e-con e-parent\" data-id=\"405da88\" data-element_type=\"container\" data-e-type=\"container\">\n\t\t\t\t\t<div class=\"e-con-inner\">\n\t\t\t\t<div class=\"elementor-element elementor-element-7c60cdb elementor-widget elementor-widget-text-editor\" data-id=\"7c60cdb\" data-element_type=\"widget\" data-e-type=\"widget\" data-widget_type=\"text-editor.default\">\n\t\t\t\t<div class=\"elementor-widget-container\">\n\t\t\t\t\t\t\t\t\t<p>As rela\u00e7\u00f5es de Dal\u00ed com outros artistas eram t\u00e3o complexas e surreais quanto suas pinturas. Sua amizade com Pablo Picasso era de respeito m\u00fatuo e rivalidade. Embora Dal\u00ed admirasse o g\u00eanio de Picasso, ele estava determinado a super\u00e1-lo. O relacionamento entre eles foi marcado por admira\u00e7\u00e3o e competi\u00e7\u00e3o, com Dal\u00ed sempre se posicionando como o verdadeiro sucessor do legado de Picasso.<br \/>A associa\u00e7\u00e3o de Dal\u00ed com o grupo surrealista tamb\u00e9m foi repleta de tens\u00f5es. Seu foco cada vez maior no sucesso comercial e suas opini\u00f5es pol\u00edticas, consideradas simp\u00e1ticas ao regime fascista de Franco na Espanha, levaram \u00e0 sua eventual expuls\u00e3o do grupo surrealista em 1939. Andr\u00e9 Breton ficou famoso por anagramatizar o nome de Dal\u00ed para \"Avida Dollars\", criticando-o por sua gan\u00e2ncia e trai\u00e7\u00e3o aos ideais surrealistas. Apesar disso, Dal\u00ed continuou a usar o r\u00f3tulo surrealista, declarando: \"Eu sou o surrealismo\".<\/p>\t\t\t\t\t\t\t\t<\/div>\n\t\t\t\t<\/div>\n\t\t\t\t\t<\/div>\n\t\t\t\t<\/div>\n\t\t<div class=\"elementor-element elementor-element-21a41b7 e-flex e-con-boxed e-con e-parent\" data-id=\"21a41b7\" data-element_type=\"container\" data-e-type=\"container\">\n\t\t\t\t\t<div class=\"e-con-inner\">\n\t\t<div class=\"elementor-element elementor-element-217a5cf e-con-full e-flex e-con e-child\" data-id=\"217a5cf\" data-element_type=\"container\" data-e-type=\"container\">\n\t\t\t\t<\/div>\n\t\t<div class=\"elementor-element elementor-element-632e70c e-con-full e-flex e-con e-child\" data-id=\"632e70c\" data-element_type=\"container\" data-e-type=\"container\">\n\t\t\t\t<\/div>\n\t\t\t\t\t<\/div>\n\t\t\t\t<\/div>\n\t\t<div class=\"elementor-element elementor-element-bbbe53f e-flex e-con-boxed e-con e-parent\" data-id=\"bbbe53f\" data-element_type=\"container\" data-e-type=\"container\">\n\t\t\t\t\t<div class=\"e-con-inner\">\n\t\t<div class=\"elementor-element elementor-element-ff7ab84 e-con-full e-flex e-con e-child\" data-id=\"ff7ab84\" data-element_type=\"container\" data-e-type=\"container\">\n\t\t\t\t<div class=\"elementor-element elementor-element-5cd7ba6 elementor-widget elementor-widget-heading\" data-id=\"5cd7ba6\" data-element_type=\"widget\" data-e-type=\"widget\" data-widget_type=\"heading.default\">\n\t\t\t\t<div class=\"elementor-widget-container\">\n\t\t\t\t\t<h2 class=\"elementor-heading-title elementor-size-default\">Evolu\u00e7\u00e3o do estilo e legado<\/h2>\t\t\t\t<\/div>\n\t\t\t\t<\/div>\n\t\t\t\t<\/div>\n\t\t<div class=\"elementor-element elementor-element-f6d34f6 e-con-full e-flex e-con e-child\" data-id=\"f6d34f6\" data-element_type=\"container\" data-e-type=\"container\">\n\t\t\t\t<div class=\"elementor-element elementor-element-4f33d62 elementor-widget elementor-widget-text-editor\" data-id=\"4f33d62\" data-element_type=\"widget\" data-e-type=\"widget\" data-widget_type=\"text-editor.default\">\n\t\t\t\t<div class=\"elementor-widget-container\">\n\t\t\t\t\t\t\t\t\t<p>Com o avan\u00e7o da carreira de Dal\u00ed, seu trabalho tornou-se cada vez mais variado e experimental. Ele se envolveu em v\u00e1rias m\u00eddias, incluindo escultura, filme, fotografia e moda. Sua colabora\u00e7\u00e3o com Alfred Hitchcock na sequ\u00eancia de sonhos do filme <a href=\"https:\/\/www.youtube.com\/watch?v=HIBaGIUbXqI\">filme \"Spellbound\"<\/a> (1945) \u00e9 um testemunho de sua influ\u00eancia al\u00e9m do mundo da arte tradicional. As obras posteriores de Dal\u00ed, como a \"Crucifica\u00e7\u00e3o (Corpus Hypercubus)\" (1954), refletem seu fasc\u00ednio cont\u00ednuo pela interse\u00e7\u00e3o entre ci\u00eancia, religi\u00e3o e arte.<br \/>O legado de Dal\u00ed \u00e9 t\u00e3o multifacetado quanto sua obra. Ele era um mestre da autopromo\u00e7\u00e3o, criando uma personalidade p\u00fablica exc\u00eantrica que obscurecia as linhas entre a realidade e a performance. Seu bigode ic\u00f4nico, seu comportamento extravagante e suas declara\u00e7\u00f5es provocativas fizeram dele um nome conhecido. Ainda assim, eles tamb\u00e9m ofuscaram a profundidade e a complexidade de suas realiza\u00e7\u00f5es art\u00edsticas. Dal\u00ed n\u00e3o era apenas um showman; ele era um vision\u00e1rio que redefiniu as possibilidades da arte.<\/p>\t\t\t\t\t\t\t\t<\/div>\n\t\t\t\t<\/div>\n\t\t\t\t<\/div>\n\t\t\t\t\t<\/div>\n\t\t\t\t<\/div>\n\t\t<div class=\"elementor-element elementor-element-aae6a96 e-flex e-con-boxed e-con e-parent\" data-id=\"aae6a96\" data-element_type=\"container\" data-e-type=\"container\">\n\t\t\t\t\t<div class=\"e-con-inner\">\n\t\t<div class=\"elementor-element elementor-element-ce9a825 e-con-full e-flex e-con e-child\" data-id=\"ce9a825\" data-element_type=\"container\" data-e-type=\"container\">\n\t\t\t\t<div class=\"elementor-element elementor-element-dda62e9 elementor-widget elementor-widget-text-editor\" data-id=\"dda62e9\" data-element_type=\"widget\" data-e-type=\"widget\" data-widget_type=\"text-editor.default\">\n\t\t\t\t<div class=\"elementor-widget-container\">\n\t\t\t\t\t\t\t\t\t<p>A vida de Salvador Dal\u00ed foi repleta de conquistas e cercada de rumores e hist\u00f3rias enigm\u00e1ticas. Um dos rumores mais persistentes era sobre seus h\u00e1bitos exc\u00eantricos, incluindo alega\u00e7\u00f5es de que uma vez ele foi a uma festa vestido de mergulhador, com traje de mergulho e capacete, simbolizando sua descida ao subconsciente. Essa fa\u00e7anha, como muitas outras, foi uma demonstra\u00e7\u00e3o de seu compromisso com o surrealismo e um reflexo de sua abordagem \u00fanica da vida e da arte.<br \/>As contribui\u00e7\u00f5es de Dal\u00ed para o mundo da arte foram reconhecidas por meio de in\u00fameros elogios, incluindo sua elei\u00e7\u00e3o para a Acad\u00e9mie des Beaux-Arts francesa e o recebimento da Gr\u00e3-Cruz da Ordem de Isabel, a Cat\u00f3lica, na Espanha. Sua influ\u00eancia foi al\u00e9m das telas, impactando a literatura, o cinema e a cultura popular.<br \/>Salvador Dal\u00ed faleceu em 23 de janeiro de 1989, em Figueres, cidade onde nasceu, deixando um legado que continua a cativar e confundir entusiastas e colecionadores de arte em todo o mundo. Seu trabalho, caracterizado por seu dom\u00ednio t\u00e9cnico, imagens surreais e simbolismo complexo, continua sendo uma pedra angular da arte moderna. A capacidade de Dal\u00ed de fundir o fant\u00e1stico com o real, o cient\u00edfico com o espiritual, garantiu que sua influ\u00eancia perdurasse por muito tempo ap\u00f3s sua morte.<br \/>Hoje, as obras de Dal\u00ed s\u00e3o celebradas mundialmente em museus e galerias de arte, desde o Teatro-Museu Dal\u00ed em Figueres at\u00e9 o Museu Salvador Dal\u00ed em S\u00e3o Petersburgo, Fl\u00f3rida. Suas pinturas, esculturas e escritos continuam a inspirar novas gera\u00e7\u00f5es de artistas e pensadores e s\u00e3o muito procurados por colecionadores de arte exigentes, solidificando seu lugar como uma das figuras mais inovadoras e influentes da hist\u00f3ria da arte.<br \/>Ao refletirmos sobre a vida e o legado de Salvador Dal\u00ed na Exceptional.Art, convidamos entusiastas e colecionadores de arte a explorar a galeria on-line e mergulhar na inspira\u00e7\u00e3o art\u00edstica que alimentou uma das mentes mais fascinantes do s\u00e9culo XX. A jornada de Dal\u00ed de uma pequena cidade na Catalunha at\u00e9 o auge do mundo da arte \u00e9 um testemunho do poder da criatividade, da ambi\u00e7\u00e3o e da busca incessante pelo extraordin\u00e1rio.<\/p>\t\t\t\t\t\t\t\t<\/div>\n\t\t\t\t<\/div>\n\t\t\t\t<\/div>\n\t\t<div class=\"elementor-element elementor-element-176364e e-con-full e-flex e-con e-child\" data-id=\"176364e\" data-element_type=\"container\" data-e-type=\"container\">\n\t\t\t\t<div class=\"elementor-element elementor-element-caf2521 elementor-widget elementor-widget-heading\" data-id=\"caf2521\" data-element_type=\"widget\" data-e-type=\"widget\" data-widget_type=\"heading.default\">\n\t\t\t\t<div class=\"elementor-widget-container\">\n\t\t\t\t\t<h3 class=\"elementor-heading-title elementor-size-default\">Conquistas de uma vida inteira e rumores enigm\u00e1ticos<\/h3>\t\t\t\t<\/div>\n\t\t\t\t<\/div>\n\t\t\t\t<\/div>\n\t\t\t\t\t<\/div>\n\t\t\t\t<\/div>\n\t\t<div class=\"elementor-element elementor-element-a2dedf0 e-flex e-con-boxed e-con e-parent\" data-id=\"a2dedf0\" data-element_type=\"container\" data-e-type=\"container\">\n\t\t\t\t\t<div class=\"e-con-inner\">\n\t\t\t\t<div class=\"elementor-element elementor-element-138ec36 elementor-widget elementor-widget-text-editor\" data-id=\"138ec36\" data-element_type=\"widget\" data-e-type=\"widget\" data-widget_type=\"text-editor.default\">\n\t\t\t\t<div class=\"elementor-widget-container\">\n\t\t\t\t\t\t\t\t\t<p>Ao refletirmos sobre a vida e o legado de Salvador Dal\u00ed em <strong>Arte excepcional<\/strong>A empresa \u00e9 um dos principais destinos para<\/p>\t\t\t\t\t\t\t\t<\/div>\n\t\t\t\t<\/div>\n\t\t\t\t\t<\/div>\n\t\t\t\t<\/div>\n\t\t<div class=\"elementor-element elementor-element-ea4e8e3 e-flex e-con-boxed e-con e-parent\" data-id=\"ea4e8e3\" data-element_type=\"container\" data-e-type=\"container\">\n\t\t\t\t\t<div class=\"e-con-inner\">\n\t\t\t\t<div class=\"elementor-element elementor-element-34c1e04 elementor-widget elementor-widget-heading\" data-id=\"34c1e04\" data-element_type=\"widget\" data-e-type=\"widget\" data-widget_type=\"heading.default\">\n\t\t\t\t<div class=\"elementor-widget-container\">\n\t\t\t\t\t<h1 class=\"elementor-heading-title elementor-size-default\">galeria de arte on-line<\/h1>\t\t\t\t<\/div>\n\t\t\t\t<\/div>\n\t\t\t\t\t<\/div>\n\t\t\t\t<\/div>\n\t\t<div class=\"elementor-element elementor-element-4c288b6 e-flex e-con-boxed e-con e-parent\" data-id=\"4c288b6\" data-element_type=\"container\" data-e-type=\"container\">\n\t\t\t\t\t<div class=\"e-con-inner\">\n\t\t\t\t<div class=\"elementor-element elementor-element-9269b08 elementor-widget elementor-widget-text-editor\" data-id=\"9269b08\" data-element_type=\"widget\" data-e-type=\"widget\" data-widget_type=\"text-editor.default\">\n\t\t\t\t<div class=\"elementor-widget-container\">\n\t\t\t\t\t\t\t\t\t<p style=\"text-align: center;\">e<\/p>\t\t\t\t\t\t\t\t<\/div>\n\t\t\t\t<\/div>\n\t\t\t\t\t<\/div>\n\t\t\t\t<\/div>\n\t\t<div class=\"elementor-element elementor-element-12ae6d9 e-flex e-con-boxed e-con e-parent\" data-id=\"12ae6d9\" data-element_type=\"container\" data-e-type=\"container\">\n\t\t\t\t\t<div class=\"e-con-inner\">\n\t\t\t\t<div class=\"elementor-element elementor-element-43945e2 elementor-widget elementor-widget-heading\" data-id=\"43945e2\" data-element_type=\"widget\" data-e-type=\"widget\" data-widget_type=\"heading.default\">\n\t\t\t\t<div class=\"elementor-widget-container\">\n\t\t\t\t\t<h2 class=\"elementor-heading-title elementor-size-default\">compra de arte on-line<\/h2>\t\t\t\t<\/div>\n\t\t\t\t<\/div>\n\t\t\t\t\t<\/div>\n\t\t\t\t<\/div>\n\t\t<div class=\"elementor-element elementor-element-42e2cda e-flex e-con-boxed e-con e-parent\" data-id=\"42e2cda\" data-element_type=\"container\" data-e-type=\"container\">\n\t\t\t\t\t<div class=\"e-con-inner\">\n\t\t\t\t<div class=\"elementor-element elementor-element-8dbe9a0 elementor-widget elementor-widget-text-editor\" data-id=\"8dbe9a0\" data-element_type=\"widget\" data-e-type=\"widget\" data-widget_type=\"text-editor.default\">\n\t\t\t\t<div class=\"elementor-widget-container\">\n\t\t\t\t\t\t\t\t\t<p>convidamos os entusiastas e colecionadores de arte a explorar a galeria. A jornada de Dal\u00ed de uma pequena cidade na Catalunha at\u00e9 o auge do mundo da arte \u00e9 um testemunho do poder da criatividade, da ambi\u00e7\u00e3o e da busca incessante pelo extraordin\u00e1rio.<\/p>\t\t\t\t\t\t\t\t<\/div>\n\t\t\t\t<\/div>\n\t\t\t\t\t<\/div>\n\t\t\t\t<\/div>\n\t\t<div class=\"elementor-element elementor-element-a50b339 e-flex e-con-boxed e-con e-parent\" data-id=\"a50b339\" data-element_type=\"container\" data-e-type=\"container\">\n\t\t\t\t\t<div class=\"e-con-inner\">\n\t\t\t\t<div class=\"elementor-element elementor-element-c43b083 elementor-widget elementor-widget-text-editor\" data-id=\"c43b083\" data-element_type=\"widget\" data-e-type=\"widget\" data-widget_type=\"text-editor.default\">\n\t\t\t\t<div class=\"elementor-widget-container\">\n\t\t\t\t\t\t\t\t\t<p>Visitar <strong>Arte excepcional<\/strong> para descobrir uma sele\u00e7\u00e3o selecionada de<\/p>\t\t\t\t\t\t\t\t<\/div>\n\t\t\t\t<\/div>\n\t\t\t\t\t<\/div>\n\t\t\t\t<\/div>\n\t\t<div class=\"elementor-element elementor-element-e5fae00 e-flex e-con-boxed e-con e-parent\" data-id=\"e5fae00\" data-element_type=\"container\" data-e-type=\"container\">\n\t\t\t\t\t<div class=\"e-con-inner\">\n\t\t\t\t<div class=\"elementor-element elementor-element-2312097 elementor-widget elementor-widget-heading\" data-id=\"2312097\" data-element_type=\"widget\" data-e-type=\"widget\" data-widget_type=\"heading.default\">\n\t\t\t\t<div class=\"elementor-widget-container\">\n\t\t\t\t\t<h1 class=\"elementor-heading-title elementor-size-default\">arte on-line<\/h1>\t\t\t\t<\/div>\n\t\t\t\t<\/div>\n\t\t\t\t\t<\/div>\n\t\t\t\t<\/div>\n\t\t<div class=\"elementor-element elementor-element-cf8fc00 e-flex e-con-boxed e-con e-parent\" data-id=\"cf8fc00\" data-element_type=\"container\" data-e-type=\"container\">\n\t\t\t\t\t<div class=\"e-con-inner\">\n\t\t\t\t<div class=\"elementor-element elementor-element-fc4a3dd elementor-widget elementor-widget-spacer\" data-id=\"fc4a3dd\" data-element_type=\"widget\" data-e-type=\"widget\" data-widget_type=\"spacer.default\">\n\t\t\t\t<div class=\"elementor-widget-container\">\n\t\t\t\t\t\t\t<div class=\"elementor-spacer\">\n\t\t\t<div class=\"elementor-spacer-inner\"><\/div>\n\t\t<\/div>\n\t\t\t\t\t\t<\/div>\n\t\t\t\t<\/div>\n\t\t\t\t\t<\/div>\n\t\t\t\t<\/div>\n\t\t<div class=\"elementor-element elementor-element-26a9937 e-flex e-con-boxed e-con e-parent\" data-id=\"26a9937\" data-element_type=\"container\" data-e-type=\"container\">\n\t\t\t\t\t<div class=\"e-con-inner\">\n\t\t\t\t<div class=\"elementor-element elementor-element-87cd55e elementor-widget elementor-widget-heading\" data-id=\"87cd55e\" data-element_type=\"widget\" data-e-type=\"widget\" data-widget_type=\"heading.default\">\n\t\t\t\t<div class=\"elementor-widget-container\">\n\t\t\t\t\t<h6 class=\"elementor-heading-title elementor-size-default\"><a href=\"https:\/\/en.wikipedia.org\/wiki\/Salvador_Dal%C3%AD\">Da Wikipedia, a enciclop\u00e9dia livre, Salvador Dali \n<\/a><\/h6>\t\t\t\t<\/div>\n\t\t\t\t<\/div>\n\t\t\t\t\t<\/div>\n\t\t\t\t<\/div>\n\t\t\t\t<\/div>","protected":false},"excerpt":{"rendered":"<p>Salvador Dal\u00ed: Surrealism\u00a0 (1904\u20131989) Birth and Early Life Salvador Domingo Felipe Jacinto Dal\u00ed i Dom\u00e8nech was born on May 11, 1904, in Figueres, Catalonia, Spain. From the outset, Dal\u00ed&#8217;s life was marked by an air of mystery and eccentricity that would later define his persona as one of the most iconic figures in art history.[&#8230;]<\/p>","protected":false},"author":1,"featured_media":11702,"parent":11145,"menu_order":0,"comment_status":"closed","ping_status":"closed","template":"","meta":{"_acf_changed":false,"site-sidebar-layout":"no-sidebar","site-content-layout":"page-builder","ast-site-content-layout":"full-width-container","site-content-style":"default","site-sidebar-style":"default","ast-global-header-display":"","ast-banner-title-visibility":"","ast-main-header-display":"","ast-hfb-above-header-display":"","ast-hfb-below-header-display":"","ast-hfb-mobile-header-display":"","site-post-title":"disabled","ast-breadcrumbs-content":"","ast-featured-img":"disabled","footer-sml-layout":"","theme-transparent-header-meta":"","adv-header-id-meta":"","stick-header-meta":"","header-above-stick-meta":"","header-main-stick-meta":"","header-below-stick-meta":"","astra-migrate-meta-layouts":"set","ast-page-background-enabled":"default","ast-page-background-meta":{"desktop":{"background-color":"","background-image":"","background-repeat":"repeat","background-position":"center center","background-size":"auto","background-attachment":"scroll","background-type":"","background-media":"","overlay-type":"","overlay-color":"","overlay-opacity":"","overlay-gradient":""},"tablet":{"background-color":"","background-image":"","background-repeat":"repeat","background-position":"center center","background-size":"auto","background-attachment":"scroll","background-type":"","background-media":"","overlay-type":"","overlay-color":"","overlay-opacity":"","overlay-gradient":""},"mobile":{"background-color":"","background-image":"","background-repeat":"repeat","background-position":"center center","background-size":"auto","background-attachment":"scroll","background-type":"","background-media":"","overlay-type":"","overlay-color":"","overlay-opacity":"","overlay-gradient":""}},"ast-content-background-meta":{"desktop":{"background-color":"var(--ast-global-color-5)","background-image":"","background-repeat":"repeat","background-position":"center center","background-size":"auto","background-attachment":"scroll","background-type":"","background-media":"","overlay-type":"","overlay-color":"","overlay-opacity":"","overlay-gradient":""},"tablet":{"background-color":"var(--ast-global-color-5)","background-image":"","background-repeat":"repeat","background-position":"center center","background-size":"auto","background-attachment":"scroll","background-type":"","background-media":"","overlay-type":"","overlay-color":"","overlay-opacity":"","overlay-gradient":""},"mobile":{"background-color":"var(--ast-global-color-5)","background-image":"","background-repeat":"repeat","background-position":"center center","background-size":"auto","background-attachment":"scroll","background-type":"","background-media":"","overlay-type":"","overlay-color":"","overlay-opacity":"","overlay-gradient":""}},"footnotes":""},"class_list":["post-11693","page","type-page","status-publish","has-post-thumbnail","hentry"],"acf":[],"yoast_head":"<!-- This site is optimized with the Yoast SEO Premium plugin v24.1 (Yoast SEO v25.4) - https:\/\/yoast.com\/wordpress\/plugins\/seo\/ -->\n<title>Salvador Dal\u00ed | Surrealist Master (1904\u20131989)<\/title>\n<meta name=\"description\" content=\"Dive into the surreal world of Salvador Dal\u00ed, a master of Surrealism who captivated the art world from 1904 to 1989 with his bizarre art.\" \/>\n<meta name=\"robots\" content=\"index, follow, max-snippet:-1, max-image-preview:large, max-video-preview:-1\" \/>\n<link rel=\"canonical\" href=\"https:\/\/www.exceptional.art\/pt\/prodigios\/salvador-dali-surrealismo-19041989\/\" \/>\n<meta property=\"og:locale\" content=\"pt_BR\" \/>\n<meta property=\"og:type\" content=\"article\" \/>\n<meta property=\"og:title\" content=\"Salvador Dal\u00ed - Surrealism - 1904\u20131989\" \/>\n<meta property=\"og:description\" content=\"Dive into the surreal world of Salvador Dal\u00ed, a master of Surrealism who captivated the art world from 1904 to 1989 with his bizarre art.\" \/>\n<meta property=\"og:url\" content=\"https:\/\/www.exceptional.art\/pt\/prodigios\/salvador-dali-surrealismo-19041989\/\" \/>\n<meta property=\"og:site_name\" content=\"Humberto Poidomani Art - Decades of Sculptural and Paintings Mastery\" \/>\n<meta property=\"article:modified_time\" content=\"2024-08-26T18:20:39+00:00\" \/>\n<meta property=\"og:image\" content=\"https:\/\/www.exceptional.art\/wp-content\/uploads\/2024\/08\/1024px-Salvador_Dali_NYWTS.jpg\" \/>\n\t<meta property=\"og:image:width\" content=\"1024\" \/>\n\t<meta property=\"og:image:height\" content=\"1336\" \/>\n\t<meta property=\"og:image:type\" content=\"image\/jpeg\" \/>\n<meta name=\"twitter:card\" content=\"summary_large_image\" \/>\n<meta name=\"twitter:label1\" content=\"Est. tempo de leitura\" \/>\n\t<meta name=\"twitter:data1\" content=\"8 minutos\" \/>\n<script type=\"application\/ld+json\" class=\"yoast-schema-graph\">{\"@context\":\"https:\/\/schema.org\",\"@graph\":[{\"@type\":\"WebPage\",\"@id\":\"https:\/\/www.exceptional.art\/prodigies\/salvador-dali-surrealism-19041989\/\",\"url\":\"https:\/\/www.exceptional.art\/prodigies\/salvador-dali-surrealism-19041989\/\",\"name\":\"Salvador Dal\u00ed | Surrealist Master (1904\u20131989)\",\"isPartOf\":{\"@id\":\"https:\/\/www.exceptional.art\/#website\"},\"primaryImageOfPage\":{\"@id\":\"https:\/\/www.exceptional.art\/prodigies\/salvador-dali-surrealism-19041989\/#primaryimage\"},\"image\":{\"@id\":\"https:\/\/www.exceptional.art\/prodigies\/salvador-dali-surrealism-19041989\/#primaryimage\"},\"thumbnailUrl\":\"https:\/\/www.exceptional.art\/wp-content\/uploads\/2024\/08\/1024px-Salvador_Dali_NYWTS.jpg\",\"datePublished\":\"2024-08-17T16:15:12+00:00\",\"dateModified\":\"2024-08-26T18:20:39+00:00\",\"description\":\"Dive into the surreal world of Salvador Dal\u00ed, a master of Surrealism who captivated the art world from 1904 to 1989 with his bizarre art.\",\"breadcrumb\":{\"@id\":\"https:\/\/www.exceptional.art\/prodigies\/salvador-dali-surrealism-19041989\/#breadcrumb\"},\"inLanguage\":\"pt-BR\",\"potentialAction\":[{\"@type\":\"ReadAction\",\"target\":[\"https:\/\/www.exceptional.art\/prodigies\/salvador-dali-surrealism-19041989\/\"]}]},{\"@type\":\"ImageObject\",\"inLanguage\":\"pt-BR\",\"@id\":\"https:\/\/www.exceptional.art\/prodigies\/salvador-dali-surrealism-19041989\/#primaryimage\",\"url\":\"https:\/\/www.exceptional.art\/wp-content\/uploads\/2024\/08\/1024px-Salvador_Dali_NYWTS.jpg\",\"contentUrl\":\"https:\/\/www.exceptional.art\/wp-content\/uploads\/2024\/08\/1024px-Salvador_Dali_NYWTS.jpg\",\"width\":1024,\"height\":1336,\"caption\":\"1965 Surrealist Painting by Salvador Dal\u00ed \u2013 A Classic Piece of Modern Art History\"},{\"@type\":\"BreadcrumbList\",\"@id\":\"https:\/\/www.exceptional.art\/prodigies\/salvador-dali-surrealism-19041989\/#breadcrumb\",\"itemListElement\":[{\"@type\":\"ListItem\",\"position\":1,\"name\":\"Home\",\"item\":\"https:\/\/www.exceptional.art\/\"},{\"@type\":\"ListItem\",\"position\":2,\"name\":\"Prodigies\",\"item\":\"https:\/\/www.exceptional.art\/prodigies\/\"},{\"@type\":\"ListItem\",\"position\":3,\"name\":\"Salvador Dal\u00ed &#8211; Surrealism &#8211; 1904\u20131989\"}]},{\"@type\":\"WebSite\",\"@id\":\"https:\/\/www.exceptional.art\/#website\",\"url\":\"https:\/\/www.exceptional.art\/\",\"name\":\"Humberto Poidomani Art - Decades of Sculptural and Paintings Mastery\",\"description\":\"An Artist&#039;s Journey Through Textures, Colors, and Societal Commentary\",\"publisher\":{\"@id\":\"https:\/\/www.exceptional.art\/#organization\"},\"potentialAction\":[{\"@type\":\"SearchAction\",\"target\":{\"@type\":\"EntryPoint\",\"urlTemplate\":\"https:\/\/www.exceptional.art\/?s={search_term_string}\"},\"query-input\":{\"@type\":\"PropertyValueSpecification\",\"valueRequired\":true,\"valueName\":\"search_term_string\"}}],\"inLanguage\":\"pt-BR\"},{\"@type\":\"Organization\",\"@id\":\"https:\/\/www.exceptional.art\/#organization\",\"name\":\"Humberto Poidomani Art - Decades of Sculptural and Paintings Mastery\",\"alternateName\":\"Humberto Poidomani Art\",\"url\":\"https:\/\/www.exceptional.art\/\",\"logo\":{\"@type\":\"ImageObject\",\"inLanguage\":\"pt-BR\",\"@id\":\"https:\/\/www.exceptional.art\/#\/schema\/logo\/image\/\",\"url\":\"https:\/\/www.exceptional.art\/wp-content\/uploads\/2024\/02\/cropped-Humberto-Poidomani-Signature-2-letters-red.webp\",\"contentUrl\":\"https:\/\/www.exceptional.art\/wp-content\/uploads\/2024\/02\/cropped-Humberto-Poidomani-Signature-2-letters-red.webp\",\"width\":511,\"height\":97,\"caption\":\"Humberto Poidomani Art - Decades of Sculptural and Paintings Mastery\"},\"image\":{\"@id\":\"https:\/\/www.exceptional.art\/#\/schema\/logo\/image\/\"},\"description\":\"Online Art Gallery\",\"email\":\"info@exceptional.art\",\"telephone\":\"\u202a(802) 234-8278\u202c\",\"legalName\":\"Exceptional Art\",\"foundingDate\":\"2024-06-16\",\"numberOfEmployees\":{\"@type\":\"QuantitativeValue\",\"minValue\":\"1\",\"maxValue\":\"10\"}}]}<\/script>\n<!-- \/ Yoast SEO Premium plugin. -->","yoast_head_json":{"title":"Salvador Dal\u00ed | Surrealist Master (1904\u20131989)","description":"Dive into the surreal world of Salvador Dal\u00ed, a master of Surrealism who captivated the art world from 1904 to 1989 with his bizarre art.","robots":{"index":"index","follow":"follow","max-snippet":"max-snippet:-1","max-image-preview":"max-image-preview:large","max-video-preview":"max-video-preview:-1"},"canonical":"https:\/\/www.exceptional.art\/pt\/prodigios\/salvador-dali-surrealismo-19041989\/","og_locale":"pt_BR","og_type":"article","og_title":"Salvador Dal\u00ed - Surrealism - 1904\u20131989","og_description":"Dive into the surreal world of Salvador Dal\u00ed, a master of Surrealism who captivated the art world from 1904 to 1989 with his bizarre art.","og_url":"https:\/\/www.exceptional.art\/pt\/prodigios\/salvador-dali-surrealismo-19041989\/","og_site_name":"Humberto Poidomani Art - Decades of Sculptural and Paintings Mastery","article_modified_time":"2024-08-26T18:20:39+00:00","og_image":[{"width":1024,"height":1336,"url":"https:\/\/www.exceptional.art\/wp-content\/uploads\/2024\/08\/1024px-Salvador_Dali_NYWTS.jpg","type":"image\/jpeg"}],"twitter_card":"summary_large_image","twitter_misc":{"Est. tempo de leitura":"8 minutos"},"schema":{"@context":"https:\/\/schema.org","@graph":[{"@type":"WebPage","@id":"https:\/\/www.exceptional.art\/prodigies\/salvador-dali-surrealism-19041989\/","url":"https:\/\/www.exceptional.art\/prodigies\/salvador-dali-surrealism-19041989\/","name":"Salvador Dal\u00ed | Surrealist Master (1904\u20131989)","isPartOf":{"@id":"https:\/\/www.exceptional.art\/#website"},"primaryImageOfPage":{"@id":"https:\/\/www.exceptional.art\/prodigies\/salvador-dali-surrealism-19041989\/#primaryimage"},"image":{"@id":"https:\/\/www.exceptional.art\/prodigies\/salvador-dali-surrealism-19041989\/#primaryimage"},"thumbnailUrl":"https:\/\/www.exceptional.art\/wp-content\/uploads\/2024\/08\/1024px-Salvador_Dali_NYWTS.jpg","datePublished":"2024-08-17T16:15:12+00:00","dateModified":"2024-08-26T18:20:39+00:00","description":"Dive into the surreal world of Salvador Dal\u00ed, a master of Surrealism who captivated the art world from 1904 to 1989 with his bizarre art.","breadcrumb":{"@id":"https:\/\/www.exceptional.art\/prodigies\/salvador-dali-surrealism-19041989\/#breadcrumb"},"inLanguage":"pt-BR","potentialAction":[{"@type":"ReadAction","target":["https:\/\/www.exceptional.art\/prodigies\/salvador-dali-surrealism-19041989\/"]}]},{"@type":"ImageObject","inLanguage":"pt-BR","@id":"https:\/\/www.exceptional.art\/prodigies\/salvador-dali-surrealism-19041989\/#primaryimage","url":"https:\/\/www.exceptional.art\/wp-content\/uploads\/2024\/08\/1024px-Salvador_Dali_NYWTS.jpg","contentUrl":"https:\/\/www.exceptional.art\/wp-content\/uploads\/2024\/08\/1024px-Salvador_Dali_NYWTS.jpg","width":1024,"height":1336,"caption":"1965 Surrealist Painting by Salvador Dal\u00ed \u2013 A Classic Piece of Modern Art History"},{"@type":"BreadcrumbList","@id":"https:\/\/www.exceptional.art\/prodigies\/salvador-dali-surrealism-19041989\/#breadcrumb","itemListElement":[{"@type":"ListItem","position":1,"name":"Home","item":"https:\/\/www.exceptional.art\/"},{"@type":"ListItem","position":2,"name":"Prodigies","item":"https:\/\/www.exceptional.art\/prodigies\/"},{"@type":"ListItem","position":3,"name":"Salvador Dal\u00ed &#8211; Surrealism &#8211; 1904\u20131989"}]},{"@type":"WebSite","@id":"https:\/\/www.exceptional.art\/#website","url":"https:\/\/www.exceptional.art\/","name":"Humberto Poidomani Art - Decades of Sculptural and Paintings Mastery","description":"An Artist&#039;s Journey Through Textures, Colors, and Societal Commentary","publisher":{"@id":"https:\/\/www.exceptional.art\/#organization"},"potentialAction":[{"@type":"SearchAction","target":{"@type":"EntryPoint","urlTemplate":"https:\/\/www.exceptional.art\/?s={search_term_string}"},"query-input":{"@type":"PropertyValueSpecification","valueRequired":true,"valueName":"search_term_string"}}],"inLanguage":"pt-BR"},{"@type":"Organization","@id":"https:\/\/www.exceptional.art\/#organization","name":"Humberto Poidomani Art - Decades of Sculptural and Paintings Mastery","alternateName":"Humberto Poidomani Art","url":"https:\/\/www.exceptional.art\/","logo":{"@type":"ImageObject","inLanguage":"pt-BR","@id":"https:\/\/www.exceptional.art\/#\/schema\/logo\/image\/","url":"https:\/\/www.exceptional.art\/wp-content\/uploads\/2024\/02\/cropped-Humberto-Poidomani-Signature-2-letters-red.webp","contentUrl":"https:\/\/www.exceptional.art\/wp-content\/uploads\/2024\/02\/cropped-Humberto-Poidomani-Signature-2-letters-red.webp","width":511,"height":97,"caption":"Humberto Poidomani Art - Decades of Sculptural and Paintings Mastery"},"image":{"@id":"https:\/\/www.exceptional.art\/#\/schema\/logo\/image\/"},"description":"Online Art Gallery","email":"info@exceptional.art","telephone":"\u202a(802) 234-8278\u202c","legalName":"Exceptional Art","foundingDate":"2024-06-16","numberOfEmployees":{"@type":"QuantitativeValue","minValue":"1","maxValue":"10"}}]}},"_links":{"self":[{"href":"https:\/\/www.exceptional.art\/pt\/wp-json\/wp\/v2\/pages\/11693","targetHints":{"allow":["GET"]}}],"collection":[{"href":"https:\/\/www.exceptional.art\/pt\/wp-json\/wp\/v2\/pages"}],"about":[{"href":"https:\/\/www.exceptional.art\/pt\/wp-json\/wp\/v2\/types\/page"}],"author":[{"embeddable":true,"href":"https:\/\/www.exceptional.art\/pt\/wp-json\/wp\/v2\/users\/1"}],"replies":[{"embeddable":true,"href":"https:\/\/www.exceptional.art\/pt\/wp-json\/wp\/v2\/comments?post=11693"}],"version-history":[{"count":40,"href":"https:\/\/www.exceptional.art\/pt\/wp-json\/wp\/v2\/pages\/11693\/revisions"}],"predecessor-version":[{"id":11916,"href":"https:\/\/www.exceptional.art\/pt\/wp-json\/wp\/v2\/pages\/11693\/revisions\/11916"}],"up":[{"embeddable":true,"href":"https:\/\/www.exceptional.art\/pt\/wp-json\/wp\/v2\/pages\/11145"}],"wp:featuredmedia":[{"embeddable":true,"href":"https:\/\/www.exceptional.art\/pt\/wp-json\/wp\/v2\/media\/11702"}],"wp:attachment":[{"href":"https:\/\/www.exceptional.art\/pt\/wp-json\/wp\/v2\/media?parent=11693"}],"curies":[{"name":"wp","href":"https:\/\/api.w.org\/{rel}","templated":true}]}}