{"id":11693,"date":"2024-08-17T16:15:12","date_gmt":"2024-08-17T16:15:12","guid":{"rendered":"https:\/\/www.exceptional.art\/?page_id=11693"},"modified":"2024-08-26T18:20:39","modified_gmt":"2024-08-26T18:20:39","slug":"salvador-dali-surrealisme-19041989","status":"publish","type":"page","link":"https:\/\/www.exceptional.art\/fr\/prodiges\/salvador-dali-surrealisme-19041989\/","title":{"rendered":"Salvador Dal\u00ed - Surr\u00e9alisme - 1904-1989"},"content":{"rendered":"<div data-elementor-type=\"wp-page\" data-elementor-id=\"11693\" class=\"elementor elementor-11693\" data-elementor-post-type=\"page\">\n\t\t\t\t<div class=\"elementor-element elementor-element-9dbc247 e-flex e-con-boxed e-con e-parent\" data-id=\"9dbc247\" data-element_type=\"container\" data-e-type=\"container\">\n\t\t\t\t\t<div class=\"e-con-inner\">\n\t\t<div class=\"elementor-element elementor-element-36a634b e-con-full e-flex e-con e-child\" data-id=\"36a634b\" data-element_type=\"container\" data-e-type=\"container\">\n\t\t\t\t<div class=\"elementor-element elementor-element-6c9ad71 elementor-widget elementor-widget-image\" data-id=\"6c9ad71\" data-element_type=\"widget\" data-e-type=\"widget\" data-widget_type=\"image.default\">\n\t\t\t\t<div class=\"elementor-widget-container\">\n\t\t\t\t\t\t\t\t\t\t\t\t\t\t\t<img fetchpriority=\"high\" decoding=\"async\" width=\"230\" height=\"300\" src=\"https:\/\/www.exceptional.art\/wp-content\/uploads\/2024\/08\/1024px-Salvador_Dali_NYWTS-230x300.jpg\" class=\"attachment-medium size-medium wp-image-11702\" alt=\"Salvador Dal\u00ed, 1965 Peinture surr\u00e9aliste, Art surr\u00e9aliste iconique de Dal\u00ed\" srcset=\"https:\/\/www.exceptional.art\/wp-content\/uploads\/2024\/08\/1024px-Salvador_Dali_NYWTS-230x300.jpg 230w, https:\/\/www.exceptional.art\/wp-content\/uploads\/2024\/08\/1024px-Salvador_Dali_NYWTS-785x1024.jpg 785w, https:\/\/www.exceptional.art\/wp-content\/uploads\/2024\/08\/1024px-Salvador_Dali_NYWTS-768x1002.jpg 768w, https:\/\/www.exceptional.art\/wp-content\/uploads\/2024\/08\/1024px-Salvador_Dali_NYWTS-9x12.jpg 9w, https:\/\/www.exceptional.art\/wp-content\/uploads\/2024\/08\/1024px-Salvador_Dali_NYWTS-500x652.jpg 500w, https:\/\/www.exceptional.art\/wp-content\/uploads\/2024\/08\/1024px-Salvador_Dali_NYWTS.jpg 1024w\" sizes=\"(max-width: 230px) 100vw, 230px\" \/>\t\t\t\t\t\t\t\t\t\t\t\t\t\t\t<\/div>\n\t\t\t\t<\/div>\n\t\t\t\t<\/div>\n\t\t<div class=\"elementor-element elementor-element-57f915f e-con-full e-flex e-con e-child\" data-id=\"57f915f\" data-element_type=\"container\" data-e-type=\"container\">\n\t\t\t\t<div class=\"elementor-element elementor-element-7062d8c elementor-widget elementor-widget-heading\" data-id=\"7062d8c\" data-element_type=\"widget\" data-e-type=\"widget\" data-widget_type=\"heading.default\">\n\t\t\t\t<div class=\"elementor-widget-container\">\n\t\t\t\t\t<h2 class=\"elementor-heading-title elementor-size-default\"> Salvador Dal\u00ed : Le surr\u00e9alisme (1904-1989)\n<\/h2>\t\t\t\t<\/div>\n\t\t\t\t<\/div>\n\t\t\t\t<\/div>\n\t\t\t\t\t<\/div>\n\t\t\t\t<\/div>\n\t\t<div class=\"elementor-element elementor-element-4714eb7 e-flex e-con-boxed e-con e-parent\" data-id=\"4714eb7\" data-element_type=\"container\" data-e-type=\"container\">\n\t\t\t\t\t<div class=\"e-con-inner\">\n\t\t<div class=\"elementor-element elementor-element-ac6d64a e-con-full e-flex e-con e-child\" data-id=\"ac6d64a\" data-element_type=\"container\" data-e-type=\"container\">\n\t\t\t\t<div class=\"elementor-element elementor-element-26bd7ea elementor-widget elementor-widget-heading\" data-id=\"26bd7ea\" data-element_type=\"widget\" data-e-type=\"widget\" data-widget_type=\"heading.default\">\n\t\t\t\t<div class=\"elementor-widget-container\">\n\t\t\t\t\t<h3 class=\"elementor-heading-title elementor-size-default\">Naissance et d\u00e9but de la vie<\/h3>\t\t\t\t<\/div>\n\t\t\t\t<\/div>\n\t\t\t\t<\/div>\n\t\t<div class=\"elementor-element elementor-element-d6c2b07 e-con-full e-flex e-con e-child\" data-id=\"d6c2b07\" data-element_type=\"container\" data-e-type=\"container\">\n\t\t\t\t<div class=\"elementor-element elementor-element-7e56991 elementor-widget elementor-widget-text-editor\" data-id=\"7e56991\" data-element_type=\"widget\" data-e-type=\"widget\" data-widget_type=\"text-editor.default\">\n\t\t\t\t<div class=\"elementor-widget-container\">\n\t\t\t\t\t\t\t\t\t<p>Salvador Domingo Felipe Jacinto Dal\u00ed i Dom\u00e8nech est n\u00e9 le 11 mai 1904 \u00e0 Figueres, en Catalogne, en Espagne. D\u00e8s le d\u00e9but, la vie de Dal\u00ed est marqu\u00e9e par un air de myst\u00e8re et d'excentricit\u00e9 qui d\u00e9finira plus tard sa personnalit\u00e9 comme l'une des figures les plus embl\u00e9matiques de l'histoire de l'art. Ses parents, Salvador Dal\u00ed i Cus\u00ed et Felipa Dom\u00e8nech Ferr\u00e9s, ont jou\u00e9 un r\u00f4le important dans la formation de ses premi\u00e8res exp\u00e9riences. La mort de son fr\u00e8re a\u00een\u00e9, \u00e9galement pr\u00e9nomm\u00e9 Salvador, neuf mois avant la naissance de Dal\u00ed, a profond\u00e9ment marqu\u00e9 l'artiste, qui a cru qu'il \u00e9tait la r\u00e9incarnation de son fr\u00e8re - une id\u00e9e encourag\u00e9e par ses parents. Cette croyance en un destin extraordinaire est devenue un th\u00e8me r\u00e9current de sa vie et de son \u0153uvre.<\/p>\t\t\t\t\t\t\t\t<\/div>\n\t\t\t\t<\/div>\n\t\t\t\t<\/div>\n\t\t\t\t\t<\/div>\n\t\t\t\t<\/div>\n\t\t<div class=\"elementor-element elementor-element-ad4612a e-flex e-con-boxed e-con e-parent\" data-id=\"ad4612a\" data-element_type=\"container\" data-e-type=\"container\">\n\t\t\t\t\t<div class=\"e-con-inner\">\n\t\t\t\t<div class=\"elementor-element elementor-element-09a0d87 elementor-widget elementor-widget-image\" data-id=\"09a0d87\" data-element_type=\"widget\" data-e-type=\"widget\" data-widget_type=\"image.default\">\n\t\t\t\t<div class=\"elementor-widget-container\">\n\t\t\t\t\t\t\t\t\t\t\t\t\t\t\t<img decoding=\"async\" width=\"1024\" height=\"585\" src=\"https:\/\/www.exceptional.art\/wp-content\/uploads\/2024\/08\/serene-rural-landscape-in-Figueres-Catalonia-Spain-1024x585.webp\" class=\"attachment-large size-large wp-image-11703\" alt=\"Paysage de Figueres, Catalogne, 11 mai 1904 - Village serein avec collines et montagnes lointaines\" srcset=\"https:\/\/www.exceptional.art\/wp-content\/uploads\/2024\/08\/serene-rural-landscape-in-Figueres-Catalonia-Spain-1024x585.webp 1024w, https:\/\/www.exceptional.art\/wp-content\/uploads\/2024\/08\/serene-rural-landscape-in-Figueres-Catalonia-Spain-300x171.webp 300w, https:\/\/www.exceptional.art\/wp-content\/uploads\/2024\/08\/serene-rural-landscape-in-Figueres-Catalonia-Spain-768x439.webp 768w, https:\/\/www.exceptional.art\/wp-content\/uploads\/2024\/08\/serene-rural-landscape-in-Figueres-Catalonia-Spain-1536x878.webp 1536w, https:\/\/www.exceptional.art\/wp-content\/uploads\/2024\/08\/serene-rural-landscape-in-Figueres-Catalonia-Spain-18x10.webp 18w, https:\/\/www.exceptional.art\/wp-content\/uploads\/2024\/08\/serene-rural-landscape-in-Figueres-Catalonia-Spain-500x286.webp 500w, https:\/\/www.exceptional.art\/wp-content\/uploads\/2024\/08\/serene-rural-landscape-in-Figueres-Catalonia-Spain.webp 1792w\" sizes=\"(max-width: 1024px) 100vw, 1024px\" \/>\t\t\t\t\t\t\t\t\t\t\t\t\t\t\t<\/div>\n\t\t\t\t<\/div>\n\t\t\t\t\t<\/div>\n\t\t\t\t<\/div>\n\t\t<div class=\"elementor-element elementor-element-9c947b4 e-flex e-con-boxed e-con e-parent\" data-id=\"9c947b4\" data-element_type=\"container\" data-e-type=\"container\">\n\t\t\t\t\t<div class=\"e-con-inner\">\n\t\t<div class=\"elementor-element elementor-element-56a7576 e-con-full e-flex e-con e-child\" data-id=\"56a7576\" data-element_type=\"container\" data-e-type=\"container\">\n\t\t\t\t<div class=\"elementor-element elementor-element-2bc65c4 elementor-widget elementor-widget-heading\" data-id=\"2bc65c4\" data-element_type=\"widget\" data-e-type=\"widget\" data-widget_type=\"heading.default\">\n\t\t\t\t<div class=\"elementor-widget-container\">\n\t\t\t\t\t<h3 class=\"elementor-heading-title elementor-size-default\">Enfance et premi\u00e8res influences<\/h3>\t\t\t\t<\/div>\n\t\t\t\t<\/div>\n\t\t\t\t<\/div>\n\t\t<div class=\"elementor-element elementor-element-8453709 e-con-full e-flex e-con e-child\" data-id=\"8453709\" data-element_type=\"container\" data-e-type=\"container\">\n\t\t\t\t<\/div>\n\t\t\t\t\t<\/div>\n\t\t\t\t<\/div>\n\t\t<div class=\"elementor-element elementor-element-549e263 e-flex e-con-boxed e-con e-parent\" data-id=\"549e263\" data-element_type=\"container\" data-e-type=\"container\">\n\t\t\t\t\t<div class=\"e-con-inner\">\n\t\t\t\t<div class=\"elementor-element elementor-element-077de36 elementor-widget elementor-widget-text-editor\" data-id=\"077de36\" data-element_type=\"widget\" data-e-type=\"widget\" data-widget_type=\"text-editor.default\">\n\t\t\t\t<div class=\"elementor-widget-container\">\n\t\t\t\t\t\t\t\t\t<p>L'enfance de Dal\u00ed est une tapisserie complexe d'\u00e9motions et d'exp\u00e9riences contradictoires. Sa m\u00e8re, qui l'encourage \u00e0 d\u00e9velopper ses talents artistiques d\u00e8s son plus jeune \u00e2ge, est une source d'inspiration pour lui. En m\u00eame temps, son p\u00e8re \u00e9tait un disciplinaire strict, favorisant un environnement \u00e0 la fois de soutien et de tension. Enfant pr\u00e9coce, Dal\u00ed montre tr\u00e8s t\u00f4t des signes de g\u00e9nie artistique. Il commence \u00e0 peindre d\u00e8s l'enfance et, \u00e0 l'\u00e2ge de 10 ans, il expose d\u00e9j\u00e0 ses \u0153uvres en public.<br \/>Le paysage catalan, avec ses montagnes escarp\u00e9es et la mer M\u00e9diterran\u00e9e omnipr\u00e9sente, a consid\u00e9rablement fa\u00e7onn\u00e9 la vision artistique de Dal\u00ed. Son exposition pr\u00e9coce aux \u0153uvres des impressionnistes et des post-impressionnistes, dont Picasso et Matisse, dans un mus\u00e9e local de Figueres, a enflamm\u00e9 sa passion pour la peinture. Les premi\u00e8res \u0153uvres de Dal\u00ed sont fortement influenc\u00e9es par l'impressionnisme. Cependant, son style \u00e9voluera consid\u00e9rablement au fur et \u00e0 mesure qu'il cherchera \u00e0 exprimer les paysages surr\u00e9alistes de son esprit.<\/p>\t\t\t\t\t\t\t\t<\/div>\n\t\t\t\t<\/div>\n\t\t\t\t\t<\/div>\n\t\t\t\t<\/div>\n\t\t<div class=\"elementor-element elementor-element-b3e6715 e-flex e-con-boxed e-con e-parent\" data-id=\"b3e6715\" data-element_type=\"container\" data-e-type=\"container\">\n\t\t\t\t\t<div class=\"e-con-inner\">\n\t\t\t\t<div class=\"elementor-element elementor-element-e6676c6 elementor-widget elementor-widget-heading\" data-id=\"e6676c6\" data-element_type=\"widget\" data-e-type=\"widget\" data-widget_type=\"heading.default\">\n\t\t\t\t<div class=\"elementor-widget-container\">\n\t\t\t\t\t<h3 class=\"elementor-heading-title elementor-size-default\">\u00c9ducation et premi\u00e8res difficult\u00e9s<\/h3>\t\t\t\t<\/div>\n\t\t\t\t<\/div>\n\t\t\t\t\t<\/div>\n\t\t\t\t<\/div>\n\t\t<div class=\"elementor-element elementor-element-f698b46 e-flex e-con-boxed e-con e-parent\" data-id=\"f698b46\" data-element_type=\"container\" data-e-type=\"container\">\n\t\t\t\t\t<div class=\"e-con-inner\">\n\t\t\t\t<div class=\"elementor-element elementor-element-0300414 elementor-widget elementor-widget-text-editor\" data-id=\"0300414\" data-element_type=\"widget\" data-e-type=\"widget\" data-widget_type=\"text-editor.default\">\n\t\t\t\t<div class=\"elementor-widget-container\">\n\t\t\t\t\t\t\t\t\t<p>En 1922, Dal\u00ed s'installe \u00e0 Madrid pour \u00e9tudier \u00e0 la Real Academia de Bellas Artes de San Fernando, o\u00f9 il devient rapidement une figure centrale parmi ses pairs. Sa personnalit\u00e9 flamboyante et son comportement excentrique le distinguent, tout comme son extraordinaire talent. Durant cette p\u00e9riode, Dal\u00ed exp\u00e9rimente diff\u00e9rents styles, dont le cubisme, le dada\u00efsme et les techniques picturales classiques. Son habilet\u00e9 technique est ind\u00e9niable, mais son refus de se conformer aux normes acad\u00e9miques traditionnelles entra\u00eene des tensions avec ses professeurs, qui aboutissent \u00e0 son expulsion de l'acad\u00e9mie en 1926, juste avant ses examens finaux.<br \/>Malgr\u00e9 cet \u00e9chec, le s\u00e9jour de Dal\u00ed \u00e0 Madrid a fa\u00e7onn\u00e9 sa trajectoire artistique. Il a nou\u00e9 des relations \u00e9troites avec de futures personnalit\u00e9s telles que le cin\u00e9aste Luis Bu\u00f1uel et le po\u00e8te Federico Garc\u00eda Lorca. Ces amiti\u00e9s ont jou\u00e9 un r\u00f4le d\u00e9terminant dans l'initiation de Dal\u00ed au surr\u00e9alisme, le mouvement qui allait finalement d\u00e9finir sa carri\u00e8re. Cependant, sa relation avec Lorca, en particulier, \u00e9tait d'une grande complexit\u00e9, m\u00ealant collaboration cr\u00e9ative et tension \u00e9motionnelle.<\/p>\t\t\t\t\t\t\t\t<\/div>\n\t\t\t\t<\/div>\n\t\t\t\t\t<\/div>\n\t\t\t\t<\/div>\n\t\t<div class=\"elementor-element elementor-element-ed47e90 e-flex e-con-boxed e-con e-parent\" data-id=\"ed47e90\" data-element_type=\"container\" data-e-type=\"container\">\n\t\t\t\t\t<div class=\"e-con-inner\">\n\t\t<div class=\"elementor-element elementor-element-a959d96 e-con-full e-flex e-con e-child\" data-id=\"a959d96\" data-element_type=\"container\" data-e-type=\"container\">\n\t\t\t\t<div class=\"elementor-element elementor-element-cd4ce43 elementor-widget elementor-widget-image\" data-id=\"cd4ce43\" data-element_type=\"widget\" data-e-type=\"widget\" data-widget_type=\"image.default\">\n\t\t\t\t<div class=\"elementor-widget-container\">\n\t\t\t\t\t\t\t\t\t\t\t\t\t\t\t<img decoding=\"async\" width=\"1024\" height=\"1024\" src=\"https:\/\/www.exceptional.art\/wp-content\/uploads\/2024\/08\/Evocative_scene_set_in_the_-1920s-1930s_-Europe.webp\" class=\"attachment-large size-large wp-image-11705\" alt=\"Europe des ann\u00e9es 1920-1930 - Groupe de jeunes artistes dans un contexte de bouleversements politiques et sociaux\" srcset=\"https:\/\/www.exceptional.art\/wp-content\/uploads\/2024\/08\/Evocative_scene_set_in_the_-1920s-1930s_-Europe.webp 1024w, https:\/\/www.exceptional.art\/wp-content\/uploads\/2024\/08\/Evocative_scene_set_in_the_-1920s-1930s_-Europe-300x300.webp 300w, https:\/\/www.exceptional.art\/wp-content\/uploads\/2024\/08\/Evocative_scene_set_in_the_-1920s-1930s_-Europe-150x150.webp 150w, https:\/\/www.exceptional.art\/wp-content\/uploads\/2024\/08\/Evocative_scene_set_in_the_-1920s-1930s_-Europe-768x768.webp 768w, https:\/\/www.exceptional.art\/wp-content\/uploads\/2024\/08\/Evocative_scene_set_in_the_-1920s-1930s_-Europe-12x12.webp 12w, https:\/\/www.exceptional.art\/wp-content\/uploads\/2024\/08\/Evocative_scene_set_in_the_-1920s-1930s_-Europe-500x500.webp 500w, https:\/\/www.exceptional.art\/wp-content\/uploads\/2024\/08\/Evocative_scene_set_in_the_-1920s-1930s_-Europe-100x100.webp 100w\" sizes=\"(max-width: 1024px) 100vw, 1024px\" \/>\t\t\t\t\t\t\t\t\t\t\t\t\t\t\t<\/div>\n\t\t\t\t<\/div>\n\t\t\t\t<\/div>\n\t\t<div class=\"elementor-element elementor-element-c95c516 e-con-full e-flex e-con e-child\" data-id=\"c95c516\" data-element_type=\"container\" data-e-type=\"container\">\n\t\t\t\t<div class=\"elementor-element elementor-element-829e331 elementor-widget elementor-widget-heading\" data-id=\"829e331\" data-element_type=\"widget\" data-e-type=\"widget\" data-widget_type=\"heading.default\">\n\t\t\t\t<div class=\"elementor-widget-container\">\n\t\t\t\t\t<h3 class=\"elementor-heading-title elementor-size-default\">L'essor du surr\u00e9alisme<\/h3>\t\t\t\t<\/div>\n\t\t\t\t<\/div>\n\t\t\t\t<\/div>\n\t\t\t\t\t<\/div>\n\t\t\t\t<\/div>\n\t\t<div class=\"elementor-element elementor-element-50a8587 e-flex e-con-boxed e-con e-parent\" data-id=\"50a8587\" data-element_type=\"container\" data-e-type=\"container\">\n\t\t\t\t\t<div class=\"e-con-inner\">\n\t\t\t\t<div class=\"elementor-element elementor-element-5d44443 elementor-widget elementor-widget-text-editor\" data-id=\"5d44443\" data-element_type=\"widget\" data-e-type=\"widget\" data-widget_type=\"text-editor.default\">\n\t\t\t\t<div class=\"elementor-widget-container\">\n\t\t\t\t\t\t\t\t\t<p>Les ann\u00e9es 1920 et 1930 sont une p\u00e9riode d'immenses bouleversements politiques et sociaux en Europe. Les cons\u00e9quences de la Premi\u00e8re Guerre mondiale ont laiss\u00e9 le continent dans la tourmente, et la mont\u00e9e du fascisme et la guerre civile espagnole ont profond\u00e9ment affect\u00e9 Dal\u00ed et ses contemporains. C'est dans ce contexte que Dal\u00ed adh\u00e8re pleinement au surr\u00e9alisme. Ce mouvement cherche \u00e0 lib\u00e9rer l'inconscient et \u00e0 explorer les aspects illogiques et oniriques de l'exp\u00e9rience humaine.<br \/>L'entr\u00e9e de Dal\u00ed dans le groupe surr\u00e9aliste parisien, dirig\u00e9 par Andr\u00e9 Breton, marque le d\u00e9but de son ascension vers la c\u00e9l\u00e9brit\u00e9 internationale. Ses premi\u00e8res \u0153uvres surr\u00e9alistes, telles que \"La persistance de la m\u00e9moire\" (1931), qui met en sc\u00e8ne les fameuses horloges fondantes, le propulsent au premier rang du mouvement. Ces \u0153uvres sont des exp\u00e9riences artistiques et des explorations des peurs, des obsessions et des d\u00e9sirs les plus profonds de Dal\u00ed. Sa fascination pour les th\u00e9ories de Freud sur la psychanalyse et l'inconscient a fortement influenc\u00e9 son travail durant cette p\u00e9riode.<\/p>\t\t\t\t\t\t\t\t<\/div>\n\t\t\t\t<\/div>\n\t\t\t\t\t<\/div>\n\t\t\t\t<\/div>\n\t\t<div class=\"elementor-element elementor-element-3f2888e e-flex e-con-boxed e-con e-parent\" data-id=\"3f2888e\" data-element_type=\"container\" data-e-type=\"container\">\n\t\t\t\t\t<div class=\"e-con-inner\">\n\t\t<div class=\"elementor-element elementor-element-30a0741 e-con-full e-flex e-con e-child\" data-id=\"30a0741\" data-element_type=\"container\" data-e-type=\"container\">\n\t\t\t\t<div class=\"elementor-element elementor-element-f9fe8af elementor-widget elementor-widget-heading\" data-id=\"f9fe8af\" data-element_type=\"widget\" data-e-type=\"widget\" data-widget_type=\"heading.default\">\n\t\t\t\t<div class=\"elementor-widget-container\">\n\t\t\t\t\t<h3 class=\"elementor-heading-title elementor-size-default\">Principaux tournants et perc\u00e9es\n<\/h3>\t\t\t\t<\/div>\n\t\t\t\t<\/div>\n\t\t\t\t<\/div>\n\t\t<div class=\"elementor-element elementor-element-c611805 e-con-full e-flex e-con e-child\" data-id=\"c611805\" data-element_type=\"container\" data-e-type=\"container\">\n\t\t\t\t<div class=\"elementor-element elementor-element-b6dcb17 elementor-widget elementor-widget-image\" data-id=\"b6dcb17\" data-element_type=\"widget\" data-e-type=\"widget\" data-widget_type=\"image.default\">\n\t\t\t\t<div class=\"elementor-widget-container\">\n\t\t\t\t\t\t\t\t\t\t\t\t\t\t\t\t<a href=\"https:\/\/upload.wikimedia.org\/wikipedia\/commons\/4\/4a\/Gala_Dali_%28cropped%29.jpg\">\n\t\t\t\t\t\t\t<img loading=\"lazy\" decoding=\"async\" width=\"150\" height=\"150\" src=\"https:\/\/www.exceptional.art\/wp-content\/uploads\/2024\/08\/Gala_Dali_cropped-150x150.jpg\" class=\"attachment-thumbnail size-thumbnail wp-image-11706\" alt=\"Gala Dal\u00ed - Muse et \u00e9pouse de Salvador Dal\u00ed, figure embl\u00e9matique du XXe si\u00e8cle\" srcset=\"https:\/\/www.exceptional.art\/wp-content\/uploads\/2024\/08\/Gala_Dali_cropped-150x150.jpg 150w, https:\/\/www.exceptional.art\/wp-content\/uploads\/2024\/08\/Gala_Dali_cropped-500x500.jpg 500w, https:\/\/www.exceptional.art\/wp-content\/uploads\/2024\/08\/Gala_Dali_cropped-100x100.jpg 100w\" sizes=\"(max-width: 150px) 100vw, 150px\" \/>\t\t\t\t\t\t\t\t<\/a>\n\t\t\t\t\t\t\t\t\t\t\t\t\t\t\t<\/div>\n\t\t\t\t<\/div>\n\t\t\t\t<\/div>\n\t\t\t\t\t<\/div>\n\t\t\t\t<\/div>\n\t\t<div class=\"elementor-element elementor-element-08c0b03 e-flex e-con-boxed e-con e-parent\" data-id=\"08c0b03\" data-element_type=\"container\" data-e-type=\"container\">\n\t\t\t\t\t<div class=\"e-con-inner\">\n\t\t\t\t<div class=\"elementor-element elementor-element-b6b2881 elementor-widget elementor-widget-text-editor\" data-id=\"b6b2881\" data-element_type=\"widget\" data-e-type=\"widget\" data-widget_type=\"text-editor.default\">\n\t\t\t\t<div class=\"elementor-widget-container\">\n\t\t\t\t\t\t\t\t\t<p><a href=\"https:\/\/commons.wikimedia.org\/wiki\/Commons:Reusing_content_outside_Wikimedia\">Source<\/a><\/p>\t\t\t\t\t\t\t\t<\/div>\n\t\t\t\t<\/div>\n\t\t\t\t\t<\/div>\n\t\t\t\t<\/div>\n\t\t<div class=\"elementor-element elementor-element-41c846b e-flex e-con-boxed e-con e-parent\" data-id=\"41c846b\" data-element_type=\"container\" data-e-type=\"container\">\n\t\t\t\t\t<div class=\"e-con-inner\">\n\t\t\t\t\t<\/div>\n\t\t\t\t<\/div>\n\t\t<div class=\"elementor-element elementor-element-f82d60d e-flex e-con-boxed e-con e-parent\" data-id=\"f82d60d\" data-element_type=\"container\" data-e-type=\"container\">\n\t\t\t\t\t<div class=\"e-con-inner\">\n\t\t\t\t<div class=\"elementor-element elementor-element-96370ee elementor-widget elementor-widget-text-editor\" data-id=\"96370ee\" data-element_type=\"widget\" data-e-type=\"widget\" data-widget_type=\"text-editor.default\">\n\t\t\t\t<div class=\"elementor-widget-container\">\n\t\t\t\t\t\t\t\t\t<p>L'un des tournants les plus importants de la vie de Dal\u00ed est sa rencontre avec Gala \u00c9luard en 1929. Gala, n\u00e9e Elena Ivanovna Diakonova, est une immigr\u00e9e russe et l'\u00e9pouse du po\u00e8te Paul \u00c9luard. Elle devient rapidement la muse, l'amante et finalement l'\u00e9pouse de Dal\u00ed. Gala a \u00e9t\u00e9 une force stabilisatrice dans la vie tumultueuse de Dal\u00ed et a jou\u00e9 un r\u00f4le crucial dans la gestion de sa carri\u00e8re, contribuant \u00e0 \u00e9tablir sa r\u00e9putation de ma\u00eetre surr\u00e9aliste.<br \/>L'\u0153uvre de Dal\u00ed au cours des ann\u00e9es 1930 et 1940 refl\u00e8te sa fascination croissante pour la science, la religion et la m\u00e9taphysique. Son exploration de la th\u00e9orie atomique et des concepts de temps et d'espace est \u00e9vidente dans ses derni\u00e8res \u0153uvres, telles que \"La d\u00e9sint\u00e9gration de la persistance de la m\u00e9moire\" (1954). Ces peintures marquent un tournant par rapport \u00e0 ses explorations surr\u00e9alistes ant\u00e9rieures vers ce qu'il appelle le \"mysticisme nucl\u00e9aire\", qui m\u00eale des th\u00e8mes religieux aux d\u00e9couvertes scientifiques contemporaines.<\/p>\t\t\t\t\t\t\t\t<\/div>\n\t\t\t\t<\/div>\n\t\t\t\t\t<\/div>\n\t\t\t\t<\/div>\n\t\t<div class=\"elementor-element elementor-element-86a4521 e-flex e-con-boxed e-con e-parent\" data-id=\"86a4521\" data-element_type=\"container\" data-e-type=\"container\">\n\t\t\t\t\t<div class=\"e-con-inner\">\n\t\t\t\t<div class=\"elementor-element elementor-element-b995b22 elementor-widget elementor-widget-heading\" data-id=\"b995b22\" data-element_type=\"widget\" data-e-type=\"widget\" data-widget_type=\"heading.default\">\n\t\t\t\t<div class=\"elementor-widget-container\">\n\t\t\t\t\t<h3 class=\"elementor-heading-title elementor-size-default\">Amiti\u00e9s et conflits<\/h3>\t\t\t\t<\/div>\n\t\t\t\t<\/div>\n\t\t\t\t\t<\/div>\n\t\t\t\t<\/div>\n\t\t<div class=\"elementor-element elementor-element-405da88 e-flex e-con-boxed e-con e-parent\" data-id=\"405da88\" data-element_type=\"container\" data-e-type=\"container\">\n\t\t\t\t\t<div class=\"e-con-inner\">\n\t\t\t\t<div class=\"elementor-element elementor-element-7c60cdb elementor-widget elementor-widget-text-editor\" data-id=\"7c60cdb\" data-element_type=\"widget\" data-e-type=\"widget\" data-widget_type=\"text-editor.default\">\n\t\t\t\t<div class=\"elementor-widget-container\">\n\t\t\t\t\t\t\t\t\t<p>Les relations de Dal\u00ed avec d'autres artistes \u00e9taient aussi complexes et surr\u00e9alistes que ses peintures. Son amiti\u00e9 avec Pablo Picasso est faite de respect mutuel et de rivalit\u00e9. Tout en admirant le g\u00e9nie de Picasso, Dal\u00ed \u00e9tait d\u00e9termin\u00e9 \u00e0 le surpasser. Leur relation \u00e9tait marqu\u00e9e par l'admiration et la comp\u00e9tition, Dal\u00ed se positionnant souvent comme le v\u00e9ritable successeur de l'h\u00e9ritage de Picasso.<br \/>L'association de Dal\u00ed avec le groupe surr\u00e9aliste est \u00e9galement marqu\u00e9e par des tensions. Son int\u00e9r\u00eat croissant pour le succ\u00e8s commercial et ses opinions politiques, per\u00e7ues comme favorables au r\u00e9gime fasciste de Franco en Espagne, ont conduit \u00e0 son expulsion du groupe surr\u00e9aliste en 1939. Andr\u00e9 Breton anagramma le nom de Dal\u00ed en \"Avida Dollars\", le critiquant pour sa cupidit\u00e9 et sa trahison des id\u00e9aux surr\u00e9alistes. Malgr\u00e9 cela, Dal\u00ed continue d'utiliser l'\u00e9tiquette surr\u00e9aliste, d\u00e9clarant : \"Je suis le surr\u00e9alisme\".<\/p>\t\t\t\t\t\t\t\t<\/div>\n\t\t\t\t<\/div>\n\t\t\t\t\t<\/div>\n\t\t\t\t<\/div>\n\t\t<div class=\"elementor-element elementor-element-21a41b7 e-flex e-con-boxed e-con e-parent\" data-id=\"21a41b7\" data-element_type=\"container\" data-e-type=\"container\">\n\t\t\t\t\t<div class=\"e-con-inner\">\n\t\t<div class=\"elementor-element elementor-element-217a5cf e-con-full e-flex e-con e-child\" data-id=\"217a5cf\" data-element_type=\"container\" data-e-type=\"container\">\n\t\t\t\t<\/div>\n\t\t<div class=\"elementor-element elementor-element-632e70c e-con-full e-flex e-con e-child\" data-id=\"632e70c\" data-element_type=\"container\" data-e-type=\"container\">\n\t\t\t\t<\/div>\n\t\t\t\t\t<\/div>\n\t\t\t\t<\/div>\n\t\t<div class=\"elementor-element elementor-element-bbbe53f e-flex e-con-boxed e-con e-parent\" data-id=\"bbbe53f\" data-element_type=\"container\" data-e-type=\"container\">\n\t\t\t\t\t<div class=\"e-con-inner\">\n\t\t<div class=\"elementor-element elementor-element-ff7ab84 e-con-full e-flex e-con e-child\" data-id=\"ff7ab84\" data-element_type=\"container\" data-e-type=\"container\">\n\t\t\t\t<div class=\"elementor-element elementor-element-5cd7ba6 elementor-widget elementor-widget-heading\" data-id=\"5cd7ba6\" data-element_type=\"widget\" data-e-type=\"widget\" data-widget_type=\"heading.default\">\n\t\t\t\t<div class=\"elementor-widget-container\">\n\t\t\t\t\t<h2 class=\"elementor-heading-title elementor-size-default\">\u00c9volution du style et de l'h\u00e9ritage<\/h2>\t\t\t\t<\/div>\n\t\t\t\t<\/div>\n\t\t\t\t<\/div>\n\t\t<div class=\"elementor-element elementor-element-f6d34f6 e-con-full e-flex e-con e-child\" data-id=\"f6d34f6\" data-element_type=\"container\" data-e-type=\"container\">\n\t\t\t\t<div class=\"elementor-element elementor-element-4f33d62 elementor-widget elementor-widget-text-editor\" data-id=\"4f33d62\" data-element_type=\"widget\" data-e-type=\"widget\" data-widget_type=\"text-editor.default\">\n\t\t\t\t<div class=\"elementor-widget-container\">\n\t\t\t\t\t\t\t\t\t<p>Au fur et \u00e0 mesure que la carri\u00e8re de Dal\u00ed progresse, son \u0153uvre devient de plus en plus vari\u00e9e et exp\u00e9rimentale. Il touche \u00e0 diff\u00e9rents m\u00e9dias, dont la sculpture, le cin\u00e9ma, la photographie et la mode. Sa collaboration avec Alfred Hitchcock pour la s\u00e9quence de r\u00eave du film <a href=\"https:\/\/www.youtube.com\/watch?v=HIBaGIUbXqI\">film \"Spellbound\" (L'envo\u00fbtement)<\/a> (1945) t\u00e9moigne de son influence au-del\u00e0 du monde de l'art traditionnel. Les \u0153uvres ult\u00e9rieures de Dal\u00ed, telles que la \"Crucifixion (Corpus Hypercubus)\" (1954), refl\u00e8tent sa fascination permanente pour l'intersection de la science, de la religion et de l'art.<br \/>L'h\u00e9ritage de Dal\u00ed est aussi vari\u00e9 que son \u0153uvre. Il \u00e9tait pass\u00e9 ma\u00eetre dans l'art de l'autopromotion, cr\u00e9ant un personnage public excentrique qui brouillait les fronti\u00e8res entre la r\u00e9alit\u00e9 et la performance. Sa moustache embl\u00e9matique, son comportement flamboyant et ses d\u00e9clarations provocantes ont fait de lui un nom connu de tous. Mais ils ont aussi occult\u00e9 la profondeur et la complexit\u00e9 de ses r\u00e9alisations artistiques. Dal\u00ed n'\u00e9tait pas seulement un showman ; c'\u00e9tait un visionnaire qui a red\u00e9fini les possibilit\u00e9s de l'art.<\/p>\t\t\t\t\t\t\t\t<\/div>\n\t\t\t\t<\/div>\n\t\t\t\t<\/div>\n\t\t\t\t\t<\/div>\n\t\t\t\t<\/div>\n\t\t<div class=\"elementor-element elementor-element-aae6a96 e-flex e-con-boxed e-con e-parent\" data-id=\"aae6a96\" data-element_type=\"container\" data-e-type=\"container\">\n\t\t\t\t\t<div class=\"e-con-inner\">\n\t\t<div class=\"elementor-element elementor-element-ce9a825 e-con-full e-flex e-con e-child\" data-id=\"ce9a825\" data-element_type=\"container\" data-e-type=\"container\">\n\t\t\t\t<div class=\"elementor-element elementor-element-dda62e9 elementor-widget elementor-widget-text-editor\" data-id=\"dda62e9\" data-element_type=\"widget\" data-e-type=\"widget\" data-widget_type=\"text-editor.default\">\n\t\t\t\t<div class=\"elementor-widget-container\">\n\t\t\t\t\t\t\t\t\t<p>La vie de Salvador Dal\u00ed a \u00e9t\u00e9 riche en succ\u00e8s et entour\u00e9e de rumeurs et d'histoires \u00e9nigmatiques. L'une des rumeurs les plus persistantes concerne ses habitudes excentriques, notamment celle selon laquelle il se serait rendu \u00e0 une f\u00eate d\u00e9guis\u00e9 en plongeur, avec une combinaison et un casque de plong\u00e9e sous-marine, symbolisant sa descente dans le subconscient. Ce coup d'\u00e9clat, comme beaucoup d'autres, \u00e9tait \u00e0 la fois une d\u00e9monstration de son engagement envers le surr\u00e9alisme et un reflet de son approche unique de la vie et de l'art.<br \/>Les contributions de Dal\u00ed au monde de l'art ont \u00e9t\u00e9 reconnues par de nombreuses distinctions, notamment son \u00e9lection \u00e0 l'Acad\u00e9mie fran\u00e7aise des Beaux-Arts et sa r\u00e9ception de la Grand-Croix de l'Ordre d'Isabelle la Catholique en Espagne. Son influence s'est \u00e9tendue au-del\u00e0 de la toile, touchant la litt\u00e9rature, le cin\u00e9ma et la culture populaire.<br \/>Salvador Dal\u00ed est d\u00e9c\u00e9d\u00e9 le 23 janvier 1989 \u00e0 Figueres, sa ville natale, laissant derri\u00e8re lui un h\u00e9ritage qui continue de captiver et de d\u00e9concerter les amateurs d'art et les collectionneurs du monde entier. Son \u0153uvre, caract\u00e9ris\u00e9e par sa ma\u00eetrise technique, son imagerie surr\u00e9aliste et son symbolisme complexe, reste une pierre angulaire de l'art moderne. La capacit\u00e9 de Dal\u00ed \u00e0 fusionner le fantastique et le r\u00e9el, le scientifique et le spirituel, a permis \u00e0 son influence de perdurer longtemps apr\u00e8s sa mort.<br \/>Aujourd'hui, les \u0153uvres de Dal\u00ed sont c\u00e9l\u00e9br\u00e9es dans le monde entier dans des mus\u00e9es et des galeries d'art, du Th\u00e9\u00e2tre-mus\u00e9e Dal\u00ed de Figueres au Salvador Dal\u00ed Museum de Saint-P\u00e9tersbourg, en Floride. Ses peintures, sculptures et \u00e9crits continuent d'inspirer de nouvelles g\u00e9n\u00e9rations d'artistes et de penseurs et sont tr\u00e8s recherch\u00e9s par les collectionneurs d'art avis\u00e9s, consolidant sa place parmi les figures les plus novatrices et influentes de l'histoire de l'art.<br \/>Alors que nous nous penchons sur la vie et l'h\u00e9ritage de Salvador Dal\u00ed sur Exceptional.Art, nous invitons les amateurs d'art et les collectionneurs \u00e0 explorer la galerie en ligne et \u00e0 se plonger dans l'inspiration artistique qui a nourri l'un des esprits les plus fascinants du 20e si\u00e8cle. Le parcours de Dal\u00ed, d'une petite ville de Catalogne au sommet du monde de l'art, t\u00e9moigne du pouvoir de la cr\u00e9ativit\u00e9, de l'ambition et de la qu\u00eate incessante de l'extraordinaire.<\/p>\t\t\t\t\t\t\t\t<\/div>\n\t\t\t\t<\/div>\n\t\t\t\t<\/div>\n\t\t<div class=\"elementor-element elementor-element-176364e e-con-full e-flex e-con e-child\" data-id=\"176364e\" data-element_type=\"container\" data-e-type=\"container\">\n\t\t\t\t<div class=\"elementor-element elementor-element-caf2521 elementor-widget elementor-widget-heading\" data-id=\"caf2521\" data-element_type=\"widget\" data-e-type=\"widget\" data-widget_type=\"heading.default\">\n\t\t\t\t<div class=\"elementor-widget-container\">\n\t\t\t\t\t<h3 class=\"elementor-heading-title elementor-size-default\">R\u00e9alisations de toute une vie et rumeurs \u00e9nigmatiques<\/h3>\t\t\t\t<\/div>\n\t\t\t\t<\/div>\n\t\t\t\t<\/div>\n\t\t\t\t\t<\/div>\n\t\t\t\t<\/div>\n\t\t<div class=\"elementor-element elementor-element-a2dedf0 e-flex e-con-boxed e-con e-parent\" data-id=\"a2dedf0\" data-element_type=\"container\" data-e-type=\"container\">\n\t\t\t\t\t<div class=\"e-con-inner\">\n\t\t\t\t<div class=\"elementor-element elementor-element-138ec36 elementor-widget elementor-widget-text-editor\" data-id=\"138ec36\" data-element_type=\"widget\" data-e-type=\"widget\" data-widget_type=\"text-editor.default\">\n\t\t\t\t<div class=\"elementor-widget-container\">\n\t\t\t\t\t\t\t\t\t<p>Alors que nous nous penchons sur la vie et l'h\u00e9ritage de Salvador Dal\u00ed, le <strong>Art exceptionnel<\/strong>La Commission europ\u00e9enne est une destination de choix pour les<\/p>\t\t\t\t\t\t\t\t<\/div>\n\t\t\t\t<\/div>\n\t\t\t\t\t<\/div>\n\t\t\t\t<\/div>\n\t\t<div class=\"elementor-element elementor-element-ea4e8e3 e-flex e-con-boxed e-con e-parent\" data-id=\"ea4e8e3\" data-element_type=\"container\" data-e-type=\"container\">\n\t\t\t\t\t<div class=\"e-con-inner\">\n\t\t\t\t<div class=\"elementor-element elementor-element-34c1e04 elementor-widget elementor-widget-heading\" data-id=\"34c1e04\" data-element_type=\"widget\" data-e-type=\"widget\" data-widget_type=\"heading.default\">\n\t\t\t\t<div class=\"elementor-widget-container\">\n\t\t\t\t\t<h1 class=\"elementor-heading-title elementor-size-default\">galerie d'art en ligne<\/h1>\t\t\t\t<\/div>\n\t\t\t\t<\/div>\n\t\t\t\t\t<\/div>\n\t\t\t\t<\/div>\n\t\t<div class=\"elementor-element elementor-element-4c288b6 e-flex e-con-boxed e-con e-parent\" data-id=\"4c288b6\" data-element_type=\"container\" data-e-type=\"container\">\n\t\t\t\t\t<div class=\"e-con-inner\">\n\t\t\t\t<div class=\"elementor-element elementor-element-9269b08 elementor-widget elementor-widget-text-editor\" data-id=\"9269b08\" data-element_type=\"widget\" data-e-type=\"widget\" data-widget_type=\"text-editor.default\">\n\t\t\t\t<div class=\"elementor-widget-container\">\n\t\t\t\t\t\t\t\t\t<p style=\"text-align: center;\">et<\/p>\t\t\t\t\t\t\t\t<\/div>\n\t\t\t\t<\/div>\n\t\t\t\t\t<\/div>\n\t\t\t\t<\/div>\n\t\t<div class=\"elementor-element elementor-element-12ae6d9 e-flex e-con-boxed e-con e-parent\" data-id=\"12ae6d9\" data-element_type=\"container\" data-e-type=\"container\">\n\t\t\t\t\t<div class=\"e-con-inner\">\n\t\t\t\t<div class=\"elementor-element elementor-element-43945e2 elementor-widget elementor-widget-heading\" data-id=\"43945e2\" data-element_type=\"widget\" data-e-type=\"widget\" data-widget_type=\"heading.default\">\n\t\t\t\t<div class=\"elementor-widget-container\">\n\t\t\t\t\t<h2 class=\"elementor-heading-title elementor-size-default\">achat d'\u0153uvres d'art en ligne<\/h2>\t\t\t\t<\/div>\n\t\t\t\t<\/div>\n\t\t\t\t\t<\/div>\n\t\t\t\t<\/div>\n\t\t<div class=\"elementor-element elementor-element-42e2cda e-flex e-con-boxed e-con e-parent\" data-id=\"42e2cda\" data-element_type=\"container\" data-e-type=\"container\">\n\t\t\t\t\t<div class=\"e-con-inner\">\n\t\t\t\t<div class=\"elementor-element elementor-element-8dbe9a0 elementor-widget elementor-widget-text-editor\" data-id=\"8dbe9a0\" data-element_type=\"widget\" data-e-type=\"widget\" data-widget_type=\"text-editor.default\">\n\t\t\t\t<div class=\"elementor-widget-container\">\n\t\t\t\t\t\t\t\t\t<p>nous invitons les amateurs d'art et les collectionneurs \u00e0 explorer la galerie. Le parcours de Dal\u00ed, d'une petite ville de Catalogne au sommet du monde de l'art, t\u00e9moigne du pouvoir de la cr\u00e9ativit\u00e9, de l'ambition et de la qu\u00eate incessante de l'extraordinaire.<\/p>\t\t\t\t\t\t\t\t<\/div>\n\t\t\t\t<\/div>\n\t\t\t\t\t<\/div>\n\t\t\t\t<\/div>\n\t\t<div class=\"elementor-element elementor-element-a50b339 e-flex e-con-boxed e-con e-parent\" data-id=\"a50b339\" data-element_type=\"container\" data-e-type=\"container\">\n\t\t\t\t\t<div class=\"e-con-inner\">\n\t\t\t\t<div class=\"elementor-element elementor-element-c43b083 elementor-widget elementor-widget-text-editor\" data-id=\"c43b083\" data-element_type=\"widget\" data-e-type=\"widget\" data-widget_type=\"text-editor.default\">\n\t\t\t\t<div class=\"elementor-widget-container\">\n\t\t\t\t\t\t\t\t\t<p>Visiter <strong>Art exceptionnel<\/strong> pour d\u00e9couvrir une s\u00e9lection de<\/p>\t\t\t\t\t\t\t\t<\/div>\n\t\t\t\t<\/div>\n\t\t\t\t\t<\/div>\n\t\t\t\t<\/div>\n\t\t<div class=\"elementor-element elementor-element-e5fae00 e-flex e-con-boxed e-con e-parent\" data-id=\"e5fae00\" data-element_type=\"container\" data-e-type=\"container\">\n\t\t\t\t\t<div class=\"e-con-inner\">\n\t\t\t\t<div class=\"elementor-element elementor-element-2312097 elementor-widget elementor-widget-heading\" data-id=\"2312097\" data-element_type=\"widget\" data-e-type=\"widget\" data-widget_type=\"heading.default\">\n\t\t\t\t<div class=\"elementor-widget-container\">\n\t\t\t\t\t<h1 class=\"elementor-heading-title elementor-size-default\">art en ligne<\/h1>\t\t\t\t<\/div>\n\t\t\t\t<\/div>\n\t\t\t\t\t<\/div>\n\t\t\t\t<\/div>\n\t\t<div class=\"elementor-element elementor-element-cf8fc00 e-flex e-con-boxed e-con e-parent\" data-id=\"cf8fc00\" data-element_type=\"container\" data-e-type=\"container\">\n\t\t\t\t\t<div class=\"e-con-inner\">\n\t\t\t\t<div class=\"elementor-element elementor-element-fc4a3dd elementor-widget elementor-widget-spacer\" data-id=\"fc4a3dd\" data-element_type=\"widget\" data-e-type=\"widget\" data-widget_type=\"spacer.default\">\n\t\t\t\t<div class=\"elementor-widget-container\">\n\t\t\t\t\t\t\t<div class=\"elementor-spacer\">\n\t\t\t<div class=\"elementor-spacer-inner\"><\/div>\n\t\t<\/div>\n\t\t\t\t\t\t<\/div>\n\t\t\t\t<\/div>\n\t\t\t\t\t<\/div>\n\t\t\t\t<\/div>\n\t\t<div class=\"elementor-element elementor-element-26a9937 e-flex e-con-boxed e-con e-parent\" data-id=\"26a9937\" data-element_type=\"container\" data-e-type=\"container\">\n\t\t\t\t\t<div class=\"e-con-inner\">\n\t\t\t\t<div class=\"elementor-element elementor-element-87cd55e elementor-widget elementor-widget-heading\" data-id=\"87cd55e\" data-element_type=\"widget\" data-e-type=\"widget\" data-widget_type=\"heading.default\">\n\t\t\t\t<div class=\"elementor-widget-container\">\n\t\t\t\t\t<h6 class=\"elementor-heading-title elementor-size-default\"><a href=\"https:\/\/en.wikipedia.org\/wiki\/Salvador_Dal%C3%AD\">De Wikipedia, l'encyclop\u00e9die libre, Salvador Dali \n<\/a><\/h6>\t\t\t\t<\/div>\n\t\t\t\t<\/div>\n\t\t\t\t\t<\/div>\n\t\t\t\t<\/div>\n\t\t\t\t<\/div>","protected":false},"excerpt":{"rendered":"<p>Salvador Dal\u00ed: Surrealism\u00a0 (1904\u20131989) Birth and Early Life Salvador Domingo Felipe Jacinto Dal\u00ed i Dom\u00e8nech was born on May 11, 1904, in Figueres, Catalonia, Spain. From the outset, Dal\u00ed&#8217;s life was marked by an air of mystery and eccentricity that would later define his persona as one of the most iconic figures in art history.[&#8230;]<\/p>","protected":false},"author":1,"featured_media":11702,"parent":11145,"menu_order":0,"comment_status":"closed","ping_status":"closed","template":"","meta":{"_acf_changed":false,"site-sidebar-layout":"no-sidebar","site-content-layout":"page-builder","ast-site-content-layout":"full-width-container","site-content-style":"default","site-sidebar-style":"default","ast-global-header-display":"","ast-banner-title-visibility":"","ast-main-header-display":"","ast-hfb-above-header-display":"","ast-hfb-below-header-display":"","ast-hfb-mobile-header-display":"","site-post-title":"disabled","ast-breadcrumbs-content":"","ast-featured-img":"disabled","footer-sml-layout":"","theme-transparent-header-meta":"","adv-header-id-meta":"","stick-header-meta":"","header-above-stick-meta":"","header-main-stick-meta":"","header-below-stick-meta":"","astra-migrate-meta-layouts":"set","ast-page-background-enabled":"default","ast-page-background-meta":{"desktop":{"background-color":"","background-image":"","background-repeat":"repeat","background-position":"center center","background-size":"auto","background-attachment":"scroll","background-type":"","background-media":"","overlay-type":"","overlay-color":"","overlay-opacity":"","overlay-gradient":""},"tablet":{"background-color":"","background-image":"","background-repeat":"repeat","background-position":"center center","background-size":"auto","background-attachment":"scroll","background-type":"","background-media":"","overlay-type":"","overlay-color":"","overlay-opacity":"","overlay-gradient":""},"mobile":{"background-color":"","background-image":"","background-repeat":"repeat","background-position":"center center","background-size":"auto","background-attachment":"scroll","background-type":"","background-media":"","overlay-type":"","overlay-color":"","overlay-opacity":"","overlay-gradient":""}},"ast-content-background-meta":{"desktop":{"background-color":"var(--ast-global-color-5)","background-image":"","background-repeat":"repeat","background-position":"center center","background-size":"auto","background-attachment":"scroll","background-type":"","background-media":"","overlay-type":"","overlay-color":"","overlay-opacity":"","overlay-gradient":""},"tablet":{"background-color":"var(--ast-global-color-5)","background-image":"","background-repeat":"repeat","background-position":"center center","background-size":"auto","background-attachment":"scroll","background-type":"","background-media":"","overlay-type":"","overlay-color":"","overlay-opacity":"","overlay-gradient":""},"mobile":{"background-color":"var(--ast-global-color-5)","background-image":"","background-repeat":"repeat","background-position":"center center","background-size":"auto","background-attachment":"scroll","background-type":"","background-media":"","overlay-type":"","overlay-color":"","overlay-opacity":"","overlay-gradient":""}},"footnotes":""},"class_list":["post-11693","page","type-page","status-publish","has-post-thumbnail","hentry"],"acf":[],"yoast_head":"<!-- This site is optimized with the Yoast SEO Premium plugin v24.1 (Yoast SEO v25.4) - https:\/\/yoast.com\/wordpress\/plugins\/seo\/ -->\n<title>Salvador Dal\u00ed | Surrealist Master (1904\u20131989)<\/title>\n<meta name=\"description\" content=\"Dive into the surreal world of Salvador Dal\u00ed, a master of Surrealism who captivated the art world from 1904 to 1989 with his bizarre art.\" \/>\n<meta name=\"robots\" content=\"index, follow, max-snippet:-1, max-image-preview:large, max-video-preview:-1\" \/>\n<link rel=\"canonical\" href=\"https:\/\/www.exceptional.art\/fr\/prodiges\/salvador-dali-surrealisme-19041989\/\" \/>\n<meta property=\"og:locale\" content=\"fr_FR\" \/>\n<meta property=\"og:type\" content=\"article\" \/>\n<meta property=\"og:title\" content=\"Salvador Dal\u00ed - Surrealism - 1904\u20131989\" \/>\n<meta property=\"og:description\" content=\"Dive into the surreal world of Salvador Dal\u00ed, a master of Surrealism who captivated the art world from 1904 to 1989 with his bizarre art.\" \/>\n<meta property=\"og:url\" content=\"https:\/\/www.exceptional.art\/fr\/prodiges\/salvador-dali-surrealisme-19041989\/\" \/>\n<meta property=\"og:site_name\" content=\"Humberto Poidomani Art - Decades of Sculptural and Paintings Mastery\" \/>\n<meta property=\"article:modified_time\" content=\"2024-08-26T18:20:39+00:00\" \/>\n<meta property=\"og:image\" content=\"https:\/\/www.exceptional.art\/wp-content\/uploads\/2024\/08\/1024px-Salvador_Dali_NYWTS.jpg\" \/>\n\t<meta property=\"og:image:width\" content=\"1024\" \/>\n\t<meta property=\"og:image:height\" content=\"1336\" \/>\n\t<meta property=\"og:image:type\" content=\"image\/jpeg\" \/>\n<meta name=\"twitter:card\" content=\"summary_large_image\" \/>\n<meta name=\"twitter:label1\" content=\"Dur\u00e9e de lecture estim\u00e9e\" \/>\n\t<meta name=\"twitter:data1\" content=\"8 minutes\" \/>\n<script type=\"application\/ld+json\" class=\"yoast-schema-graph\">{\"@context\":\"https:\/\/schema.org\",\"@graph\":[{\"@type\":\"WebPage\",\"@id\":\"https:\/\/www.exceptional.art\/prodigies\/salvador-dali-surrealism-19041989\/\",\"url\":\"https:\/\/www.exceptional.art\/prodigies\/salvador-dali-surrealism-19041989\/\",\"name\":\"Salvador Dal\u00ed | Surrealist Master (1904\u20131989)\",\"isPartOf\":{\"@id\":\"https:\/\/www.exceptional.art\/#website\"},\"primaryImageOfPage\":{\"@id\":\"https:\/\/www.exceptional.art\/prodigies\/salvador-dali-surrealism-19041989\/#primaryimage\"},\"image\":{\"@id\":\"https:\/\/www.exceptional.art\/prodigies\/salvador-dali-surrealism-19041989\/#primaryimage\"},\"thumbnailUrl\":\"https:\/\/www.exceptional.art\/wp-content\/uploads\/2024\/08\/1024px-Salvador_Dali_NYWTS.jpg\",\"datePublished\":\"2024-08-17T16:15:12+00:00\",\"dateModified\":\"2024-08-26T18:20:39+00:00\",\"description\":\"Dive into the surreal world of Salvador Dal\u00ed, a master of Surrealism who captivated the art world from 1904 to 1989 with his bizarre art.\",\"breadcrumb\":{\"@id\":\"https:\/\/www.exceptional.art\/prodigies\/salvador-dali-surrealism-19041989\/#breadcrumb\"},\"inLanguage\":\"fr-FR\",\"potentialAction\":[{\"@type\":\"ReadAction\",\"target\":[\"https:\/\/www.exceptional.art\/prodigies\/salvador-dali-surrealism-19041989\/\"]}]},{\"@type\":\"ImageObject\",\"inLanguage\":\"fr-FR\",\"@id\":\"https:\/\/www.exceptional.art\/prodigies\/salvador-dali-surrealism-19041989\/#primaryimage\",\"url\":\"https:\/\/www.exceptional.art\/wp-content\/uploads\/2024\/08\/1024px-Salvador_Dali_NYWTS.jpg\",\"contentUrl\":\"https:\/\/www.exceptional.art\/wp-content\/uploads\/2024\/08\/1024px-Salvador_Dali_NYWTS.jpg\",\"width\":1024,\"height\":1336,\"caption\":\"1965 Surrealist Painting by Salvador Dal\u00ed \u2013 A Classic Piece of Modern Art History\"},{\"@type\":\"BreadcrumbList\",\"@id\":\"https:\/\/www.exceptional.art\/prodigies\/salvador-dali-surrealism-19041989\/#breadcrumb\",\"itemListElement\":[{\"@type\":\"ListItem\",\"position\":1,\"name\":\"Home\",\"item\":\"https:\/\/www.exceptional.art\/\"},{\"@type\":\"ListItem\",\"position\":2,\"name\":\"Prodigies\",\"item\":\"https:\/\/www.exceptional.art\/prodigies\/\"},{\"@type\":\"ListItem\",\"position\":3,\"name\":\"Salvador Dal\u00ed &#8211; Surrealism &#8211; 1904\u20131989\"}]},{\"@type\":\"WebSite\",\"@id\":\"https:\/\/www.exceptional.art\/#website\",\"url\":\"https:\/\/www.exceptional.art\/\",\"name\":\"Humberto Poidomani Art - Decades of Sculptural and Paintings Mastery\",\"description\":\"An Artist&#039;s Journey Through Textures, Colors, and Societal Commentary\",\"publisher\":{\"@id\":\"https:\/\/www.exceptional.art\/#organization\"},\"potentialAction\":[{\"@type\":\"SearchAction\",\"target\":{\"@type\":\"EntryPoint\",\"urlTemplate\":\"https:\/\/www.exceptional.art\/?s={search_term_string}\"},\"query-input\":{\"@type\":\"PropertyValueSpecification\",\"valueRequired\":true,\"valueName\":\"search_term_string\"}}],\"inLanguage\":\"fr-FR\"},{\"@type\":\"Organization\",\"@id\":\"https:\/\/www.exceptional.art\/#organization\",\"name\":\"Humberto Poidomani Art - Decades of Sculptural and Paintings Mastery\",\"alternateName\":\"Humberto Poidomani Art\",\"url\":\"https:\/\/www.exceptional.art\/\",\"logo\":{\"@type\":\"ImageObject\",\"inLanguage\":\"fr-FR\",\"@id\":\"https:\/\/www.exceptional.art\/#\/schema\/logo\/image\/\",\"url\":\"https:\/\/www.exceptional.art\/wp-content\/uploads\/2024\/02\/cropped-Humberto-Poidomani-Signature-2-letters-red.webp\",\"contentUrl\":\"https:\/\/www.exceptional.art\/wp-content\/uploads\/2024\/02\/cropped-Humberto-Poidomani-Signature-2-letters-red.webp\",\"width\":511,\"height\":97,\"caption\":\"Humberto Poidomani Art - Decades of Sculptural and Paintings Mastery\"},\"image\":{\"@id\":\"https:\/\/www.exceptional.art\/#\/schema\/logo\/image\/\"},\"description\":\"Online Art Gallery\",\"email\":\"info@exceptional.art\",\"telephone\":\"\u202a(802) 234-8278\u202c\",\"legalName\":\"Exceptional Art\",\"foundingDate\":\"2024-06-16\",\"numberOfEmployees\":{\"@type\":\"QuantitativeValue\",\"minValue\":\"1\",\"maxValue\":\"10\"}}]}<\/script>\n<!-- \/ Yoast SEO Premium plugin. -->","yoast_head_json":{"title":"Salvador Dal\u00ed | Surrealist Master (1904\u20131989)","description":"Dive into the surreal world of Salvador Dal\u00ed, a master of Surrealism who captivated the art world from 1904 to 1989 with his bizarre art.","robots":{"index":"index","follow":"follow","max-snippet":"max-snippet:-1","max-image-preview":"max-image-preview:large","max-video-preview":"max-video-preview:-1"},"canonical":"https:\/\/www.exceptional.art\/fr\/prodiges\/salvador-dali-surrealisme-19041989\/","og_locale":"fr_FR","og_type":"article","og_title":"Salvador Dal\u00ed - Surrealism - 1904\u20131989","og_description":"Dive into the surreal world of Salvador Dal\u00ed, a master of Surrealism who captivated the art world from 1904 to 1989 with his bizarre art.","og_url":"https:\/\/www.exceptional.art\/fr\/prodiges\/salvador-dali-surrealisme-19041989\/","og_site_name":"Humberto Poidomani Art - Decades of Sculptural and Paintings Mastery","article_modified_time":"2024-08-26T18:20:39+00:00","og_image":[{"width":1024,"height":1336,"url":"https:\/\/www.exceptional.art\/wp-content\/uploads\/2024\/08\/1024px-Salvador_Dali_NYWTS.jpg","type":"image\/jpeg"}],"twitter_card":"summary_large_image","twitter_misc":{"Dur\u00e9e de lecture estim\u00e9e":"8 minutes"},"schema":{"@context":"https:\/\/schema.org","@graph":[{"@type":"WebPage","@id":"https:\/\/www.exceptional.art\/prodigies\/salvador-dali-surrealism-19041989\/","url":"https:\/\/www.exceptional.art\/prodigies\/salvador-dali-surrealism-19041989\/","name":"Salvador Dal\u00ed | Surrealist Master (1904\u20131989)","isPartOf":{"@id":"https:\/\/www.exceptional.art\/#website"},"primaryImageOfPage":{"@id":"https:\/\/www.exceptional.art\/prodigies\/salvador-dali-surrealism-19041989\/#primaryimage"},"image":{"@id":"https:\/\/www.exceptional.art\/prodigies\/salvador-dali-surrealism-19041989\/#primaryimage"},"thumbnailUrl":"https:\/\/www.exceptional.art\/wp-content\/uploads\/2024\/08\/1024px-Salvador_Dali_NYWTS.jpg","datePublished":"2024-08-17T16:15:12+00:00","dateModified":"2024-08-26T18:20:39+00:00","description":"Dive into the surreal world of Salvador Dal\u00ed, a master of Surrealism who captivated the art world from 1904 to 1989 with his bizarre art.","breadcrumb":{"@id":"https:\/\/www.exceptional.art\/prodigies\/salvador-dali-surrealism-19041989\/#breadcrumb"},"inLanguage":"fr-FR","potentialAction":[{"@type":"ReadAction","target":["https:\/\/www.exceptional.art\/prodigies\/salvador-dali-surrealism-19041989\/"]}]},{"@type":"ImageObject","inLanguage":"fr-FR","@id":"https:\/\/www.exceptional.art\/prodigies\/salvador-dali-surrealism-19041989\/#primaryimage","url":"https:\/\/www.exceptional.art\/wp-content\/uploads\/2024\/08\/1024px-Salvador_Dali_NYWTS.jpg","contentUrl":"https:\/\/www.exceptional.art\/wp-content\/uploads\/2024\/08\/1024px-Salvador_Dali_NYWTS.jpg","width":1024,"height":1336,"caption":"1965 Surrealist Painting by Salvador Dal\u00ed \u2013 A Classic Piece of Modern Art History"},{"@type":"BreadcrumbList","@id":"https:\/\/www.exceptional.art\/prodigies\/salvador-dali-surrealism-19041989\/#breadcrumb","itemListElement":[{"@type":"ListItem","position":1,"name":"Home","item":"https:\/\/www.exceptional.art\/"},{"@type":"ListItem","position":2,"name":"Prodigies","item":"https:\/\/www.exceptional.art\/prodigies\/"},{"@type":"ListItem","position":3,"name":"Salvador Dal\u00ed &#8211; Surrealism &#8211; 1904\u20131989"}]},{"@type":"WebSite","@id":"https:\/\/www.exceptional.art\/#website","url":"https:\/\/www.exceptional.art\/","name":"Humberto Poidomani Art - Decades of Sculptural and Paintings Mastery","description":"An Artist&#039;s Journey Through Textures, Colors, and Societal Commentary","publisher":{"@id":"https:\/\/www.exceptional.art\/#organization"},"potentialAction":[{"@type":"SearchAction","target":{"@type":"EntryPoint","urlTemplate":"https:\/\/www.exceptional.art\/?s={search_term_string}"},"query-input":{"@type":"PropertyValueSpecification","valueRequired":true,"valueName":"search_term_string"}}],"inLanguage":"fr-FR"},{"@type":"Organization","@id":"https:\/\/www.exceptional.art\/#organization","name":"Humberto Poidomani Art - Decades of Sculptural and Paintings Mastery","alternateName":"Humberto Poidomani Art","url":"https:\/\/www.exceptional.art\/","logo":{"@type":"ImageObject","inLanguage":"fr-FR","@id":"https:\/\/www.exceptional.art\/#\/schema\/logo\/image\/","url":"https:\/\/www.exceptional.art\/wp-content\/uploads\/2024\/02\/cropped-Humberto-Poidomani-Signature-2-letters-red.webp","contentUrl":"https:\/\/www.exceptional.art\/wp-content\/uploads\/2024\/02\/cropped-Humberto-Poidomani-Signature-2-letters-red.webp","width":511,"height":97,"caption":"Humberto Poidomani Art - Decades of Sculptural and Paintings Mastery"},"image":{"@id":"https:\/\/www.exceptional.art\/#\/schema\/logo\/image\/"},"description":"Online Art Gallery","email":"info@exceptional.art","telephone":"\u202a(802) 234-8278\u202c","legalName":"Exceptional Art","foundingDate":"2024-06-16","numberOfEmployees":{"@type":"QuantitativeValue","minValue":"1","maxValue":"10"}}]}},"_links":{"self":[{"href":"https:\/\/www.exceptional.art\/fr\/wp-json\/wp\/v2\/pages\/11693","targetHints":{"allow":["GET"]}}],"collection":[{"href":"https:\/\/www.exceptional.art\/fr\/wp-json\/wp\/v2\/pages"}],"about":[{"href":"https:\/\/www.exceptional.art\/fr\/wp-json\/wp\/v2\/types\/page"}],"author":[{"embeddable":true,"href":"https:\/\/www.exceptional.art\/fr\/wp-json\/wp\/v2\/users\/1"}],"replies":[{"embeddable":true,"href":"https:\/\/www.exceptional.art\/fr\/wp-json\/wp\/v2\/comments?post=11693"}],"version-history":[{"count":40,"href":"https:\/\/www.exceptional.art\/fr\/wp-json\/wp\/v2\/pages\/11693\/revisions"}],"predecessor-version":[{"id":11916,"href":"https:\/\/www.exceptional.art\/fr\/wp-json\/wp\/v2\/pages\/11693\/revisions\/11916"}],"up":[{"embeddable":true,"href":"https:\/\/www.exceptional.art\/fr\/wp-json\/wp\/v2\/pages\/11145"}],"wp:featuredmedia":[{"embeddable":true,"href":"https:\/\/www.exceptional.art\/fr\/wp-json\/wp\/v2\/media\/11702"}],"wp:attachment":[{"href":"https:\/\/www.exceptional.art\/fr\/wp-json\/wp\/v2\/media?parent=11693"}],"curies":[{"name":"wp","href":"https:\/\/api.w.org\/{rel}","templated":true}]}}