{"id":11657,"date":"2024-09-14T22:15:51","date_gmt":"2024-09-14T22:15:51","guid":{"rendered":"https:\/\/www.exceptional.art\/?page_id=11657"},"modified":"2024-09-17T23:49:20","modified_gmt":"2024-09-17T23:49:20","slug":"amedeo-modigliani-moderne-18841920","status":"publish","type":"page","link":"https:\/\/www.exceptional.art\/fr\/amedeo-modigliani-moderne-18841920\/","title":{"rendered":"Amedeo Modigliani - Moderne - 1884-1920"},"content":{"rendered":"<div data-elementor-type=\"wp-page\" data-elementor-id=\"11657\" class=\"elementor elementor-11657\" data-elementor-post-type=\"page\">\n\t\t\t\t<div class=\"elementor-element elementor-element-27c5f78 e-flex e-con-boxed e-con e-parent\" data-id=\"27c5f78\" data-element_type=\"container\" data-e-type=\"container\">\n\t\t\t\t\t<div class=\"e-con-inner\">\n\t\t<div class=\"elementor-element elementor-element-91717cf e-con-full e-flex e-con e-child\" data-id=\"91717cf\" data-element_type=\"container\" data-e-type=\"container\">\n\t\t\t\t<div class=\"elementor-element elementor-element-a80649a elementor-widget elementor-widget-image\" data-id=\"a80649a\" data-element_type=\"widget\" data-e-type=\"widget\" data-widget_type=\"image.default\">\n\t\t\t\t<div class=\"elementor-widget-container\">\n\t\t\t\t\t\t\t\t\t\t\t\t\t\t\t<img fetchpriority=\"high\" decoding=\"async\" width=\"878\" height=\"1024\" src=\"https:\/\/www.exceptional.art\/wp-content\/uploads\/2024\/09\/1024px-Amedeo_Modigliani_in_his_studio-878x1024.jpg\" class=\"attachment-large size-large wp-image-12172\" alt=\"Amedeo Modigliani travaillant dans son atelier, entour\u00e9 de toiles et d&#039;outils.\" srcset=\"https:\/\/www.exceptional.art\/wp-content\/uploads\/2024\/09\/1024px-Amedeo_Modigliani_in_his_studio-878x1024.jpg 878w, https:\/\/www.exceptional.art\/wp-content\/uploads\/2024\/09\/1024px-Amedeo_Modigliani_in_his_studio-257x300.jpg 257w, https:\/\/www.exceptional.art\/wp-content\/uploads\/2024\/09\/1024px-Amedeo_Modigliani_in_his_studio-768x896.jpg 768w, https:\/\/www.exceptional.art\/wp-content\/uploads\/2024\/09\/1024px-Amedeo_Modigliani_in_his_studio-10x12.jpg 10w, https:\/\/www.exceptional.art\/wp-content\/uploads\/2024\/09\/1024px-Amedeo_Modigliani_in_his_studio-500x583.jpg 500w, https:\/\/www.exceptional.art\/wp-content\/uploads\/2024\/09\/1024px-Amedeo_Modigliani_in_his_studio.jpg 1024w\" sizes=\"(max-width: 878px) 100vw, 878px\" \/>\t\t\t\t\t\t\t\t\t\t\t\t\t\t\t<\/div>\n\t\t\t\t<\/div>\n\t\t\t\t<\/div>\n\t\t<div class=\"elementor-element elementor-element-ffdf2a9 e-con-full e-flex e-con e-child\" data-id=\"ffdf2a9\" data-element_type=\"container\" data-e-type=\"container\">\n\t\t\t\t<div class=\"elementor-element elementor-element-8cc096f elementor-widget elementor-widget-heading\" data-id=\"8cc096f\" data-element_type=\"widget\" data-e-type=\"widget\" data-widget_type=\"heading.default\">\n\t\t\t\t<div class=\"elementor-widget-container\">\n\t\t\t\t\t<h2 class=\"elementor-heading-title elementor-size-default\">L'\u00e9nigmatique voyage d'Amedeo Modigliani : une histoire de passion et d'art<\/h2>\t\t\t\t<\/div>\n\t\t\t\t<\/div>\n\t\t\t\t<\/div>\n\t\t\t\t\t<\/div>\n\t\t\t\t<\/div>\n\t\t<div class=\"elementor-element elementor-element-69fa0c1 e-flex e-con-boxed e-con e-parent\" data-id=\"69fa0c1\" data-element_type=\"container\" data-e-type=\"container\">\n\t\t\t\t\t<div class=\"e-con-inner\">\n\t\t<div class=\"elementor-element elementor-element-9986e2d e-con-full e-flex e-con e-child\" data-id=\"9986e2d\" data-element_type=\"container\" data-e-type=\"container\">\n\t\t\t\t<div class=\"elementor-element elementor-element-9e1ace2 elementor-widget elementor-widget-heading\" data-id=\"9e1ace2\" data-element_type=\"widget\" data-e-type=\"widget\" data-widget_type=\"heading.default\">\n\t\t\t\t<div class=\"elementor-widget-container\">\n\t\t\t\t\t<h2 class=\"elementor-heading-title elementor-size-default\">Vie et \u00e9ducation pr\u00e9coces<\/h2>\t\t\t\t<\/div>\n\t\t\t\t<\/div>\n\t\t\t\t<\/div>\n\t\t<div class=\"elementor-element elementor-element-91fabcc e-con-full e-flex e-con e-child\" data-id=\"91fabcc\" data-element_type=\"container\" data-e-type=\"container\">\n\t\t\t\t<div class=\"elementor-element elementor-element-ae7162f elementor-widget elementor-widget-text-editor\" data-id=\"ae7162f\" data-element_type=\"widget\" data-e-type=\"widget\" data-widget_type=\"text-editor.default\">\n\t\t\t\t<div class=\"elementor-widget-container\">\n\t\t\t\t\t\t\t\t\t<p>N\u00e9 le 12 juillet 1884 dans la vibrante ville de Livourne, en Italie, les \u0153uvres d'Amedeo Modigliani sont entr\u00e9es dans un monde d\u00e9bordant d'enthousiasme. <strong>art culturel<\/strong> et de riches traditions. Livourne, creuset de communaut\u00e9s diverses, a consid\u00e9rablement fa\u00e7onn\u00e9 les premi\u00e8res perspectives de Modigliani. Les ports anim\u00e9s et les sc\u00e8nes artistiques expressives de la ville ont constitu\u00e9 une toile de fond qui a enflamm\u00e9 son imagination. <strong>la cr\u00e9ativit\u00e9 artistique<\/strong> d\u00e8s le plus jeune \u00e2ge.<\/p>\t\t\t\t\t\t\t\t<\/div>\n\t\t\t\t<\/div>\n\t\t\t\t<\/div>\n\t\t\t\t\t<\/div>\n\t\t\t\t<\/div>\n\t\t<div class=\"elementor-element elementor-element-1cdaa42 e-flex e-con-boxed e-con e-parent\" data-id=\"1cdaa42\" data-element_type=\"container\" data-e-type=\"container\">\n\t\t\t\t\t<div class=\"e-con-inner\">\n\t\t\t\t<div class=\"elementor-element elementor-element-bca7b07 elementor-widget elementor-widget-image\" data-id=\"bca7b07\" data-element_type=\"widget\" data-e-type=\"widget\" data-widget_type=\"image.default\">\n\t\t\t\t<div class=\"elementor-widget-container\">\n\t\t\t\t\t\t\t\t\t\t\t\t\t\t\t<img decoding=\"async\" width=\"1024\" height=\"585\" src=\"https:\/\/www.exceptional.art\/wp-content\/uploads\/2024\/09\/vibrant-depiction-of-Livorn-Italy-1024x585.webp\" class=\"attachment-large size-large wp-image-12173\" alt=\"Une repr\u00e9sentation vivante de Livourne, en Italie, \u00e0 la fin du XIXe si\u00e8cle, avec un port anim\u00e9 avec des navires, des rues pav\u00e9es, des artistes en train de peindre et une chaude lueur de coucher de soleil.\" srcset=\"https:\/\/www.exceptional.art\/wp-content\/uploads\/2024\/09\/vibrant-depiction-of-Livorn-Italy-1024x585.webp 1024w, https:\/\/www.exceptional.art\/wp-content\/uploads\/2024\/09\/vibrant-depiction-of-Livorn-Italy-300x171.webp 300w, https:\/\/www.exceptional.art\/wp-content\/uploads\/2024\/09\/vibrant-depiction-of-Livorn-Italy-768x439.webp 768w, https:\/\/www.exceptional.art\/wp-content\/uploads\/2024\/09\/vibrant-depiction-of-Livorn-Italy-1536x878.webp 1536w, https:\/\/www.exceptional.art\/wp-content\/uploads\/2024\/09\/vibrant-depiction-of-Livorn-Italy-18x10.webp 18w, https:\/\/www.exceptional.art\/wp-content\/uploads\/2024\/09\/vibrant-depiction-of-Livorn-Italy-500x286.webp 500w, https:\/\/www.exceptional.art\/wp-content\/uploads\/2024\/09\/vibrant-depiction-of-Livorn-Italy.webp 1792w\" sizes=\"(max-width: 1024px) 100vw, 1024px\" \/>\t\t\t\t\t\t\t\t\t\t\t\t\t\t\t<\/div>\n\t\t\t\t<\/div>\n\t\t\t\t\t<\/div>\n\t\t\t\t<\/div>\n\t\t<div class=\"elementor-element elementor-element-526639d e-flex e-con-boxed e-con e-parent\" data-id=\"526639d\" data-element_type=\"container\" data-e-type=\"container\">\n\t\t\t\t\t<div class=\"e-con-inner\">\n\t\t<div class=\"elementor-element elementor-element-65fdbf3 e-con-full e-flex e-con e-child\" data-id=\"65fdbf3\" data-element_type=\"container\" data-e-type=\"container\">\n\t\t\t\t<div class=\"elementor-element elementor-element-ec07715 elementor-widget elementor-widget-text-editor\" data-id=\"ec07715\" data-element_type=\"widget\" data-e-type=\"widget\" data-widget_type=\"text-editor.default\">\n\t\t\t\t<div class=\"elementor-widget-container\">\n\t\t\t\t\t\t\t\t\t<p>Amedeo Modigliani est le plus jeune des quatre enfants d'une famille juive s\u00e9farade. Son p\u00e8re, Flaminio, est un entrepreneur rat\u00e9, tandis que sa m\u00e8re, Eug\u00e9nie Garsin, est issue d'un milieu intellectuel. Malgr\u00e9 les difficult\u00e9s financi\u00e8res, sa m\u00e8re a veill\u00e9 \u00e0 ce que l'\u00e9ducation et l'art restent au c\u0153ur de leur vie. Les anecdotes de son enfance mettent souvent en \u00e9vidence la fa\u00e7on dont il dessinait sans cesse, capturant l'essence de la vie quotidienne \u00e0 Livourne. L'une d'entre elles raconte que le jeune Amedeo a dessin\u00e9 le portrait d'un habitant de Livourne. <strong>collectionneur d'art<\/strong>Il met en valeur son talent inn\u00e9 et son sens de l'humour. <em>vision artistique<\/em>.<\/p>\t\t\t\t\t\t\t\t<\/div>\n\t\t\t\t<\/div>\n\t\t\t\t<\/div>\n\t\t<div class=\"elementor-element elementor-element-25e84c2 e-con-full e-flex e-con e-child\" data-id=\"25e84c2\" data-element_type=\"container\" data-e-type=\"container\">\n\t\t\t\t<div class=\"elementor-element elementor-element-d37b7a1 elementor-widget elementor-widget-heading\" data-id=\"d37b7a1\" data-element_type=\"widget\" data-e-type=\"widget\" data-widget_type=\"heading.default\">\n\t\t\t\t<div class=\"elementor-widget-container\">\n\t\t\t\t\t<h2 class=\"elementor-heading-title elementor-size-default\">Une enfance passionnante<\/h2>\t\t\t\t<\/div>\n\t\t\t\t<\/div>\n\t\t\t\t<\/div>\n\t\t\t\t\t<\/div>\n\t\t\t\t<\/div>\n\t\t<div class=\"elementor-element elementor-element-1af814a e-flex e-con-boxed e-con e-parent\" data-id=\"1af814a\" data-element_type=\"container\" data-e-type=\"container\">\n\t\t\t\t\t<div class=\"e-con-inner\">\n\t\t\t\t<div class=\"elementor-element elementor-element-d0a33b6 elementor-widget elementor-widget-image\" data-id=\"d0a33b6\" data-element_type=\"widget\" data-e-type=\"widget\" data-widget_type=\"image.default\">\n\t\t\t\t<div class=\"elementor-widget-container\">\n\t\t\t\t\t\t\t\t\t\t\t\t\t\t\t<img decoding=\"async\" width=\"1024\" height=\"1024\" src=\"https:\/\/www.exceptional.art\/wp-content\/uploads\/2024\/09\/A-young-Amedeo-Modigliani-as-a-child-in-Livorno-Italy.webp\" class=\"attachment-large size-large wp-image-12174\" alt=\"Amedeo Modigliani enfant, \u00e0 Livourne, en Italie, assis \u00e0 une table, en train de faire des croquis sur papier dans une pi\u00e8ce chaude, \u00e9clair\u00e9e par le soleil et meubl\u00e9e de fa\u00e7on modeste.\" srcset=\"https:\/\/www.exceptional.art\/wp-content\/uploads\/2024\/09\/A-young-Amedeo-Modigliani-as-a-child-in-Livorno-Italy.webp 1024w, https:\/\/www.exceptional.art\/wp-content\/uploads\/2024\/09\/A-young-Amedeo-Modigliani-as-a-child-in-Livorno-Italy-300x300.webp 300w, https:\/\/www.exceptional.art\/wp-content\/uploads\/2024\/09\/A-young-Amedeo-Modigliani-as-a-child-in-Livorno-Italy-150x150.webp 150w, https:\/\/www.exceptional.art\/wp-content\/uploads\/2024\/09\/A-young-Amedeo-Modigliani-as-a-child-in-Livorno-Italy-768x768.webp 768w, https:\/\/www.exceptional.art\/wp-content\/uploads\/2024\/09\/A-young-Amedeo-Modigliani-as-a-child-in-Livorno-Italy-12x12.webp 12w, https:\/\/www.exceptional.art\/wp-content\/uploads\/2024\/09\/A-young-Amedeo-Modigliani-as-a-child-in-Livorno-Italy-500x500.webp 500w, https:\/\/www.exceptional.art\/wp-content\/uploads\/2024\/09\/A-young-Amedeo-Modigliani-as-a-child-in-Livorno-Italy-100x100.webp 100w\" sizes=\"(max-width: 1024px) 100vw, 1024px\" \/>\t\t\t\t\t\t\t\t\t\t\t\t\t\t\t<\/div>\n\t\t\t\t<\/div>\n\t\t\t\t\t<\/div>\n\t\t\t\t<\/div>\n\t\t<div class=\"elementor-element elementor-element-2cc17a8 e-flex e-con-boxed e-con e-parent\" data-id=\"2cc17a8\" data-element_type=\"container\" data-e-type=\"container\">\n\t\t\t\t\t<div class=\"e-con-inner\">\n\t\t<div class=\"elementor-element elementor-element-399fbe8 e-con-full e-flex e-con e-child\" data-id=\"399fbe8\" data-element_type=\"container\" data-e-type=\"container\">\n\t\t\t\t<div class=\"elementor-element elementor-element-33994c0 elementor-widget elementor-widget-heading\" data-id=\"33994c0\" data-element_type=\"widget\" data-e-type=\"widget\" data-widget_type=\"heading.default\">\n\t\t\t\t<div class=\"elementor-widget-container\">\n\t\t\t\t\t<h2 class=\"elementor-heading-title elementor-size-default\">Les premi\u00e8res inclinations artistiques<\/h2>\t\t\t\t<\/div>\n\t\t\t\t<\/div>\n\t\t\t\t<\/div>\n\t\t<div class=\"elementor-element elementor-element-f1f933c e-con-full e-flex e-con e-child\" data-id=\"f1f933c\" data-element_type=\"container\" data-e-type=\"container\">\n\t\t\t\t<div class=\"elementor-element elementor-element-7c7b6c3 elementor-widget elementor-widget-text-editor\" data-id=\"7c7b6c3\" data-element_type=\"widget\" data-e-type=\"widget\" data-widget_type=\"text-editor.default\">\n\t\t\t\t<div class=\"elementor-widget-container\">\n\t\t\t\t\t\t\t\t\tD\u00e8s l'\u00e2ge de 14 ans, la passion de Modigliani pour la peinture s'\u00e9veille. <strong>peinture<\/strong> est devenue \u00e9vidente. Il commence une formation formelle sous la direction de Guglielmo Micheli, s'immergeant dans les techniques de l'art traditionnel et de la peinture. <em>art innovant<\/em> mouvements de l'\u00e9poque. Ses premi\u00e8res \u0153uvres t\u00e9moignent d'une fascination pour les ma\u00eetres de la Renaissance. Cependant, il \u00e9tait \u00e9galement attir\u00e9 par <strong>art philosophique<\/strong> qui animaient les cercles intellectuels de Livourne.\t\t\t\t\t\t\t\t<\/div>\n\t\t\t\t<\/div>\n\t\t\t\t<\/div>\n\t\t\t\t\t<\/div>\n\t\t\t\t<\/div>\n\t\t<div class=\"elementor-element elementor-element-7c289f6 e-flex e-con-boxed e-con e-parent\" data-id=\"7c289f6\" data-element_type=\"container\" data-e-type=\"container\">\n\t\t\t\t\t<div class=\"e-con-inner\">\n\t\t<div class=\"elementor-element elementor-element-7d5b98f e-con-full e-flex e-con e-child\" data-id=\"7d5b98f\" data-element_type=\"container\" data-e-type=\"container\">\n\t\t\t\t<\/div>\n\t\t<div class=\"elementor-element elementor-element-317e626 e-con-full e-flex e-con e-child\" data-id=\"317e626\" data-element_type=\"container\" data-e-type=\"container\">\n\t\t\t\t<\/div>\n\t\t\t\t\t<\/div>\n\t\t\t\t<\/div>\n\t\t<div class=\"elementor-element elementor-element-dd0d3f2 e-flex e-con-boxed e-con e-parent\" data-id=\"dd0d3f2\" data-element_type=\"container\" data-e-type=\"container\">\n\t\t\t\t\t<div class=\"e-con-inner\">\n\t\t\t\t<div class=\"elementor-element elementor-element-b9464aa elementor-widget elementor-widget-heading\" data-id=\"b9464aa\" data-element_type=\"widget\" data-e-type=\"widget\" data-widget_type=\"heading.default\">\n\t\t\t\t<div class=\"elementor-widget-container\">\n\t\t\t\t\t<h2 class=\"elementor-heading-title elementor-size-default\">Difficult\u00e9s initiales et d\u00e9buts de carri\u00e8re<\/h2>\t\t\t\t<\/div>\n\t\t\t\t<\/div>\n\t\t\t\t\t<\/div>\n\t\t\t\t<\/div>\n\t\t<div class=\"elementor-element elementor-element-783ea1c e-flex e-con-boxed e-con e-parent\" data-id=\"783ea1c\" data-element_type=\"container\" data-e-type=\"container\">\n\t\t\t\t\t<div class=\"e-con-inner\">\n\t\t<div class=\"elementor-element elementor-element-026c8d8 e-con-full e-flex e-con e-child\" data-id=\"026c8d8\" data-element_type=\"container\" data-e-type=\"container\">\n\t\t\t\t<div class=\"elementor-element elementor-element-a76826c elementor-widget elementor-widget-heading\" data-id=\"a76826c\" data-element_type=\"widget\" data-e-type=\"widget\" data-widget_type=\"heading.default\">\n\t\t\t\t<div class=\"elementor-widget-container\">\n\t\t\t\t\t<h2 class=\"elementor-heading-title elementor-size-default\">Le contexte historique<\/h2>\t\t\t\t<\/div>\n\t\t\t\t<\/div>\n\t\t\t\t<\/div>\n\t\t<div class=\"elementor-element elementor-element-c3e5b57 e-con-full e-flex e-con e-child\" data-id=\"c3e5b57\" data-element_type=\"container\" data-e-type=\"container\">\n\t\t\t\t<div class=\"elementor-element elementor-element-48a2dae elementor-widget elementor-widget-text-editor\" data-id=\"48a2dae\" data-element_type=\"widget\" data-e-type=\"widget\" data-widget_type=\"text-editor.default\">\n\t\t\t\t<div class=\"elementor-widget-container\">\n\t\t\t\t\t\t\t\t\tLa fin du XIXe si\u00e8cle et le d\u00e9but du XXe si\u00e8cle ont \u00e9t\u00e9 des p\u00e9riodes de grands bouleversements. L'Italie nouvellement unifi\u00e9e est aux prises avec son identit\u00e9 dans un contexte europ\u00e9en plus large de guerres et d'alliances changeantes. Cette p\u00e9riode de changement a influenc\u00e9 les travaux de Modigliani. <em>expression artistique<\/em>qui le pousse vers les mouvements d'avant-garde qui remettent en cause les normes conventionnelles.\t\t\t\t\t\t\t\t<\/div>\n\t\t\t\t<\/div>\n\t\t\t\t<\/div>\n\t\t\t\t\t<\/div>\n\t\t\t\t<\/div>\n\t\t<div class=\"elementor-element elementor-element-72632b6 e-flex e-con-boxed e-con e-parent\" data-id=\"72632b6\" data-element_type=\"container\" data-e-type=\"container\">\n\t\t\t\t\t<div class=\"e-con-inner\">\n\t\t\t\t<div class=\"elementor-element elementor-element-597b44d elementor-widget elementor-widget-image\" data-id=\"597b44d\" data-element_type=\"widget\" data-e-type=\"widget\" data-widget_type=\"image.default\">\n\t\t\t\t<div class=\"elementor-widget-container\">\n\t\t\t\t\t\t\t\t\t\t\t\t\t\t\t<img loading=\"lazy\" decoding=\"async\" width=\"768\" height=\"768\" src=\"https:\/\/www.exceptional.art\/wp-content\/uploads\/2024\/09\/scene-set-in-late-19th-and-early-20th-century-Italy-reflecting-political-upheaval-768x768.webp\" class=\"attachment-medium_large size-medium_large wp-image-12175\" alt=\"Une sc\u00e8ne se d\u00e9roulant dans l&#039;Italie de la fin du XIXe et du d\u00e9but du XXe si\u00e8cle, avec une ville anim\u00e9e en arri\u00e8re-plan, refl\u00e9tant les bouleversements politiques et les transformations artistiques.\" srcset=\"https:\/\/www.exceptional.art\/wp-content\/uploads\/2024\/09\/scene-set-in-late-19th-and-early-20th-century-Italy-reflecting-political-upheaval-768x768.webp 768w, https:\/\/www.exceptional.art\/wp-content\/uploads\/2024\/09\/scene-set-in-late-19th-and-early-20th-century-Italy-reflecting-political-upheaval-300x300.webp 300w, https:\/\/www.exceptional.art\/wp-content\/uploads\/2024\/09\/scene-set-in-late-19th-and-early-20th-century-Italy-reflecting-political-upheaval-150x150.webp 150w, https:\/\/www.exceptional.art\/wp-content\/uploads\/2024\/09\/scene-set-in-late-19th-and-early-20th-century-Italy-reflecting-political-upheaval-12x12.webp 12w, https:\/\/www.exceptional.art\/wp-content\/uploads\/2024\/09\/scene-set-in-late-19th-and-early-20th-century-Italy-reflecting-political-upheaval-500x500.webp 500w, https:\/\/www.exceptional.art\/wp-content\/uploads\/2024\/09\/scene-set-in-late-19th-and-early-20th-century-Italy-reflecting-political-upheaval-100x100.webp 100w, https:\/\/www.exceptional.art\/wp-content\/uploads\/2024\/09\/scene-set-in-late-19th-and-early-20th-century-Italy-reflecting-political-upheaval.webp 1024w\" sizes=\"(max-width: 768px) 100vw, 768px\" \/>\t\t\t\t\t\t\t\t\t\t\t\t\t\t\t<\/div>\n\t\t\t\t<\/div>\n\t\t\t\t\t<\/div>\n\t\t\t\t<\/div>\n\t\t<div class=\"elementor-element elementor-element-05819fd e-flex e-con-boxed e-con e-parent\" data-id=\"05819fd\" data-element_type=\"container\" data-e-type=\"container\">\n\t\t\t\t\t<div class=\"e-con-inner\">\n\t\t<div class=\"elementor-element elementor-element-43d039c e-con-full e-flex e-con e-child\" data-id=\"43d039c\" data-element_type=\"container\" data-e-type=\"container\">\n\t\t\t\t<div class=\"elementor-element elementor-element-b2a2d83 elementor-widget elementor-widget-text-editor\" data-id=\"b2a2d83\" data-element_type=\"widget\" data-e-type=\"widget\" data-widget_type=\"text-editor.default\">\n\t\t\t\t<div class=\"elementor-widget-container\">\n\t\t\t\t\t\t\t\t\t<p>De graves probl\u00e8mes de sant\u00e9 ont entach\u00e9 les d\u00e9buts d'Amedeo Modigliani. \u00c0 11 ans, il contracte une pleur\u00e9sie et \u00e0 16 ans, il lutte contre la fi\u00e8vre typho\u00efde. Ces maladies, associ\u00e9es \u00e0 un diagnostic ult\u00e9rieur de tuberculose, ont profond\u00e9ment affect\u00e9 sa vision de la vie et de l'art. Le spectre de la mortalit\u00e9 plane sur lui, insufflant \u00e0 son travail un sentiment d'urgence et de profondeur.<\/p>\t\t\t\t\t\t\t\t<\/div>\n\t\t\t\t<\/div>\n\t\t\t\t<\/div>\n\t\t<div class=\"elementor-element elementor-element-598bba3 e-con-full e-flex e-con e-child\" data-id=\"598bba3\" data-element_type=\"container\" data-e-type=\"container\">\n\t\t\t\t<div class=\"elementor-element elementor-element-ab87327 elementor-widget elementor-widget-heading\" data-id=\"ab87327\" data-element_type=\"widget\" data-e-type=\"widget\" data-widget_type=\"heading.default\">\n\t\t\t\t<div class=\"elementor-widget-container\">\n\t\t\t\t\t<h2 class=\"elementor-heading-title elementor-size-default\">D\u00e9fis en mati\u00e8re de sant\u00e9\n<\/h2>\t\t\t\t<\/div>\n\t\t\t\t<\/div>\n\t\t\t\t<\/div>\n\t\t\t\t\t<\/div>\n\t\t\t\t<\/div>\n\t\t<div class=\"elementor-element elementor-element-48c1674 e-flex e-con-boxed e-con e-parent\" data-id=\"48c1674\" data-element_type=\"container\" data-e-type=\"container\">\n\t\t\t\t\t<div class=\"e-con-inner\">\n\t\t<div class=\"elementor-element elementor-element-7caa5b0 e-con-full e-flex e-con e-child\" data-id=\"7caa5b0\" data-element_type=\"container\" data-e-type=\"container\">\n\t\t\t\t<div class=\"elementor-element elementor-element-2500ff6 elementor-widget elementor-widget-heading\" data-id=\"2500ff6\" data-element_type=\"widget\" data-e-type=\"widget\" data-widget_type=\"heading.default\">\n\t\t\t\t<div class=\"elementor-widget-container\">\n\t\t\t\t\t<h2 class=\"elementor-heading-title elementor-size-default\">Principaux points d'inflexion<\/h2>\t\t\t\t<\/div>\n\t\t\t\t<\/div>\n\t\t\t\t<\/div>\n\t\t<div class=\"elementor-element elementor-element-7f965c9 e-con-full e-flex e-con e-child\" data-id=\"7f965c9\" data-element_type=\"container\" data-e-type=\"container\">\n\t\t\t\t<div class=\"elementor-element elementor-element-12211cd elementor-widget elementor-widget-text-editor\" data-id=\"12211cd\" data-element_type=\"widget\" data-e-type=\"widget\" data-widget_type=\"text-editor.default\">\n\t\t\t\t<div class=\"elementor-widget-container\">\n\t\t\t\t\t\t\t\t\tEn 1902, Modigliani s'inscrit \u00e0 l'Accademia di Belle Arti de Florence, puis \u00e0 Venise. Il s'initie au monde enivrant de la peinture. <em>art et litt\u00e9rature<\/em>. Venise, avec ses <strong>expositions d'art<\/strong> et sa riche histoire, l'a expos\u00e9 aux \u0153uvres d'artistes qui allaient jouer un r\u00f4le d\u00e9terminant dans son d\u00e9veloppement.\t\t\t\t\t\t\t\t<\/div>\n\t\t\t\t<\/div>\n\t\t\t\t<\/div>\n\t\t\t\t\t<\/div>\n\t\t\t\t<\/div>\n\t\t<div class=\"elementor-element elementor-element-d1dfe9a e-flex e-con-boxed e-con e-parent\" data-id=\"d1dfe9a\" data-element_type=\"container\" data-e-type=\"container\">\n\t\t\t\t\t<div class=\"e-con-inner\">\n\t\t\t\t<div class=\"elementor-element elementor-element-f256574 elementor-widget elementor-widget-heading\" data-id=\"f256574\" data-element_type=\"widget\" data-e-type=\"widget\" data-widget_type=\"heading.default\">\n\t\t\t\t<div class=\"elementor-widget-container\">\n\t\t\t\t\t<h2 class=\"elementor-heading-title elementor-size-default\">Influences et relations\n<\/h2>\t\t\t\t<\/div>\n\t\t\t\t<\/div>\n\t\t\t\t\t<\/div>\n\t\t\t\t<\/div>\n\t\t<div class=\"elementor-element elementor-element-d66902f e-flex e-con-boxed e-con e-parent\" data-id=\"d66902f\" data-element_type=\"container\" data-e-type=\"container\">\n\t\t\t\t\t<div class=\"e-con-inner\">\n\t\t<div class=\"elementor-element elementor-element-aea2a95 e-con-full e-flex e-con e-child\" data-id=\"aea2a95\" data-element_type=\"container\" data-e-type=\"container\">\n\t\t\t\t<div class=\"elementor-element elementor-element-b7716b3 elementor-widget elementor-widget-text-editor\" data-id=\"b7716b3\" data-element_type=\"widget\" data-e-type=\"widget\" data-widget_type=\"text-editor.default\">\n\t\t\t\t<div class=\"elementor-widget-container\">\n\t\t\t\t\t\t\t\t\t<p>En 1906, Modigliani s'installe \u00e0 Paris, \u00e9picentre du monde de l'art. La ville <strong>art international<\/strong> est un foyer d'innovation qui attire des artistes du monde entier. Il s'y immerge dans la vie de boh\u00e8me, nouant des amiti\u00e9s avec des personnalit\u00e9s influentes telles que <a href=\"https:\/\/www.exceptional.art\/fr\/prodiges\/pablo-picasso-prodige-moderne\/\">Pablo Picasso<\/a> et Constantin Br\u00e2ncu\u0219i.<\/p>\t\t\t\t\t\t\t\t<\/div>\n\t\t\t\t<\/div>\n\t\t\t\t<\/div>\n\t\t<div class=\"elementor-element elementor-element-077298f e-con-full e-flex e-con e-child\" data-id=\"077298f\" data-element_type=\"container\" data-e-type=\"container\">\n\t\t\t\t<div class=\"elementor-element elementor-element-d61e030 elementor-widget elementor-widget-heading\" data-id=\"d61e030\" data-element_type=\"widget\" data-e-type=\"widget\" data-widget_type=\"heading.default\">\n\t\t\t\t<div class=\"elementor-widget-container\">\n\t\t\t\t\t<h2 class=\"elementor-heading-title elementor-size-default\">Le d\u00e9m\u00e9nagement \u00e0 Paris\n<\/h2>\t\t\t\t<\/div>\n\t\t\t\t<\/div>\n\t\t\t\t<div class=\"elementor-element elementor-element-0d1b83d elementor-widget elementor-widget-image\" data-id=\"0d1b83d\" data-element_type=\"widget\" data-e-type=\"widget\" data-widget_type=\"image.default\">\n\t\t\t\t<div class=\"elementor-widget-container\">\n\t\t\t\t\t\t\t\t\t\t\t\t\t\t\t<img loading=\"lazy\" decoding=\"async\" width=\"1024\" height=\"1024\" src=\"https:\/\/www.exceptional.art\/wp-content\/uploads\/2024\/09\/Scene-set-in-1906-Paris-medeo-Modigliani-in-a-bustling-art-studio.webp\" class=\"attachment-large size-large wp-image-12176\" alt=\"Sc\u00e8ne se d\u00e9roulant dans le Paris de 1906 et montrant Amedeo Modigliani dans un studio d&#039;art ou un caf\u00e9 anim\u00e9, rempli d&#039;artistes, illustrant le dynamisme de la sc\u00e8ne artistique parisienne.\" srcset=\"https:\/\/www.exceptional.art\/wp-content\/uploads\/2024\/09\/Scene-set-in-1906-Paris-medeo-Modigliani-in-a-bustling-art-studio.webp 1024w, https:\/\/www.exceptional.art\/wp-content\/uploads\/2024\/09\/Scene-set-in-1906-Paris-medeo-Modigliani-in-a-bustling-art-studio-300x300.webp 300w, https:\/\/www.exceptional.art\/wp-content\/uploads\/2024\/09\/Scene-set-in-1906-Paris-medeo-Modigliani-in-a-bustling-art-studio-150x150.webp 150w, https:\/\/www.exceptional.art\/wp-content\/uploads\/2024\/09\/Scene-set-in-1906-Paris-medeo-Modigliani-in-a-bustling-art-studio-768x768.webp 768w, https:\/\/www.exceptional.art\/wp-content\/uploads\/2024\/09\/Scene-set-in-1906-Paris-medeo-Modigliani-in-a-bustling-art-studio-12x12.webp 12w, https:\/\/www.exceptional.art\/wp-content\/uploads\/2024\/09\/Scene-set-in-1906-Paris-medeo-Modigliani-in-a-bustling-art-studio-500x500.webp 500w, https:\/\/www.exceptional.art\/wp-content\/uploads\/2024\/09\/Scene-set-in-1906-Paris-medeo-Modigliani-in-a-bustling-art-studio-100x100.webp 100w\" sizes=\"(max-width: 1024px) 100vw, 1024px\" \/>\t\t\t\t\t\t\t\t\t\t\t\t\t\t\t<\/div>\n\t\t\t\t<\/div>\n\t\t\t\t<\/div>\n\t\t\t\t\t<\/div>\n\t\t\t\t<\/div>\n\t\t<div class=\"elementor-element elementor-element-9cd5c1e e-flex e-con-boxed e-con e-parent\" data-id=\"9cd5c1e\" data-element_type=\"container\" data-e-type=\"container\">\n\t\t\t\t\t<div class=\"e-con-inner\">\n\t\t<div class=\"elementor-element elementor-element-07bcd5e e-con-full e-flex e-con e-child\" data-id=\"07bcd5e\" data-element_type=\"container\" data-e-type=\"container\">\n\t\t\t\t<div class=\"elementor-element elementor-element-6e7074a elementor-widget elementor-widget-heading\" data-id=\"6e7074a\" data-element_type=\"widget\" data-e-type=\"widget\" data-widget_type=\"heading.default\">\n\t\t\t\t<div class=\"elementor-widget-container\">\n\t\t\t\t\t<h2 class=\"elementor-heading-title elementor-size-default\">Amiti\u00e9s forg\u00e9es et perdues<\/h2>\t\t\t\t<\/div>\n\t\t\t\t<\/div>\n\t\t\t\t<\/div>\n\t\t<div class=\"elementor-element elementor-element-f8ebeec e-con-full e-flex e-con e-child\" data-id=\"f8ebeec\" data-element_type=\"container\" data-e-type=\"container\">\n\t\t\t\t<div class=\"elementor-element elementor-element-3c57eb7 elementor-widget elementor-widget-text-editor\" data-id=\"3c57eb7\" data-element_type=\"widget\" data-e-type=\"widget\" data-widget_type=\"text-editor.default\">\n\t\t\t\t<div class=\"elementor-widget-container\">\n\t\t\t\t\t\t\t\t\t<p>Le s\u00e9jour d'Amedeo Modigliani \u00e0 Paris est marqu\u00e9 par des relations intenses. Son amiti\u00e9 avec Br\u00e2ncu\u0219i l'a initi\u00e9 \u00e0 la sculpture, ce qui a conduit \u00e0 une p\u00e9riode o\u00f9 il s'est concentr\u00e9 presque exclusivement sur ce m\u00e9dium. Cependant, le d\u00e9clenchement de la Premi\u00e8re Guerre mondiale et des conflits personnels ont conduit \u00e0 des relations tendues, soulignant la nature \u00e9ph\u00e9m\u00e8re de ses liens.<\/p>\t\t\t\t\t\t\t\t<\/div>\n\t\t\t\t<\/div>\n\t\t\t\t<\/div>\n\t\t\t\t\t<\/div>\n\t\t\t\t<\/div>\n\t\t<div class=\"elementor-element elementor-element-9ee564c e-flex e-con-boxed e-con e-parent\" data-id=\"9ee564c\" data-element_type=\"container\" data-e-type=\"container\">\n\t\t\t\t\t<div class=\"e-con-inner\">\n\t\t\t\t<div class=\"elementor-element elementor-element-45723d9 elementor-widget elementor-widget-heading\" data-id=\"45723d9\" data-element_type=\"widget\" data-e-type=\"widget\" data-widget_type=\"heading.default\">\n\t\t\t\t<div class=\"elementor-widget-container\">\n\t\t\t\t\t<h2 class=\"elementor-heading-title elementor-size-default\">\u00c9volution du style artistique<\/h2>\t\t\t\t<\/div>\n\t\t\t\t<\/div>\n\t\t\t\t\t<\/div>\n\t\t\t\t<\/div>\n\t\t<div class=\"elementor-element elementor-element-e0db26e e-flex e-con-boxed e-con e-parent\" data-id=\"e0db26e\" data-element_type=\"container\" data-e-type=\"container\">\n\t\t\t\t\t<div class=\"e-con-inner\">\n\t\t<div class=\"elementor-element elementor-element-0262467 e-con-full e-flex e-con e-child\" data-id=\"0262467\" data-element_type=\"container\" data-e-type=\"container\">\n\t\t\t\t<div class=\"elementor-element elementor-element-fe420da elementor-widget elementor-widget-text-editor\" data-id=\"fe420da\" data-element_type=\"widget\" data-e-type=\"widget\" data-widget_type=\"text-editor.default\">\n\t\t\t\t<div class=\"elementor-widget-container\">\n\t\t\t\t\t\t\t\t\tLe style de Modigliani a beaucoup \u00e9volu\u00e9 au cours de sa carri\u00e8re. D'abord influenc\u00e9 par les impressionnistes et les <em>art abstrait<\/em> il a d\u00e9velopp\u00e9 une approche unique caract\u00e9ris\u00e9e par des figures allong\u00e9es et des visages en forme de masque. Ce style refl\u00e8te <strong>inspiration artistique<\/strong> et a r\u00e9pondu \u00e0 l'appel de la <em>commentaire social art<\/em> pr\u00e9valent \u00e0 Paris.\t\t\t\t\t\t\t\t<\/div>\n\t\t\t\t<\/div>\n\t\t\t\t<\/div>\n\t\t<div class=\"elementor-element elementor-element-b2957ea e-con-full e-flex e-con e-child\" data-id=\"b2957ea\" data-element_type=\"container\" data-e-type=\"container\">\n\t\t\t\t<div class=\"elementor-element elementor-element-b50c1ee elementor-widget elementor-widget-heading\" data-id=\"b50c1ee\" data-element_type=\"widget\" data-e-type=\"widget\" data-widget_type=\"heading.default\">\n\t\t\t\t<div class=\"elementor-widget-container\">\n\t\t\t\t\t<h2 class=\"elementor-heading-title elementor-size-default\">Changements de style<\/h2>\t\t\t\t<\/div>\n\t\t\t\t<\/div>\n\t\t\t\t<\/div>\n\t\t\t\t\t<\/div>\n\t\t\t\t<\/div>\n\t\t<div class=\"elementor-element elementor-element-c577afc e-flex e-con-boxed e-con e-parent\" data-id=\"c577afc\" data-element_type=\"container\" data-e-type=\"container\">\n\t\t\t\t\t<div class=\"e-con-inner\">\n\t\t<div class=\"elementor-element elementor-element-e84dc57 e-con-full e-flex e-con e-child\" data-id=\"e84dc57\" data-element_type=\"container\" data-e-type=\"container\">\n\t\t\t\t<div class=\"elementor-element elementor-element-2bc4184 elementor-widget elementor-widget-heading\" data-id=\"2bc4184\" data-element_type=\"widget\" data-e-type=\"widget\" data-widget_type=\"heading.default\">\n\t\t\t\t<div class=\"elementor-widget-container\">\n\t\t\t\t\t<h2 class=\"elementor-heading-title elementor-size-default\">Description des styles<\/h2>\t\t\t\t<\/div>\n\t\t\t\t<\/div>\n\t\t\t\t<\/div>\n\t\t<div class=\"elementor-element elementor-element-3b6f002 e-con-full e-flex e-con e-child\" data-id=\"3b6f002\" data-element_type=\"container\" data-e-type=\"container\">\n\t\t\t\t<div class=\"elementor-element elementor-element-edd8634 elementor-widget elementor-widget-text-editor\" data-id=\"edd8634\" data-element_type=\"widget\" data-e-type=\"widget\" data-widget_type=\"text-editor.default\">\n\t\t\t\t<div class=\"elementor-widget-container\">\n\t\t\t\t\t\t\t\t\tLe sien <strong>peintures<\/strong>Ses tableaux, souvent des nus et des portraits, d\u00e9gagent un air de m\u00e9lancolie et d'introspection. L'utilisation de couleurs sourdes et de formes simplifi\u00e9es souligne la profondeur \u00e9motionnelle de ses sujets. Cette expression artistique l'a distingu\u00e9 de ses contemporains et a \u00e9tabli sa place dans l'histoire de l'art.\t\t\t\t\t\t\t\t<\/div>\n\t\t\t\t<\/div>\n\t\t\t\t<\/div>\n\t\t\t\t\t<\/div>\n\t\t\t\t<\/div>\n\t\t<div class=\"elementor-element elementor-element-e9c4db0 e-flex e-con-boxed e-con e-parent\" data-id=\"e9c4db0\" data-element_type=\"container\" data-e-type=\"container\">\n\t\t\t\t\t<div class=\"e-con-inner\">\n\t\t\t\t<div class=\"elementor-element elementor-element-2920408 elementor-widget elementor-widget-image\" data-id=\"2920408\" data-element_type=\"widget\" data-e-type=\"widget\" data-widget_type=\"image.default\">\n\t\t\t\t<div class=\"elementor-widget-container\">\n\t\t\t\t\t\t\t\t\t\t\t\t\t\t\t<img loading=\"lazy\" decoding=\"async\" width=\"673\" height=\"1024\" src=\"https:\/\/www.exceptional.art\/wp-content\/uploads\/2024\/09\/Amedeo-Modiglian-Jeanne-Hebuterne-with-Yellow-Sweater.jpg\" class=\"attachment-large size-large wp-image-12179\" alt=\"Portrait de Jeanne H\u00e9buterne en pull jaune par Amedeo Modigliani, avec son visage allong\u00e9 et ses formes simplifi\u00e9es.\" srcset=\"https:\/\/www.exceptional.art\/wp-content\/uploads\/2024\/09\/Amedeo-Modiglian-Jeanne-Hebuterne-with-Yellow-Sweater.jpg 673w, https:\/\/www.exceptional.art\/wp-content\/uploads\/2024\/09\/Amedeo-Modiglian-Jeanne-Hebuterne-with-Yellow-Sweater-197x300.jpg 197w, https:\/\/www.exceptional.art\/wp-content\/uploads\/2024\/09\/Amedeo-Modiglian-Jeanne-Hebuterne-with-Yellow-Sweater-8x12.jpg 8w, https:\/\/www.exceptional.art\/wp-content\/uploads\/2024\/09\/Amedeo-Modiglian-Jeanne-Hebuterne-with-Yellow-Sweater-500x761.jpg 500w\" sizes=\"(max-width: 673px) 100vw, 673px\" \/>\t\t\t\t\t\t\t\t\t\t\t\t\t\t\t<\/div>\n\t\t\t\t<\/div>\n\t\t\t\t\t<\/div>\n\t\t\t\t<\/div>\n\t\t<div class=\"elementor-element elementor-element-bf41d0d e-flex e-con-boxed e-con e-parent\" data-id=\"bf41d0d\" data-element_type=\"container\" data-e-type=\"container\">\n\t\t\t\t\t<div class=\"e-con-inner\">\n\t\t\t\t<div class=\"elementor-element elementor-element-c30b9a1 elementor-widget elementor-widget-heading\" data-id=\"c30b9a1\" data-element_type=\"widget\" data-e-type=\"widget\" data-widget_type=\"heading.default\">\n\t\t\t\t<div class=\"elementor-widget-container\">\n\t\t\t\t\t<h2 class=\"elementor-heading-title elementor-size-default\">Techniques et m\u00e9thodes\n<\/h2>\t\t\t\t<\/div>\n\t\t\t\t<\/div>\n\t\t\t\t\t<\/div>\n\t\t\t\t<\/div>\n\t\t<div class=\"elementor-element elementor-element-629a9bc e-flex e-con-boxed e-con e-parent\" data-id=\"629a9bc\" data-element_type=\"container\" data-e-type=\"container\">\n\t\t\t\t\t<div class=\"e-con-inner\">\n\t\t<div class=\"elementor-element elementor-element-0e223ba e-con-full e-flex e-con e-child\" data-id=\"0e223ba\" data-element_type=\"container\" data-e-type=\"container\">\n\t\t\t\t<div class=\"elementor-element elementor-element-923ce73 elementor-widget elementor-widget-heading\" data-id=\"923ce73\" data-element_type=\"widget\" data-e-type=\"widget\" data-widget_type=\"heading.default\">\n\t\t\t\t<div class=\"elementor-widget-container\">\n\t\t\t\t\t<h2 class=\"elementor-heading-title elementor-size-default\">Influences sculpturales<\/h2>\t\t\t\t<\/div>\n\t\t\t\t<\/div>\n\t\t\t\t<div class=\"elementor-element elementor-element-1ed4250 elementor-widget elementor-widget-image\" data-id=\"1ed4250\" data-element_type=\"widget\" data-e-type=\"widget\" data-widget_type=\"image.default\">\n\t\t\t\t<div class=\"elementor-widget-container\">\n\t\t\t\t\t\t\t\t\t\t\t\t\t\t\t<img loading=\"lazy\" decoding=\"async\" width=\"812\" height=\"1024\" src=\"https:\/\/www.exceptional.art\/wp-content\/uploads\/2024\/09\/Tete22-by-Amedeo-Modigliani-812x1024.jpeg\" class=\"attachment-large size-large wp-image-12177\" alt=\"T\u00eate, une sculpture en calcaire repr\u00e9sentant une t\u00eate allong\u00e9e aux traits stylis\u00e9s, influenc\u00e9e par l&#039;art africain et antique.\" srcset=\"https:\/\/www.exceptional.art\/wp-content\/uploads\/2024\/09\/Tete22-by-Amedeo-Modigliani-812x1024.jpeg 812w, https:\/\/www.exceptional.art\/wp-content\/uploads\/2024\/09\/Tete22-by-Amedeo-Modigliani-238x300.jpeg 238w, https:\/\/www.exceptional.art\/wp-content\/uploads\/2024\/09\/Tete22-by-Amedeo-Modigliani-768x969.jpeg 768w, https:\/\/www.exceptional.art\/wp-content\/uploads\/2024\/09\/Tete22-by-Amedeo-Modigliani-10x12.jpeg 10w, https:\/\/www.exceptional.art\/wp-content\/uploads\/2024\/09\/Tete22-by-Amedeo-Modigliani-500x631.jpeg 500w, https:\/\/www.exceptional.art\/wp-content\/uploads\/2024\/09\/Tete22-by-Amedeo-Modigliani.jpeg 951w\" sizes=\"(max-width: 812px) 100vw, 812px\" \/>\t\t\t\t\t\t\t\t\t\t\t\t\t\t\t<\/div>\n\t\t\t\t<\/div>\n\t\t\t\t<\/div>\n\t\t<div class=\"elementor-element elementor-element-c426cb5 e-con-full e-flex e-con e-child\" data-id=\"c426cb5\" data-element_type=\"container\" data-e-type=\"container\">\n\t\t\t\t<div class=\"elementor-element elementor-element-c0dd273 elementor-widget elementor-widget-text-editor\" data-id=\"c0dd273\" data-element_type=\"widget\" data-e-type=\"widget\" data-widget_type=\"text-editor.default\">\n\t\t\t\t<div class=\"elementor-widget-container\">\n\t\t\t\t\t\t\t\t\t<p>L'\u00e9poque o\u00f9 Modigliani \u00e9tait sculpteur a profond\u00e9ment influenc\u00e9 ses techniques de peinture. Il a adopt\u00e9 une approche lin\u00e9aire, se concentrant sur les contours et la structure de ses sujets. L'influence de l'art de l'assemblage est \u00e9vidente dans la fa\u00e7on dont il construit ses compositions, m\u00ealant des \u00e9l\u00e9ments d'art mixte \u00e0 ses peintures.<\/p>\t\t\t\t\t\t\t\t<\/div>\n\t\t\t\t<\/div>\n\t\t\t\t<\/div>\n\t\t\t\t\t<\/div>\n\t\t\t\t<\/div>\n\t\t<div class=\"elementor-element elementor-element-8c1495e e-flex e-con-boxed e-con e-parent\" data-id=\"8c1495e\" data-element_type=\"container\" data-e-type=\"container\">\n\t\t\t\t\t<div class=\"e-con-inner\">\n\t\t<div class=\"elementor-element elementor-element-2676202 e-con-full e-flex e-con e-child\" data-id=\"2676202\" data-element_type=\"container\" data-e-type=\"container\">\n\t\t\t\t<div class=\"elementor-element elementor-element-bc49ff9 elementor-widget elementor-widget-text-editor\" data-id=\"bc49ff9\" data-element_type=\"widget\" data-e-type=\"widget\" data-widget_type=\"text-editor.default\">\n\t\t\t\t<div class=\"elementor-widget-container\">\n\t\t\t\t\t\t\t\t\t<p>L'exp\u00e9rimentation \u00e9tait au c\u0153ur du processus de Modigliani. Il utilisait souvent des objets et des mat\u00e9riaux d'art trouv\u00e9s, qu'il incorporait \u00e0 ses \u0153uvres pour leur donner de la texture et de la dimension. Cette approche artistique novatrice t\u00e9moigne de sa volont\u00e9 de repousser les limites et d'explorer de nouveaux horizons artistiques.<\/p>\t\t\t\t\t\t\t\t<\/div>\n\t\t\t\t<\/div>\n\t\t\t\t<\/div>\n\t\t<div class=\"elementor-element elementor-element-ea88d48 e-con-full e-flex e-con e-child\" data-id=\"ea88d48\" data-element_type=\"container\" data-e-type=\"container\">\n\t\t\t\t<div class=\"elementor-element elementor-element-d992ee3 elementor-widget elementor-widget-heading\" data-id=\"d992ee3\" data-element_type=\"widget\" data-e-type=\"widget\" data-widget_type=\"heading.default\">\n\t\t\t\t<div class=\"elementor-widget-container\">\n\t\t\t\t\t<h2 class=\"elementor-heading-title elementor-size-default\">Utilisation du mat\u00e9riel<\/h2>\t\t\t\t<\/div>\n\t\t\t\t<\/div>\n\t\t\t\t<\/div>\n\t\t\t\t\t<\/div>\n\t\t\t\t<\/div>\n\t\t<div class=\"elementor-element elementor-element-51e9153 e-flex e-con-boxed e-con e-parent\" data-id=\"51e9153\" data-element_type=\"container\" data-e-type=\"container\">\n\t\t\t\t\t<div class=\"e-con-inner\">\n\t\t\t\t<div class=\"elementor-element elementor-element-c23ad9f elementor-widget elementor-widget-heading\" data-id=\"c23ad9f\" data-element_type=\"widget\" data-e-type=\"widget\" data-widget_type=\"heading.default\">\n\t\t\t\t<div class=\"elementor-widget-container\">\n\t\t\t\t\t<h2 class=\"elementor-heading-title elementor-size-default\">Principaux \u00e9v\u00e9nements et perc\u00e9es<\/h2>\t\t\t\t<\/div>\n\t\t\t\t<\/div>\n\t\t\t\t\t<\/div>\n\t\t\t\t<\/div>\n\t\t<div class=\"elementor-element elementor-element-a96f815 e-flex e-con-boxed e-con e-parent\" data-id=\"a96f815\" data-element_type=\"container\" data-e-type=\"container\">\n\t\t\t\t\t<div class=\"e-con-inner\">\n\t\t<div class=\"elementor-element elementor-element-6f7d5e0 e-con-full e-flex e-con e-child\" data-id=\"6f7d5e0\" data-element_type=\"container\" data-e-type=\"container\">\n\t\t\t\t<div class=\"elementor-element elementor-element-2ab3bb6 elementor-widget elementor-widget-heading\" data-id=\"2ab3bb6\" data-element_type=\"widget\" data-e-type=\"widget\" data-widget_type=\"heading.default\">\n\t\t\t\t<div class=\"elementor-widget-container\">\n\t\t\t\t\t<h2 class=\"elementor-heading-title elementor-size-default\">L'exposition personnelle de 1917<\/h2>\t\t\t\t<\/div>\n\t\t\t\t<\/div>\n\t\t\t\t<\/div>\n\t\t<div class=\"elementor-element elementor-element-1d8c79b e-con-full e-flex e-con e-child\" data-id=\"1d8c79b\" data-element_type=\"container\" data-e-type=\"container\">\n\t\t\t\t<div class=\"elementor-element elementor-element-dc01c5a elementor-widget elementor-widget-text-editor\" data-id=\"dc01c5a\" data-element_type=\"widget\" data-e-type=\"widget\" data-widget_type=\"text-editor.default\">\n\t\t\t\t<div class=\"elementor-widget-container\">\n\t\t\t\t\t\t\t\t\t<p>L'exposition personnelle de Modigliani \u00e0 la galerie Berthe Weill en 1917 constitue un moment charni\u00e8re dans sa carri\u00e8re. Malgr\u00e9 la controverse qu'elle suscite en raison de l'exposition de peintures de nus, elle marque l'\u00e9mergence de Modigliani sur la sc\u00e8ne internationale. <strong>sc\u00e8ne artistique internationale<\/strong>. L'exposition a mis en lumi\u00e8re son <strong>techniques artistiques<\/strong> et a consolid\u00e9 sa r\u00e9putation de grand talent.<\/p>\t\t\t\t\t\t\t\t<\/div>\n\t\t\t\t<\/div>\n\t\t\t\t<\/div>\n\t\t\t\t\t<\/div>\n\t\t\t\t<\/div>\n\t\t<div class=\"elementor-element elementor-element-d8f1d9f e-flex e-con-boxed e-con e-parent\" data-id=\"d8f1d9f\" data-element_type=\"container\" data-e-type=\"container\">\n\t\t\t\t\t<div class=\"e-con-inner\">\n\t\t<div class=\"elementor-element elementor-element-84ff150 e-con-full e-flex e-con e-child\" data-id=\"84ff150\" data-element_type=\"container\" data-e-type=\"container\">\n\t\t\t\t<div class=\"elementor-element elementor-element-4e7567a elementor-widget elementor-widget-text-editor\" data-id=\"4e7567a\" data-element_type=\"widget\" data-e-type=\"widget\" data-widget_type=\"text-editor.default\">\n\t\t\t\t<div class=\"elementor-widget-container\">\n\t\t\t\t\t\t\t\t\t<p>Sa relation avec Jeanne H\u00e9buterne, une jeune \u00e9tudiante en art, a \u00e9t\u00e9 une source de joie profonde et de trag\u00e9die. Leur relation passionn\u00e9e a influenc\u00e9 nombre de ses \u0153uvres ult\u00e9rieures, ajoutant des couches de profondeur \u00e0 son \u0153uvre. <strong>la cr\u00e9ativit\u00e9 artistique<\/strong>.<\/p>\t\t\t\t\t\t\t\t<\/div>\n\t\t\t\t<\/div>\n\t\t\t\t<\/div>\n\t\t<div class=\"elementor-element elementor-element-f89c894 e-con-full e-flex e-con e-child\" data-id=\"f89c894\" data-element_type=\"container\" data-e-type=\"container\">\n\t\t\t\t<div class=\"elementor-element elementor-element-abe4607 elementor-widget elementor-widget-heading\" data-id=\"abe4607\" data-element_type=\"widget\" data-e-type=\"widget\" data-widget_type=\"heading.default\">\n\t\t\t\t<div class=\"elementor-widget-container\">\n\t\t\t\t\t<h2 class=\"elementor-heading-title elementor-size-default\">Vie personnelle et relations\n<\/h2>\t\t\t\t<\/div>\n\t\t\t\t<\/div>\n\t\t\t\t<\/div>\n\t\t\t\t\t<\/div>\n\t\t\t\t<\/div>\n\t\t<div class=\"elementor-element elementor-element-5d34e4f e-flex e-con-boxed e-con e-parent\" data-id=\"5d34e4f\" data-element_type=\"container\" data-e-type=\"container\">\n\t\t\t\t\t<div class=\"e-con-inner\">\n\t\t\t\t<div class=\"elementor-element elementor-element-abc0065 elementor-widget elementor-widget-image\" data-id=\"abc0065\" data-element_type=\"widget\" data-e-type=\"widget\" data-widget_type=\"image.default\">\n\t\t\t\t<div class=\"elementor-widget-container\">\n\t\t\t\t\t\t\t\t\t\t\t\t\t\t\t<img loading=\"lazy\" decoding=\"async\" width=\"200\" height=\"339\" src=\"https:\/\/www.exceptional.art\/wp-content\/uploads\/2024\/09\/Jeanne_Hebuterne_seated.jpg\" class=\"attachment-large size-large wp-image-12180\" alt=\"Portrait de Jeanne H\u00e9buterne, artiste fran\u00e7aise et muse d&#039;Amedeo Modigliani, avec ses traits allong\u00e9s caract\u00e9ristiques et son expression sereine.\" srcset=\"https:\/\/www.exceptional.art\/wp-content\/uploads\/2024\/09\/Jeanne_Hebuterne_seated.jpg 200w, https:\/\/www.exceptional.art\/wp-content\/uploads\/2024\/09\/Jeanne_Hebuterne_seated-177x300.jpg 177w, https:\/\/www.exceptional.art\/wp-content\/uploads\/2024\/09\/Jeanne_Hebuterne_seated-7x12.jpg 7w\" sizes=\"(max-width: 200px) 100vw, 200px\" \/>\t\t\t\t\t\t\t\t\t\t\t\t\t\t\t<\/div>\n\t\t\t\t<\/div>\n\t\t\t\t\t<\/div>\n\t\t\t\t<\/div>\n\t\t<div class=\"elementor-element elementor-element-444da13 e-flex e-con-boxed e-con e-parent\" data-id=\"444da13\" data-element_type=\"container\" data-e-type=\"container\">\n\t\t\t\t\t<div class=\"e-con-inner\">\n\t\t\t\t<div class=\"elementor-element elementor-element-a2ab893 elementor-widget elementor-widget-heading\" data-id=\"a2ab893\" data-element_type=\"widget\" data-e-type=\"widget\" data-widget_type=\"heading.default\">\n\t\t\t\t<div class=\"elementor-widget-container\">\n\t\t\t\t\t<h2 class=\"elementor-heading-title elementor-size-default\">La vie \u00e0 Paris et la sc\u00e8ne artistique\n<\/h2>\t\t\t\t<\/div>\n\t\t\t\t<\/div>\n\t\t\t\t\t<\/div>\n\t\t\t\t<\/div>\n\t\t<div class=\"elementor-element elementor-element-21204df e-flex e-con-boxed e-con e-parent\" data-id=\"21204df\" data-element_type=\"container\" data-e-type=\"container\">\n\t\t\t\t\t<div class=\"e-con-inner\">\n\t\t<div class=\"elementor-element elementor-element-cd712a9 e-con-full e-flex e-con e-child\" data-id=\"cd712a9\" data-element_type=\"container\" data-e-type=\"container\">\n\t\t\t\t<div class=\"elementor-element elementor-element-40df5ba elementor-widget elementor-widget-heading\" data-id=\"40df5ba\" data-element_type=\"widget\" data-e-type=\"widget\" data-widget_type=\"heading.default\">\n\t\t\t\t<div class=\"elementor-widget-container\">\n\t\t\t\t\t<h2 class=\"elementor-heading-title elementor-size-default\">Interactions avec d'autres artistes\n<\/h2>\t\t\t\t<\/div>\n\t\t\t\t<\/div>\n\t\t\t\t<\/div>\n\t\t<div class=\"elementor-element elementor-element-5556c97 e-con-full e-flex e-con e-child\" data-id=\"5556c97\" data-element_type=\"container\" data-e-type=\"container\">\n\t\t\t\t<div class=\"elementor-element elementor-element-83be291 elementor-widget elementor-widget-text-editor\" data-id=\"83be291\" data-element_type=\"widget\" data-e-type=\"widget\" data-widget_type=\"text-editor.default\">\n\t\t\t\t<div class=\"elementor-widget-container\">\n\t\t\t\t\t\t\t\t\t<p>Paris offre \u00e0 Modigliani un environnement o\u00f9 il peut collaborer et \u00e9changer des id\u00e9es avec d'autres artistes. Il s'est engag\u00e9 dans <strong>diversit\u00e9 artistique<\/strong>Il s'inspire de cultures et de styles diff\u00e9rents. Ces interactions ont enrichi son travail et lui ont permis de d\u00e9velopper une voix distincte au sein de la communaut\u00e9 des artistes. <strong>art international<\/strong> communaut\u00e9. Parmi les influences et les collaborateurs les plus notables, on peut citer <a href=\"https:\/\/www.exceptional.art\/fr\/prodiges\/pablo-picasso-prodige-moderne\/\">Pablo Picasso<\/a>Constantin Br\u00e2ncu\u0219i, Paul C\u00e9zanne.\u00a0<\/p><p><span data-preserver-spaces=\"true\">Modigliani a \u00e9t\u00e9 profond\u00e9ment inspir\u00e9 par <\/span><strong><span data-preserver-spaces=\"true\">Masques et sculptures africains<\/span><\/strong><span data-preserver-spaces=\"true\">qu'il a d\u00e9couvert gr\u00e2ce aux artistes d'avant-garde \u00e0 Paris, notamment Picasso, et \u00e0 l'int\u00e9r\u00eat plus large pour les arts de la sc\u00e8ne. <\/span><strong><span data-preserver-spaces=\"true\">Primitivisme<\/span><\/strong><span data-preserver-spaces=\"true\"> de l'\u00e9poque. Cette influence est \u00e9vidente dans les visages stylis\u00e9s et les traits simplifi\u00e9s de ses portraits et de ses sculptures, qui ressemblent \u00e0 des masques.<\/span><\/p><p><span data-preserver-spaces=\"true\">Modigliani a \u00e9t\u00e9 expos\u00e9 aux couleurs vibrantes et aux coups de pinceau expressifs des fauvistes, principalement gr\u00e2ce \u00e0 ses rencontres avec des artistes tels que <\/span><a href=\"https:\/\/www.exceptional.art\/fr\/prodiges\/henri-matisse-moderne-18691954\/\"><strong><span data-preserver-spaces=\"true\">Henri Matisse<\/span><\/strong><\/a><span data-preserver-spaces=\"true\">. Bien qu'il n'ait pas adopt\u00e9 leur utilisation audacieuse de la couleur, l'accent mis par les fauves sur l'expression \u00e9motionnelle a influenc\u00e9 son approche de la transmission de l'humeur \u00e0 travers le portrait.<\/span><\/p><p><span data-preserver-spaces=\"true\">Bien que Modigliani ait \u00e9t\u00e9 immerg\u00e9 dans le modernisme, son h\u00e9ritage italien et son \u00e9ducation signifiaient que le style de vie de Modigliani \u00e9tait tr\u00e8s diff\u00e9rent de celui de ses pr\u00e9d\u00e9cesseurs. <\/span><strong><span data-preserver-spaces=\"true\">Renaissance italienne<\/span><\/strong><span data-preserver-spaces=\"true\">, en particulier les \u0153uvres de <\/span><strong><span data-preserver-spaces=\"true\">Botticelli<\/span><\/strong><span data-preserver-spaces=\"true\"> et <\/span><strong><span data-preserver-spaces=\"true\">Titien<\/span><\/strong><span data-preserver-spaces=\"true\">a exerc\u00e9 une influence durable. Le cou allong\u00e9 et les expressions sereines de ses portraits sont souvent li\u00e9s \u00e0 cette esth\u00e9tique de la Renaissance.<\/span><\/p>\t\t\t\t\t\t\t\t<\/div>\n\t\t\t\t<\/div>\n\t\t\t\t<\/div>\n\t\t\t\t\t<\/div>\n\t\t\t\t<\/div>\n\t\t<div class=\"elementor-element elementor-element-e72e975 e-flex e-con-boxed e-con e-parent\" data-id=\"e72e975\" data-element_type=\"container\" data-e-type=\"container\">\n\t\t\t\t\t<div class=\"e-con-inner\">\n\t\t<div class=\"elementor-element elementor-element-4d8c476 e-con-full e-flex e-con e-child\" data-id=\"4d8c476\" data-element_type=\"container\" data-e-type=\"container\">\n\t\t\t\t<div class=\"elementor-element elementor-element-b04f9a8 elementor-widget elementor-widget-text-editor\" data-id=\"b04f9a8\" data-element_type=\"widget\" data-e-type=\"widget\" data-widget_type=\"text-editor.default\">\n\t\t\t\t<div class=\"elementor-widget-container\">\n\t\t\t\t\t\t\t\t\t<p>Le melting-pot culturel de Paris initie Modigliani aux concepts de l'art \u00e9cologique et \u00e0 l'int\u00e9r\u00eat croissant pour l'\u00e9cologie. <strong>art et soci\u00e9t\u00e9<\/strong>. Il a commenc\u00e9 \u00e0 int\u00e9grer des th\u00e8mes refl\u00e9tant la complexit\u00e9 de la condition humaine, m\u00ealant des exp\u00e9riences personnelles \u00e0 des questions soci\u00e9tales plus larges.<\/p>\t\t\t\t\t\t\t\t<\/div>\n\t\t\t\t<\/div>\n\t\t\t\t<\/div>\n\t\t<div class=\"elementor-element elementor-element-9881c66 e-con-full e-flex e-con e-child\" data-id=\"9881c66\" data-element_type=\"container\" data-e-type=\"container\">\n\t\t\t\t<div class=\"elementor-element elementor-element-e05adba elementor-widget elementor-widget-heading\" data-id=\"e05adba\" data-element_type=\"widget\" data-e-type=\"widget\" data-widget_type=\"heading.default\">\n\t\t\t\t<div class=\"elementor-widget-container\">\n\t\t\t\t\t<h2 class=\"elementor-heading-title elementor-size-default\">Impact sur son travail<\/h2>\t\t\t\t<\/div>\n\t\t\t\t<\/div>\n\t\t\t\t<\/div>\n\t\t\t\t\t<\/div>\n\t\t\t\t<\/div>\n\t\t<div class=\"elementor-element elementor-element-b0f7492 e-flex e-con-boxed e-con e-parent\" data-id=\"b0f7492\" data-element_type=\"container\" data-e-type=\"container\">\n\t\t\t\t\t<div class=\"e-con-inner\">\n\t\t\t\t<div class=\"elementor-element elementor-element-a15e5de elementor-widget elementor-widget-heading\" data-id=\"a15e5de\" data-element_type=\"widget\" data-e-type=\"widget\" data-widget_type=\"heading.default\">\n\t\t\t\t<div class=\"elementor-widget-container\">\n\t\t\t\t\t<h2 class=\"elementor-heading-title elementor-size-default\">Vie personnelle et d\u00e9fis<\/h2>\t\t\t\t<\/div>\n\t\t\t\t<\/div>\n\t\t\t\t\t<\/div>\n\t\t\t\t<\/div>\n\t\t<div class=\"elementor-element elementor-element-8ece208 e-flex e-con-boxed e-con e-parent\" data-id=\"8ece208\" data-element_type=\"container\" data-e-type=\"container\">\n\t\t\t\t\t<div class=\"e-con-inner\">\n\t\t<div class=\"elementor-element elementor-element-e5a2c19 e-con-full e-flex e-con e-child\" data-id=\"e5a2c19\" data-element_type=\"container\" data-e-type=\"container\">\n\t\t\t\t<div class=\"elementor-element elementor-element-7f3a153 elementor-widget elementor-widget-heading\" data-id=\"7f3a153\" data-element_type=\"widget\" data-e-type=\"widget\" data-widget_type=\"heading.default\">\n\t\t\t\t<div class=\"elementor-widget-container\">\n\t\t\t\t\t<h2 class=\"elementor-heading-title elementor-size-default\">D\u00e9clin de la sant\u00e9<\/h2>\t\t\t\t<\/div>\n\t\t\t\t<\/div>\n\t\t\t\t<\/div>\n\t\t<div class=\"elementor-element elementor-element-0399d8d e-con-full e-flex e-con e-child\" data-id=\"0399d8d\" data-element_type=\"container\" data-e-type=\"container\">\n\t\t\t\t<div class=\"elementor-element elementor-element-c8b525a elementor-widget elementor-widget-text-editor\" data-id=\"c8b525a\" data-element_type=\"widget\" data-e-type=\"widget\" data-widget_type=\"text-editor.default\">\n\t\t\t\t<div class=\"elementor-widget-container\">\n\t\t\t\t\t\t\t\t\t<p>La sant\u00e9 de Modigliani continue de se d\u00e9t\u00e9riorer en raison de la tuberculose et de la toxicomanie. Malgr\u00e9 ces difficult\u00e9s, il se consacre \u00e0 son art, qu'il utilise comme un moyen d'expression. <strong>exploration philosophique<\/strong> et l'expression.<\/p>\t\t\t\t\t\t\t\t<\/div>\n\t\t\t\t<\/div>\n\t\t\t\t<\/div>\n\t\t\t\t\t<\/div>\n\t\t\t\t<\/div>\n\t\t<div class=\"elementor-element elementor-element-8bfadfe e-flex e-con-boxed e-con e-parent\" data-id=\"8bfadfe\" data-element_type=\"container\" data-e-type=\"container\">\n\t\t\t\t\t<div class=\"e-con-inner\">\n\t\t\t\t<div class=\"elementor-element elementor-element-c71a1fc elementor-widget elementor-widget-image\" data-id=\"c71a1fc\" data-element_type=\"widget\" data-e-type=\"widget\" data-widget_type=\"image.default\">\n\t\t\t\t<div class=\"elementor-widget-container\">\n\t\t\t\t\t\t\t\t\t\t\t\t\t\t\t<img loading=\"lazy\" decoding=\"async\" width=\"1024\" height=\"1024\" src=\"https:\/\/www.exceptional.art\/wp-content\/uploads\/2024\/09\/A-deeply-emotional-scene-of-Amedeo-Modigliani-in-his-later-years.webp\" class=\"attachment-large size-large wp-image-12181\" alt=\"Une sc\u00e8ne profond\u00e9ment \u00e9mouvante d&#039;Amedeo Modigliani \u00e0 la fin de sa vie, assis seul et r\u00e9fl\u00e9chissant \u00e0 la d\u00e9t\u00e9rioration de sa sant\u00e9 due \u00e0 la tuberculose et \u00e0 l&#039;abus de drogues.\" srcset=\"https:\/\/www.exceptional.art\/wp-content\/uploads\/2024\/09\/A-deeply-emotional-scene-of-Amedeo-Modigliani-in-his-later-years.webp 1024w, https:\/\/www.exceptional.art\/wp-content\/uploads\/2024\/09\/A-deeply-emotional-scene-of-Amedeo-Modigliani-in-his-later-years-300x300.webp 300w, https:\/\/www.exceptional.art\/wp-content\/uploads\/2024\/09\/A-deeply-emotional-scene-of-Amedeo-Modigliani-in-his-later-years-150x150.webp 150w, https:\/\/www.exceptional.art\/wp-content\/uploads\/2024\/09\/A-deeply-emotional-scene-of-Amedeo-Modigliani-in-his-later-years-768x768.webp 768w, https:\/\/www.exceptional.art\/wp-content\/uploads\/2024\/09\/A-deeply-emotional-scene-of-Amedeo-Modigliani-in-his-later-years-12x12.webp 12w, https:\/\/www.exceptional.art\/wp-content\/uploads\/2024\/09\/A-deeply-emotional-scene-of-Amedeo-Modigliani-in-his-later-years-500x500.webp 500w, https:\/\/www.exceptional.art\/wp-content\/uploads\/2024\/09\/A-deeply-emotional-scene-of-Amedeo-Modigliani-in-his-later-years-100x100.webp 100w\" sizes=\"(max-width: 1024px) 100vw, 1024px\" \/>\t\t\t\t\t\t\t\t\t\t\t\t\t\t\t<\/div>\n\t\t\t\t<\/div>\n\t\t\t\t\t<\/div>\n\t\t\t\t<\/div>\n\t\t<div class=\"elementor-element elementor-element-4e360f7 e-flex e-con-boxed e-con e-parent\" data-id=\"4e360f7\" data-element_type=\"container\" data-e-type=\"container\">\n\t\t\t\t\t<div class=\"e-con-inner\">\n\t\t<div class=\"elementor-element elementor-element-38b8b50 e-con-full e-flex e-con e-child\" data-id=\"38b8b50\" data-element_type=\"container\" data-e-type=\"container\">\n\t\t\t\t<div class=\"elementor-element elementor-element-8ea2cac elementor-widget elementor-widget-text-editor\" data-id=\"8ea2cac\" data-element_type=\"widget\" data-e-type=\"widget\" data-widget_type=\"text-editor.default\">\n\t\t\t\t<div class=\"elementor-widget-container\">\n\t\t\t\t\t\t\t\t\t<p>Modigliani est confront\u00e9 \u00e0 des difficult\u00e9s financi\u00e8res persistantes. L'absence de succ\u00e8s commercial de son vivant l'a contraint \u00e0 vendre ses \u0153uvres \u00e0 des prix minimes, souvent juste assez pour se procurer les produits de premi\u00e8re n\u00e9cessit\u00e9.<\/p>\t\t\t\t\t\t\t\t<\/div>\n\t\t\t\t<\/div>\n\t\t\t\t<\/div>\n\t\t<div class=\"elementor-element elementor-element-cab6537 e-con-full e-flex e-con e-child\" data-id=\"cab6537\" data-element_type=\"container\" data-e-type=\"container\">\n\t\t\t\t<div class=\"elementor-element elementor-element-1b23b8d elementor-widget elementor-widget-heading\" data-id=\"1b23b8d\" data-element_type=\"widget\" data-e-type=\"widget\" data-widget_type=\"heading.default\">\n\t\t\t\t<div class=\"elementor-widget-container\">\n\t\t\t\t\t<h2 class=\"elementor-heading-title elementor-size-default\">Difficult\u00e9s financi\u00e8res<\/h2>\t\t\t\t<\/div>\n\t\t\t\t<\/div>\n\t\t\t\t<\/div>\n\t\t\t\t\t<\/div>\n\t\t\t\t<\/div>\n\t\t<div class=\"elementor-element elementor-element-945bc9a e-flex e-con-boxed e-con e-parent\" data-id=\"945bc9a\" data-element_type=\"container\" data-e-type=\"container\">\n\t\t\t\t\t<div class=\"e-con-inner\">\n\t\t\t\t<div class=\"elementor-element elementor-element-2f77ae3 elementor-widget elementor-widget-heading\" data-id=\"2f77ae3\" data-element_type=\"widget\" data-e-type=\"widget\" data-widget_type=\"heading.default\">\n\t\t\t\t<div class=\"elementor-widget-container\">\n\t\t\t\t\t<h2 class=\"elementor-heading-title elementor-size-default\">H\u00e9ritage et influence\n<\/h2>\t\t\t\t<\/div>\n\t\t\t\t<\/div>\n\t\t\t\t\t<\/div>\n\t\t\t\t<\/div>\n\t\t<div class=\"elementor-element elementor-element-b4b5f27 e-flex e-con-boxed e-con e-parent\" data-id=\"b4b5f27\" data-element_type=\"container\" data-e-type=\"container\">\n\t\t\t\t\t<div class=\"e-con-inner\">\n\t\t<div class=\"elementor-element elementor-element-f587ead e-con-full e-flex e-con e-child\" data-id=\"f587ead\" data-element_type=\"container\" data-e-type=\"container\">\n\t\t\t\t<div class=\"elementor-element elementor-element-3360690 elementor-widget elementor-widget-heading\" data-id=\"3360690\" data-element_type=\"widget\" data-e-type=\"widget\" data-widget_type=\"heading.default\">\n\t\t\t\t<div class=\"elementor-widget-container\">\n\t\t\t\t\t<h2 class=\"elementor-heading-title elementor-size-default\">Les r\u00e9alisations de toute une vie\n<\/h2>\t\t\t\t<\/div>\n\t\t\t\t<\/div>\n\t\t\t\t<\/div>\n\t\t<div class=\"elementor-element elementor-element-efbeab5 e-con-full e-flex e-con e-child\" data-id=\"efbeab5\" data-element_type=\"container\" data-e-type=\"container\">\n\t\t\t\t<div class=\"elementor-element elementor-element-f157c80 elementor-widget elementor-widget-text-editor\" data-id=\"f157c80\" data-element_type=\"widget\" data-e-type=\"widget\" data-widget_type=\"text-editor.default\">\n\t\t\t\t<div class=\"elementor-widget-container\">\n\t\t\t\t\t\t\t\t\t<p>Bien que Modigliani n'ait pas atteint une renomm\u00e9e significative de son vivant, son \u0153uvre a b\u00e9n\u00e9fici\u00e9 d'une immense reconnaissance \u00e0 titre posthume. Aujourd'hui, ses peintures sont c\u00e9l\u00e9br\u00e9es pour leur originalit\u00e9 et leur r\u00e9sonance \u00e9motionnelle, influen\u00e7ant d'innombrables artistes et devenant des pi\u00e8ces pr\u00e9cieuses dans les collections de l'Union europ\u00e9enne. <strong>investissements artistiques<\/strong>.<\/p>\t\t\t\t\t\t\t\t<\/div>\n\t\t\t\t<\/div>\n\t\t\t\t<\/div>\n\t\t\t\t\t<\/div>\n\t\t\t\t<\/div>\n\t\t<div class=\"elementor-element elementor-element-c594561 e-flex e-con-boxed e-con e-parent\" data-id=\"c594561\" data-element_type=\"container\" data-e-type=\"container\">\n\t\t\t\t\t<div class=\"e-con-inner\">\n\t\t<div class=\"elementor-element elementor-element-72a7a72 e-con-full e-flex e-con e-child\" data-id=\"72a7a72\" data-element_type=\"container\" data-e-type=\"container\">\n\t\t\t\t<div class=\"elementor-element elementor-element-e2e3dd9 elementor-widget elementor-widget-text-editor\" data-id=\"e2e3dd9\" data-element_type=\"widget\" data-e-type=\"widget\" data-widget_type=\"text-editor.default\">\n\t\t\t\t<div class=\"elementor-widget-container\">\n\t\t\t\t\t\t\t\t\t<p>La vie de Modigliani est une tapisserie de passion, de lutte et de d\u00e9vouement in\u00e9branlable \u00e0 l'art. Son <strong>processus artistique<\/strong> et ses techniques innovantes ont laiss\u00e9 une marque ind\u00e9l\u00e9bile sur le monde de l'art. Son h\u00e9ritage t\u00e9moigne du pouvoir de l'expression cr\u00e9ative pour capturer l'essence de l'esprit humain.<\/p>\t\t\t\t\t\t\t\t<\/div>\n\t\t\t\t<\/div>\n\t\t\t\t<\/div>\n\t\t<div class=\"elementor-element elementor-element-db1968d e-con-full e-flex e-con e-child\" data-id=\"db1968d\" data-element_type=\"container\" data-e-type=\"container\">\n\t\t\t\t<div class=\"elementor-element elementor-element-3ea11af elementor-widget elementor-widget-heading\" data-id=\"3ea11af\" data-element_type=\"widget\" data-e-type=\"widget\" data-widget_type=\"heading.default\">\n\t\t\t\t<div class=\"elementor-widget-container\">\n\t\t\t\t\t<h2 class=\"elementor-heading-title elementor-size-default\">R\u00e9flexion finale<\/h2>\t\t\t\t<\/div>\n\t\t\t\t<\/div>\n\t\t\t\t<\/div>\n\t\t\t\t\t<\/div>\n\t\t\t\t<\/div>\n\t\t<div class=\"elementor-element elementor-element-5975707 e-flex e-con-boxed e-con e-parent\" data-id=\"5975707\" data-element_type=\"container\" data-e-type=\"container\">\n\t\t\t\t\t<div class=\"e-con-inner\">\n\t\t\t\t<div class=\"elementor-element elementor-element-4fefbd0 elementor-widget elementor-widget-text-editor\" data-id=\"4fefbd0\" data-element_type=\"widget\" data-e-type=\"widget\" data-widget_type=\"text-editor.default\">\n\t\t\t\t<div class=\"elementor-widget-container\">\n\t\t\t\t\t\t\t\t\t<p><strong>\"Nu couch\u00e9<\/strong>\u00a0a \u00e9t\u00e9 vendue pour <strong>$170,4 millions<\/strong> \u00e0 <strong>Christie's<\/strong> \u00e0 New York, le 1er octobre. <strong>9 novembre 2015<\/strong>. L'acheteur \u00e9tait le milliardaire chinois Liu Yiqian, et la vente a fait de \"Nu couch\u00e9\" l'une des \u0153uvres d'art les plus ch\u00e8res jamais vendues aux ench\u00e8res.<\/p>\t\t\t\t\t\t\t\t<\/div>\n\t\t\t\t<\/div>\n\t\t\t\t\t<\/div>\n\t\t\t\t<\/div>\n\t\t<div class=\"elementor-element elementor-element-d636fad e-flex e-con-boxed e-con e-parent\" data-id=\"d636fad\" data-element_type=\"container\" data-e-type=\"container\">\n\t\t\t\t\t<div class=\"e-con-inner\">\n\t\t\t\t<div class=\"elementor-element elementor-element-e716d84 elementor-widget elementor-widget-video\" data-id=\"e716d84\" data-element_type=\"widget\" data-e-type=\"widget\" data-settings=\"{&quot;youtube_url&quot;:&quot;https:\\\/\\\/www.youtube.com\\\/watch?v=v5mBevmrd7I&quot;,&quot;video_type&quot;:&quot;youtube&quot;,&quot;controls&quot;:&quot;yes&quot;}\" data-widget_type=\"video.default\">\n\t\t\t\t<div class=\"elementor-widget-container\">\n\t\t\t\t\t\t\t<div class=\"elementor-wrapper elementor-open-inline\">\n\t\t\t<div class=\"elementor-video\"><\/div>\t\t<\/div>\n\t\t\t\t\t\t<\/div>\n\t\t\t\t<\/div>\n\t\t\t\t\t<\/div>\n\t\t\t\t<\/div>\n\t\t<div class=\"elementor-element elementor-element-c156491 e-flex e-con-boxed e-con e-parent\" data-id=\"c156491\" data-element_type=\"container\" data-e-type=\"container\">\n\t\t\t\t\t<div class=\"e-con-inner\">\n\t\t\t\t<div class=\"elementor-element elementor-element-59698a0 elementor-widget elementor-widget-heading\" data-id=\"59698a0\" data-element_type=\"widget\" data-e-type=\"widget\" data-widget_type=\"heading.default\">\n\t\t\t\t<div class=\"elementor-widget-container\">\n\t\t\t\t\t<h2 class=\"elementor-heading-title elementor-size-default\">Style et techniques<\/h2>\t\t\t\t<\/div>\n\t\t\t\t<\/div>\n\t\t\t\t\t<\/div>\n\t\t\t\t<\/div>\n\t\t<div class=\"elementor-element elementor-element-d0a4637 e-flex e-con-boxed e-con e-parent\" data-id=\"d0a4637\" data-element_type=\"container\" data-e-type=\"container\">\n\t\t\t\t\t<div class=\"e-con-inner\">\n\t\t<div class=\"elementor-element elementor-element-eaf24ec e-con-full e-flex e-con e-child\" data-id=\"eaf24ec\" data-element_type=\"container\" data-e-type=\"container\">\n\t\t\t\t<div class=\"elementor-element elementor-element-a34ffc2 elementor-widget elementor-widget-heading\" data-id=\"a34ffc2\" data-element_type=\"widget\" data-e-type=\"widget\" data-widget_type=\"heading.default\">\n\t\t\t\t<div class=\"elementor-widget-container\">\n\t\t\t\t\t<h2 class=\"elementor-heading-title elementor-size-default\">Un regard approfondi sur son style<\/h2>\t\t\t\t<\/div>\n\t\t\t\t<\/div>\n\t\t\t\t<\/div>\n\t\t<div class=\"elementor-element elementor-element-cf742be e-con-full e-flex e-con e-child\" data-id=\"cf742be\" data-element_type=\"container\" data-e-type=\"container\">\n\t\t\t\t<div class=\"elementor-element elementor-element-968aa3e elementor-widget elementor-widget-text-editor\" data-id=\"968aa3e\" data-element_type=\"widget\" data-e-type=\"widget\" data-widget_type=\"text-editor.default\">\n\t\t\t\t<div class=\"elementor-widget-container\">\n\t\t\t\t\t\t\t\t\t<p>L'\u0153uvre de Modigliani se caract\u00e9rise par un m\u00e9lange unique d'\u00e9l\u00e9ments traditionnels et modernes. Les formes allong\u00e9es et les visages stylis\u00e9s de ses portraits refl\u00e8tent une synth\u00e8se de ses int\u00e9r\u00eats artistiques philosophiques et des mouvements artistiques expressifs de son \u00e9poque.<\/p>\t\t\t\t\t\t\t\t<\/div>\n\t\t\t\t<\/div>\n\t\t\t\t<\/div>\n\t\t\t\t\t<\/div>\n\t\t\t\t<\/div>\n\t\t<div class=\"elementor-element elementor-element-2496302 e-flex e-con-boxed e-con e-parent\" data-id=\"2496302\" data-element_type=\"container\" data-e-type=\"container\">\n\t\t\t\t\t<div class=\"e-con-inner\">\n\t\t<div class=\"elementor-element elementor-element-2ca9e3e e-con-full e-flex e-con e-child\" data-id=\"2ca9e3e\" data-element_type=\"container\" data-e-type=\"container\">\n\t\t\t\t<div class=\"elementor-element elementor-element-d1baa03 elementor-widget elementor-widget-text-editor\" data-id=\"d1baa03\" data-element_type=\"widget\" data-e-type=\"widget\" data-widget_type=\"text-editor.default\">\n\t\t\t\t<div class=\"elementor-widget-container\">\n\t\t\t\t\t\t\t\t\t<p>Il s'est inspir\u00e9 de diverses sources, notamment des masques africains et des \u0153uvres des ma\u00eetres de la Renaissance. Cette <strong>diversit\u00e9 artistique<\/strong> lui a permis de cr\u00e9er <strong>\u0153uvre d'art originale<\/strong> qui transcendent les fronti\u00e8res culturelles.<\/p>\t\t\t\t\t\t\t\t<\/div>\n\t\t\t\t<\/div>\n\t\t\t\t<\/div>\n\t\t<div class=\"elementor-element elementor-element-54fc22b e-con-full e-flex e-con e-child\" data-id=\"54fc22b\" data-element_type=\"container\" data-e-type=\"container\">\n\t\t\t\t<div class=\"elementor-element elementor-element-67a4798 elementor-widget elementor-widget-heading\" data-id=\"67a4798\" data-element_type=\"widget\" data-e-type=\"widget\" data-widget_type=\"heading.default\">\n\t\t\t\t<div class=\"elementor-widget-container\">\n\t\t\t\t\t<h2 class=\"elementor-heading-title elementor-size-default\">Diversit\u00e9 artistique<\/h2>\t\t\t\t<\/div>\n\t\t\t\t<\/div>\n\t\t\t\t<\/div>\n\t\t\t\t\t<\/div>\n\t\t\t\t<\/div>\n\t\t<div class=\"elementor-element elementor-element-8ab81a0 e-flex e-con-boxed e-con e-parent\" data-id=\"8ab81a0\" data-element_type=\"container\" data-e-type=\"container\">\n\t\t\t\t\t<div class=\"e-con-inner\">\n\t\t\t\t<div class=\"elementor-element elementor-element-2866161 elementor-widget elementor-widget-heading\" data-id=\"2866161\" data-element_type=\"widget\" data-e-type=\"widget\" data-widget_type=\"heading.default\">\n\t\t\t\t<div class=\"elementor-widget-container\">\n\t\t\t\t\t<h2 class=\"elementor-heading-title elementor-size-default\">Lieux d'exposition de ses \u0153uvres<\/h2>\t\t\t\t<\/div>\n\t\t\t\t<\/div>\n\t\t\t\t\t<\/div>\n\t\t\t\t<\/div>\n\t\t<div class=\"elementor-element elementor-element-07acdec e-flex e-con-boxed e-con e-parent\" data-id=\"07acdec\" data-element_type=\"container\" data-e-type=\"container\">\n\t\t\t\t\t<div class=\"e-con-inner\">\n\t\t<div class=\"elementor-element elementor-element-6160ba9 e-con-full e-flex e-con e-child\" data-id=\"6160ba9\" data-element_type=\"container\" data-e-type=\"container\">\n\t\t\t\t<div class=\"elementor-element elementor-element-e032e5e elementor-widget elementor-widget-heading\" data-id=\"e032e5e\" data-element_type=\"widget\" data-e-type=\"widget\" data-widget_type=\"heading.default\">\n\t\t\t\t<div class=\"elementor-widget-container\">\n\t\t\t\t\t<h2 class=\"elementor-heading-title elementor-size-default\">Mus\u00e9es et galeries<\/h2>\t\t\t\t<\/div>\n\t\t\t\t<\/div>\n\t\t\t\t<\/div>\n\t\t<div class=\"elementor-element elementor-element-9c02bbf e-con-full e-flex e-con e-child\" data-id=\"9c02bbf\" data-element_type=\"container\" data-e-type=\"container\">\n\t\t\t\t<div class=\"elementor-element elementor-element-7a18cbf elementor-widget elementor-widget-text-editor\" data-id=\"7a18cbf\" data-element_type=\"widget\" data-e-type=\"widget\" data-widget_type=\"text-editor.default\">\n\t\t\t\t<div class=\"elementor-widget-container\">\n\t\t\t\t\t\t\t\t\t<p>Les \u0153uvres de Modigliani sont conserv\u00e9es dans des institutions prestigieuses du monde entier. <strong>Le mus\u00e9e d'art moderne<\/strong> \u00e0 New York, le <strong>Tate Modern<\/strong> \u00e0 Londres, et le <strong>Centre Pompidou<\/strong> \u00e0 Paris pr\u00e9sentent ses pi\u00e8ces de mani\u00e8re pro\u00e9minente. Ces derni\u00e8res <strong>galeries d'art<\/strong> offrent aux visiteurs la possibilit\u00e9 de d\u00e9couvrir de pr\u00e8s ses chefs-d'\u0153uvre.<\/p>\t\t\t\t\t\t\t\t<\/div>\n\t\t\t\t<\/div>\n\t\t\t\t<\/div>\n\t\t\t\t\t<\/div>\n\t\t\t\t<\/div>\n\t\t<div class=\"elementor-element elementor-element-e9ecf59 e-flex e-con-boxed e-con e-parent\" data-id=\"e9ecf59\" data-element_type=\"container\" data-e-type=\"container\">\n\t\t\t\t\t<div class=\"e-con-inner\">\n\t\t<div class=\"elementor-element elementor-element-72ee89c e-con-full e-flex e-con e-child\" data-id=\"72ee89c\" data-element_type=\"container\" data-e-type=\"container\">\n\t\t\t\t<div class=\"elementor-element elementor-element-6491e67 elementor-widget elementor-widget-text-editor\" data-id=\"6491e67\" data-element_type=\"widget\" data-e-type=\"widget\" data-widget_type=\"text-editor.default\">\n\t\t\t\t<div class=\"elementor-widget-container\">\n\t\t\t\t\t\t\t\t\t<p>Plusieurs galeries d'art en ligne permettent aux personnes qui ne peuvent pas se rendre dans ces institutions d'avoir acc\u00e8s \u00e0 ses \u0153uvres. Des sites web tels que The Art Story proposent des collections compl\u00e8tes de ses peintures et sculptures.<\/p>\t\t\t\t\t\t\t\t<\/div>\n\t\t\t\t<\/div>\n\t\t\t\t<\/div>\n\t\t<div class=\"elementor-element elementor-element-768927d e-con-full e-flex e-con e-child\" data-id=\"768927d\" data-element_type=\"container\" data-e-type=\"container\">\n\t\t\t\t<div class=\"elementor-element elementor-element-8a077ba elementor-widget elementor-widget-heading\" data-id=\"8a077ba\" data-element_type=\"widget\" data-e-type=\"widget\" data-widget_type=\"heading.default\">\n\t\t\t\t<div class=\"elementor-widget-container\">\n\t\t\t\t\t<h2 class=\"elementor-heading-title elementor-size-default\">Galeries et ressources en ligne<\/h2>\t\t\t\t<\/div>\n\t\t\t\t<\/div>\n\t\t\t\t<\/div>\n\t\t\t\t\t<\/div>\n\t\t\t\t<\/div>\n\t\t<div class=\"elementor-element elementor-element-31384ab e-flex e-con-boxed e-con e-parent\" data-id=\"31384ab\" data-element_type=\"container\" data-e-type=\"container\">\n\t\t\t\t\t<div class=\"e-con-inner\">\n\t\t<div class=\"elementor-element elementor-element-ec043d7 e-con-full e-flex e-con e-child\" data-id=\"ec043d7\" data-element_type=\"container\" data-e-type=\"container\">\n\t\t\t\t<div class=\"elementor-element elementor-element-e834aff elementor-widget elementor-widget-heading\" data-id=\"e834aff\" data-element_type=\"widget\" data-e-type=\"widget\" data-widget_type=\"heading.default\">\n\t\t\t\t<div class=\"elementor-widget-container\">\n\t\t\t\t\t<h2 class=\"elementor-heading-title elementor-size-default\">Conclusion<\/h2>\t\t\t\t<\/div>\n\t\t\t\t<\/div>\n\t\t\t\t<\/div>\n\t\t<div class=\"elementor-element elementor-element-5063a51 e-con-full e-flex e-con e-child\" data-id=\"5063a51\" data-element_type=\"container\" data-e-type=\"container\">\n\t\t\t\t<div class=\"elementor-element elementor-element-33a1072 elementor-widget elementor-widget-text-editor\" data-id=\"33a1072\" data-element_type=\"widget\" data-e-type=\"widget\" data-widget_type=\"text-editor.default\">\n\t\t\t\t<div class=\"elementor-widget-container\">\n\t\t\t\t\t\t\t\t\tPour ceux qui ne peuvent pas se rendre dans ces institutions, plusieurs <em>galeries d'art en ligne<\/em> permettent d'acc\u00e9der \u00e0 son \u0153uvre. Des sites web tels que The Art Story proposent des collections compl\u00e8tes de ses peintures et sculptures. En outre, des plateformes telles que les march\u00e9s de l'art en ligne <strong>march\u00e9s de l'art en ligne<\/strong> permettent aux passionn\u00e9s d'explorer et m\u00eame de <em>acheter de l'art en ligne<\/em>.\t\t\t\t\t\t\t\t<\/div>\n\t\t\t\t<\/div>\n\t\t\t\t<\/div>\n\t\t\t\t\t<\/div>\n\t\t\t\t<\/div>\n\t\t<div class=\"elementor-element elementor-element-4692eaa e-flex e-con-boxed e-con e-parent\" data-id=\"4692eaa\" data-element_type=\"container\" data-e-type=\"container\">\n\t\t\t\t\t<div class=\"e-con-inner\">\n\t\t\t\t<div class=\"elementor-element elementor-element-ba63c3e elementor-widget elementor-widget-text-editor\" data-id=\"ba63c3e\" data-element_type=\"widget\" data-e-type=\"widget\" data-widget_type=\"text-editor.default\">\n\t\t\t\t<div class=\"elementor-widget-container\">\n\t\t\t\t\t\t\t\t\t<p>Voici une liste de ressources et de lieux o\u00f9 vous pouvez explorer l'art de Modigliani :<\/p><h3><strong>1. Le Metropolitan Museum of Art (Met), New York<\/strong><\/h3><p>Le Met abrite plusieurs \u0153uvres de Modigliani, notamment des peintures et des dessins. Les visiteurs peuvent d\u00e9couvrir ces \u0153uvres en personne ou en consultant leur vaste collection en ligne.<\/p><ul><li><strong>URL<\/strong>: <a href=\"https:\/\/www.metmuseum.org\" target=\"_new\" rel=\"noopener\">https:\/\/www.metmuseum.org<\/a><\/li><li><strong>Collection en ligne<\/strong>: <a target=\"_new\" rel=\"noopener\">Modigliani au Met<\/a><\/li><\/ul><h3><strong>2. Tate Modern, Londres<\/strong><\/h3><p>La Tate Modern a accueilli d'importantes expositions d'\u0153uvres de Modigliani, notamment ses c\u00e9l\u00e8bres portraits et nus. Le mus\u00e9e propose des visites physiques et des visites virtuelles sur son site web.<\/p><ul><li><strong>URL<\/strong>: <a href=\"https:\/\/www.tate.org.uk\" target=\"_new\" rel=\"noopener\">https:\/\/www.tate.org.uk<\/a><\/li><li><strong>Collection Modigliani<\/strong>: <a target=\"_new\" rel=\"noopener\">Modigliani \u00e0 la Tate Modern<\/a><\/li><\/ul><h3><strong>3. Mus\u00e9e d'Art Moderne de Paris<\/strong><\/h3><p>Situ\u00e9 dans la ville o\u00f9 Modigliani a pass\u00e9 une grande partie de sa carri\u00e8re, ce mus\u00e9e pr\u00e9sente souvent ses \u0153uvres aux c\u00f4t\u00e9s d'autres grands artistes modernistes.<\/p><ul><li><strong>URL<\/strong>: <a href=\"https:\/\/www.mam.paris.fr\" target=\"_new\" rel=\"noopener\">https:\/\/www.mam.paris.fr<\/a><\/li><\/ul><h3><strong>4. Mus\u00e9e Guggenheim, New York<\/strong><\/h3><p>Le Guggenheim poss\u00e8de quelques \u0153uvres de Modigliani et a pr\u00e9sent\u00e9 ses pi\u00e8ces dans diverses expositions.<\/p><ul><li><strong>URL<\/strong>: <a href=\"https:\/\/www.guggenheim.org\" target=\"_new\" rel=\"noopener\">https:\/\/www.guggenheim.org<\/a><\/li><\/ul><h3><strong>5. Google Arts &amp; Culture<\/strong><\/h3><p>Pour ceux qui ne peuvent pas se rendre sur place, <strong>Google Arts et Culture<\/strong> offre une exp\u00e9rience num\u00e9rique approfondie, avec de nombreuses \u0153uvres c\u00e9l\u00e8bres de Modigliani en haute r\u00e9solution. Il comprend \u00e9galement des visites virtuelles de mus\u00e9es et des descriptions d\u00e9taill\u00e9es de son art.<\/p><ul><li><strong>URL<\/strong>: <a href=\"https:\/\/artsandculture.google.com\" target=\"_new\" rel=\"noopener\">https:\/\/artsandculture.google.com<\/a><\/li><li><strong>Collection Modigliani<\/strong>: <a target=\"_new\" rel=\"noopener\">Amedeo Modigliani sur Google Arts &amp; Culture<\/a><\/li><\/ul><h3><strong>6. MoMA (Mus\u00e9e d'art moderne), New York<\/strong><\/h3><p>Le MoMA pr\u00e9sente une s\u00e9rie d'\u0153uvres de Modigliani, de ses premiers dessins \u00e0 ses c\u00e9l\u00e8bres peintures. Ses portraits embl\u00e9matiques font partie de sa collection.<\/p><ul><li><strong>URL<\/strong>: <a href=\"https:\/\/www.moma.org\" target=\"_new\" rel=\"noopener\">https:\/\/www.moma.org<\/a><\/li><li><strong>Modigliani au MoMA<\/strong>: <a target=\"_new\" rel=\"noopener\">Collection MoMA<\/a><\/li><\/ul><h3><strong>7. Mus\u00e9e de l'Orangerie, Paris<\/strong><\/h3><p>Connu pour son int\u00e9r\u00eat pour l'art moderne, ce mus\u00e9e a accueilli plusieurs expositions sur Modigliani, en particulier sur ses \u0153uvres des ann\u00e9es parisiennes.<\/p><ul><li><strong>URL<\/strong>: <a href=\"https:\/\/www.musee-orangerie.fr\" target=\"_new\" rel=\"noopener\">https:\/\/www.musee-orangerie.fr<\/a><\/li><\/ul><h3><strong>8. Maison de vente aux ench\u00e8res Christie's<\/strong><\/h3><p>Christie's a vendu aux ench\u00e8res plusieurs des \u0153uvres les plus c\u00e9l\u00e8bres de Modigliani, et ses archives fournissent des informations d\u00e9taill\u00e9es et des images en haute r\u00e9solution de ces pi\u00e8ces.<\/p><ul><li><strong>URL<\/strong>: <a href=\"https:\/\/www.christies.com\" target=\"_new\" rel=\"noopener\">https:\/\/www.christies.com<\/a><\/li><li><strong>Les points forts de la vente aux ench\u00e8res Modigliani<\/strong>: <a target=\"_new\" rel=\"noopener\">Modigliani chez Christie's<\/a><\/li><\/ul><h3><strong>9. Fondation Giacometti, Paris<\/strong><\/h3><p>Les <strong>Fondation Giacometti<\/strong> pr\u00e9sente souvent des expositions d'\u0153uvres de Modigliani, mettant en \u00e9vidence ses liens avec d'autres artistes parisiens tels que Giacometti.<\/p><ul><li><strong>URL<\/strong>: <a href=\"https:\/\/www.fondation-giacometti.fr\" target=\"_new\" rel=\"noopener\">https:\/\/www.fondation-giacometti.fr<\/a><\/li><\/ul><h3><strong>10. WikiArt<\/strong><\/h3><p>WikiArt est une excellente ressource pour une galerie compl\u00e8te et librement accessible des \u0153uvres de Modigliani.<\/p><ul><li><strong>URL<\/strong>: <a href=\"https:\/\/www.wikiart.org\" target=\"_new\" rel=\"noopener\">https:\/\/www.wikiart.org<\/a><\/li><li><strong>Modigliani sur WikiArt<\/strong>: <a target=\"_new\" rel=\"noopener\">Amedeo Modigliani sur WikiArt<\/a><\/li><\/ul>\t\t\t\t\t\t\t\t<\/div>\n\t\t\t\t<\/div>\n\t\t\t\t\t<\/div>\n\t\t\t\t<\/div>\n\t\t\t\t<\/div>","protected":false},"excerpt":{"rendered":"<p>The Enigmatic Journey of Amedeo Modigliani: A Tale of Passion and Art Early Life and Education Born on July 12, 1884, in the vibrant city of Livorno, Italy, Amedeo Modigliani&#8217;s artworks entered a world brimming with cultural art and rich traditions. Livorno, a melting pot of diverse communities, significantly shaped Modigliani&#8217;s early perspectives. The city&#8217;s[&#8230;]<\/p>","protected":false},"author":1,"featured_media":0,"parent":0,"menu_order":0,"comment_status":"closed","ping_status":"closed","template":"","meta":{"_acf_changed":false,"site-sidebar-layout":"no-sidebar","site-content-layout":"page-builder","ast-site-content-layout":"full-width-container","site-content-style":"default","site-sidebar-style":"default","ast-global-header-display":"","ast-banner-title-visibility":"","ast-main-header-display":"","ast-hfb-above-header-display":"","ast-hfb-below-header-display":"","ast-hfb-mobile-header-display":"","site-post-title":"disabled","ast-breadcrumbs-content":"","ast-featured-img":"disabled","footer-sml-layout":"","theme-transparent-header-meta":"","adv-header-id-meta":"","stick-header-meta":"","header-above-stick-meta":"","header-main-stick-meta":"","header-below-stick-meta":"","astra-migrate-meta-layouts":"set","ast-page-background-enabled":"default","ast-page-background-meta":{"desktop":{"background-color":"","background-image":"","background-repeat":"repeat","background-position":"center center","background-size":"auto","background-attachment":"scroll","background-type":"","background-media":"","overlay-type":"","overlay-color":"","overlay-opacity":"","overlay-gradient":""},"tablet":{"background-color":"","background-image":"","background-repeat":"repeat","background-position":"center center","background-size":"auto","background-attachment":"scroll","background-type":"","background-media":"","overlay-type":"","overlay-color":"","overlay-opacity":"","overlay-gradient":""},"mobile":{"background-color":"","background-image":"","background-repeat":"repeat","background-position":"center center","background-size":"auto","background-attachment":"scroll","background-type":"","background-media":"","overlay-type":"","overlay-color":"","overlay-opacity":"","overlay-gradient":""}},"ast-content-background-meta":{"desktop":{"background-color":"var(--ast-global-color-5)","background-image":"","background-repeat":"repeat","background-position":"center center","background-size":"auto","background-attachment":"scroll","background-type":"","background-media":"","overlay-type":"","overlay-color":"","overlay-opacity":"","overlay-gradient":""},"tablet":{"background-color":"var(--ast-global-color-5)","background-image":"","background-repeat":"repeat","background-position":"center center","background-size":"auto","background-attachment":"scroll","background-type":"","background-media":"","overlay-type":"","overlay-color":"","overlay-opacity":"","overlay-gradient":""},"mobile":{"background-color":"var(--ast-global-color-5)","background-image":"","background-repeat":"repeat","background-position":"center center","background-size":"auto","background-attachment":"scroll","background-type":"","background-media":"","overlay-type":"","overlay-color":"","overlay-opacity":"","overlay-gradient":""}},"footnotes":""},"class_list":["post-11657","page","type-page","status-publish","hentry"],"acf":[],"yoast_head":"<!-- This site is optimized with the Yoast SEO Premium plugin v24.1 (Yoast SEO v25.4) - https:\/\/yoast.com\/wordpress\/plugins\/seo\/ -->\n<title>Amedeo Modigliani | Elegant Modern Portraits (1884\u20131920)<\/title>\n<meta name=\"description\" content=\"Discover the elegant and elongated figures of Amedeo Modigliani, a Modern artist whose unique style flourished between 1884 and 1920.\" \/>\n<meta name=\"robots\" content=\"index, follow, max-snippet:-1, max-image-preview:large, max-video-preview:-1\" \/>\n<link rel=\"canonical\" href=\"https:\/\/www.exceptional.art\/fr\/amedeo-modigliani-moderne-18841920\/\" \/>\n<meta property=\"og:locale\" content=\"fr_FR\" \/>\n<meta property=\"og:type\" content=\"article\" \/>\n<meta property=\"og:title\" content=\"Amedeo Modigliani - Modern - 1884\u20131920\" \/>\n<meta property=\"og:description\" content=\"Discover the elegant and elongated figures of Amedeo Modigliani, a Modern artist whose unique style flourished between 1884 and 1920.\" \/>\n<meta property=\"og:url\" content=\"https:\/\/www.exceptional.art\/fr\/amedeo-modigliani-moderne-18841920\/\" \/>\n<meta property=\"og:site_name\" content=\"Humberto Poidomani Art - Decades of Sculptural and Paintings Mastery\" \/>\n<meta property=\"article:modified_time\" content=\"2024-09-17T23:49:20+00:00\" \/>\n<meta property=\"og:image\" content=\"https:\/\/www.exceptional.art\/wp-content\/uploads\/2024\/09\/1024px-Amedeo_Modigliani_in_his_studio-878x1024.jpg\" \/>\n<meta name=\"twitter:card\" content=\"summary_large_image\" \/>\n<meta name=\"twitter:label1\" content=\"Dur\u00e9e de lecture estim\u00e9e\" \/>\n\t<meta name=\"twitter:data1\" content=\"10 minutes\" \/>\n<script type=\"application\/ld+json\" class=\"yoast-schema-graph\">{\"@context\":\"https:\/\/schema.org\",\"@graph\":[{\"@type\":\"WebPage\",\"@id\":\"https:\/\/www.exceptional.art\/amedeo-modigliani-modern-18841920\/\",\"url\":\"https:\/\/www.exceptional.art\/amedeo-modigliani-modern-18841920\/\",\"name\":\"Amedeo Modigliani | Elegant Modern Portraits (1884\u20131920)\",\"isPartOf\":{\"@id\":\"https:\/\/www.exceptional.art\/#website\"},\"primaryImageOfPage\":{\"@id\":\"https:\/\/www.exceptional.art\/amedeo-modigliani-modern-18841920\/#primaryimage\"},\"image\":{\"@id\":\"https:\/\/www.exceptional.art\/amedeo-modigliani-modern-18841920\/#primaryimage\"},\"thumbnailUrl\":\"https:\/\/www.exceptional.art\/wp-content\/uploads\/2024\/09\/1024px-Amedeo_Modigliani_in_his_studio-878x1024.jpg\",\"datePublished\":\"2024-09-14T22:15:51+00:00\",\"dateModified\":\"2024-09-17T23:49:20+00:00\",\"description\":\"Discover the elegant and elongated figures of Amedeo Modigliani, a Modern artist whose unique style flourished between 1884 and 1920.\",\"breadcrumb\":{\"@id\":\"https:\/\/www.exceptional.art\/amedeo-modigliani-modern-18841920\/#breadcrumb\"},\"inLanguage\":\"fr-FR\",\"potentialAction\":[{\"@type\":\"ReadAction\",\"target\":[\"https:\/\/www.exceptional.art\/amedeo-modigliani-modern-18841920\/\"]}]},{\"@type\":\"ImageObject\",\"inLanguage\":\"fr-FR\",\"@id\":\"https:\/\/www.exceptional.art\/amedeo-modigliani-modern-18841920\/#primaryimage\",\"url\":\"https:\/\/www.exceptional.art\/wp-content\/uploads\/2024\/09\/1024px-Amedeo_Modigliani_in_his_studio-878x1024.jpg\",\"contentUrl\":\"https:\/\/www.exceptional.art\/wp-content\/uploads\/2024\/09\/1024px-Amedeo_Modigliani_in_his_studio-878x1024.jpg\"},{\"@type\":\"BreadcrumbList\",\"@id\":\"https:\/\/www.exceptional.art\/amedeo-modigliani-modern-18841920\/#breadcrumb\",\"itemListElement\":[{\"@type\":\"ListItem\",\"position\":1,\"name\":\"Home\",\"item\":\"https:\/\/www.exceptional.art\/\"},{\"@type\":\"ListItem\",\"position\":2,\"name\":\"Amedeo Modigliani &#8211; Modern &#8211; 1884\u20131920\"}]},{\"@type\":\"WebSite\",\"@id\":\"https:\/\/www.exceptional.art\/#website\",\"url\":\"https:\/\/www.exceptional.art\/\",\"name\":\"Humberto Poidomani Art - Decades of Sculptural and Paintings Mastery\",\"description\":\"An Artist&#039;s Journey Through Textures, Colors, and Societal Commentary\",\"publisher\":{\"@id\":\"https:\/\/www.exceptional.art\/#organization\"},\"potentialAction\":[{\"@type\":\"SearchAction\",\"target\":{\"@type\":\"EntryPoint\",\"urlTemplate\":\"https:\/\/www.exceptional.art\/?s={search_term_string}\"},\"query-input\":{\"@type\":\"PropertyValueSpecification\",\"valueRequired\":true,\"valueName\":\"search_term_string\"}}],\"inLanguage\":\"fr-FR\"},{\"@type\":\"Organization\",\"@id\":\"https:\/\/www.exceptional.art\/#organization\",\"name\":\"Humberto Poidomani Art - Decades of Sculptural and Paintings Mastery\",\"alternateName\":\"Humberto Poidomani Art\",\"url\":\"https:\/\/www.exceptional.art\/\",\"logo\":{\"@type\":\"ImageObject\",\"inLanguage\":\"fr-FR\",\"@id\":\"https:\/\/www.exceptional.art\/#\/schema\/logo\/image\/\",\"url\":\"https:\/\/www.exceptional.art\/wp-content\/uploads\/2024\/02\/cropped-Humberto-Poidomani-Signature-2-letters-red.webp\",\"contentUrl\":\"https:\/\/www.exceptional.art\/wp-content\/uploads\/2024\/02\/cropped-Humberto-Poidomani-Signature-2-letters-red.webp\",\"width\":511,\"height\":97,\"caption\":\"Humberto Poidomani Art - Decades of Sculptural and Paintings Mastery\"},\"image\":{\"@id\":\"https:\/\/www.exceptional.art\/#\/schema\/logo\/image\/\"},\"description\":\"Online Art Gallery\",\"email\":\"info@exceptional.art\",\"telephone\":\"\u202a(802) 234-8278\u202c\",\"legalName\":\"Exceptional Art\",\"foundingDate\":\"2024-06-16\",\"numberOfEmployees\":{\"@type\":\"QuantitativeValue\",\"minValue\":\"1\",\"maxValue\":\"10\"}}]}<\/script>\n<!-- \/ Yoast SEO Premium plugin. -->","yoast_head_json":{"title":"Amedeo Modigliani | Elegant Modern Portraits (1884\u20131920)","description":"Discover the elegant and elongated figures of Amedeo Modigliani, a Modern artist whose unique style flourished between 1884 and 1920.","robots":{"index":"index","follow":"follow","max-snippet":"max-snippet:-1","max-image-preview":"max-image-preview:large","max-video-preview":"max-video-preview:-1"},"canonical":"https:\/\/www.exceptional.art\/fr\/amedeo-modigliani-moderne-18841920\/","og_locale":"fr_FR","og_type":"article","og_title":"Amedeo Modigliani - Modern - 1884\u20131920","og_description":"Discover the elegant and elongated figures of Amedeo Modigliani, a Modern artist whose unique style flourished between 1884 and 1920.","og_url":"https:\/\/www.exceptional.art\/fr\/amedeo-modigliani-moderne-18841920\/","og_site_name":"Humberto Poidomani Art - Decades of Sculptural and Paintings Mastery","article_modified_time":"2024-09-17T23:49:20+00:00","og_image":[{"url":"https:\/\/www.exceptional.art\/wp-content\/uploads\/2024\/09\/1024px-Amedeo_Modigliani_in_his_studio-878x1024.jpg","type":"","width":"","height":""}],"twitter_card":"summary_large_image","twitter_misc":{"Dur\u00e9e de lecture estim\u00e9e":"10 minutes"},"schema":{"@context":"https:\/\/schema.org","@graph":[{"@type":"WebPage","@id":"https:\/\/www.exceptional.art\/amedeo-modigliani-modern-18841920\/","url":"https:\/\/www.exceptional.art\/amedeo-modigliani-modern-18841920\/","name":"Amedeo Modigliani | Elegant Modern Portraits (1884\u20131920)","isPartOf":{"@id":"https:\/\/www.exceptional.art\/#website"},"primaryImageOfPage":{"@id":"https:\/\/www.exceptional.art\/amedeo-modigliani-modern-18841920\/#primaryimage"},"image":{"@id":"https:\/\/www.exceptional.art\/amedeo-modigliani-modern-18841920\/#primaryimage"},"thumbnailUrl":"https:\/\/www.exceptional.art\/wp-content\/uploads\/2024\/09\/1024px-Amedeo_Modigliani_in_his_studio-878x1024.jpg","datePublished":"2024-09-14T22:15:51+00:00","dateModified":"2024-09-17T23:49:20+00:00","description":"Discover the elegant and elongated figures of Amedeo Modigliani, a Modern artist whose unique style flourished between 1884 and 1920.","breadcrumb":{"@id":"https:\/\/www.exceptional.art\/amedeo-modigliani-modern-18841920\/#breadcrumb"},"inLanguage":"fr-FR","potentialAction":[{"@type":"ReadAction","target":["https:\/\/www.exceptional.art\/amedeo-modigliani-modern-18841920\/"]}]},{"@type":"ImageObject","inLanguage":"fr-FR","@id":"https:\/\/www.exceptional.art\/amedeo-modigliani-modern-18841920\/#primaryimage","url":"https:\/\/www.exceptional.art\/wp-content\/uploads\/2024\/09\/1024px-Amedeo_Modigliani_in_his_studio-878x1024.jpg","contentUrl":"https:\/\/www.exceptional.art\/wp-content\/uploads\/2024\/09\/1024px-Amedeo_Modigliani_in_his_studio-878x1024.jpg"},{"@type":"BreadcrumbList","@id":"https:\/\/www.exceptional.art\/amedeo-modigliani-modern-18841920\/#breadcrumb","itemListElement":[{"@type":"ListItem","position":1,"name":"Home","item":"https:\/\/www.exceptional.art\/"},{"@type":"ListItem","position":2,"name":"Amedeo Modigliani &#8211; Modern &#8211; 1884\u20131920"}]},{"@type":"WebSite","@id":"https:\/\/www.exceptional.art\/#website","url":"https:\/\/www.exceptional.art\/","name":"Humberto Poidomani Art - Decades of Sculptural and Paintings Mastery","description":"An Artist&#039;s Journey Through Textures, Colors, and Societal Commentary","publisher":{"@id":"https:\/\/www.exceptional.art\/#organization"},"potentialAction":[{"@type":"SearchAction","target":{"@type":"EntryPoint","urlTemplate":"https:\/\/www.exceptional.art\/?s={search_term_string}"},"query-input":{"@type":"PropertyValueSpecification","valueRequired":true,"valueName":"search_term_string"}}],"inLanguage":"fr-FR"},{"@type":"Organization","@id":"https:\/\/www.exceptional.art\/#organization","name":"Humberto Poidomani Art - Decades of Sculptural and Paintings Mastery","alternateName":"Humberto Poidomani Art","url":"https:\/\/www.exceptional.art\/","logo":{"@type":"ImageObject","inLanguage":"fr-FR","@id":"https:\/\/www.exceptional.art\/#\/schema\/logo\/image\/","url":"https:\/\/www.exceptional.art\/wp-content\/uploads\/2024\/02\/cropped-Humberto-Poidomani-Signature-2-letters-red.webp","contentUrl":"https:\/\/www.exceptional.art\/wp-content\/uploads\/2024\/02\/cropped-Humberto-Poidomani-Signature-2-letters-red.webp","width":511,"height":97,"caption":"Humberto Poidomani Art - Decades of Sculptural and Paintings Mastery"},"image":{"@id":"https:\/\/www.exceptional.art\/#\/schema\/logo\/image\/"},"description":"Online Art Gallery","email":"info@exceptional.art","telephone":"\u202a(802) 234-8278\u202c","legalName":"Exceptional Art","foundingDate":"2024-06-16","numberOfEmployees":{"@type":"QuantitativeValue","minValue":"1","maxValue":"10"}}]}},"_links":{"self":[{"href":"https:\/\/www.exceptional.art\/fr\/wp-json\/wp\/v2\/pages\/11657","targetHints":{"allow":["GET"]}}],"collection":[{"href":"https:\/\/www.exceptional.art\/fr\/wp-json\/wp\/v2\/pages"}],"about":[{"href":"https:\/\/www.exceptional.art\/fr\/wp-json\/wp\/v2\/types\/page"}],"author":[{"embeddable":true,"href":"https:\/\/www.exceptional.art\/fr\/wp-json\/wp\/v2\/users\/1"}],"replies":[{"embeddable":true,"href":"https:\/\/www.exceptional.art\/fr\/wp-json\/wp\/v2\/comments?post=11657"}],"version-history":[{"count":31,"href":"https:\/\/www.exceptional.art\/fr\/wp-json\/wp\/v2\/pages\/11657\/revisions"}],"predecessor-version":[{"id":12237,"href":"https:\/\/www.exceptional.art\/fr\/wp-json\/wp\/v2\/pages\/11657\/revisions\/12237"}],"wp:attachment":[{"href":"https:\/\/www.exceptional.art\/fr\/wp-json\/wp\/v2\/media?parent=11657"}],"curies":[{"name":"wp","href":"https:\/\/api.w.org\/{rel}","templated":true}]}}