{"id":11668,"date":"2024-09-28T04:29:35","date_gmt":"2024-09-28T04:29:35","guid":{"rendered":"https:\/\/www.exceptional.art\/?page_id=11668"},"modified":"2024-12-18T18:54:42","modified_gmt":"2024-12-18T18:54:42","slug":"frida-kahlo-surrealismo-moderno-19071954","status":"publish","type":"page","link":"https:\/\/www.exceptional.art\/es\/frida-kahlo-surrealismo-moderno-19071954\/","title":{"rendered":"Frida Kahlo - Surrealismo -Moderno - 1907-1954"},"content":{"rendered":"<div data-elementor-type=\"wp-page\" data-elementor-id=\"11668\" class=\"elementor elementor-11668\" data-elementor-post-type=\"page\">\n\t\t\t\t<div class=\"elementor-element elementor-element-7d04ea6 e-flex e-con-boxed e-con e-parent\" data-id=\"7d04ea6\" data-element_type=\"container\" data-e-type=\"container\">\n\t\t\t\t\t<div class=\"e-con-inner\">\n\t\t\t\t<div class=\"elementor-element elementor-element-7ba87b1 elementor-widget elementor-widget-heading\" data-id=\"7ba87b1\" data-element_type=\"widget\" data-e-type=\"widget\" data-widget_type=\"heading.default\">\n\t\t\t\t<div class=\"elementor-widget-container\">\n\t\t\t\t\t<h2 class=\"elementor-heading-title elementor-size-default\">Introducci\u00f3n: El Legado Perdurable de Frida Kahlo con su Surrealismo Arte Moderno<\/h2>\t\t\t\t<\/div>\n\t\t\t\t<\/div>\n\t\t\t\t\t<\/div>\n\t\t\t\t<\/div>\n\t\t<div class=\"elementor-element elementor-element-a20ae15 e-flex e-con-boxed e-con e-parent\" data-id=\"a20ae15\" data-element_type=\"container\" data-e-type=\"container\">\n\t\t\t\t\t<div class=\"e-con-inner\">\n\t\t<div class=\"elementor-element elementor-element-e1a117f e-con-full e-flex e-con e-child\" data-id=\"e1a117f\" data-element_type=\"container\" data-e-type=\"container\">\n\t\t\t\t<div class=\"elementor-element elementor-element-16f60e9 elementor-widget elementor-widget-image\" data-id=\"16f60e9\" data-element_type=\"widget\" data-e-type=\"widget\" data-widget_type=\"image.default\">\n\t\t\t\t<div class=\"elementor-widget-container\">\n\t\t\t\t\t\t\t\t\t\t\t\t\t\t\t<img fetchpriority=\"high\" decoding=\"async\" width=\"1024\" height=\"683\" src=\"https:\/\/www.exceptional.art\/wp-content\/uploads\/2024\/09\/Frida-Kahlo-Museum-1024x683.jpeg\" class=\"attachment-large size-large wp-image-12538\" alt=\"Museo Frida Kahlo en Coyoac\u00e1n, M\u00e9xico\" srcset=\"https:\/\/www.exceptional.art\/wp-content\/uploads\/2024\/09\/Frida-Kahlo-Museum-1024x683.jpeg 1024w, https:\/\/www.exceptional.art\/wp-content\/uploads\/2024\/09\/Frida-Kahlo-Museum-300x200.jpeg 300w, https:\/\/www.exceptional.art\/wp-content\/uploads\/2024\/09\/Frida-Kahlo-Museum-768x512.jpeg 768w, https:\/\/www.exceptional.art\/wp-content\/uploads\/2024\/09\/Frida-Kahlo-Museum-1536x1024.jpeg 1536w, https:\/\/www.exceptional.art\/wp-content\/uploads\/2024\/09\/Frida-Kahlo-Museum-2048x1365.jpeg 2048w, https:\/\/www.exceptional.art\/wp-content\/uploads\/2024\/09\/Frida-Kahlo-Museum-18x12.jpeg 18w, https:\/\/www.exceptional.art\/wp-content\/uploads\/2024\/09\/Frida-Kahlo-Museum-500x333.jpeg 500w\" sizes=\"(max-width: 1024px) 100vw, 1024px\" \/>\t\t\t\t\t\t\t\t\t\t\t\t\t\t\t<\/div>\n\t\t\t\t<\/div>\n\t\t\t\t<\/div>\n\t\t<div class=\"elementor-element elementor-element-11c552a e-con-full e-flex e-con e-child\" data-id=\"11c552a\" data-element_type=\"container\" data-e-type=\"container\">\n\t\t\t\t<div class=\"elementor-element elementor-element-562affe elementor-widget elementor-widget-text-editor\" data-id=\"562affe\" data-element_type=\"widget\" data-e-type=\"widget\" data-widget_type=\"text-editor.default\">\n\t\t\t\t<div class=\"elementor-widget-container\">\n\t\t\t\t\t\t\t\t\t<p><span data-preserver-spaces=\"true\">El arte surrealista de Frida Kahlo es una de las figuras m\u00e1s reconocibles e influyentes de la modernidad. <\/span><strong>pintura<\/strong><span data-preserver-spaces=\"true\">La obra de Kahlo es una de las m\u00e1s bellas del mundo, no s\u00f3lo por la belleza visual de su trabajo, sino tambi\u00e9n por la profundidad emocional y la cruda vulnerabilidad de sus retratos. Nacida en 1907 en Coyoac\u00e1n, M\u00e9xico, la trayectoria vital de Kahlo estuvo marcada por un intenso dolor f\u00edsico y emocional, que ella transform\u00f3 en obras maestras que resuenan profundamente en los espectadores de todo el mundo. Su obra, caracterizada por colores vivos, un simbolismo audaz y una mezcla de tradici\u00f3n mexicana e influencias surrealistas, ha consolidado su lugar en la historia del arte mexicano. <\/span><span data-preserver-spaces=\"true\">el mundo de<\/span> <strong>arte cultural<\/strong> <span data-preserver-spaces=\"true\">y m\u00e1s all\u00e1.<\/span><\/p>\t\t\t\t\t\t\t\t<\/div>\n\t\t\t\t<\/div>\n\t\t\t\t<\/div>\n\t\t\t\t\t<\/div>\n\t\t\t\t<\/div>\n\t\t<div class=\"elementor-element elementor-element-8472e51 e-flex e-con-boxed e-con e-parent\" data-id=\"8472e51\" data-element_type=\"container\" data-e-type=\"container\">\n\t\t\t\t\t<div class=\"e-con-inner\">\n\t\t\t\t<div class=\"elementor-element elementor-element-488904f elementor-widget elementor-widget-text-editor\" data-id=\"488904f\" data-element_type=\"widget\" data-e-type=\"widget\" data-widget_type=\"text-editor.default\">\n\t\t\t\t<div class=\"elementor-widget-container\">\n\t\t\t\t\t\t\t\t\t<p><span data-preserver-spaces=\"true\">Desde sus autorretratos que exploran temas de identidad, dolor y <\/span><span data-preserver-spaces=\"true\">autorreflexi\u00f3n<\/span><span data-preserver-spaces=\"true\"> Frida Kahlo se convirti\u00f3 en una pionera del arte y el activismo gracias a sus obras profundamente pol\u00edticas sobre la cultura mexicana y las ideolog\u00edas feministas. Como icono feminista, desafi\u00f3 las normas sociales. Utiliz\u00f3 su obra\u00a0<\/span><span data-preserver-spaces=\"true\"><span style=\"box-sizing: border-box;\">para explorar su\u00a0<strong>expresi\u00f3n art\u00edstica,\u00a0<\/strong>enfoque<\/span>\u00a0sobre temas como el g\u00e9nero, la raza y la clase social, que siguen siendo tan relevantes hoy como lo fueron en su \u00e9poca.<\/span><\/p><p><span data-preserver-spaces=\"true\">La influencia de Kahlo se extiende mucho m\u00e1s all\u00e1 de los l\u00edmites del arte tradicional. <\/span><strong><span data-preserver-spaces=\"true\">pintura<\/span><\/strong><span data-preserver-spaces=\"true\">. Su estilo \u00fanico, a menudo calificado de surrealista, estaba profundamente arraigado en su realidad m\u00e1s que en sus sue\u00f1os, lo que permiti\u00f3 a su arte trascender los g\u00e9neros. Frida se convirti\u00f3 en la voz de los grupos marginados, desde las mujeres y los pueblos ind\u00edgenas hasta los que, como ella, luchaban contra enfermedades cr\u00f3nicas. El retrato sin complejos del sufrimiento y la resistencia de Kahlo, combinado con su compleja identidad de mujer bisexual, la situaron no s\u00f3lo como artista, sino como s\u00edmbolo de resistencia, rebeld\u00eda y fortaleza.<\/span><\/p><p><span data-preserver-spaces=\"true\">En este art\u00edculo exploraremos la vida y las luchas de Frida Kahlo, profundizando en los momentos clave que dieron forma a su evoluci\u00f3n art\u00edstica y al perdurable legado que dej\u00f3. Analizaremos sus primeros a\u00f1os, marcados por la enfermedad y el accidente que le cambi\u00f3 la vida y la encamin\u00f3 por una nueva senda art\u00edstica, as\u00ed como su tumultuosa relaci\u00f3n con su colega Diego Rivera. Tambi\u00e9n veremos c\u00f3mo sus obras, en su d\u00eda desestimadas principalmente por la cr\u00edtica de arte dominante, han llegado a definir el arte moderno. <\/span><strong>arte cultural <\/strong><span data-preserver-spaces=\"true\">y por qu\u00e9 su <\/span><strong>expresi\u00f3n art\u00edstica <\/strong><span data-preserver-spaces=\"true\">sigue resonando en el siglo XXI.<\/span><\/p><p><span data-preserver-spaces=\"true\">En nuestro viaje a trav\u00e9s de la vida y el arte de Kahlo, examinaremos c\u00f3mo su influencia persiste en el arte contempor\u00e1neo, inspirando movimientos que desaf\u00edan las normas y celebran la individualidad. Su legado perdura en galer\u00edas, museos y museos. <\/span><strong>arte en l\u00ednea<\/strong><span data-preserver-spaces=\"true\"> comunidades, <\/span><span data-preserver-spaces=\"true\">inspirador<\/span><span data-preserver-spaces=\"true\"> generaciones de artistas, activistas y admiradores. Frida Kahlo, a trav\u00e9s de su estilo inconfundible y su esp\u00edritu audaz, dej\u00f3 tras de s\u00ed una obra que no s\u00f3lo rompi\u00f3 las reglas del arte tradicional, sino que se convirti\u00f3 en un s\u00edmbolo del arte contempor\u00e1neo. <\/span><strong>pintura<\/strong><span data-preserver-spaces=\"true\"> pero tambi\u00e9n allan\u00f3 el camino para un futuro m\u00e1s inclusivo y emocionalmente honesto en <\/span><strong>expresi\u00f3n art\u00edstica<\/strong><span data-preserver-spaces=\"true\">.<\/span><\/p>\t\t\t\t\t\t\t\t<\/div>\n\t\t\t\t<\/div>\n\t\t\t\t\t<\/div>\n\t\t\t\t<\/div>\n\t\t<div class=\"elementor-element elementor-element-8de805f e-flex e-con-boxed e-con e-parent\" data-id=\"8de805f\" data-element_type=\"container\" data-e-type=\"container\">\n\t\t\t\t\t<div class=\"e-con-inner\">\n\t\t<div class=\"elementor-element elementor-element-6d9406e e-con-full e-flex e-con e-child\" data-id=\"6d9406e\" data-element_type=\"container\" data-e-type=\"container\">\n\t\t\t\t<div class=\"elementor-element elementor-element-c4f517c elementor-widget elementor-widget-image\" data-id=\"c4f517c\" data-element_type=\"widget\" data-e-type=\"widget\" data-widget_type=\"image.default\">\n\t\t\t\t<div class=\"elementor-widget-container\">\n\t\t\t\t\t\t\t\t\t\t\t\t\t\t\t<img decoding=\"async\" width=\"256\" height=\"384\" src=\"https:\/\/www.exceptional.art\/wp-content\/uploads\/2024\/09\/256px-Frida_Kahlo_by_Guillermo_Kahlo.jpg\" class=\"attachment-large size-large wp-image-12524\" alt=\"Retrato de Frida Kahlo por Guillermo Kahlo\" srcset=\"https:\/\/www.exceptional.art\/wp-content\/uploads\/2024\/09\/256px-Frida_Kahlo_by_Guillermo_Kahlo.jpg 256w, https:\/\/www.exceptional.art\/wp-content\/uploads\/2024\/09\/256px-Frida_Kahlo_by_Guillermo_Kahlo-200x300.jpg 200w, https:\/\/www.exceptional.art\/wp-content\/uploads\/2024\/09\/256px-Frida_Kahlo_by_Guillermo_Kahlo-8x12.jpg 8w\" sizes=\"(max-width: 256px) 100vw, 256px\" \/>\t\t\t\t\t\t\t\t\t\t\t\t\t\t\t<\/div>\n\t\t\t\t<\/div>\n\t\t\t\t<\/div>\n\t\t<div class=\"elementor-element elementor-element-b4d3c4a e-con-full e-flex e-con e-child\" data-id=\"b4d3c4a\" data-element_type=\"container\" data-e-type=\"container\">\n\t\t\t\t<div class=\"elementor-element elementor-element-8898f2f elementor-widget elementor-widget-text-editor\" data-id=\"8898f2f\" data-element_type=\"widget\" data-e-type=\"widget\" data-widget_type=\"text-editor.default\">\n\t\t\t\t<div class=\"elementor-widget-container\">\n\t\t\t\t\t\t\t\t\t<p><span data-preserver-spaces=\"true\">Frida Kahlo es una de las figuras m\u00e1s reconocibles e influyentes de la modernidad. <\/span><strong>pintura<\/strong><span data-preserver-spaces=\"true\">La obra de Kahlo es una de las m\u00e1s bellas del mundo, no s\u00f3lo por la belleza visual de su trabajo, sino tambi\u00e9n por la profundidad emocional y la cruda vulnerabilidad de sus retratos. Nacida en 1907 en Coyoac\u00e1n, M\u00e9xico, la trayectoria vital de Kahlo estuvo marcada por un intenso dolor f\u00edsico y emocional, que ella transform\u00f3 en obras maestras que resuenan profundamente en los espectadores de todo el mundo. Su obra, caracterizada por colores vivos, un simbolismo audaz y una mezcla de tradici\u00f3n mexicana e influencias surrealistas, ha consolidado su lugar en la historia del arte mexicano. <\/span><span data-preserver-spaces=\"true\">el mundo de<\/span> <strong>arte cultural<\/strong> <span data-preserver-spaces=\"true\">y m\u00e1s all\u00e1.<\/span><\/p><p><span data-preserver-spaces=\"true\">Desde sus autorretratos que exploran temas de identidad, dolor y <\/span><span data-preserver-spaces=\"true\">autorreflexi\u00f3n<\/span><span data-preserver-spaces=\"true\"> Frida Kahlo se convirti\u00f3 en una pionera del arte y el activismo gracias a sus obras profundamente pol\u00edticas sobre la cultura mexicana y las ideolog\u00edas feministas. Como icono feminista, desafi\u00f3 las normas sociales. Utiliz\u00f3 su obra\u00a0<\/span><span data-preserver-spaces=\"true\"><span style=\"box-sizing: border-box;\">para explorar su\u00a0<strong>expresi\u00f3n art\u00edstica,\u00a0<\/strong>enfoque<\/span>\u00a0sobre temas como el g\u00e9nero, la raza y la clase social, que siguen siendo tan relevantes hoy como lo fueron en su \u00e9poca.<\/span><\/p><p>\u00a0<\/p>\t\t\t\t\t\t\t\t<\/div>\n\t\t\t\t<\/div>\n\t\t\t\t<\/div>\n\t\t\t\t\t<\/div>\n\t\t\t\t<\/div>\n\t\t<div class=\"elementor-element elementor-element-c128a27 e-flex e-con-boxed e-con e-parent\" data-id=\"c128a27\" data-element_type=\"container\" data-e-type=\"container\">\n\t\t\t\t\t<div class=\"e-con-inner\">\n\t\t\t\t<div class=\"elementor-element elementor-element-ca4ac09 elementor-widget elementor-widget-text-editor\" data-id=\"ca4ac09\" data-element_type=\"widget\" data-e-type=\"widget\" data-widget_type=\"text-editor.default\">\n\t\t\t\t<div class=\"elementor-widget-container\">\n\t\t\t\t\t\t\t\t\t<p><span data-preserver-spaces=\"true\">La influencia de Kahlo se extiende mucho m\u00e1s all\u00e1 de los l\u00edmites del arte tradicional. <\/span><strong><span data-preserver-spaces=\"true\">pintura<\/span><\/strong><span data-preserver-spaces=\"true\">. Su estilo \u00fanico, a menudo calificado de surrealista, estaba profundamente arraigado en su realidad m\u00e1s que en sus sue\u00f1os, lo que permiti\u00f3 a su arte trascender los g\u00e9neros. Frida se convirti\u00f3 en la voz de los grupos marginados, desde las mujeres y los pueblos ind\u00edgenas hasta los que, como ella, luchaban contra enfermedades cr\u00f3nicas. El retrato sin complejos del sufrimiento y la resistencia de Kahlo, combinado con su compleja identidad de mujer bisexual, la situaron no s\u00f3lo como artista, sino como s\u00edmbolo de resistencia, rebeld\u00eda y fortaleza.<\/span><\/p><p><span data-preserver-spaces=\"true\">En este art\u00edculo exploraremos la vida y las luchas de Frida Kahlo, profundizando en los momentos clave que dieron forma a su evoluci\u00f3n art\u00edstica y al perdurable legado que dej\u00f3. Analizaremos sus primeros a\u00f1os, marcados por la enfermedad y el accidente que le cambi\u00f3 la vida y la encamin\u00f3 por una nueva senda art\u00edstica, as\u00ed como su tumultuosa relaci\u00f3n con su colega Diego Rivera. Tambi\u00e9n veremos c\u00f3mo sus obras, en su d\u00eda desestimadas principalmente por la cr\u00edtica de arte dominante, han llegado a definir el arte moderno. <\/span><strong>arte cultural <\/strong><span data-preserver-spaces=\"true\">y por qu\u00e9 su <\/span><strong>expresi\u00f3n art\u00edstica <\/strong><span data-preserver-spaces=\"true\">sigue resonando en el siglo XXI.<\/span><\/p><p><span data-preserver-spaces=\"true\">En nuestro viaje a trav\u00e9s de la vida y el arte de Kahlo, examinaremos c\u00f3mo su influencia persiste en el arte contempor\u00e1neo, inspirando movimientos que desaf\u00edan las normas y celebran la individualidad. Su legado perdura en galer\u00edas, museos y museos. <\/span><strong>arte en l\u00ednea<\/strong><span data-preserver-spaces=\"true\"> comunidades, <\/span><span data-preserver-spaces=\"true\">inspirador<\/span><span data-preserver-spaces=\"true\"> generaciones de artistas, activistas y admiradores. Frida Kahlo, a trav\u00e9s de su estilo inconfundible y su esp\u00edritu audaz, dej\u00f3 tras de s\u00ed una obra que no s\u00f3lo rompi\u00f3 las reglas del arte tradicional, sino que se convirti\u00f3 en un s\u00edmbolo del arte contempor\u00e1neo. <\/span><strong>pintura<\/strong><span data-preserver-spaces=\"true\"> pero tambi\u00e9n allan\u00f3 el camino para un futuro m\u00e1s inclusivo y emocionalmente honesto en <\/span><strong>expresi\u00f3n art\u00edstica<\/strong><span data-preserver-spaces=\"true\">.<\/span><\/p>\t\t\t\t\t\t\t\t<\/div>\n\t\t\t\t<\/div>\n\t\t\t\t\t<\/div>\n\t\t\t\t<\/div>\n\t\t<div class=\"elementor-element elementor-element-4d090d8 e-flex e-con-boxed e-con e-parent\" data-id=\"4d090d8\" data-element_type=\"container\" data-e-type=\"container\">\n\t\t\t\t\t<div class=\"e-con-inner\">\n\t\t\t\t<div class=\"elementor-element elementor-element-a216334 elementor-widget elementor-widget-heading\" data-id=\"a216334\" data-element_type=\"widget\" data-e-type=\"widget\" data-widget_type=\"heading.default\">\n\t\t\t\t<div class=\"elementor-widget-container\">\n\t\t\t\t\t<h2 class=\"elementor-heading-title elementor-size-default\">II.   Vida temprana en Coyoac\u00e1n, M\u00e9xico<\/h2>\t\t\t\t<\/div>\n\t\t\t\t<\/div>\n\t\t\t\t\t<\/div>\n\t\t\t\t<\/div>\n\t\t<div class=\"elementor-element elementor-element-36e8cc7 e-flex e-con-boxed e-con e-parent\" data-id=\"36e8cc7\" data-element_type=\"container\" data-e-type=\"container\">\n\t\t\t\t\t<div class=\"e-con-inner\">\n\t\t\t\t<div class=\"elementor-element elementor-element-1c48b58 elementor-widget elementor-widget-image\" data-id=\"1c48b58\" data-element_type=\"widget\" data-e-type=\"widget\" data-widget_type=\"image.default\">\n\t\t\t\t<div class=\"elementor-widget-container\">\n\t\t\t\t\t\t\t\t\t\t\t\t\t\t\t<img decoding=\"async\" width=\"1024\" height=\"585\" src=\"https:\/\/www.exceptional.art\/wp-content\/uploads\/2024\/09\/A-colonial-style-house-called-La-Casa-Azul-1024x585.webp\" class=\"attachment-large size-large wp-image-12529\" alt=\"La Casa Azul, de estilo colonial, con exterior azul cobalto y ventanas arqueadas\" srcset=\"https:\/\/www.exceptional.art\/wp-content\/uploads\/2024\/09\/A-colonial-style-house-called-La-Casa-Azul-1024x585.webp 1024w, https:\/\/www.exceptional.art\/wp-content\/uploads\/2024\/09\/A-colonial-style-house-called-La-Casa-Azul-300x171.webp 300w, https:\/\/www.exceptional.art\/wp-content\/uploads\/2024\/09\/A-colonial-style-house-called-La-Casa-Azul-768x439.webp 768w, https:\/\/www.exceptional.art\/wp-content\/uploads\/2024\/09\/A-colonial-style-house-called-La-Casa-Azul-1536x878.webp 1536w, https:\/\/www.exceptional.art\/wp-content\/uploads\/2024\/09\/A-colonial-style-house-called-La-Casa-Azul-18x10.webp 18w, https:\/\/www.exceptional.art\/wp-content\/uploads\/2024\/09\/A-colonial-style-house-called-La-Casa-Azul-500x286.webp 500w, https:\/\/www.exceptional.art\/wp-content\/uploads\/2024\/09\/A-colonial-style-house-called-La-Casa-Azul.webp 1792w\" sizes=\"(max-width: 1024px) 100vw, 1024px\" \/>\t\t\t\t\t\t\t\t\t\t\t\t\t\t\t<\/div>\n\t\t\t\t<\/div>\n\t\t\t\t\t<\/div>\n\t\t\t\t<\/div>\n\t\t<div class=\"elementor-element elementor-element-f173e23 e-flex e-con-boxed e-con e-parent\" data-id=\"f173e23\" data-element_type=\"container\" data-e-type=\"container\">\n\t\t\t\t\t<div class=\"e-con-inner\">\n\t\t\t\t<div class=\"elementor-element elementor-element-7bbaa4c elementor-widget elementor-widget-text-editor\" data-id=\"7bbaa4c\" data-element_type=\"widget\" data-e-type=\"widget\" data-widget_type=\"text-editor.default\">\n\t\t\t\t<div class=\"elementor-widget-container\">\n\t\t\t\t\t\t\t\t\t<p><span data-preserver-spaces=\"true\">Los primeros a\u00f1os de Frida Kahlo en Coyoac\u00e1n, M\u00e9xico, estuvieron llenos de una fusi\u00f3n de riqueza cultural, influencias familiares y luchas tempranas que dieron forma a la artista en la que se convertir\u00eda. Nacida como Magdalena Carmen Frida Kahlo y Calder\u00f3n el 6 de julio de 1907, la vida de Kahlo comenz\u00f3 en La Casa Azul, un edificio que m\u00e1s tarde se convertir\u00eda en un famoso museo en honor a su legado. Creci\u00f3 en Coyoac\u00e1n, una peque\u00f1a ciudad que se ha convertido en parte de la bulliciosa Ciudad de M\u00e9xico, rodeada de la cultura tradicional mexicana y de la v\u00edvida imaginer\u00eda que m\u00e1s tarde formar\u00eda parte integral de su obra. <\/span><strong><span data-preserver-spaces=\"true\">pintura<\/span><\/strong><span data-preserver-spaces=\"true\">. Sus primeras experiencias sentar\u00edan las bases de su trayectoria art\u00edstica, de su exploraci\u00f3n de los mundos del arte y la cultura. <\/span><strong><span data-preserver-spaces=\"true\">arte cultural<\/span><\/strong><span data-preserver-spaces=\"true\">y su profundo sentido de identidad y prop\u00f3sito.<\/span><\/p><h3><strong><span data-preserver-spaces=\"true\">Nacimiento y antecedentes familiares de Frida Kahlo<\/span><\/strong><\/h3><p><span data-preserver-spaces=\"true\">Frida naci\u00f3 en el seno de una familia de ascendencia mixta que influy\u00f3 mucho en su singular perspectiva del mundo. Su padre, Guillermo Kahlo, era un fot\u00f3grafo alem\u00e1n que emigr\u00f3 a M\u00e9xico. <\/span><span data-preserver-spaces=\"true\">influencias europeas que complementar\u00edan las tradiciones mexicanas de la madre de Frida, Matilde Calder\u00f3n y Gonz\u00e1lez. Matilde era una <\/span><span data-preserver-spaces=\"true\">mestiza<\/span><span data-preserver-spaces=\"true\">\u00a0de ascendencia espa\u00f1ola e ind\u00edgena<\/span><span data-preserver-spaces=\"true\">un linaje que<\/span><span data-preserver-spaces=\"true\"> m\u00e1s tarde inspirar\u00eda la obra de Frida, que explor\u00f3 los temas de la identidad, la raza y la herencia a trav\u00e9s de <\/span><strong><span data-preserver-spaces=\"true\">expresi\u00f3n art\u00edstica<\/span><\/strong><span data-preserver-spaces=\"true\">. Esta mezcla de culturas europea e ind\u00edgena desempe\u00f1\u00f3 un papel crucial en la visi\u00f3n que Frida ten\u00eda de la vida, ayudando a\u00a0<\/span><span data-preserver-spaces=\"true\"><span style=\"box-sizing: border-box;\">dar forma al car\u00e1cter profundamente personal y simb\u00f3lico de sus obras originales<\/span>.<\/span><\/p><p><span data-preserver-spaces=\"true\">Guillermo Kahlo fue una figura importante en la vida de Frida. Como fot\u00f3grafo, la introdujo en las artes visuales. <\/span><span data-preserver-spaces=\"true\">principios de<\/span><span data-preserver-spaces=\"true\">La exposici\u00f3n a los aspectos t\u00e9cnicos de la composici\u00f3n, la perspectiva y la iluminaci\u00f3n. Frida sol\u00eda acompa\u00f1ar a<\/span><span data-preserver-spaces=\"true\"> Su padre capt\u00f3 la belleza arquitect\u00f3nica y paisaj\u00edstica de M\u00e9xico, lo que profundiz\u00f3 su conexi\u00f3n con el patrimonio cultural y art\u00edstico de su pa\u00eds. En muchos sentidos, la fotograf\u00eda de Guillermo inspir\u00f3 la fascinaci\u00f3n que Frida sinti\u00f3 durante toda su vida por el autorretrato.\u00a0<\/span><span data-preserver-spaces=\"true\">narrativa visual a trav\u00e9s de <\/span><strong><span data-preserver-spaces=\"true\">pintura<\/span><\/strong><span data-preserver-spaces=\"true\">a menudo utiliz\u00e1ndose a s\u00ed misma como tema central. Su v\u00ednculo fue m\u00e1s all\u00e1 de la influencia art\u00edstica; Guillermo <\/span><span data-preserver-spaces=\"true\">apoy\u00f3 a Frida durante su enfermedad infantil, fomentando la resistencia que se convirti\u00f3 en un sello distintivo de su car\u00e1cter.<\/span><\/p><h3><strong><span data-preserver-spaces=\"true\">Una infancia marcada por la resiliencia<\/span><\/strong><\/h3><p><span data-preserver-spaces=\"true\">La infancia de Frida no fue nada f\u00e1cil. A los seis a\u00f1os contrajo la poliomielitis, una enfermedad que la postr\u00f3 en cama durante meses y le provoc\u00f3 una cojera permanente en la pierna derecha. Las limitaciones f\u00edsicas que padeci\u00f3 desde tan peque\u00f1a le inculcaron un profundo sentido de la determinaci\u00f3n y la independencia, que defini\u00f3 su vida.<\/span><span data-preserver-spaces=\"true\">\u00a0sus \u00faltimos a\u00f1os como artista y como persona. Durante este tiempo, su padre se convirti\u00f3 en su mejor aliado, anim\u00e1ndola a mantenerse fuerte y ayud\u00e1ndola a recuperar la movilidad mediante ejercicios y juegos.<\/span><\/p><p><span data-preserver-spaces=\"true\">A pesar de su enfermedad, Frida estaba decidida a llevar una vida activa. Se neg\u00f3 a que su enfermedad la confinara<\/span><span data-preserver-spaces=\"true\">y en<\/span><span data-preserver-spaces=\"true\"> En los primeros a\u00f1os de su adolescencia, se aficion\u00f3 al boxeo, la nataci\u00f3n y otras actividades f\u00edsicas t\u00edpicamente reservadas a los chicos. Estas an\u00e9cdotas de la infancia nos permiten vislumbrar el esp\u00edritu ardiente que m\u00e1s tarde definir\u00eda la identidad art\u00edstica de Frida. Ya de ni\u00f1a desafiaba las normas y expectativas de la sociedad, algo que m\u00e1s tarde se manifestar\u00eda en su arte. <\/span><strong><span data-preserver-spaces=\"true\">expresi\u00f3n creativa<\/span><\/strong><span data-preserver-spaces=\"true\"> ya que utiliz\u00f3 su obra para enfrentarse a cuestiones de g\u00e9nero, discapacidad e identidad.<\/span><\/p><h3><strong><span data-preserver-spaces=\"true\">Influencia de la cultura mexicana en su arte temprano<\/span><\/strong><\/h3><p><span data-preserver-spaces=\"true\">El mundo que rodeaba a Frida Kahlo estaba lleno de los vibrantes colores, tradiciones y rituales de la cultura mexicana. La Revoluci\u00f3n Mexicana, que comenz\u00f3 en 1910, cuando Frida ten\u00eda tres a\u00f1os, afect\u00f3 profundamente al paisaje cultural del pa\u00eds. El periodo posrevolucionario fue testigo de un renovado inter\u00e9s por <\/span><strong><span data-preserver-spaces=\"true\">arte cultural<\/span><\/strong><span data-preserver-spaces=\"true\">El renacimiento cultural de Frida, en particular en la reivindicaci\u00f3n de la identidad ind\u00edgena mexicana y el rechazo de las influencias coloniales europeas. A medida que Frida crec\u00eda, este renacimiento cultural <\/span><span data-preserver-spaces=\"true\">profundamente<\/span><span data-preserver-spaces=\"true\"> influir en ella <\/span><span data-preserver-spaces=\"true\">trabajo, llev\u00e1ndola a infundir su <\/span><strong><span data-preserver-spaces=\"true\">pintura<\/span><\/strong><span data-preserver-spaces=\"true\"> con s\u00edmbolos, colores y temas tradicionales mexicanos.<\/span><\/p><p><span data-preserver-spaces=\"true\">La conexi\u00f3n de Kahlo con la cultura mexicana tambi\u00e9n era evidente en su fascinaci\u00f3n por el arte y el folclore ind\u00edgenas. Su madre, Matilde, desempe\u00f1\u00f3 un papel importante en la transmisi\u00f3n de estas tradiciones, exponiendo a Frida a la vibrante herencia cultural de los pueblos ind\u00edgenas de M\u00e9xico. Desde temprana edad, Frida se sinti\u00f3 cautivada por la artesan\u00eda mexicana, la iconograf\u00eda religiosa y el uso simb\u00f3lico de la naturaleza. Estos elementos se convertir\u00edan m\u00e1s tarde en parte integrante de su <\/span><strong><span data-preserver-spaces=\"true\">expresi\u00f3n art\u00edstica<\/span><\/strong><span data-preserver-spaces=\"true\">En sus obras originales, Frida utiliz\u00f3 plantas, animales y s\u00edmbolos religiosos. La profunda conexi\u00f3n de Frida con sus ra\u00edces mexicanas la diferenciar\u00eda de otros artistas de su \u00e9poca, convirti\u00e9ndola en una voz \u00fanica en el mundo. <\/span><strong><span data-preserver-spaces=\"true\">arte cultural<\/span><\/strong><span data-preserver-spaces=\"true\">.<\/span><\/p><h3><strong><span data-preserver-spaces=\"true\">Inter\u00e9s temprano por la medicina<\/span><\/strong><span data-preserver-spaces=\"true\">\u00a0<\/span><\/h3><p><span data-preserver-spaces=\"true\">Antes de dedicarse a la pintura, Frida Kahlo so\u00f1aba con ser m\u00e9dico. Su temprana fascinaci\u00f3n por la ciencia y la medicina la llev\u00f3 a matricularse en la Escuela Nacional Preparatoria de Ciudad de M\u00e9xico, donde fue una de las 35 ni\u00f1as admitidas en la prestigiosa instituci\u00f3n. En la escuela, Frida destac\u00f3 en biolog\u00eda y anatom\u00eda, impulsada por el deseo de comprender el cuerpo humano, que ya hab\u00eda sido una fuente de dolor y limitaci\u00f3n. <\/span><span data-preserver-spaces=\"true\">debido a su enfermedad infantil.<\/span><\/p><p><span data-preserver-spaces=\"true\">Este temprano inter\u00e9s por la medicina se cruzar\u00eda m\u00e1s tarde con su arte, sobre todo despu\u00e9s del accidente de autob\u00fas que alter\u00f3 dr\u00e1sticamente su vida. Los conocimientos m\u00e9dicos que adquiri\u00f3 <\/span><span data-preserver-spaces=\"true\">en la Escuela Nacional Preparatoria le ayudar\u00eda a representar el cuerpo humano con un inigualable nivel de detalle y profundidad emocional en sus cuadros. Su inter\u00e9s por la anatom\u00eda, combinado con su experiencia personal de dolor y sufrimiento, le dio una perspectiva \u00fanica que m\u00e1s tarde definir\u00eda su obra. <\/span><strong><span data-preserver-spaces=\"true\">expresi\u00f3n art\u00edstica<\/span><\/strong><span data-preserver-spaces=\"true\"> en obras como \"La columna rota\", donde retrata v\u00edvidamente su agon\u00eda f\u00edsica.<\/span><\/p><p><span data-preserver-spaces=\"true\">Aunque Frida acab\u00f3 abandonando su sue\u00f1o de ser m\u00e9dico, su pasi\u00f3n por la medicina nunca la abandon\u00f3. Se convirti\u00f3 en un tema recurrente en su <\/span><strong><span data-preserver-spaces=\"true\">pinturas<\/span><\/strong><span data-preserver-spaces=\"true\">Utiliz\u00f3 sus conocimientos sobre el cuerpo humano para crear representaciones inquietantes y viscerales del dolor, la enfermedad y la recuperaci\u00f3n. Esta mezcla personal y cient\u00edfica hace que la obra de Frida sea tan poderosa; sus cuadros son representaciones visuales y paisajes emocionales que exploran la compleja relaci\u00f3n entre el cuerpo y la mente, el sufrimiento y la curaci\u00f3n.<\/span><\/p><h3><strong><span data-preserver-spaces=\"true\">La influencia de la pol\u00edtica y la cultura mexicanas en los primeros a\u00f1os de Frida<\/span><\/strong><span data-preserver-spaces=\"true\">\u00a0<\/span><\/h3><p><span data-preserver-spaces=\"true\">La adolescencia de Frida Kahlo coincidi\u00f3 con <\/span><span data-preserver-spaces=\"true\">intenso cambio pol\u00edtico en M\u00e9xico. Las secuelas de la Revoluci\u00f3n Mexicana trajeron consigo un auge del orgullo nacional y un inter\u00e9s por reconstruir una identidad cultural unificada. Esta \u00e9poca, conocida como el Renacimiento Mexicano, fue testigo del renacimiento de la cultura mexicana. <\/span><strong><span data-preserver-spaces=\"true\">arte cultural<\/span><\/strong><span data-preserver-spaces=\"true\">con artistas, intelectuales y pol\u00edticos <\/span><span data-preserver-spaces=\"true\">que pretenden celebrar la herencia ind\u00edgena de M\u00e9xico y oponerse a las influencias coloniales europeas.<\/span><\/p><p><span data-preserver-spaces=\"true\">Este cambio cultural influy\u00f3 profundamente en el desarrollo personal y art\u00edstico de Frida. Su contacto con los movimientos pol\u00edticos y sociales de la \u00e9poca le infundi\u00f3 un fuerte sentimiento de orgullo nacional y el deseo de contribuir al resurgimiento cultural de M\u00e9xico. En la Escuela Nacional Preparatoria se relacion\u00f3 con un grupo de estudiantes pol\u00edticamente activos, Los Cachuchas, que compart\u00edan sus ideales izquierdistas y su pasi\u00f3n por la identidad mexicana. A trav\u00e9s de este grupo, Frida conoci\u00f3 a Diego Rivera, el famoso muralista que m\u00e1s tarde se convertir\u00eda en su marido e influir\u00eda profundamente en su vida y su carrera.<\/span><\/p><p><span data-preserver-spaces=\"true\">Ya en sus primeros a\u00f1os, el arte de Frida reflejaba su profunda conexi\u00f3n con la pol\u00edtica y la cultura mexicanas. Con frecuencia incorporaba s\u00edmbolos e im\u00e1genes ind\u00edgenas a su obra, utilizando <\/span><strong><span data-preserver-spaces=\"true\">expresi\u00f3n art\u00edstica<\/span><\/strong><span data-preserver-spaces=\"true\"> para explorar temas de identidad, revoluci\u00f3n y justicia social. A medida que crec\u00eda, sus creencias pol\u00edticas se hicieron a\u00fan m\u00e1s prominentes en su arte. Sin embargo<\/span><span data-preserver-spaces=\"true\">\u00a0Las semillas de su esp\u00edritu revolucionario se sembraron durante estos a\u00f1os de formaci\u00f3n en el M\u00e9xico posrevolucionario.<\/span><\/p><h3><strong><span data-preserver-spaces=\"true\">Primeros experimentos e inspiraciones art\u00edsticas<\/span><\/strong><\/h3><p><span data-preserver-spaces=\"true\">Aunque Frida Kahlo es m\u00e1s conocida por su <\/span><strong><span data-preserver-spaces=\"true\">pinturas<\/span><\/strong><span data-preserver-spaces=\"true\">sus primeros experimentos art\u00edsticos <\/span><span data-preserver-spaces=\"true\">variada. <\/span><span data-preserver-spaces=\"true\">En<\/span><span data-preserver-spaces=\"true\"> la Escuela Nacional Preparatoria, conoci\u00f3 por primera vez <\/span><strong><span data-preserver-spaces=\"true\">arte del ensamblaje<\/span><\/strong> <span data-preserver-spaces=\"true\">gracias a su amistad con compa\u00f1eros de estudios que la animaron a explorar distintos medios. Hizo de todo, desde dibujo hasta fotograf\u00eda. Sin embargo, fue en sus \u00faltimos a\u00f1os, despu\u00e9s del accidente, cuando se tom\u00f3 en serio la pintura.<\/span><\/p><p><span data-preserver-spaces=\"true\">En estos primeros a\u00f1os, sin embargo, Frida se sinti\u00f3 profundamente inspirada por la obra de Diego Rivera, a quien admiraba por sus murales a gran escala y su compromiso con las causas sociales y pol\u00edticas mexicanas. El inter\u00e9s de Rivera por representar las luchas del pueblo mexicano en su obra tendr\u00eda un impacto duradero en el enfoque art\u00edstico de Frida. Aunque sus primeros experimentos fueron en gran medida informales y exploratorios, sentaron las bases para el desarrollo de su arte. <\/span><span data-preserver-spaces=\"true\">desarrollando<\/span><span data-preserver-spaces=\"true\"> su estilo distintivo, que m\u00e1s tarde mezclar\u00eda lo personal con lo <\/span><span data-preserver-spaces=\"true\">pol\u00edtica<\/span><span data-preserver-spaces=\"true\">\u00a0y lo tradicional con lo moderno.<\/span><\/p><p><span data-preserver-spaces=\"true\">Las primeras influencias art\u00edsticas de Frida tambi\u00e9n inclu\u00edan el arte popular mexicano, la iconograf\u00eda religiosa y las tradiciones artesanales ind\u00edgenas, que se convertir\u00edan en rasgos destacados de su obra posterior. Ya de joven empezaba a experimentar con la combinaci\u00f3n de estos elementos a su manera. Esta intr\u00e9pida aproximaci\u00f3n a <\/span><strong><span data-preserver-spaces=\"true\">expresi\u00f3n art\u00edstica<\/span><\/strong><span data-preserver-spaces=\"true\"> acabar\u00eda convirtiendo a Frida Kahlo en una de las artistas m\u00e1s c\u00e9lebres e influyentes del siglo XX.<\/span><\/p>\t\t\t\t\t\t\t\t<\/div>\n\t\t\t\t<\/div>\n\t\t\t\t\t<\/div>\n\t\t\t\t<\/div>\n\t\t<div class=\"elementor-element elementor-element-c86b107 e-flex e-con-boxed e-con e-parent\" data-id=\"c86b107\" data-element_type=\"container\" data-e-type=\"container\">\n\t\t\t\t\t<div class=\"e-con-inner\">\n\t\t\t\t<div class=\"elementor-element elementor-element-bd3c80b elementor-widget elementor-widget-image\" data-id=\"bd3c80b\" data-element_type=\"widget\" data-e-type=\"widget\" data-widget_type=\"image.default\">\n\t\t\t\t<div class=\"elementor-widget-container\">\n\t\t\t\t\t\t\t\t\t\t\t\t\t\t\t<img loading=\"lazy\" decoding=\"async\" width=\"1024\" height=\"585\" src=\"https:\/\/www.exceptional.art\/wp-content\/uploads\/2024\/09\/Mexico-during-the-Mexican-Revolution-1024x585.webp\" class=\"attachment-large size-large wp-image-12530\" alt=\"Escena representativa de M\u00e9xico durante la Revoluci\u00f3n y el Renacimiento mexicanos\" srcset=\"https:\/\/www.exceptional.art\/wp-content\/uploads\/2024\/09\/Mexico-during-the-Mexican-Revolution-1024x585.webp 1024w, https:\/\/www.exceptional.art\/wp-content\/uploads\/2024\/09\/Mexico-during-the-Mexican-Revolution-300x171.webp 300w, https:\/\/www.exceptional.art\/wp-content\/uploads\/2024\/09\/Mexico-during-the-Mexican-Revolution-768x439.webp 768w, https:\/\/www.exceptional.art\/wp-content\/uploads\/2024\/09\/Mexico-during-the-Mexican-Revolution-1536x878.webp 1536w, https:\/\/www.exceptional.art\/wp-content\/uploads\/2024\/09\/Mexico-during-the-Mexican-Revolution-18x10.webp 18w, https:\/\/www.exceptional.art\/wp-content\/uploads\/2024\/09\/Mexico-during-the-Mexican-Revolution-500x286.webp 500w, https:\/\/www.exceptional.art\/wp-content\/uploads\/2024\/09\/Mexico-during-the-Mexican-Revolution.webp 1792w\" sizes=\"(max-width: 1024px) 100vw, 1024px\" \/>\t\t\t\t\t\t\t\t\t\t\t\t\t\t\t<\/div>\n\t\t\t\t<\/div>\n\t\t\t\t\t<\/div>\n\t\t\t\t<\/div>\n\t\t<div class=\"elementor-element elementor-element-c0ed60c e-flex e-con-boxed e-con e-parent\" data-id=\"c0ed60c\" data-element_type=\"container\" data-e-type=\"container\">\n\t\t\t\t\t<div class=\"e-con-inner\">\n\t\t\t\t<div class=\"elementor-element elementor-element-bb5b849 elementor-widget elementor-widget-heading\" data-id=\"bb5b849\" data-element_type=\"widget\" data-e-type=\"widget\" data-widget_type=\"heading.default\">\n\t\t\t\t<div class=\"elementor-widget-container\">\n\t\t\t\t\t<h2 class=\"elementor-heading-title elementor-size-default\">III. El accidente mortal<\/h2>\t\t\t\t<\/div>\n\t\t\t\t<\/div>\n\t\t\t\t\t<\/div>\n\t\t\t\t<\/div>\n\t\t<div class=\"elementor-element elementor-element-3e3cc36 e-flex e-con-boxed e-con e-parent\" data-id=\"3e3cc36\" data-element_type=\"container\" data-e-type=\"container\">\n\t\t\t\t\t<div class=\"e-con-inner\">\n\t\t\t\t<div class=\"elementor-element elementor-element-612cf2a elementor-widget elementor-widget-heading\" data-id=\"612cf2a\" data-element_type=\"widget\" data-e-type=\"widget\" data-widget_type=\"heading.default\">\n\t\t\t\t<div class=\"elementor-widget-container\">\n\t\t\t\t\t<h3 class=\"elementor-heading-title elementor-size-default\">El accidente de autob\u00fas de 1925: Un momento decisivo en la vida de Frida Kahlo <\/h3>\t\t\t\t<\/div>\n\t\t\t\t<\/div>\n\t\t\t\t\t<\/div>\n\t\t\t\t<\/div>\n\t\t<div class=\"elementor-element elementor-element-5aeb800 e-flex e-con-boxed e-con e-parent\" data-id=\"5aeb800\" data-element_type=\"container\" data-e-type=\"container\">\n\t\t\t\t\t<div class=\"e-con-inner\">\n\t\t\t\t<div class=\"elementor-element elementor-element-6f52694 elementor-widget elementor-widget-text-editor\" data-id=\"6f52694\" data-element_type=\"widget\" data-e-type=\"widget\" data-widget_type=\"text-editor.default\">\n\t\t\t\t<div class=\"elementor-widget-container\">\n\t\t\t\t\t\t\t\t\t<p><span data-preserver-spaces=\"true\">En septiembre de 1925, a los 18 a\u00f1os, la vida de Frida Kahlo cambi\u00f3 para siempre. Volv\u00eda a casa de la escuela con su novio, Alejandro G\u00f3mez Arias (<a href=\"https:\/\/www.youtube.com\/watch?v=eETDtc8fDQE\" target=\"_blank\" rel=\"noopener\">V\u00eddeo en YouTube<\/a>), cuando el autob\u00fas de madera en el que viajaban choc\u00f3 con un tranv\u00eda. El impacto fue devastador. Varios pasajeros murieron y Frida fue una de las supervivientes m\u00e1s gravemente heridas. Un pasamanos met\u00e1lico le atraves\u00f3 el abdomen y le fractur\u00f3 la columna vertebral, la pelvis, la clav\u00edcula y las costillas. Su pierna derecha se rompi\u00f3 por varios sitios y su pie qued\u00f3 aplastado. Este accidente marc\u00f3 el comienzo de una vida de dolor y complicaciones m\u00e9dicas para Frida, dej\u00e1ndola postrada en cama durante meses y someti\u00e9ndola a m\u00e1s de 30 operaciones a lo largo de su vida.<\/span><\/p><p><span data-preserver-spaces=\"true\">El trauma f\u00edsico fue inmenso, pero las secuelas emocionales fueron igualmente graves. En los d\u00edas siguientes al accidente, los m\u00e9dicos no sab\u00edan si Frida sobrevivir\u00eda. Sus padres, en especial Guillermo, su padre, la apoyaron durante las primeras fases de la recuperaci\u00f3n, pero el largo camino que le quedaba por recorrer parec\u00eda incierto. Frida pas\u00f3 meses con todo el cuerpo escayolado, inmovilizada y aislada de la vida que una vez conoci\u00f3. Este periodo de su vida estar\u00eda marcado por una lucha constante entre el dolor f\u00edsico y el deseo de vivir plenamente, que se convirti\u00f3 en un tema recurrente en su obra. <\/span><strong><span data-preserver-spaces=\"true\">pintura<\/span><\/strong> <span data-preserver-spaces=\"true\">y visi\u00f3n art\u00edstica.<\/span><\/p><h3><strong><span data-preserver-spaces=\"true\">El coste de los tratamientos m\u00e9dicos y la recuperaci\u00f3n<\/span><\/strong><\/h3><p><span data-preserver-spaces=\"true\">La recuperaci\u00f3n de Frida fue larga y agotadora. Al principio, sus lesiones se trataron con una serie de dolorosos procedimientos m\u00e9dicos, incluidos ajustes de la columna vertebral y la aplicaci\u00f3n de una escayola para estabilizar los huesos fracturados. Confinada a su cama, Frida experiment\u00f3 un inmenso dolor f\u00edsico, agravado por la tensi\u00f3n emocional de su repentino aislamiento. La joven, antes activa y que aspiraba a ser m\u00e9dico, estaba ahora postrada en cama, incapaz de llevar la vida que hab\u00eda planeado para s\u00ed misma.<\/span><\/p><p><span data-preserver-spaces=\"true\">El accidente tambi\u00e9n le dej\u00f3 secuelas, como dolor cr\u00f3nico, da\u00f1os en la columna vertebral y complicaciones en su aparato reproductor, que m\u00e1s tarde le provocar\u00edan varios abortos. A pesar del sufrimiento, este periodo de recuperaci\u00f3n tambi\u00e9n se convirti\u00f3 en el crisol en el que Frida Kahlo dar\u00eda forma a su arte. Incapaz de moverse con libertad, empez\u00f3 a canalizar sus frustraciones, su dolor y su autoexploraci\u00f3n en sus obras. <\/span><strong><span data-preserver-spaces=\"true\">obra original<\/span><\/strong><span data-preserver-spaces=\"true\">que marca el inicio de su trayectoria como pintora.<\/span><\/p><p><span data-preserver-spaces=\"true\">La madre de Frida, Matilde, instal\u00f3 un caballete especial junto a su cama, que le permit\u00eda pintar tumbada. Su padre le regal\u00f3 pinturas y pinceles, anim\u00e1ndola a utilizar el arte como terapia. Frida pint\u00f3 sus primeros autorretratos mientras se miraba en un espejo sobre la cama. Estos autorretratos se convertir\u00edan en la base de sus <\/span><strong><span data-preserver-spaces=\"true\">arte expresivo<\/span><\/strong><span data-preserver-spaces=\"true\">en la que explora temas como la identidad, el sufrimiento y la autorreflexi\u00f3n.<\/span><\/p><h3><strong><span data-preserver-spaces=\"true\">La pintura como terapia: El nacimiento de una pasi\u00f3n<\/span><\/strong><\/h3><p><span data-preserver-spaces=\"true\">Durante su larga recuperaci\u00f3n, Frida empez\u00f3 a pintar con un nuevo prop\u00f3sito. Lo que antes hab\u00eda sido un pasatiempo se convirti\u00f3 en un salvavidas, una forma de procesar su trauma y expresar sus pensamientos m\u00e1s \u00edntimos. Sus primeros autorretratos, como \"Autorretrato con vestido de terciopelo\" (1926), muestran a una mujer joven que lucha contra su dolor f\u00edsico y emocional, pero que a la vez rebosa fuerza y rebeld\u00eda. Estas primeras obras sentaron las bases del caracter\u00edstico estilo expresivo de Frida, que combina experiencias personales con un poderoso simbolismo visual.<\/span><\/p><p><span data-preserver-spaces=\"true\">Los primeros cuadros de Frida estaban muy influidos por los estilos cl\u00e1sicos europeos que admiraba, como el retrato renacentista. Sin embargo, su obra pronto empez\u00f3 a adquirir un tono m\u00e1s personal y simb\u00f3lico, reflejando su singular perspectiva de la vida, el dolor y la experiencia humana. Una vez dijo: \"Me pinto a m\u00ed misma porque a menudo estoy sola y porque soy el tema que mejor conozco\". Sus autorretratos se convirtieron en una forma de autoexploraci\u00f3n y autorrepresentaci\u00f3n que le permit\u00eda reivindicar su identidad frente a las abrumadoras limitaciones f\u00edsicas.<\/span><\/p><p><span data-preserver-spaces=\"true\">Como su pasi\u00f3n por <\/span><strong><span data-preserver-spaces=\"true\">pintura<\/span><\/strong><span data-preserver-spaces=\"true\"> A medida que crec\u00eda, Frida pas\u00f3 de ver el arte como una salida terap\u00e9utica a reconocerlo como la vocaci\u00f3n de su vida. Con el tiempo, su obra evolucion\u00f3 e incorpor\u00f3 elementos de <\/span><strong><span data-preserver-spaces=\"true\">arte abstracto<\/span><\/strong><span data-preserver-spaces=\"true\">El arte mexicano, el surrealismo y las tradiciones populares mexicanas la convirtieron en una de las voces m\u00e1s singulares del arte del siglo XX.<\/span><\/p><h3><strong><span data-preserver-spaces=\"true\">Influencia del surrealismo y autorreflexi\u00f3n<\/span><\/strong><\/h3><p><span data-preserver-spaces=\"true\">Aunque a menudo se asocia a Frida Kahlo con el movimiento surrealista, ella rechaz\u00f3 la etiqueta. \"Nunca pint\u00e9 sue\u00f1os\", dijo una vez. \"He pintado mi realidad\". Sin embargo, su obra comparte muchas similitudes con el surrealismo, sobre todo en el uso de im\u00e1genes fant\u00e1sticas, colores vivos y composiciones on\u00edricas. Sus cuadros suelen desdibujar los l\u00edmites entre realidad e imaginaci\u00f3n, mezclando experiencias personales con elementos mitol\u00f3gicos y simb\u00f3licos.<\/span><\/p><p><span data-preserver-spaces=\"true\">Uno de los aspectos cr\u00edticos del arte de Kahlo es su capacidad para retratar complejos estados emocionales y psicol\u00f3gicos a trav\u00e9s de im\u00e1genes simb\u00f3licas. En obras como \"La columna rota\" (1944), representa su dolor f\u00edsico represent\u00e1ndose a s\u00ed misma con una columna rota hecha de piedra, rodeada de un paisaje yermo. En otro cuadro, \"Henry Ford Hospital\" (1932), transmite el trauma de su aborto espont\u00e1neo yuxtaponiendo su cuerpo a elementos surrealistas y simb\u00f3licos como un feto, una orqu\u00eddea y un caracol. Estas obras ejemplifican su capacidad para convertir el sufrimiento personal en una profunda expresi\u00f3n art\u00edstica.<\/span><\/p><p><span data-preserver-spaces=\"true\">El uso que Kahlo hace de <\/span><strong><span data-preserver-spaces=\"true\">arte abstracto <\/span><\/strong><span data-preserver-spaces=\"true\">le permiti\u00f3 explorar profundas verdades emocionales que el realismo tradicional no pod\u00eda transmitir. Su obra a menudo desaf\u00eda la categorizaci\u00f3n, mezclando surrealismo, arte popular mexicano y simbolismo personal para crear su lenguaje visual. Este enfoque \u00fanico la diferenci\u00f3 de otros artistas de su \u00e9poca, convirti\u00e9ndola en una pionera en el mundo del arte. <\/span><strong><span data-preserver-spaces=\"true\">obra original<\/span><\/strong><span data-preserver-spaces=\"true\"> y <\/span><strong><span data-preserver-spaces=\"true\">arte expresivo<\/span><\/strong><span data-preserver-spaces=\"true\">.<\/span><\/p>\t\t\t\t\t\t\t\t<\/div>\n\t\t\t\t<\/div>\n\t\t\t\t\t<\/div>\n\t\t\t\t<\/div>\n\t\t<div class=\"elementor-element elementor-element-1a98fd1 e-flex e-con-boxed e-con e-parent\" data-id=\"1a98fd1\" data-element_type=\"container\" data-e-type=\"container\">\n\t\t\t\t\t<div class=\"e-con-inner\">\n\t\t\t\t<div class=\"elementor-element elementor-element-83ac2c9 elementor-widget elementor-widget-heading\" data-id=\"83ac2c9\" data-element_type=\"widget\" data-e-type=\"widget\" data-widget_type=\"heading.default\">\n\t\t\t\t<div class=\"elementor-widget-container\">\n\t\t\t\t\t<h2 class=\"elementor-heading-title elementor-size-default\">IV. La relaci\u00f3n con Diego Rivera<\/h2>\t\t\t\t<\/div>\n\t\t\t\t<\/div>\n\t\t\t\t\t<\/div>\n\t\t\t\t<\/div>\n\t\t<div class=\"elementor-element elementor-element-1f9f87d e-flex e-con-boxed e-con e-parent\" data-id=\"1f9f87d\" data-element_type=\"container\" data-e-type=\"container\">\n\t\t\t\t\t<div class=\"e-con-inner\">\n\t\t\t\t<div class=\"elementor-element elementor-element-b03d628 elementor-widget elementor-widget-text-editor\" data-id=\"b03d628\" data-element_type=\"widget\" data-e-type=\"widget\" data-widget_type=\"text-editor.default\">\n\t\t\t\t<div class=\"elementor-widget-container\">\n\t\t\t\t\t\t\t\t\t<h3><strong><span data-preserver-spaces=\"true\">El encuentro con Diego Rivera: Un punto de inflexi\u00f3n en la vida y el arte de Frida<\/span><\/strong><span data-preserver-spaces=\"true\">\u00a0<\/span><\/h3><p><span data-preserver-spaces=\"true\">En 1929, pocos a\u00f1os despu\u00e9s de su accidente, Frida Kahlo conoci\u00f3 a Diego Rivera, figura cumbre del arte mexicano y l\u00edder del movimiento muralista. Rivera ya era un artista consagrado, conocido por sus murales a gran escala que representaban las luchas de la clase trabajadora mexicana. La primera vez que Frida se acerc\u00f3 a \u00e9l, busc\u00f3 su opini\u00f3n sobre su obra, esperando la validaci\u00f3n de alguien a quien admiraba profundamente. Rivera, cautivado por su talento y su visi\u00f3n \u00fanica, la anim\u00f3 a seguir pintando y expres\u00f3 su admiraci\u00f3n por su obra.<\/span><\/p><p><span data-preserver-spaces=\"true\">Ambos entablaron r\u00e1pidamente una relaci\u00f3n sentimental y, a pesar de su gran diferencia de edad (Rivera era 21 a\u00f1os mayor que Kahlo), se casaron en 1929. Su uni\u00f3n fue todo menos convencional. Ambos eran ferozmente independientes y apasionados, y su relaci\u00f3n estuvo marcada por el amor, la infidelidad y la admiraci\u00f3n mutua. Para Frida, Diego se convirti\u00f3 no s\u00f3lo en amante y compa\u00f1ero, sino tambi\u00e9n en fuente de inspiraci\u00f3n. Su confianza en sus capacidades le infundi\u00f3 el valor necesario para abrazar su identidad de artista y perseguir sus objetivos. <\/span><strong><span data-preserver-spaces=\"true\">pintura <\/span><\/strong><span data-preserver-spaces=\"true\">con una nueva determinaci\u00f3n.<\/span><\/p><h3><strong><span data-preserver-spaces=\"true\">El impacto del activismo pol\u00edtico de Diego Rivera<\/span><\/strong><\/h3><p><span data-preserver-spaces=\"true\">Diego Rivera no era s\u00f3lo un artista, sino tambi\u00e9n un comprometido activista pol\u00edtico. Su participaci\u00f3n en el Partido Comunista Mexicano y sus estrechos v\u00ednculos con l\u00edderes revolucionarios como Le\u00f3n Trotsky influyeron en las creencias pol\u00edticas de Frida y, en \u00faltima instancia, en su arte. Los murales de Rivera representaban a menudo las luchas de la clase trabajadora, y su compromiso con la justicia social cal\u00f3 hondo en Frida. Inspirada por el ejemplo de Diego, comenz\u00f3 a infundir mensajes pol\u00edticos en su arte, creando obras que abordaban cuestiones de clase, raza y g\u00e9nero.<\/span><\/p><p><span data-preserver-spaces=\"true\">El activismo pol\u00edtico de Frida tambi\u00e9n se extendi\u00f3 m\u00e1s all\u00e1 de su arte. Se afili\u00f3 al Partido Comunista y se convirti\u00f3 en una firme defensora de los derechos de los trabajadores, los derechos de los ind\u00edgenas y las causas feministas. Su <\/span><strong><span data-preserver-spaces=\"true\">comentario social arte <\/span><\/strong><span data-preserver-spaces=\"true\">reflejaba estas creencias, a menudo retratando las injusticias a las que se enfrentan los grupos marginados en M\u00e9xico y en todo el mundo. Para Frida, el arte era un medio de autoexpresi\u00f3n y una herramienta para el cambio pol\u00edtico.<\/span><\/p><h3><strong><span data-preserver-spaces=\"true\">Desaf\u00edos en su relaci\u00f3n: Amor, infidelidad y arte<\/span><\/strong><\/h3><p><span data-preserver-spaces=\"true\">La relaci\u00f3n entre Frida y Diego fue tan tumultuosa como apasionada. Ambos eran conocidos por su temperamento fogoso y su compleja vida amorosa. Aunque se amaban y admiraban profundamente, su matrimonio estuvo plagado de infidelidades por ambas partes. Las numerosas aventuras de Diego, incluida una con Cristina, la hermana peque\u00f1a de Frida, afectaron seriamente a su relaci\u00f3n. Frida tambi\u00e9n mantuvo relaciones extramatrimoniales, incluso rom\u00e1nticas, tanto con hombres como con mujeres.<\/span><\/p><p><span data-preserver-spaces=\"true\">A pesar de estas dificultades, la pareja sigui\u00f3 unida. Se separaron en 1939 y volvieron a casarse un a\u00f1o despu\u00e9s. Frida canaliz\u00f3 su dolor emocional en su arte a lo largo de su relaci\u00f3n, creando algunas de sus obras m\u00e1s famosas y profundamente personales durante los momentos de mayor confusi\u00f3n. Una de ellas es \"Las dos Fridas\" (1939), que representa dos versiones de la artista sentadas una al lado de la otra, cogidas de la mano. Una de ellas lleva un traje tradicional de tehuana, que representa su identidad mexicana. En cambio, la otra lleva un vestido de estilo europeo, que simboliza el dolor emocional que sufri\u00f3 durante su separaci\u00f3n de Rivera. Este cuadro ejemplifica su capacidad para traducir sus luchas en <\/span><strong><span data-preserver-spaces=\"true\">obra original<\/span><\/strong><span data-preserver-spaces=\"true\">.<\/span><\/p><p><span data-preserver-spaces=\"true\">Para Frida, el dolor de su relaci\u00f3n con Diego no estaba separado de su obra; era parte integrante de ella. Su <\/span><strong><span data-preserver-spaces=\"true\">arte expresivo <\/span><\/strong><span data-preserver-spaces=\"true\">a menudo reflejaban los altibajos emocionales de su matrimonio, haciendo de sus cuadros algunas de las obras de arte m\u00e1s \u00edntimas y reveladoras de la historia moderna.<\/span><\/p>\t\t\t\t\t\t\t\t<\/div>\n\t\t\t\t<\/div>\n\t\t\t\t\t<\/div>\n\t\t\t\t<\/div>\n\t\t<div class=\"elementor-element elementor-element-b15c91c e-flex e-con-boxed e-con e-parent\" data-id=\"b15c91c\" data-element_type=\"container\" data-e-type=\"container\">\n\t\t\t\t\t<div class=\"e-con-inner\">\n\t\t<div class=\"elementor-element elementor-element-f15cd4a e-con-full e-flex e-con e-child\" data-id=\"f15cd4a\" data-element_type=\"container\" data-e-type=\"container\">\n\t\t\t\t<div class=\"elementor-element elementor-element-3a7b961 elementor-widget elementor-widget-image\" data-id=\"3a7b961\" data-element_type=\"widget\" data-e-type=\"widget\" data-widget_type=\"image.default\">\n\t\t\t\t<div class=\"elementor-widget-container\">\n\t\t\t\t\t\t\t\t\t\t\t\t\t\t\t<img loading=\"lazy\" decoding=\"async\" width=\"736\" height=\"1024\" src=\"https:\/\/www.exceptional.art\/wp-content\/uploads\/2024\/09\/Diego_Rivera_-_Google_Art_Project_cropped.jpg\" class=\"attachment-large size-large wp-image-12531\" alt=\"Retrato del muralista mexicano Diego Rivera\" srcset=\"https:\/\/www.exceptional.art\/wp-content\/uploads\/2024\/09\/Diego_Rivera_-_Google_Art_Project_cropped.jpg 736w, https:\/\/www.exceptional.art\/wp-content\/uploads\/2024\/09\/Diego_Rivera_-_Google_Art_Project_cropped-216x300.jpg 216w, https:\/\/www.exceptional.art\/wp-content\/uploads\/2024\/09\/Diego_Rivera_-_Google_Art_Project_cropped-9x12.jpg 9w, https:\/\/www.exceptional.art\/wp-content\/uploads\/2024\/09\/Diego_Rivera_-_Google_Art_Project_cropped-500x696.jpg 500w\" sizes=\"(max-width: 736px) 100vw, 736px\" \/>\t\t\t\t\t\t\t\t\t\t\t\t\t\t\t<\/div>\n\t\t\t\t<\/div>\n\t\t\t\t<\/div>\n\t\t<div class=\"elementor-element elementor-element-5673ae2 e-con-full e-flex e-con e-child\" data-id=\"5673ae2\" data-element_type=\"container\" data-e-type=\"container\">\n\t\t\t\t<div class=\"elementor-element elementor-element-278a2a6 elementor-widget elementor-widget-text-editor\" data-id=\"278a2a6\" data-element_type=\"widget\" data-e-type=\"widget\" data-widget_type=\"text-editor.default\">\n\t\t\t\t<div class=\"elementor-widget-container\">\n\t\t\t\t\t\t\t\t\t<p><strong>Diego Rivera<\/strong>Nacido el 8 de diciembre de 1886 en Guanajuato, M\u00e9xico, se convirti\u00f3 en uno de los artistas m\u00e1s influyentes del siglo XX.<\/p><p>Con s\u00f3lo diez a\u00f1os empez\u00f3 a estudiar arte en la Academia de San Carlos de Ciudad de M\u00e9xico. La temprana exposici\u00f3n de Rivera a los movimientos art\u00edsticos europeos durante sus estudios en Espa\u00f1a y Francia molde\u00f3 significativamente su estilo, en el que se mezclaban el cubismo, el postimpresionismo y las tradiciones populares mexicanas.<\/p><p><br \/>En la d\u00e9cada de 1920, Rivera regres\u00f3 a M\u00e9xico, donde se dedic\u00f3 plenamente al muralismo. Su creencia en el uso del arte como herramienta para la educaci\u00f3n y el cambio social era inquebrantable, y cre\u00f3 murales a gran escala que representaban la historia y la cultura mexicanas y las luchas de su pueblo. Estos murales, a menudo dedicados a temas como la revoluci\u00f3n, la industrializaci\u00f3n y los derechos de los trabajadores, se convirtieron en una poderosa voz de la sociedad mexicana. El vivo uso del color y las figuras monumentales de Rivera, inspiradas en el arte precolombino y en las t\u00e9cnicas del fresco del Renacimiento italiano, captaron el esp\u00edritu de la era posrevolucionaria de M\u00e9xico.<\/p><p><br \/>La carrera de Rivera se extendi\u00f3 m\u00e1s all\u00e1 de M\u00e9xico. Pint\u00f3 murales en Estados Unidos, incluidas obras notables en el Instituto de Arte de Detroit y el pol\u00e9mico mural del Rockefeller Center de Nueva York, que fue destruido por su representaci\u00f3n de Lenin. Sus ideas abiertamente comunistas y su vida personal, incluido su tumultuoso matrimonio con la tambi\u00e9n artista Frida Kahlo, tambi\u00e9n atrajeron una gran atenci\u00f3n.<\/p><p><br \/>Diego Rivera dej\u00f3 una huella indeleble en el arte moderno, mezclando pol\u00edtica, historia y cultura ind\u00edgena en poderosas obras de arte p\u00fablico. Su legado, testimonio de su compromiso con el cambio social, inspira a generaciones de artistas y activistas de todo el mundo mucho despu\u00e9s de su fallecimiento el 24 de noviembre de 1957.<\/p>\t\t\t\t\t\t\t\t<\/div>\n\t\t\t\t<\/div>\n\t\t\t\t<\/div>\n\t\t\t\t\t<\/div>\n\t\t\t\t<\/div>\n\t\t<div class=\"elementor-element elementor-element-43caea7 e-flex e-con-boxed e-con e-parent\" data-id=\"43caea7\" data-element_type=\"container\" data-e-type=\"container\">\n\t\t\t\t\t<div class=\"e-con-inner\">\n\t\t\t\t\t<\/div>\n\t\t\t\t<\/div>\n\t\t<div class=\"elementor-element elementor-element-f54a2f2 e-flex e-con-boxed e-con e-parent\" data-id=\"f54a2f2\" data-element_type=\"container\" data-e-type=\"container\">\n\t\t\t\t\t<div class=\"e-con-inner\">\n\t\t\t\t<div class=\"elementor-element elementor-element-41a2971 elementor-widget elementor-widget-heading\" data-id=\"41a2971\" data-element_type=\"widget\" data-e-type=\"widget\" data-widget_type=\"heading.default\">\n\t\t\t\t<div class=\"elementor-widget-container\">\n\t\t\t\t\t<h2 class=\"elementor-heading-title elementor-size-default\">V. Evoluci\u00f3n y avances art\u00edsticos<\/h2>\t\t\t\t<\/div>\n\t\t\t\t<\/div>\n\t\t\t\t\t<\/div>\n\t\t\t\t<\/div>\n\t\t<div class=\"elementor-element elementor-element-5c9c0dd e-flex e-con-boxed e-con e-parent\" data-id=\"5c9c0dd\" data-element_type=\"container\" data-e-type=\"container\">\n\t\t\t\t\t<div class=\"e-con-inner\">\n\t\t\t\t<div class=\"elementor-element elementor-element-c03aea8 elementor-widget elementor-widget-text-editor\" data-id=\"c03aea8\" data-element_type=\"widget\" data-e-type=\"widget\" data-widget_type=\"text-editor.default\">\n\t\t\t\t<div class=\"elementor-widget-container\">\n\t\t\t\t\t\t\t\t\t<p><span data-preserver-spaces=\"true\">La trayectoria art\u00edstica de Frida Kahlo evolucion\u00f3 constantemente, marcada por la exploraci\u00f3n personal y los avances que la propulsaron a la fama internacional. Su obra, profundamente entrelazada con su identidad, comenz\u00f3 como autorretratos \u00edntimos, pero se convirti\u00f3 en poderosas declaraciones sobre cuestiones sociales m\u00e1s amplias, como la identidad nacional, el g\u00e9nero y el dolor. Con el tiempo, la mezcla \u00fanica de Kahlo de <\/span><strong><span data-preserver-spaces=\"true\">arte cultural,<\/span><\/strong><span data-preserver-spaces=\"true\">\u00a0simbolismo personal y los elementos surrealistas la situaron a la vanguardia de la modernidad. <\/span><strong><span data-preserver-spaces=\"true\">expresi\u00f3n art\u00edstica<\/span><\/strong><span data-preserver-spaces=\"true\">y se ha convertido en la voz de los marginados y oprimidos. A trav\u00e9s de <\/span><span data-preserver-spaces=\"true\">explorando<\/span><span data-preserver-spaces=\"true\"> Kahlo se convirti\u00f3 en una pionera del siglo XX gracias a su identidad, sus temas ind\u00edgenas mexicanos y sus innovadores m\u00e9todos art\u00edsticos. <\/span><strong><span data-preserver-spaces=\"true\">pintura<\/span><\/strong><span data-preserver-spaces=\"true\">.<\/span><\/p><h3><strong><span data-preserver-spaces=\"true\">Exploraci\u00f3n de la identidad propia en el arte<\/span><\/strong><span data-preserver-spaces=\"true\">\u00a0<\/span><\/h3><p><span data-preserver-spaces=\"true\">La obra de Frida Kahlo es inseparable de la historia de su vida. Desde sus primeras pinturas, utiliz\u00f3 el arte como medio para explorar y comunicar su identidad. Este enfoque en el autorretrato, combinado con el dolor f\u00edsico y emocional que padeci\u00f3, cre\u00f3 una obra profundamente reflexiva que trascendi\u00f3 el g\u00e9nero del retrato para hablar de temas universales como el sufrimiento, la resistencia y la identidad.<\/span><\/p><p><span data-preserver-spaces=\"true\">Los autorretratos de Kahlo, como <\/span><strong><span data-preserver-spaces=\"true\">\"Autorretrato con collar de espinas y colibr\u00ed\"<\/span><\/strong><span data-preserver-spaces=\"true\"> (1940), se encuentran entre sus obras m\u00e1s ic\u00f3nicas. En este cuadro, Frida se presenta con un collar de espinas clav\u00e1ndose en su cuello, extrayendo sangre. Un colibr\u00ed cuelga del collar mientras un gato negro acecha sobre su hombro. El cuadro es rico en simbolismo: las espinas representan la corona de sufrimiento de Cristo, mientras que el colibr\u00ed -s\u00edmbolo del amor- aparece sin vida. El contraste entre su expresi\u00f3n serena y la violencia que la rodea evoca el tema de la resistencia estoica, reflejo de su vida.<\/span><\/p><p><span data-preserver-spaces=\"true\">Otra obra cr\u00edtica es <\/span><strong><span data-preserver-spaces=\"true\">\"Las dos Fridas\"<\/span><\/strong><span data-preserver-spaces=\"true\"> (1939), que retrata dos versiones de la artista sentadas una al lado de la otra. Una Frida lleva un vestido blanco de estilo europeo, con el coraz\u00f3n expuesto y sangrando. Al mismo tiempo, la otra Frida lleva un vestido tradicional de Tehuana y sostiene un retrato en miniatura de Diego Rivera. Este cuadro fue creado durante la separaci\u00f3n de Kahlo de Rivera y expresa su lucha interna entre el dolor emocional causado por la separaci\u00f3n y su s\u00f3lida identidad mexicana. A trav\u00e9s de estas obras, Kahlo utiliza <\/span><strong><span data-preserver-spaces=\"true\">arte expresivo <\/span><\/strong><span data-preserver-spaces=\"true\">para retratar emociones complejas, tendiendo puentes entre la experiencia personal y los temas universales del sufrimiento y la resistencia.<\/span><\/p><p><span data-preserver-spaces=\"true\">Quiz\u00e1 el ejemplo m\u00e1s llamativo de la exploraci\u00f3n de la identidad propia de Kahlo sea <\/span><strong><span data-preserver-spaces=\"true\">\"La columna rota\"<\/span><\/strong><span data-preserver-spaces=\"true\"> (1944), que retrata a la artista con la columna vertebral fracturada, sujeta por una serie de clavos. El \u00e1rido paisaje que la rodea, combinado con su expresi\u00f3n de angustia, pone de relieve el dolor f\u00edsico y emocional que padeci\u00f3 a lo largo de su vida. El cuadro es una poderosa met\u00e1fora de las numerosas cicatrices f\u00edsicas y psicol\u00f3gicas que Kahlo arrastraba. En esta obra, como en muchas otras, Frida convirti\u00f3 su sufrimiento en un comentario m\u00e1s amplio sobre el dolor y la resistencia humanos, estableciendo su lugar en el mundo del arte. <\/span><strong><span data-preserver-spaces=\"true\">obra original<\/span><\/strong><span data-preserver-spaces=\"true\"> (<\/span><em><span data-preserver-spaces=\"true\">palabra clave: obra original; utilice la etiqueta <em>.<\/span><\/em><span data-preserver-spaces=\"true\">) que trasciende lo personal y habla de verdades universales.<\/span><\/p><h3><strong><span data-preserver-spaces=\"true\">Mezcla de temas modernos e ind\u00edgenas<\/span><\/strong><\/h3><p><span data-preserver-spaces=\"true\">Uno de los aspectos m\u00e1s definitorios de la obra de Frida Kahlo es su integraci\u00f3n de temas mexicanos modernos e ind\u00edgenas. Sus cuadros est\u00e1n llenos de s\u00edmbolos del rico patrimonio cultural de M\u00e9xico, como el arte precolombino, las tradiciones populares mexicanas y la imaginer\u00eda religiosa cat\u00f3lica. La habilidad \u00fanica de Kahlo para fusionar estos elementos ind\u00edgenas con la est\u00e9tica moderna, a menudo surrealista, hizo que su obra destacara. Le dio una voz propia que reson\u00f3 en el p\u00fablico mexicano e internacional.<\/span><\/p><p><span data-preserver-spaces=\"true\">En muchos de sus autorretratos, Kahlo viste ropas tradicionales mexicanas, en particular el vestido de tehuana, que se convirti\u00f3 en un s\u00edmbolo de su identidad mexicana y de su fuerza feminista. Esto es especialmente evidente en <\/span><strong><span data-preserver-spaces=\"true\">\"Las dos Fridas\".<\/span><\/strong><span data-preserver-spaces=\"true\"> donde la Frida vestida de tehuana representa su conexi\u00f3n con sus ra\u00edces ind\u00edgenas. En cambio, la Frida vestida de europea representa la influencia del colonialismo y los ideales occidentales. Esta mezcla de modernidad y tradici\u00f3n se convirti\u00f3 en un sello distintivo de su obra y situ\u00f3 a Kahlo como figura cr\u00edtica en el M\u00e9xico posrevolucionario. <\/span><strong><span data-preserver-spaces=\"true\">arte cultural<\/span><\/strong><span data-preserver-spaces=\"true\"> movimiento<\/span><span data-preserver-spaces=\"true\">.<\/span><\/p><p><span data-preserver-spaces=\"true\">La fascinaci\u00f3n de Kahlo por la mitolog\u00eda mexicana y el arte popular tambi\u00e9n desempe\u00f1\u00f3 un papel importante en su obra. Con frecuencia incorpor\u00f3 elementos de <\/span><strong><span data-preserver-spaces=\"true\">simbolismo precolombino<\/span><\/strong><span data-preserver-spaces=\"true\">El uso de esqueletos, calaveras y animales refleja tanto la celebraci\u00f3n mexicana de la vida y la muerte como la preocupaci\u00f3n de Kahlo por la mortalidad. Su pintura <\/span><strong><span data-preserver-spaces=\"true\">\"Chica con m\u00e1scara de muerte\"<\/span><\/strong><span data-preserver-spaces=\"true\"> (1938), que representa a una joven con una m\u00e1scara tradicional del D\u00eda de los Muertos, rodeada de un paisaje inquietante y desolado. El cuadro habla de la intersecci\u00f3n entre inocencia y muerte, un tema recurrente en el arte de Kahlo.<\/span><\/p><p><span data-preserver-spaces=\"true\">El uso que Frida hac\u00eda del simbolismo y los motivos tradicionales mexicanos confer\u00eda a su obra una cualidad atemporal. Combinando t\u00e9cnicas art\u00edsticas modernas con temas ind\u00edgenas, cre\u00f3 un arte profundamente arraigado en la cultura mexicana que, sin embargo, hablaba de experiencias humanas universales. Esta fusi\u00f3n de tradici\u00f3n e innovaci\u00f3n se convirti\u00f3 en una caracter\u00edstica definitoria de su obra. <\/span><strong><span data-preserver-spaces=\"true\">pintura<\/span><\/strong><span data-preserver-spaces=\"true\">y le ayud\u00f3 a alcanzar el reconocimiento nacional e internacional como artista pionera.<\/span><\/p><h3><strong><span data-preserver-spaces=\"true\">T\u00e9cnicas y m\u00e9todos art\u00edsticos<\/span><\/strong><\/h3><p><span data-preserver-spaces=\"true\">Las t\u00e9cnicas art\u00edsticas de Frida Kahlo eran tan innovadoras como personales. Aunque trabajaba principalmente<\/span><span data-preserver-spaces=\"true\"> en \u00f3leo sobre lienzo, experiment\u00f3 con diversas formas de arte mixto<\/span><span data-preserver-spaces=\"true\">En sus cuadros incorpora materiales y texturas poco convencionales. Esto dio a sus obras una profundidad y riqueza \u00fanicas, m\u00e1s all\u00e1 del retrato tradicional.<\/span><\/p><p><span data-preserver-spaces=\"true\">Uno de los aspectos m\u00e1s significativos de la t\u00e9cnica de Kahlo fue su uso de <\/span><strong><span data-preserver-spaces=\"true\">simbolismo<\/span><\/strong><span data-preserver-spaces=\"true\">. Casi todos los elementos de sus cuadros tienen un significado profundo, ya sea una planta, un animal o una prenda de vestir. Estos s\u00edmbolos representaban a menudo aspectos de su vida, como su amor por Diego Rivera, su dolor f\u00edsico o su conexi\u00f3n con la cultura mexicana. Por ejemplo, en <\/span><strong><span data-preserver-spaces=\"true\">\"Autorretrato con monos<\/span><span data-preserver-spaces=\"true\">&#8220;<\/span><\/strong><span data-preserver-spaces=\"true\"> (1943), los monos que la rodean no son meramente decorativos, sino que representan su apoyo emocional durante el aislamiento. Al impregnar sus obras de simbolismo personal y cultural, Kahlo elev\u00f3 su <\/span><strong><span data-preserver-spaces=\"true\">obra original <\/span><\/strong><span data-preserver-spaces=\"true\">a una forma de narraci\u00f3n que trasciende el lienzo.<\/span><\/p><p><span data-preserver-spaces=\"true\">Otra t\u00e9cnica fundamental en la obra de Frida era el uso de la textura para crear profundidad y emoci\u00f3n. En <\/span><strong><span data-preserver-spaces=\"true\">\"La columna rota,<\/span><span data-preserver-spaces=\"true\">&#8220;<\/span><\/strong><span data-preserver-spaces=\"true\"> Por ejemplo, la textura \u00e1spera de su columna vertebral fracturada y la suavidad de su piel crean un marcado contraste que subraya la tensi\u00f3n entre su dolor f\u00edsico y su compostura exterior. Kahlo tambi\u00e9n utilizaba colores vibrantes y llamativos inspirados en el arte popular mexicano para evocar fuertes respuestas emocionales en sus espectadores. Su habilidad para manipular el color y la textura hac\u00eda que sus cuadros fueran visualmente impactantes. Al mismo tiempo, su uso de <\/span><strong><span data-preserver-spaces=\"true\">arte multimedia<\/span><\/strong><span data-preserver-spaces=\"true\"> le permiti\u00f3 romper con las formas tradicionales y experimentar con t\u00e9cnicas nuevas e innovadoras.<\/span><\/p><h3><strong><span data-preserver-spaces=\"true\">Reconocimiento internacional y exposiciones<\/span><\/strong><\/h3><p><span data-preserver-spaces=\"true\">El ascenso de Frida Kahlo a la fama internacional comenz\u00f3 a finales de la d\u00e9cada de 1930, cuando llam\u00f3 la atenci\u00f3n de las escenas art\u00edsticas estadounidense y europea. En 1938 expuso por primera vez en solitario en la Julien Levy Gallery de Nueva York, donde su obra fue elogiada por su fuerza emocional y su mezcla \u00fanica de colores. <\/span><strong><span data-preserver-spaces=\"true\">surrealismo<\/span><\/strong><span data-preserver-spaces=\"true\"> y mexicana <\/span><strong><span data-preserver-spaces=\"true\">arte cultural<\/span><\/strong><span data-preserver-spaces=\"true\">. La exposici\u00f3n supuso un punto de inflexi\u00f3n en la carrera de Kahlo y marc\u00f3 el inicio de su reconocimiento internacional como figura destacada del arte moderno.<\/span><\/p><p><span data-preserver-spaces=\"true\">Tras el \u00e9xito de su exposici\u00f3n en Nueva York, Kahlo fue invitada a exponer en Par\u00eds en 1939, donde particip\u00f3 en la exposici\u00f3n surrealista de Andr\u00e9 Breton. Aunque Kahlo rechaz\u00f3 la etiqueta de \"surrealista\",<\/span><span data-preserver-spaces=\"true\">&#8220;<\/span><span data-preserver-spaces=\"true\"> su obra reson\u00f3 entre muchos artistas y coleccionistas de Par\u00eds. Su pintura <\/span><strong><span data-preserver-spaces=\"true\">\"El marco<\/span><span data-preserver-spaces=\"true\">&#8220;<\/span><\/strong><span data-preserver-spaces=\"true\"> fue adquirida por el Louvre, lo que la convirti\u00f3 en la primera artista mexicana en tener una obra expuesta en el prestigioso museo.<\/span><\/p><p><span data-preserver-spaces=\"true\">Estas exposiciones en Nueva York y Par\u00eds consolidaron la reputaci\u00f3n de Frida Kahlo en el mundo del arte y la convirtieron en una artista muy solicitada en la escena art\u00edstica internacional. Su perspectiva \u00fanica, profundamente arraigada en su identidad mexicana, cautiv\u00f3 a coleccionistas y amantes del arte por igual. Su \u00e9xito en el extranjero tambi\u00e9n despert\u00f3 un creciente inter\u00e9s por su obra entre los artistas mexicanos y extranjeros. <\/span><strong><span data-preserver-spaces=\"true\">coleccionistas de arte<\/span><\/strong><span data-preserver-spaces=\"true\">que admiraba su capacidad para combinar la experiencia personal con temas universales.<\/span><\/p><p><span data-preserver-spaces=\"true\">A pesar de su creciente fama, Frida sigui\u00f3 siendo humilde. Se centr\u00f3 en su trabajo como una forma de autoexpresi\u00f3n m\u00e1s que como un \u00e9xito comercial. Su arte era profundamente personal, e incluso cuando alcanz\u00f3 el reconocimiento internacional, se mantuvo fiel a sus ra\u00edces y a su compromiso de retratar la experiencia humana a trav\u00e9s de su lente. En la actualidad, los cuadros de Kahlo se conservan en algunas de las m\u00e1s prestigiosas colecciones del mundo. <\/span><strong><span data-preserver-spaces=\"true\">galer\u00edas de arte<\/span><\/strong><span data-preserver-spaces=\"true\"> y museos de todo el mundo, desde el Museo de Arte Moderno de Nueva York hasta el Museo Frida Kahlo de Ciudad de M\u00e9xico.<\/span><\/p>\t\t\t\t\t\t\t\t<\/div>\n\t\t\t\t<\/div>\n\t\t\t\t\t<\/div>\n\t\t\t\t<\/div>\n\t\t<div class=\"elementor-element elementor-element-4aecb46 e-flex e-con-boxed e-con e-parent\" data-id=\"4aecb46\" data-element_type=\"container\" data-e-type=\"container\">\n\t\t\t\t\t<div class=\"e-con-inner\">\n\t\t<div class=\"elementor-element elementor-element-ed01273 e-con-full e-flex e-con e-child\" data-id=\"ed01273\" data-element_type=\"container\" data-e-type=\"container\">\n\t\t\t\t<div class=\"elementor-element elementor-element-cfb7508 elementor-widget elementor-widget-image\" data-id=\"cfb7508\" data-element_type=\"widget\" data-e-type=\"widget\" data-widget_type=\"image.default\">\n\t\t\t\t<div class=\"elementor-widget-container\">\n\t\t\t\t\t\t\t\t\t\t\t\t\t\t\t<img loading=\"lazy\" decoding=\"async\" width=\"315\" height=\"317\" src=\"https:\/\/www.exceptional.art\/wp-content\/uploads\/2024\/09\/The_Two_Fridas.jpg\" class=\"attachment-large size-large wp-image-12544\" alt=\"Las dos Fridas, cuadro de Frida Kahlo\" srcset=\"https:\/\/www.exceptional.art\/wp-content\/uploads\/2024\/09\/The_Two_Fridas.jpg 315w, https:\/\/www.exceptional.art\/wp-content\/uploads\/2024\/09\/The_Two_Fridas-298x300.jpg 298w, https:\/\/www.exceptional.art\/wp-content\/uploads\/2024\/09\/The_Two_Fridas-150x150.jpg 150w, https:\/\/www.exceptional.art\/wp-content\/uploads\/2024\/09\/The_Two_Fridas-12x12.jpg 12w, https:\/\/www.exceptional.art\/wp-content\/uploads\/2024\/09\/The_Two_Fridas-100x100.jpg 100w\" sizes=\"(max-width: 315px) 100vw, 315px\" \/>\t\t\t\t\t\t\t\t\t\t\t\t\t\t\t<\/div>\n\t\t\t\t<\/div>\n\t\t\t\t<\/div>\n\t\t<div class=\"elementor-element elementor-element-0741254 e-con-full e-flex e-con e-child\" data-id=\"0741254\" data-element_type=\"container\" data-e-type=\"container\">\n\t\t\t\t<div class=\"elementor-element elementor-element-d2ea835 elementor-widget elementor-widget-heading\" data-id=\"d2ea835\" data-element_type=\"widget\" data-e-type=\"widget\" data-widget_type=\"heading.default\">\n\t\t\t\t<div class=\"elementor-widget-container\">\n\t\t\t\t\t<h2 class=\"elementor-heading-title elementor-size-default\">Las dos Fridas - Pintura ic\u00f3nica de Frida Kahlo<\/h2>\t\t\t\t<\/div>\n\t\t\t\t<\/div>\n\t\t\t\t<\/div>\n\t\t\t\t\t<\/div>\n\t\t\t\t<\/div>\n\t\t<div class=\"elementor-element elementor-element-593f67c e-flex e-con-boxed e-con e-parent\" data-id=\"593f67c\" data-element_type=\"container\" data-e-type=\"container\">\n\t\t\t\t\t<div class=\"e-con-inner\">\n\t\t\t\t<div class=\"elementor-element elementor-element-474b026 elementor-widget elementor-widget-heading\" data-id=\"474b026\" data-element_type=\"widget\" data-e-type=\"widget\" data-widget_type=\"heading.default\">\n\t\t\t\t<div class=\"elementor-widget-container\">\n\t\t\t\t\t<h2 class=\"elementor-heading-title elementor-size-default\">VI. Problemas de salud e impacto en su trabajo <\/h2>\t\t\t\t<\/div>\n\t\t\t\t<\/div>\n\t\t\t\t\t<\/div>\n\t\t\t\t<\/div>\n\t\t<div class=\"elementor-element elementor-element-1c4e2ee e-flex e-con-boxed e-con e-parent\" data-id=\"1c4e2ee\" data-element_type=\"container\" data-e-type=\"container\">\n\t\t\t\t\t<div class=\"e-con-inner\">\n\t\t\t\t<div class=\"elementor-element elementor-element-7cfcb77 elementor-widget elementor-widget-text-editor\" data-id=\"7cfcb77\" data-element_type=\"widget\" data-e-type=\"widget\" data-widget_type=\"text-editor.default\">\n\t\t\t\t<div class=\"elementor-widget-container\">\n\t\t\t\t\t\t\t\t\t<p><span data-preserver-spaces=\"true\">La vida de Frida Kahlo estuvo marcada por un incesante dolor f\u00edsico y complicaciones m\u00e9dicas, pero ella transform\u00f3 su sufrimiento en una poderosa fuente de inspiraci\u00f3n para su obra. <\/span><strong><span data-preserver-spaces=\"true\">pintura<\/span><\/strong><span data-preserver-spaces=\"true\">. El devastador accidente de autob\u00fas de 1925 no s\u00f3lo destroz\u00f3 su cuerpo, sino que prepar\u00f3 el terreno para una lucha de por vida contra el dolor cr\u00f3nico, las operaciones quir\u00fargicas y la angustia emocional. A pesar de estos obst\u00e1culos, Kahlo canaliz\u00f3 su sufrimiento en su vida. <\/span><strong><span data-preserver-spaces=\"true\">obra original<\/span><\/strong><span data-preserver-spaces=\"true\">Cre\u00f3 obras profundamente personales y de resonancia universal que exploraban temas como el trauma f\u00edsico, la identidad y la condici\u00f3n humana. El dolor se convirti\u00f3 en un elemento central de su identidad art\u00edstica y, a trav\u00e9s de su obra, redefini\u00f3 los l\u00edmites de la expresi\u00f3n art\u00edstica. <\/span><strong><span data-preserver-spaces=\"true\">arte abstracto <\/span><\/strong><span data-preserver-spaces=\"true\">y <\/span><strong><span data-preserver-spaces=\"true\">arte filos\u00f3fico<\/span><\/strong><span data-preserver-spaces=\"true\">La artista utiliza el lienzo para transmitir sus luchas existenciales.<\/span><\/p><h3><strong><span data-preserver-spaces=\"true\">Dolor cr\u00f3nico y problemas m\u00e9dicos<\/span><\/strong><span data-preserver-spaces=\"true\">\u00a0<\/span><\/h3><p><span data-preserver-spaces=\"true\">Los problemas m\u00e9dicos de Frida Kahlo no terminaron con el tratamiento inicial de sus heridas del accidente de autob\u00fas de 1925. A lo largo de su vida tuvo que someterse a m\u00e1s de 30 operaciones, muchas de ellas relacionadas con los da\u00f1os y fracturas que sufri\u00f3 en la columna vertebral. Los a\u00f1os de operaciones, combinados con periodos prolongados de reposo en cama, la dejaron f\u00edsicamente debilitada y con dolores constantes. Su columna vertebral, pelvis y pierna derecha se vieron especialmente afectadas, lo que le provoc\u00f3 problemas de movilidad que empeoraron con el tiempo. Kahlo tambi\u00e9n desarroll\u00f3 graves complicaciones derivadas de sus lesiones, como infecciones cr\u00f3nicas y problemas digestivos.<\/span><\/p><p><span data-preserver-spaces=\"true\">A medida que envejec\u00eda, la salud de Kahlo se deterioraba a\u00fan m\u00e1s. Sufr\u00eda de <\/span><a href=\"https:\/\/www.exceptional.art\/es\/nefropatia\/\" target=\"_blank\" rel=\"noopener\"><strong><span data-preserver-spaces=\"true\">nefropat\u00eda<\/span><\/strong><\/a><span data-preserver-spaces=\"true\">La enfermedad renal que padec\u00eda le provocaba dolores y fatiga adicionales. Esta enfermedad, junto con el deterioro de su columna vertebral y la amputaci\u00f3n de su pierna derecha por gangrena, la postraron en cama durante los \u00faltimos a\u00f1os de su vida. Sin embargo, su esp\u00edritu y su creatividad permanecieron intactos a pesar del deterioro de su cuerpo. Sigui\u00f3 pintando desde la cama, neg\u00e1ndose a dejar que sus limitaciones f\u00edsicas sofocaran su producci\u00f3n art\u00edstica.<\/span><\/p><p><span data-preserver-spaces=\"true\">Los problemas de salud de Kahlo no s\u00f3lo influyeron en el contenido de su obra, sino tambi\u00e9n en la forma en que abord\u00f3 su vida. <\/span><strong><span data-preserver-spaces=\"true\">pintura<\/span><\/strong><span data-preserver-spaces=\"true\">. El dolor constante la oblig\u00f3 a adoptar un ritmo m\u00e1s lento y pausado en su proceso creativo, trabajando a menudo en breves r\u00e1fagas debido a sus limitaciones f\u00edsicas. Su cama se convirti\u00f3 en su estudio, con caballetes especiales para adaptarse a su inmovilidad. A pesar de estas limitaciones, la determinaci\u00f3n de Kahlo de seguir pintando se mantuvo firme, y algunas de sus obras m\u00e1s famosas, como <\/span><strong><span data-preserver-spaces=\"true\">\"La columna rota<\/span><span data-preserver-spaces=\"true\">&#8220;<\/span><\/strong><span data-preserver-spaces=\"true\"> (1944) y <\/span><strong><span data-preserver-spaces=\"true\">\"Sin esperanza<\/span><span data-preserver-spaces=\"true\">&#8220;<\/span><\/strong><span data-preserver-spaces=\"true\"> (1945), fueron creadas durante este periodo de intenso sufrimiento.<\/span><\/p><h3><strong><span data-preserver-spaces=\"true\">El dolor como tema central<\/span><\/strong><\/h3><p><span data-preserver-spaces=\"true\">El dolor f\u00edsico y emocional se convirti\u00f3 en el tema central de muchas de las obras m\u00e1s potentes de Frida Kahlo. Su habilidad para traducir su sufrimiento en forma visual le permiti\u00f3 crear un estilo \u00fanico de pintura. <\/span><strong><span data-preserver-spaces=\"true\">arte expresivo<\/span><\/strong><span data-preserver-spaces=\"true\"> que reson\u00f3 en el p\u00fablico de todo el mundo. En lugar de eludir su dolor, Kahlo lo afront\u00f3 de frente, utilizando su talento para el arte. <\/span><strong><span data-preserver-spaces=\"true\">arte abstracto <\/span><\/strong><span data-preserver-spaces=\"true\">representar los aspectos a menudo invisibles y t\u00e1citos del sufrimiento humano.<\/span><\/p><p><span data-preserver-spaces=\"true\">Uno de los ejemplos m\u00e1s famosos es <\/span><strong><span data-preserver-spaces=\"true\">\"La columna rota<\/span><span data-preserver-spaces=\"true\">&#8220;<\/span><\/strong><span data-preserver-spaces=\"true\"> (1944), en la que Kahlo se retrata con una columna rota y desmoronada en lugar de la columna vertebral. Unas abrazaderas met\u00e1licas sujetan su cuerpo y su piel est\u00e1 perforada con clavos, simbolizando tanto el dolor f\u00edsico de sus lesiones medulares como la agon\u00eda emocional que acompa\u00f1\u00f3 a sus a\u00f1os de sufrimiento. El \u00e1rido paisaje del fondo refleja su sensaci\u00f3n de aislamiento. Al mismo tiempo, su expresi\u00f3n estoica sugiere una tranquila aceptaci\u00f3n de su destino. Este cuadro representa a la perfecci\u00f3n c\u00f3mo Kahlo cambi\u00f3 su vida. <\/span><span data-preserver-spaces=\"true\">trauma en una narraci\u00f3n universal sobre la vulnerabilidad y la fortaleza humanas.<\/span><\/p><p><span data-preserver-spaces=\"true\">En <\/span><strong><span data-preserver-spaces=\"true\">\"Sin esperanza<\/span><span data-preserver-spaces=\"true\">&#8220;<\/span><\/strong><span data-preserver-spaces=\"true\"> (1945), Kahlo explora el coste emocional de su enfermedad. El cuadro la muestra tumbada en la cama, con el cuerpo atado, mientras un gran embudo le introduce en la boca objetos grotescos y surrealistas. Las im\u00e1genes reflejan su sentimiento de impotencia durante uno de los muchos periodos en que estuvo postrada en cama y se vio obligada a soportar dolorosos tratamientos m\u00e9dicos. Lo sombr\u00edo de la escena se ve atenuado por los vibrantes colores que Kahlo utilizaba a menudo, lo que sugiere que, incluso en sus momentos m\u00e1s oscuros, a\u00fan hab\u00eda vida y energ\u00eda en su mundo.<\/span><\/p><p><span data-preserver-spaces=\"true\">La representaci\u00f3n del dolor de Kahlo no se limit\u00f3 a su sufrimiento f\u00edsico; tambi\u00e9n explor\u00f3 el dolor emocional causado por sus turbulentas relaciones, en particular con su marido, Diego Rivera. Obras como <\/span><strong><span data-preserver-spaces=\"true\">\"Las dos Fridas<\/span><span data-preserver-spaces=\"true\">&#8220;<\/span><\/strong><span data-preserver-spaces=\"true\"> (1939) representan la dualidad de su identidad y el dolor de su separaci\u00f3n de Rivera. En este cuadro, Kahlo utiliza elementos surrealistas para representar su coraz\u00f3n expuesto y sangrando, una met\u00e1fora visual de las heridas emocionales que sufri\u00f3. El cuadro mezcla temas personales y pol\u00edticos, ya que una Frida representa su identidad europea. Al mismo tiempo, la otra simboliza su herencia mexicana. Esta dualidad habla de sus luchas internas con la identidad, los roles de g\u00e9nero y su lugar tanto en el mundo del arte como en la sociedad en general.<\/span><\/p><h3><strong><span data-preserver-spaces=\"true\">El arte como forma de curaci\u00f3n<\/span><\/strong><\/h3><p><span data-preserver-spaces=\"true\">Para Frida Kahlo, el arte era algo m\u00e1s que una salida creativa: era una forma de reivindicar su cuerpo y su narrativa frente al dolor abrumador y las limitaciones f\u00edsicas. Al pintar repetidamente su <\/span><span data-preserver-spaces=\"true\">imagen, tom\u00f3 el control de c\u00f3mo era percibida y de c\u00f3mo se percib\u00eda a s\u00ed misma. En una sociedad que a menudo marginaba a las personas con discapacidad, Kahlo utiliz\u00f3 su arte para desafiar las nociones convencionales de belleza, fuerza e identidad. Sus autorretratos se convirtieron en una forma de autoafirmaci\u00f3n que le permiti\u00f3 afirmar su existencia y definir sus propios t\u00e9rminos.<\/span><\/p><p><span data-preserver-spaces=\"true\">Al igual que <a href=\"https:\/\/www.exceptional.art\/es\/biografia-de-humberto-poidomani\/\" target=\"_blank\" rel=\"noopener\">Humberto Poidomani<\/a>La obra de Kahlo tambi\u00e9n ahonda en el concepto de <\/span><strong><span data-preserver-spaces=\"true\">arte filos\u00f3fico<\/span><\/strong><span data-preserver-spaces=\"true\">Muchos de sus cuadros abordan cuestiones existenciales sobre la vida, la muerte y la condici\u00f3n humana. Su frecuente uso del simbolismo -como la incorporaci\u00f3n de esqueletos, calaveras y otras im\u00e1genes asociadas a la muerte- refleja su preocupaci\u00f3n por la mortalidad. En <\/span><strong><span data-preserver-spaces=\"true\">\"Autorretrato con el retrato del Dr. Farill<\/span><span data-preserver-spaces=\"true\">&#8220;<\/span><\/strong><span data-preserver-spaces=\"true\"> (1951), Kahlo se representa a s\u00ed misma sosteniendo una paleta en forma de coraz\u00f3n, con su cuerpo demacrado apoyado en una silla de ruedas. El cuadro refleja su fragilidad f\u00edsica y su fuerza art\u00edstica, sugiriendo que su esp\u00edritu creativo segu\u00eda siendo resistente incluso cuando su cuerpo se deterioraba.<\/span><\/p><p><span data-preserver-spaces=\"true\">El arte se convirti\u00f3 en una forma de curaci\u00f3n para Kahlo, tanto f\u00edsica como emocional y espiritual. A trav\u00e9s de su <\/span><strong><span data-preserver-spaces=\"true\">obra original<\/span><\/strong><span data-preserver-spaces=\"true\">En el siglo XX, se enfrent\u00f3 a las duras realidades de su vida y las transform\u00f3 en algo bello y significativo. Sus pinturas le permitieron procesar su trauma, explorar su identidad y comunicar sus experiencias al mundo. De este modo, el arte de Kahlo trascendi\u00f3 la mera autoexpresi\u00f3n y se convirti\u00f3 en una herramienta de supervivencia y empoderamiento personal.<\/span><\/p><h3><strong><span data-preserver-spaces=\"true\">Exploraci\u00f3n de temas existenciales en la obra de Frida<\/span><\/strong><\/h3><p><span data-preserver-spaces=\"true\">El arte de Frida Kahlo se considera a menudo <\/span><strong><span data-preserver-spaces=\"true\">arte filos\u00f3fico<\/span><\/strong><span data-preserver-spaces=\"true\"> porque explora temas existenciales como la identidad, el sufrimiento y la naturaleza de la existencia. En obras como <\/span><strong><span data-preserver-spaces=\"true\">\"El suicidio de Dorothy Hale<\/span><span data-preserver-spaces=\"true\">&#8220;<\/span><\/strong><span data-preserver-spaces=\"true\"> (1939), Kahlo no s\u00f3lo se enfrenta a la realidad de la muerte, sino que tambi\u00e9n medita sobre las decisiones y circunstancias que llevan a las personas a enfrentarse a su mortalidad. El cuadro, encargado por Clare Boothe Luce en memoria de su amiga Dorothy Hale, es a la vez un homenaje y un escalofriante retrato del suicidio de Hale. La detallada representaci\u00f3n de la ca\u00edda de Hale desde un edificio neoyorquino refleja su inter\u00e9s por la psique humana y las fuerzas que llevan a las personas a la autodestrucci\u00f3n.<\/span><\/p><p><span data-preserver-spaces=\"true\">Otro ejemplo de la exploraci\u00f3n de temas existenciales por parte de Kahlo es <\/span><strong><span data-preserver-spaces=\"true\">\"\u00c1rbol de la esperanza, mantente fuerte<\/span><span data-preserver-spaces=\"true\">&#8220;<\/span><\/strong><span data-preserver-spaces=\"true\"> (1946), un cuadro que yuxtapone dos im\u00e1genes de Kahlo: una tumbada en una cama de hospital, expuesta y vulnerable, y la otra sentada erguida, sosteniendo una pancarta en la que se lee \"\u00c1rbol de la esperanza\".<\/span><span data-preserver-spaces=\"true\">&#8220;<\/span><span data-preserver-spaces=\"true\"> El cuadro refleja la lucha interna de Kahlo entre la desesperaci\u00f3n y la resistencia, mientras se aferra a la esperanza a pesar de sus abrumadores desaf\u00edos. La obra es un testimonio de su fe en el poder de la voluntad humana y en la capacidad de perseverar a pesar de las adversidades insuperables.<\/span><\/p><p><span data-preserver-spaces=\"true\">La fascinaci\u00f3n de Kahlo por la vida, la muerte y el paso del tiempo es tambi\u00e9n evidente en el frecuente uso que hace de espejos y reflejos. Estos motivos sugieren una indagaci\u00f3n filos\u00f3fica m\u00e1s profunda sobre la naturaleza de la autopercepci\u00f3n y las dualidades que existen en todos los individuos. En muchos de sus autorretratos, Kahlo se presenta a s\u00ed misma como sujeto y observadora, desdibujando los l\u00edmites entre realidad e imaginaci\u00f3n, dolor f\u00edsico y sufrimiento emocional.<\/span><\/p>\t\t\t\t\t\t\t\t<\/div>\n\t\t\t\t<\/div>\n\t\t\t\t\t<\/div>\n\t\t\t\t<\/div>\n\t\t<div class=\"elementor-element elementor-element-b52e182 e-flex e-con-boxed e-con e-parent\" data-id=\"b52e182\" data-element_type=\"container\" data-e-type=\"container\">\n\t\t\t\t\t<div class=\"e-con-inner\">\n\t\t\t\t<div class=\"elementor-element elementor-element-b0a81e0 elementor-widget elementor-widget-heading\" data-id=\"b0a81e0\" data-element_type=\"widget\" data-e-type=\"widget\" data-widget_type=\"heading.default\">\n\t\t\t\t<div class=\"elementor-widget-container\">\n\t\t\t\t\t<h2 class=\"elementor-heading-title elementor-size-default\">VII. Activismo pol\u00edtico e impacto social de Frida<\/h2>\t\t\t\t<\/div>\n\t\t\t\t<\/div>\n\t\t\t\t\t<\/div>\n\t\t\t\t<\/div>\n\t\t<div class=\"elementor-element elementor-element-f4ef868 e-flex e-con-boxed e-con e-parent\" data-id=\"f4ef868\" data-element_type=\"container\" data-e-type=\"container\">\n\t\t\t\t\t<div class=\"e-con-inner\">\n\t\t\t\t<div class=\"elementor-element elementor-element-e24203f elementor-widget elementor-widget-text-editor\" data-id=\"e24203f\" data-element_type=\"widget\" data-e-type=\"widget\" data-widget_type=\"text-editor.default\">\n\t\t\t\t<div class=\"elementor-widget-container\">\n\t\t\t\t\t\t\t\t\t<p><span data-preserver-spaces=\"true\">El arte de Frida Kahlo reflej\u00f3 sus luchas y fue un poderoso veh\u00edculo para sus creencias pol\u00edticas y comentarios sociales. Profundamente influida por el panorama pol\u00edtico del M\u00e9xico del siglo XX, Kahlo particip\u00f3 activamente en movimientos pol\u00edticos y utiliz\u00f3 su obra para abordar cuestiones de clase, raza, g\u00e9nero e identidad. Su participaci\u00f3n en la pol\u00edtica de izquierdas, en particular su afiliaci\u00f3n al Partido Comunista Mexicano, determin\u00f3 gran parte de su visi\u00f3n del mundo y, a su vez, de su arte. A trav\u00e9s de su carga pol\u00edtica <\/span><strong><span data-preserver-spaces=\"true\">comentario social arte<\/span><\/strong><span data-preserver-spaces=\"true\">Kahlo se convirti\u00f3 en la voz de los oprimidos y marginados, lo que la convirti\u00f3 en uno de los primeros iconos del feminismo y en una figura clave en los debates sobre los derechos humanos. <\/span><strong><span data-preserver-spaces=\"true\">arte y sociedad<\/span><\/strong><span data-preserver-spaces=\"true\">.<\/span><\/p><h3><strong><span data-preserver-spaces=\"true\">La participaci\u00f3n pol\u00edtica de Frida<\/span><\/strong><\/h3><p><span data-preserver-spaces=\"true\">Frida Kahlo no era ajena al activismo pol\u00edtico. Criada en el M\u00e9xico posrevolucionario, creci\u00f3 en un pa\u00eds donde la pol\u00edtica estaba profundamente entrelazada con la identidad nacional. La Revoluci\u00f3n Mexicana (1910-1920) tuvo un profundo impacto en la cultura, el arte y el tejido social del pa\u00eds, y este esp\u00edritu revolucionario fue algo que Kahlo absorbi\u00f3 y llev\u00f3 a lo largo de su vida. Su implicaci\u00f3n pol\u00edtica comenz\u00f3 en serio a finales de la d\u00e9cada de 1920, cuando se afili\u00f3 al Partido Comunista Mexicano. Esta decisi\u00f3n marcar\u00eda su vida personal y art\u00edstica.<\/span><\/p><p><span data-preserver-spaces=\"true\">El compromiso de Kahlo con el Partido Comunista estaba impulsado por su deseo de justicia social e igualdad. Cre\u00eda en la lucha del partido por los derechos de la clase trabajadora y los pueblos ind\u00edgenas, y esta creencia se reflej\u00f3 en su arte. Se cas\u00f3 con Diego Rivera, tambi\u00e9n comunista y artista pol\u00edtico, <\/span><span data-preserver-spaces=\"true\">s\u00f3lo<\/span><span data-preserver-spaces=\"true\"> profundiz\u00f3 su implicaci\u00f3n en la pol\u00edtica de izquierdas. Juntos se convirtieron en figuras prominentes de los c\u00edrculos intelectuales y pol\u00edticos de M\u00e9xico, y organizaban reuniones de artistas, escritores y l\u00edderes pol\u00edticos en su casa, La Casa Azul.<\/span><\/p><p><span data-preserver-spaces=\"true\">Kahlo cre\u00f3 uno de los cuadros m\u00e1s abiertamente pol\u00edticos de esta \u00e9poca: \"<\/span><strong><span data-preserver-spaces=\"true\">Mi vestido cuelga de ah\u00ed<\/span><span data-preserver-spaces=\"true\">&#8220;<\/span><\/strong><span data-preserver-spaces=\"true\"> (1933). En esta obra, critica el consumismo y el capitalismo estadounidenses yuxtaponiendo s\u00edmbolos de riqueza e industrializaci\u00f3n con im\u00e1genes de pobreza y sufrimiento. El cuadro muestra un fastuoso paisaje urbano estadounidense, con rascacielos e iglesias. Al mismo tiempo, el traje tradicional mexicano de Kahlo cuelga en primer plano, aparentemente fuera de lugar en un entorno fr\u00edo e industrializado. Con esta obra, Kahlo expresaba su desd\u00e9n por el materialismo y la desigualdad de los que era testigo. <\/span><span data-preserver-spaces=\"true\">durante su \u00e9poca<\/span><span data-preserver-spaces=\"true\"> en Estados Unidos, exponiendo claramente el marcado contraste entre su identidad mexicana y los excesos capitalistas del mundo occidental.<\/span><\/p><p><span data-preserver-spaces=\"true\">La implicaci\u00f3n pol\u00edtica de Kahlo no se limit\u00f3 a su afiliaci\u00f3n al Partido Comunista o a su cr\u00edtica del capitalismo; se extendi\u00f3 a sus relaciones y a su forma de vivir la vida. Recibi\u00f3 en su casa a figuras pol\u00edticas exiliadas como Le\u00f3n Trotsky. Utiliz\u00f3 su arte para poner de relieve las luchas ind\u00edgenas y obreras de M\u00e9xico. Al mezclar temas personales y pol\u00edticos, la obra de Kahlo <\/span><strong><span data-preserver-spaces=\"true\">expresi\u00f3n art\u00edstica<\/span><\/strong><span data-preserver-spaces=\"true\">\u00a0se convirti\u00f3 en una poderosa herramienta para promover el cambio social.<\/span><\/p><h3><strong><span data-preserver-spaces=\"true\">Conexi\u00f3n con otros artistas pol\u00edticos<\/span><\/strong><\/h3><p><span data-preserver-spaces=\"true\">Frida Kahlo no fue la \u00fanica que utiliz\u00f3 el arte como activismo pol\u00edtico. Formaba parte de una comunidad m\u00e1s amplia de artistas e intelectuales de izquierdas que cre\u00edan que el arte ten\u00eda el poder de provocar un cambio social. Su marido, Diego Rivera, fue quiz\u00e1s el m\u00e1s famoso de ellos, conocido por sus murales a gran escala que representaban las luchas de la clase trabajadora mexicana. La influencia de Rivera en las ideas pol\u00edticas de Kahlo no puede subestimarse; a trav\u00e9s de \u00e9l, Kahlo conoci\u00f3 la idea de que el arte pod\u00eda utilizarse como arma en la lucha por la justicia social.<\/span><\/p><p><span data-preserver-spaces=\"true\">Kahlo tambi\u00e9n colabor\u00f3 e influy\u00f3 en otros artistas pol\u00edticos de su \u00e9poca. Una figura notable fue el revolucionario ruso Le\u00f3n Trotsky, a quien ella y Rivera acogieron en su casa despu\u00e9s de que fuera exiliado de la Uni\u00f3n Sovi\u00e9tica. Trotsky y Kahlo mantuvieron un breve romance, pero lo m\u00e1s importante es que compart\u00edan una admiraci\u00f3n mutua por sus ideales pol\u00edticos. La relaci\u00f3n de Kahlo con Trotsky puso de relieve su compromiso con la pol\u00edtica de izquierdas a escala mundial, no s\u00f3lo dentro de M\u00e9xico.<\/span><\/p><p><span data-preserver-spaces=\"true\">El arte pol\u00edtico y el activismo de Kahlo se extendieron a sus amistades y colaboraciones con otras artistas femeninas, muchas de las cuales compart\u00edan su compromiso de desafiar las normas sociales y defender los derechos de la mujer. A trav\u00e9s de sus conexiones con otras artistas feministas y de izquierdas, Kahlo se convirti\u00f3 en una figura crucial de un movimiento que pretend\u00eda redefinir el papel de la mujer tanto en el arte como en la sociedad. Su influencia puede verse en la obra de artistas como Tina Modotti y Remedios Varo, que, como Kahlo, utilizaron su arte para explorar temas de g\u00e9nero, clase e identidad.<\/span><\/p><p><span data-preserver-spaces=\"true\">A trav\u00e9s de estas colaboraciones, Frida Kahlo ayud\u00f3 a fomentar una comunidad de artistas comprometidos pol\u00edticamente que cre\u00edan en el poder transformador del arte. <\/span><strong><span data-preserver-spaces=\"true\">comentario social arte<\/span><\/strong><span data-preserver-spaces=\"true\">. Juntos desafiaron el statu quo y utilizaron su talento creativo para llamar la atenci\u00f3n sobre la desigualdad y la injusticia. El legado de Kahlo como artista pol\u00edtica inspira a generaciones de artistas y activistas que buscan utilizar su trabajo como plataforma para el cambio social.<\/span><\/p><h3><strong><span data-preserver-spaces=\"true\">Legado como icono feminista<\/span><\/strong><\/h3><p><span data-preserver-spaces=\"true\">No se puede exagerar la influencia de Frida Kahlo en el arte y el pensamiento feministas. En una \u00e9poca en la que las voces de las mujeres sol\u00edan ser marginadas en el mundo del arte, Kahlo utiliz\u00f3 su obra para desafiar los roles tradicionales de g\u00e9nero y afirmar su autonom\u00eda como mujer, artista y activista pol\u00edtica. Su exploraci\u00f3n del cuerpo femenino, tanto en su fuerza como en su vulnerabilidad, fue innovadora, y sus representaciones de la feminidad desafiaron las im\u00e1genes idealizadas y cosificadas del arte occidental de la \u00e9poca.<\/span><\/p><p><span data-preserver-spaces=\"true\">Los autorretratos de Kahlo son quiz\u00e1 el mejor ejemplo de su desaf\u00edo a los roles tradicionales de g\u00e9nero. A diferencia de muchos artistas masculinos que representaban a las mujeres como sujetos pasivos, Kahlo se presentaba a s\u00ed misma como sujeto y creadora, utilizando su cuerpo como lienzo para explorar temas de identidad, sexualidad y poder. En obras como <\/span><strong><span data-preserver-spaces=\"true\">\"Autorretrato con el pelo recortado<\/span><span data-preserver-spaces=\"true\">&#8220;<\/span><\/strong><span data-preserver-spaces=\"true\"> (1940), Kahlo rechaza la feminidad convencional cort\u00e1ndose el pelo y vistiendo un traje de hombre. El cuadro es una poderosa declaraci\u00f3n sobre la fluidez de g\u00e9nero y el rechazo de las expectativas sociales. Kahlo se presenta a s\u00ed misma como masculina y femenina a la vez, desafiando las suposiciones del espectador sobre el g\u00e9nero.<\/span><\/p><p><span data-preserver-spaces=\"true\">Kahlo<\/span><span data-preserver-spaces=\"true\"> La exploraci\u00f3n del g\u00e9nero y la identidad tambi\u00e9n se extendi\u00f3 a su vida personal. Era abiertamente bisexual y manten\u00eda relaciones tanto con hombres como con mujeres, desafiando las normas de su \u00e9poca. Esta fluidez en su identidad sexual se reflej\u00f3 en su arte, donde a menudo mezclaba im\u00e1genes femeninas y masculinas tradicionales para crear una representaci\u00f3n compleja y polifac\u00e9tica de s\u00ed misma.<\/span><\/p><p><span data-preserver-spaces=\"true\">El estatus de Kahlo como uno de los primeros iconos feministas se refleja tambi\u00e9n en su compromiso con la justicia social y su atenci\u00f3n a las experiencias de los grupos marginados, especialmente las mujeres y los pueblos ind\u00edgenas. Utiliz\u00f3 su arte para poner de relieve las luchas de las mujeres, tanto en t\u00e9rminos de sus experiencias f\u00edsicas como emocionales. En obras como <\/span><strong><span data-preserver-spaces=\"true\">\"Hospital Henry Ford<\/span><span data-preserver-spaces=\"true\">&#8220;<\/span><\/strong><span data-preserver-spaces=\"true\"> (1932), Kahlo describe su aborto espont\u00e1neo. Esta experiencia tan personal y dolorosa rara vez se representa en el arte. Al presentar su sufrimiento de forma tan abierta, Kahlo rompi\u00f3 el tab\u00fa que rodeaba la salud reproductiva de la mujer e hizo una poderosa declaraci\u00f3n sobre la importancia de las voces femeninas en el arte.<\/span><\/p><p><span data-preserver-spaces=\"true\">La obra de Kahlo resuena hoy en los debates sobre <\/span><strong><span data-preserver-spaces=\"true\">pol\u00edtica de identidad<\/span><\/strong><span data-preserver-spaces=\"true\">, <\/span><strong><span data-preserver-spaces=\"true\">feminismo<\/span><\/strong><span data-preserver-spaces=\"true\">y la interseccionalidad. Su habilidad para combinar la experiencia personal con el comentario pol\u00edtico la ha convertido en una figura clave del pensamiento feminista, y su arte se ha convertido en un s\u00edmbolo de resistencia contra la opresi\u00f3n. La obra de Kahlo <\/span><strong><span data-preserver-spaces=\"true\">comentario social arte<\/span><\/strong><span data-preserver-spaces=\"true\"> sigue siendo relevante en el mundo actual, donde las cuestiones de g\u00e9nero, raza y clase siguen estando en primera l\u00ednea del discurso pol\u00edtico y social.<\/span><\/p><h3><strong><span data-preserver-spaces=\"true\">Relevancia actual del arte de comentario social de Kahlo<\/span><\/strong><\/h3><p><span data-preserver-spaces=\"true\">Frida Kahlo <\/span><strong><span data-preserver-spaces=\"true\">comentario social arte<\/span><\/strong><span data-preserver-spaces=\"true\"> se adelant\u00f3 a su tiempo, y su relevancia no ha hecho sino crecer en los a\u00f1os transcurridos desde su muerte. En el mundo actual, donde los debates sobre <\/span><strong><span data-preserver-spaces=\"true\">pol\u00edtica de identidad<\/span><\/strong><span data-preserver-spaces=\"true\">, <\/span><strong><span data-preserver-spaces=\"true\">feminismo<\/span><\/strong><span data-preserver-spaces=\"true\">y la interseccionalidad son m\u00e1s cr\u00edticas que nunca, la obra de Kahlo es un poderoso recordatorio del papel del arte a la hora de desafiar las normas sociales y abogar por el cambio.<\/span><\/p><p><span data-preserver-spaces=\"true\">La exploraci\u00f3n del g\u00e9nero, la raza y la clase de Kahlo en su obra refleja muchas conversaciones actuales en el arte y fuera de \u00e9l. Su voluntad de enfrentarse a temas complejos, como el dolor f\u00edsico, la salud reproductiva y los traumas emocionales, resuena en el p\u00fablico contempor\u00e1neo, cada vez m\u00e1s exigente de que el arte refleje la complejidad de la experiencia humana. De este modo, el legado de Kahlo como artista pol\u00edtica no ha hecho sino fortalecerse, ya que su obra inspira a nuevas generaciones de artistas y activistas que buscan utilizar su arte como herramienta para el cambio social.<\/span><\/p><p><span data-preserver-spaces=\"true\">La influencia de Kahlo en el pensamiento feminista moderno puede apreciarse en c\u00f3mo se celebra su obra en los debates actuales sobre <\/span><strong><span data-preserver-spaces=\"true\">arte y sociedad<\/span><\/strong><span data-preserver-spaces=\"true\">. Su exploraci\u00f3n de la identidad, la fluidez de g\u00e9nero y el cuerpo femenino ha inspirado a innumerables artistas a superar los l\u00edmites de lo aceptable en el arte y la sociedad. Al desafiar las normas tradicionales y crear un espacio para las voces marginadas, la obra de Kahlo se ha convertido en un faro para quienes buscan utilizar el arte como plataforma para el activismo pol\u00edtico.<\/span><\/p><p><span data-preserver-spaces=\"true\">Adem\u00e1s, el inter\u00e9s de Kahlo por la cultura ind\u00edgena mexicana y su cr\u00edtica al consumismo occidental han adquirido un nuevo significado en el mundo globalizado de hoy. A medida que las conversaciones sobre la apropiaci\u00f3n cultural, el colonialismo y la desigualdad econ\u00f3mica adquieren mayor relevancia, la obra de Kahlo ofrece una valiosa perspectiva sobre la preservaci\u00f3n de la identidad cultural frente a la hegemon\u00eda occidental. Su habilidad para mezclar temas personales y pol\u00edticos la ha convertido en una figura intemporal en la historia del arte. <\/span><strong><span data-preserver-spaces=\"true\">expresi\u00f3n art\u00edstica<\/span><\/strong><span data-preserver-spaces=\"true\">.<\/span><\/p><p><span data-preserver-spaces=\"true\">En conclusi\u00f3n, el activismo pol\u00edtico de Frida Kahlo y su <\/span><strong><span data-preserver-spaces=\"true\">comentario social arte<\/span><\/strong><span data-preserver-spaces=\"true\"> han dejado una huella indeleble en el mundo del arte y en la sociedad. Su compromiso de utilizar su arte como plataforma para la justicia social y su voluntad de enfrentarse a temas complejos la han convertido en un s\u00edmbolo duradero de resistencia y empoderamiento. El legado de Kahlo como icono feminista y artista pol\u00edtica sigue inspirando a artistas, activistas y pensadores que buscan desafiar el statu quo y utilizar su trabajo para abogar por un mundo m\u00e1s justo y equitativo.<\/span><\/p>\t\t\t\t\t\t\t\t<\/div>\n\t\t\t\t<\/div>\n\t\t\t\t\t<\/div>\n\t\t\t\t<\/div>\n\t\t<div class=\"elementor-element elementor-element-6ac6e2c e-flex e-con-boxed e-con e-parent\" data-id=\"6ac6e2c\" data-element_type=\"container\" data-e-type=\"container\">\n\t\t\t\t\t<div class=\"e-con-inner\">\n\t\t\t\t<div class=\"elementor-element elementor-element-a46e058 elementor-widget elementor-widget-heading\" data-id=\"a46e058\" data-element_type=\"widget\" data-e-type=\"widget\" data-widget_type=\"heading.default\">\n\t\t\t\t<div class=\"elementor-widget-container\">\n\t\t\t\t\t<h2 class=\"elementor-heading-title elementor-size-default\">VIII.   Logros y reconocimientos a lo largo de la vida <\/h2>\t\t\t\t<\/div>\n\t\t\t\t<\/div>\n\t\t\t\t\t<\/div>\n\t\t\t\t<\/div>\n\t\t<div class=\"elementor-element elementor-element-b695043 e-flex e-con-boxed e-con e-parent\" data-id=\"b695043\" data-element_type=\"container\" data-e-type=\"container\">\n\t\t\t\t\t<div class=\"e-con-inner\">\n\t\t\t\t<div class=\"elementor-element elementor-element-1bce86b elementor-widget elementor-widget-text-editor\" data-id=\"1bce86b\" data-element_type=\"widget\" data-e-type=\"widget\" data-widget_type=\"text-editor.default\">\n\t\t\t\t<div class=\"elementor-widget-container\">\n\t\t\t\t\t\t\t\t\t<p><span data-preserver-spaces=\"true\">El legado art\u00edstico de Frida Kahlo es una profunda influencia, resistencia e innovaci\u00f3n. A pesar de sus graves problemas de salud y de las limitaciones sociales, Kahlo alcanz\u00f3 el reconocimiento en vida. Sin embargo, no fue hasta su muerte cuando su obra alcanz\u00f3 la monumental aclamaci\u00f3n internacional de la que goza hoy en d\u00eda. A lo largo de los a\u00f1os, sus cuadros han trascendido las fronteras de M\u00e9xico y han encontrado un hogar permanente en las m\u00e1s prestigiosas galer\u00edas de arte. <\/span><strong><span data-preserver-spaces=\"true\">galer\u00edas de arte <\/span><\/strong><span data-preserver-spaces=\"true\">en todo el mundo<\/span><span data-preserver-spaces=\"true\">. Su impacto en el arte moderno y contempor\u00e1neo sigue siendo inmenso, y sus obras contin\u00faan inspirando a nuevas generaciones de artistas y dando nueva forma a los debates mundiales sobre el arte. <\/span><strong><span data-preserver-spaces=\"true\">arte y cultura<\/span><\/strong><span data-preserver-spaces=\"true\">.<\/span><\/p><h3><strong><span data-preserver-spaces=\"true\">Galardones y premios<\/span><\/strong><\/h3><p><span data-preserver-spaces=\"true\">Durante su vida, Frida Kahlo no recibi\u00f3 tantos elogios como algunos de sus contempor\u00e1neos masculinos, incluido su marido, Diego Rivera. Sin embargo, logr\u00f3 hacerse un hueco en el mundo del arte, sobre todo en las d\u00e9cadas de 1930 y 1940, cuando su obra empez\u00f3 a llamar la atenci\u00f3n fuera de M\u00e9xico.<\/span><\/p><p><span data-preserver-spaces=\"true\">Su primera exposici\u00f3n individual tuvo lugar en Nueva York en 1938, en la Julien Levy Gallery, donde su obra recibi\u00f3 importantes elogios de la comunidad art\u00edstica estadounidense. La exposici\u00f3n inclu\u00eda algunos de sus cuadros hoy ic\u00f3nicos, como <\/span><strong><span data-preserver-spaces=\"true\">\"Lo que el agua me dio<\/span><span data-preserver-spaces=\"true\">&#8220;<\/span><\/strong><span data-preserver-spaces=\"true\"> y <\/span><strong><span data-preserver-spaces=\"true\">\"Mi nacimiento\".<\/span><\/strong><span data-preserver-spaces=\"true\"> Esto marc\u00f3 su introducci\u00f3n en la escena art\u00edstica internacional y el comienzo de un reconocimiento que no har\u00eda sino crecer en los a\u00f1os venideros. Uno de los asistentes m\u00e1s importantes a la exposici\u00f3n fue el artista surrealista Andr\u00e9 Breton, quien invit\u00f3 a Kahlo a exponer sus obras en Par\u00eds, ampliando a\u00fan m\u00e1s su alcance.<\/span><\/p><p><span data-preserver-spaces=\"true\">En 1939, Kahlo particip\u00f3 en la Exposici\u00f3n Internacional de Surrealismo de Par\u00eds.<\/span><span data-preserver-spaces=\"true\">, a <\/span><span data-preserver-spaces=\"true\">mayor<\/span><span data-preserver-spaces=\"true\"> hito que<\/span><span data-preserver-spaces=\"true\"> le vali\u00f3 el reconocimiento mundial. En esta exposici\u00f3n, el Louvre compr\u00f3 su cuadro <\/span><strong><span data-preserver-spaces=\"true\">\"El marco<\/span><\/strong><span data-preserver-spaces=\"true\">convirtiendo a Kahlo en la primera artista mexicana en tener un cuadro en la colecci\u00f3n del museo. Aunque Kahlo rechaz\u00f3 la etiqueta de surrealista, su inclusi\u00f3n en la exposici\u00f3n de Par\u00eds fue un momento crucial que ayud\u00f3 a consolidar su lugar en el mundo del arte internacional.<\/span><\/p><p><span data-preserver-spaces=\"true\">Aunque los premios y galardones fueron escasos durante su vida, el reconocimiento p\u00f3stumo de Kahlo ha sido inmenso. Desde que muri\u00f3 en 1954, su obra se ha celebrado en todo el mundo en importantes eventos. <\/span><strong><span data-preserver-spaces=\"true\">exposiciones de arte<\/span><\/strong><span data-preserver-spaces=\"true\">\u00a0y retrospectivas, reconoci\u00e9ndola como pionera del arte feminista, el surrealismo y el arte mexicano. <\/span><strong><span data-preserver-spaces=\"true\">arte cultural<\/span><\/strong><span data-preserver-spaces=\"true\">. Hoy en d\u00eda, Frida Kahlo est\u00e1 considerada una de las artistas m\u00e1s influyentes del siglo XX, y su influencia en el arte moderno y contempor\u00e1neo sigue creciendo.<\/span><\/p><h3><strong><span data-preserver-spaces=\"true\">El arte de Frida en museos y exposiciones de todo el mundo<\/span><\/strong><\/h3><p><span data-preserver-spaces=\"true\"><span style=\"font-size: 16px;\">Los cuadros de Frida Kahlo figuran en renombrados\u00a0<\/span><strong style=\"font-size: 16px;\">galer\u00edas de arte\u00a0<\/strong><span style=\"font-size: 16px;\">y museos de hoy<\/span>. Sus obras forman parte de colecciones permanentes de importantes instituciones, lo que garantiza que su legado perdure y siga siendo accesible para los amantes del arte de todo el mundo. Estos son algunos de los principales lugares donde se puede contemplar su arte:<\/span><\/p><ul><li><strong><span data-preserver-spaces=\"true\">Museo Frida Kahlo (La Casa Azul), Ciudad de M\u00e9xico<\/span><\/strong><span data-preserver-spaces=\"true\">: Quiz\u00e1 el lugar m\u00e1s significativo para conocer la obra de Kahlo sea su casa natal, La Casa Azul. Este museo alberga muchos de sus objetos, cartas y una selecci\u00f3n de sus cuadros. Los visitantes pueden pasear por las habitaciones donde Frida vivi\u00f3 y pint\u00f3, lo que ofrece una visi\u00f3n \u00edntima de su vida.<\/span><\/li><li><strong><span data-preserver-spaces=\"true\">Museo de Arte Moderno de Nueva York (MoMA)<\/span><\/strong><span data-preserver-spaces=\"true\">: El MoMA alberga varias de las obras emblem\u00e1ticas de Kahlo, entre ellas <\/span><strong><span data-preserver-spaces=\"true\">\"Autorretrato con el pelo recortado<\/span><span data-preserver-spaces=\"true\">&#8220;<\/span><\/strong><span data-preserver-spaces=\"true\"> (1940). El museo ha exhibido regularmente su obra en colecciones permanentes y exposiciones itinerantes, destacando su importancia en la evoluci\u00f3n del arte moderno.<\/span><\/li><li><strong><span data-preserver-spaces=\"true\">Tate Modern, Londres<\/span><\/strong><span data-preserver-spaces=\"true\">: En Londres, la Tate Modern ha presentado la obra de Frida Kahlo en retrospectivas que han atra\u00eddo la atenci\u00f3n mundial. Su habilidad para conectar el dolor personal con temas universales sigue cautivando al p\u00fablico.<\/span><\/li><li><strong><span data-preserver-spaces=\"true\">El Louvre, Par\u00eds<\/span><\/strong><span data-preserver-spaces=\"true\">: Como ya se ha mencionado, el Louvre se convirti\u00f3 en el primer gran museo en adquirir una de sus obras. <\/span><strong><span data-preserver-spaces=\"true\">\"El marco<\/span><span data-preserver-spaces=\"true\">&#8220;<\/span><\/strong><span data-preserver-spaces=\"true\"> (1938), un cuadro que integra su herencia mexicana con elementos surrealistas, sigue formando parte de la colecci\u00f3n permanente del museo.<\/span><\/li><li><strong><span data-preserver-spaces=\"true\">Instituto de Arte de Detroit, Michigan<\/span><\/strong><span data-preserver-spaces=\"true\">: Una de las obras m\u00e1s significativas de Kahlo, <\/span><strong><span data-preserver-spaces=\"true\">\"Autorretrato con mono<\/span><span data-preserver-spaces=\"true\">&#8220;<\/span><\/strong><span data-preserver-spaces=\"true\"> (1938), que ofrece a los visitantes una visi\u00f3n del complejo simbolismo que defini\u00f3 gran parte de su obra posterior.<\/span><\/li><\/ul><p><span data-preserver-spaces=\"true\">Adem\u00e1s de estas colecciones permanentes, la obra de Frida Kahlo sigue siendo objeto de exposiciones itinerantes. Se han celebrado importantes retrospectivas en el Museo de Arte Moderno de San Francisco, el Museo Nacional de la Mujer en las Artes de Washington, D.C., y el Museo de Arte de Filadelfia. Estas exposiciones han dado a conocer la obra de Kahlo a nuevos p\u00fablicos y han desempe\u00f1ado un papel importante en el mantenimiento vivo de su legado.<\/span><\/p><h3><strong><span data-preserver-spaces=\"true\">Su influencia en los artistas modernos y contempor\u00e1neos<\/span><\/strong><\/h3><p><span data-preserver-spaces=\"true\">El impacto de Frida Kahlo en el arte moderno y contempor\u00e1neo es profundo y polifac\u00e9tico. Su enfoque de la pintura, profundamente personal y sin complejos, ha influido en innumerables artistas que utilizan el arte como medio para explorar la identidad, el trauma y la resiliencia. La obra de Kahlo <\/span><strong><span data-preserver-spaces=\"true\">inspiraci\u00f3n art\u00edstica <\/span><\/strong><span data-preserver-spaces=\"true\">se extiende por diversos medios, desde la pintura y la escultura hasta la performance y la fotograf\u00eda. Su legado es poderoso en los siguientes \u00e1mbitos:<\/span><\/p><ul><li><strong><span data-preserver-spaces=\"true\">Arte feminista<\/span><\/strong><span data-preserver-spaces=\"true\">: A menudo se considera a Kahlo una de las pioneras del arte feminista. Su intr\u00e9pida exploraci\u00f3n del cuerpo femenino, incluidos el dolor y las imperfecciones, desafi\u00f3 las representaciones idealizadas de la mujer en el mundo del arte, dominado por los hombres. Artistas feministas contempor\u00e1neas como Judy Chicago y Cindy Sherman se han inspirado en la obra de Kahlo, sobre todo en su uso del autorretrato para afirmar el control sobre su imagen. La voluntad de Kahlo de enfrentarse a temas complejos como el aborto espont\u00e1neo, la infidelidad y la salud mental sigue resonando entre las artistas feministas de hoy.<\/span><\/li><li><strong><span data-preserver-spaces=\"true\">Arte ecol\u00f3gico<\/span><\/strong><span data-preserver-spaces=\"true\">: El amor de Kahlo por la naturaleza y la frecuente incorporaci\u00f3n de plantas y animales tambi\u00e9n han influido en la cultura contempor\u00e1nea. <\/span><strong><span data-preserver-spaces=\"true\">arte medioambiental<\/span><\/strong><span data-preserver-spaces=\"true\">. Artistas como Ana Mendieta y Gabriela Mistral se han inspirado en el uso simb\u00f3lico que Kahlo hace de la naturaleza para explorar la interconexi\u00f3n entre el ser humano y el medio ambiente. En obras como <\/span><strong><span data-preserver-spaces=\"true\">\"Ra\u00edces<\/span><span data-preserver-spaces=\"true\">&#8220;<\/span><\/strong><span data-preserver-spaces=\"true\"> (1943), Kahlo se retrat\u00f3 a s\u00ed misma como parte del mundo natural, utilizando las ra\u00edces de los \u00e1rboles como met\u00e1fora de su deseo de reconectar con la tierra. Este tema de la conexi\u00f3n entre el ser humano y la naturaleza ha adquirido cada vez m\u00e1s relevancia en los debates actuales sobre el ecologismo y la sostenibilidad.<\/span><\/li><li><strong><span data-preserver-spaces=\"true\">Surrealismo y simbolismo<\/span><\/strong><span data-preserver-spaces=\"true\">: Aunque Kahlo rechaz\u00f3 la etiqueta de surrealista, su influencia en el arte surrealista y simb\u00f3lico es innegable. Artistas como Salvador Dal\u00ed y Remedios Varo admiraban la habilidad de Kahlo para mezclar la fantas\u00eda con la realidad, creando una calidad on\u00edrica en sus pinturas. Su obra inspira a artistas surrealistas y simb\u00f3licos que exploran el inconsciente y la complejidad de la experiencia humana a trav\u00e9s de im\u00e1genes fant\u00e1sticas.<\/span><\/li><\/ul><p><span data-preserver-spaces=\"true\">La influencia de Kahlo tambi\u00e9n se aprecia en\u00a0<\/span><span data-preserver-spaces=\"true\"><span style=\"box-sizing: border-box;\">reciente\u00a0<strong>tendencias art\u00edsticas\u00a0<\/strong>haciendo hincapi\u00e9 en<\/span>\u00a0narrativas personales y activismo pol\u00edtico. En una \u00e9poca en la que las pol\u00edticas de identidad y la interseccionalidad est\u00e1n en primera l\u00ednea del discurso art\u00edstico y cultural, la obra de Kahlo sirve como recordatorio del poder del arte para abordar cuestiones sociales. Su atenci\u00f3n a temas como la raza, el g\u00e9nero y la clase social sigue siendo relevante hoy en d\u00eda, cuando los artistas se enfrentan a ellos.<\/span><\/p><h3><strong><span data-preserver-spaces=\"true\">Exposiciones modernas centradas en el legado de Frida<\/span><\/strong><span data-preserver-spaces=\"true\">\u00a0<\/span><\/h3><p><span data-preserver-spaces=\"true\">En las \u00faltimas d\u00e9cadas ha resurgido el inter\u00e9s por la vida y obra de Frida Kahlo, con numerosas exposiciones dedicadas a explorar su legado en el contexto del arte hist\u00f3rico y contempor\u00e1neo. Estas exposiciones han celebrado su contribuci\u00f3n al arte moderno y han puesto de relieve su relevancia en los debates actuales sobre <\/span><strong><span data-preserver-spaces=\"true\">arte y cultura<\/span><\/strong><span data-preserver-spaces=\"true\">.<\/span><\/p><ul><li><strong><span data-preserver-spaces=\"true\">\"Frida Kahlo: Invent\u00e1ndose a s\u00ed misma<\/span><span data-preserver-spaces=\"true\">&#8220;<\/span><\/strong><span data-preserver-spaces=\"true\"> (Victoria and Albert Museum, Londres, 2018): Esta innovadora exposici\u00f3n present\u00f3 muchas de las pertenencias personales de Kahlo, incluyendo su ropa, joyas y pierna ortop\u00e9dica, junto con sus pinturas. La exposici\u00f3n ofrec\u00eda una mirada \u00edntima a c\u00f3mo la obra de Kahlo <\/span><span data-preserver-spaces=\"true\">Su identidad influy\u00f3 en su trabajo y en la forma en que construy\u00f3 su imagen a trav\u00e9s de su arte y su autopresentaci\u00f3n.<\/span><\/li><li><strong><span data-preserver-spaces=\"true\">\"Frida Kahlo: Las apariencias enga\u00f1an<\/span><span data-preserver-spaces=\"true\">&#8220;<\/span><\/strong><span data-preserver-spaces=\"true\"> (Museo de Brooklyn, Nueva York, 2019): Esta exposici\u00f3n explor\u00f3 las intersecciones entre el arte, la pol\u00edtica y la moda de Kahlo. Inclu\u00eda pinturas ic\u00f3nicas, artefactos personales y fotograf\u00edas, que mostraban c\u00f3mo Kahlo utilizaba su apariencia como expresi\u00f3n pol\u00edtica y cultural. La exposici\u00f3n establec\u00eda conexiones entre la identidad de Kahlo como mujer, artista y activista pol\u00edtica.<\/span><\/li><li><strong><span data-preserver-spaces=\"true\">\"Frida Kahlo y el arte popular<\/span><span data-preserver-spaces=\"true\">&#8220;<\/span><\/strong><span data-preserver-spaces=\"true\"> (Museo de Arte de Denver, 2020): Esta exposici\u00f3n se centr\u00f3 en la relaci\u00f3n de Kahlo con el arte popular mexicano y en c\u00f3mo incorpor\u00f3 las tradiciones art\u00edsticas populares a su obra. Destac\u00f3 c\u00f3mo Kahlo desdibuj\u00f3 los l\u00edmites entre las bellas artes y el arte popular, elevando las tradiciones ind\u00edgenas y folcl\u00f3ricas a la categor\u00eda de arte elevado.<\/span><\/li><\/ul><p><span data-preserver-spaces=\"true\">Estas modernas exposiciones han contribuido a consolidar la posici\u00f3n de Kahlo como una de las artistas m\u00e1s importantes e influyentes del siglo XX. Tambi\u00e9n han dado a conocer su obra a nuevas generaciones de amantes del arte, garantizando que su legado siga inspirando e influyendo en los a\u00f1os venideros.<\/span><\/p>\t\t\t\t\t\t\t\t<\/div>\n\t\t\t\t<\/div>\n\t\t\t\t\t<\/div>\n\t\t\t\t<\/div>\n\t\t<div class=\"elementor-element elementor-element-9fb5e4e e-flex e-con-boxed e-con e-parent\" data-id=\"9fb5e4e\" data-element_type=\"container\" data-e-type=\"container\">\n\t\t\t\t\t<div class=\"e-con-inner\">\n\t\t\t\t<div class=\"elementor-element elementor-element-12991eb elementor-widget elementor-widget-heading\" data-id=\"12991eb\" data-element_type=\"widget\" data-e-type=\"widget\" data-widget_type=\"heading.default\">\n\t\t\t\t<div class=\"elementor-widget-container\">\n\t\t\t\t\t<h2 class=\"elementor-heading-title elementor-size-default\">IX.   Conclusiones: El impacto perdurable de Frida Kahlo en el arte moderno<\/h2>\t\t\t\t<\/div>\n\t\t\t\t<\/div>\n\t\t\t\t\t<\/div>\n\t\t\t\t<\/div>\n\t\t<div class=\"elementor-element elementor-element-64e04fe e-flex e-con-boxed e-con e-parent\" data-id=\"64e04fe\" data-element_type=\"container\" data-e-type=\"container\">\n\t\t\t\t\t<div class=\"e-con-inner\">\n\t\t\t\t<div class=\"elementor-element elementor-element-17c0d88 elementor-widget elementor-widget-text-editor\" data-id=\"17c0d88\" data-element_type=\"widget\" data-e-type=\"widget\" data-widget_type=\"text-editor.default\">\n\t\t\t\t<div class=\"elementor-widget-container\">\n\t\t\t\t\t\t\t\t\t<p><span data-preserver-spaces=\"true\">La influencia de Frida Kahlo en el arte moderno no tiene parang\u00f3n. Su capacidad para convertir el sufrimiento personal, la identidad y la complejidad de las emociones humanas en obras maestras v\u00edvidas y simb\u00f3licas ha dejado una huella indeleble en el mundo del arte. <\/span><strong><span data-preserver-spaces=\"true\">expresi\u00f3n art\u00edstica<\/span><\/strong><span data-preserver-spaces=\"true\">. A lo largo de las d\u00e9cadas, sus obras han trascendido fronteras y disciplinas, afectando a pintores, escultores, escritores, cineastas y te\u00f3ricos de la cultura. Kahlo fue una pionera que redefini\u00f3 los l\u00edmites del autorretrato, fusion\u00f3 lo personal con lo pol\u00edtico y cre\u00f3 un espacio en el que el dolor, la pasi\u00f3n y la resistencia se celebraban como aspectos integrales de la experiencia humana.<\/span><\/p><p><span data-preserver-spaces=\"true\">El impacto de Kahlo en <\/span><strong><span data-preserver-spaces=\"true\">arte moderno<\/span><\/strong><span data-preserver-spaces=\"true\"> se ve en c\u00f3mo su obra tendi\u00f3 puentes culturales, emocionales y pol\u00edticos. El retrato sin remordimientos de su dolor f\u00edsico, combinado con su compromiso de representar su herencia mexicana, la situ\u00f3 como una figura global cuya obra trascendi\u00f3 su \u00e9poca. Kahlo utiliz\u00f3 su identidad personal y su sufrimiento como plataforma para comentar temas m\u00e1s amplios, como la clase, la raza, el g\u00e9nero y la tensi\u00f3n entre tradici\u00f3n y modernidad. Al hacerlo, contribuy\u00f3 a dar forma al discurso de la <\/span><strong><span data-preserver-spaces=\"true\">arte internacional<\/span><\/strong><span data-preserver-spaces=\"true\"> El sufrimiento personal no es s\u00f3lo objeto de reflexi\u00f3n, sino tambi\u00e9n de comentario social y pol\u00edtico.<\/span><\/p><p><span data-preserver-spaces=\"true\">La obra de Kahlo sigue resonando entre el p\u00fablico contempor\u00e1neo. Su exploraci\u00f3n de la fluidez de g\u00e9nero, la pol\u00edtica de la identidad y la cultura ind\u00edgena sigue siendo sorprendentemente relevante hoy en d\u00eda. En una \u00e9poca en la que las conversaciones sobre raza, feminismo e interseccionalidad son fundamentales en el mundo del arte y el discurso social, la obra de Kahlo es una piedra de toque importante. Su negativa a ajustarse a los roles tradicionales de g\u00e9nero, la representaci\u00f3n sin complejos de su f\u00edsico y la aceptaci\u00f3n de sus ra\u00edces mexicanas la han convertido en una figura significativa de los movimientos art\u00edsticos feminista y poscolonial.<\/span><\/p><h3><strong><span data-preserver-spaces=\"true\">El papel de Frida Kahlo en la expresi\u00f3n art\u00edstica del siglo XXI<\/span><\/strong><\/h3><p><span data-preserver-spaces=\"true\">En el siglo XXI, <\/span><strong><span data-preserver-spaces=\"true\">expresi\u00f3n art\u00edstica<\/span><\/strong><span data-preserver-spaces=\"true\"> ha adoptado nuevas formas, pero la influencia de Kahlo sigue siendo evidente en diversos medios. Su enfoque del autorretrato y la identidad ha inspirado a los artistas a explorar m\u00e1s abiertamente sus narrativas personales y culturales. La distintiva mezcla de simbolismo, surrealismo y arte contempor\u00e1neo de Kahlo ha dado lugar a una nueva era. <\/span><strong><span data-preserver-spaces=\"true\">arte cultural<\/span><\/strong><span data-preserver-spaces=\"true\"> ha influido en innumerables artistas contempor\u00e1neos que buscan fusionar lo individual con lo pol\u00edtico. Su capacidad para abordar temas universales como el sufrimiento, la resiliencia y la autorrepresentaci\u00f3n ha dado lugar a artistas que utilizan su obra para cuestionar las normas sociales y explorar complejas narrativas personales.<\/span><\/p><p><span data-preserver-spaces=\"true\">Hoy, su influencia se extiende m\u00e1s all\u00e1 del lienzo, impregnando la moda, la fotograf\u00eda, el cine y las artes esc\u00e9nicas. Adornada con su caracter\u00edstica ceja \u00fanica y su vestido de tehuana, su rostro se ha convertido en un s\u00edmbolo ic\u00f3nico de individualidad y rebeld\u00eda. Ahora es un emblema del poder de la narraci\u00f3n personal en el arte, sobre todo al abordar temas complejos y tab\u00fa como el aborto espont\u00e1neo, el dolor cr\u00f3nico y la salud mental.<\/span><\/p><p><span data-preserver-spaces=\"true\">El impacto de Kahlo tambi\u00e9n se aprecia en la forma en que los artistas abordan ahora el tema. <\/span><strong><span data-preserver-spaces=\"true\">diversidad art\u00edstica.<\/span><\/strong><span data-preserver-spaces=\"true\"> Su innovadora mezcla de la cultura ind\u00edgena mexicana con influencias modernistas allan\u00f3 el camino para una comprensi\u00f3n m\u00e1s inclusiva de lo que constituye el \"arte elevado\".<\/span><span data-preserver-spaces=\"true\">&#8220;<\/span><span data-preserver-spaces=\"true\"> Hoy en d\u00eda, artistas de diversos or\u00edgenes culturales pueden recurrir a su herencia sin temor a la marginaci\u00f3n, gracias en parte al enfoque pionero de Kahlo de acoger la diversidad cultural en su obra.<\/span><\/p><h3><strong><span data-preserver-spaces=\"true\">La influencia de Kahlo en los coleccionistas y artistas de todo el mundo<\/span><\/strong><\/h3><p><span data-preserver-spaces=\"true\">La demanda de obras de Frida Kahlo entre <\/span><strong><span data-preserver-spaces=\"true\">coleccionistas de arte<\/span><\/strong><span data-preserver-spaces=\"true\"> no ha hecho sino aumentar en los \u00faltimos a\u00f1os, reflejo de su perdurable legado. Sus cuadros, a menudo intensamente personales, se han convertido en algunas de las piezas m\u00e1s cotizadas del mercado mundial del arte. Obras como <\/span><strong><span data-preserver-spaces=\"true\">\"Las dos Fridas<\/span><span data-preserver-spaces=\"true\">&#8220;<\/span><\/strong><span data-preserver-spaces=\"true\"> y <\/span><strong><span data-preserver-spaces=\"true\">\"Autorretrato con collar de espinas y colibr\u00ed<\/span><span data-preserver-spaces=\"true\">&#8220;<\/span><\/strong><span data-preserver-spaces=\"true\"> se consideran representaciones ic\u00f3nicas del arte del siglo XX. Alcanzan precios elevados en las subastas, lo que refleja el creciente reconocimiento de Kahlo en el arte y su influencia duradera en generaciones de artistas y coleccionistas por igual.<\/span><\/p><p><span data-preserver-spaces=\"true\">Kahlo<\/span><span data-preserver-spaces=\"true\"> trabajo resuena con <\/span><strong><span data-preserver-spaces=\"true\">coleccionistas de arte<\/span><\/strong><span data-preserver-spaces=\"true\"> porque se nutre de las experiencias universales del dolor, el amor y la identidad, al tiempo que ofrece una perspectiva \u00fanica formada por su herencia mexicana. Sus cuadros act\u00faan como ventanas a su alma, revelando una profunda conexi\u00f3n entre lo personal y lo universal. Para los coleccionistas, poseer una obra de Kahlo no es s\u00f3lo una inversi\u00f3n en historia del arte, sino una conexi\u00f3n con un legado de resistencia y autenticidad que trasciende las fronteras culturales y temporales.<\/span><\/p><p><span data-preserver-spaces=\"true\">En todo el mundo, la influencia de Kahlo en los artistas es de gran alcance. El legado de Kahlo es omnipresente, desde los pintores contempor\u00e1neos que incorporan a sus obras narrativas personales y pol\u00edticas hasta las artistas feministas que utilizan su cuerpo como lienzo para expresarse. Su uso del <\/span><strong><span data-preserver-spaces=\"true\">comentario social arte<\/span><\/strong><span data-preserver-spaces=\"true\"> sigue siendo relevante hoy en d\u00eda, cuando los artistas contin\u00faan abordando temas como la desigualdad, las pol\u00edticas de identidad y la interseccionalidad. La capacidad de Kahlo para enfrentarse a temas complejos con cruda honestidad inspira a los artistas a ampliar los l\u00edmites de lo que el arte puede comunicar, asegurando su lugar en el canon del arte moderno y contempor\u00e1neo.<\/span><\/p><h3><strong><span data-preserver-spaces=\"true\">Reflexiones finales: Frida Kahlo es un icono de resistencia, creatividad y diversidad art\u00edstica<\/span><\/strong><\/h3><p><span data-preserver-spaces=\"true\">El legado de Frida Kahlo se basa en su talento pict\u00f3rico y en su extraordinaria resistencia, creatividad y compromiso con la causa. <\/span><strong><span data-preserver-spaces=\"true\">diversidad art\u00edstica<\/span><\/strong><span data-preserver-spaces=\"true\">. Super\u00f3 un inmenso dolor f\u00edsico, sufrimiento emocional y limitaciones sociales para crear algunas de las obras de arte m\u00e1s influyentes y duraderas de la historia moderna. La historia de Kahlo es un ejemplo de perseverancia ante la adversidad, y su capacidad para transformar el trauma personal en arte ha inspirado a millones de personas en todo el mundo.<\/span><\/p><p><span data-preserver-spaces=\"true\">Como icono de la resistencia, Kahlo representa el triunfo del esp\u00edritu humano. Se neg\u00f3 a ser definida por su dolor, utiliz\u00e1ndolo en su lugar como fuente de fuerza y creatividad. Sus autorretratos, llenos de simbolismo y emoci\u00f3n, cuentan la historia de una mujer que no teme enfrentarse a sus vulnerabilidades. De este modo, Kahlo se ha convertido en un s\u00edmbolo de fuerza para los artistas y para cualquiera que se haya enfrentado a dificultades y haya encontrado la forma de transformarlas en algo significativo.<\/span><\/p><p><span data-preserver-spaces=\"true\">La creatividad de Kahlo no ten\u00eda l\u00edmites. Super\u00f3 constantemente los l\u00edmites de lo que pod\u00eda ser el arte, mezclando s\u00edmbolos tradicionales mexicanos con t\u00e9cnicas modernistas para crear una obra profundamente personal pero universal en su atractivo. Su voluntad de explorar temas que a menudo eran tab\u00fa -como el dolor, el aborto espont\u00e1neo y la salud mental- ha tenido un impacto duradero en la historia de la humanidad. <\/span><strong><span data-preserver-spaces=\"true\">diversidad art\u00edstica<\/span><\/strong><span data-preserver-spaces=\"true\">animando a las futuras generaciones de artistas a abrazar sus propias historias y culturas.<\/span><\/p><p><span data-preserver-spaces=\"true\">En conclusi\u00f3n, el impacto perdurable de Frida Kahlo sobre <\/span><strong><span data-preserver-spaces=\"true\">arte moderno<\/span><\/strong><span data-preserver-spaces=\"true\">, <\/span><strong><span data-preserver-spaces=\"true\">arte internacional<\/span><\/strong><span data-preserver-spaces=\"true\">y <\/span><strong><span data-preserver-spaces=\"true\">expresi\u00f3n art\u00edstica<\/span><\/strong><span data-preserver-spaces=\"true\"> no se puede exagerar. Fue una pionera que redefini\u00f3 el papel del artista en la sociedad, utilizando su trabajo para desafiar las normas sociales y defender las voces marginadas. Su legado como icono de la resiliencia, la creatividad y la libertad de expresi\u00f3n es inestimable. <\/span><strong><span data-preserver-spaces=\"true\">diversidad art\u00edstica<\/span><\/strong><span data-preserver-spaces=\"true\"> garantiza que su obra seguir\u00e1 inspirando e influyendo en artistas, coleccionistas y amantes del arte durante generaciones.<\/span><\/p><p><span data-preserver-spaces=\"true\">Esta conclusi\u00f3n resume el profundo impacto de Frida Kahlo en el arte moderno e internacional, destacando su papel en la configuraci\u00f3n de la expresi\u00f3n art\u00edstica y su continua influencia en artistas y creadores. <\/span><strong><span data-preserver-spaces=\"true\">coleccionistas de arte<\/span><\/strong><span data-preserver-spaces=\"true\">. Las palabras clave \"diversidad art\u00edstica,<\/span><span data-preserver-spaces=\"true\">&#8221; <\/span><span data-preserver-spaces=\"true\">\"expresi\u00f3n art\u00edstica,<\/span><span data-preserver-spaces=\"true\">&#8220;<\/span><span data-preserver-spaces=\"true\"> y \"coleccionistas de arte<\/span><span data-preserver-spaces=\"true\">&#8220;<\/span><span data-preserver-spaces=\"true\"> se han integrado sin problemas en el texto. Si desea alg\u00fan otro ajuste o a\u00f1adido, p\u00f3ngase en contacto conmigo.<\/span><\/p>\t\t\t\t\t\t\t\t<\/div>\n\t\t\t\t<\/div>\n\t\t\t\t\t<\/div>\n\t\t\t\t<\/div>\n\t\t<div class=\"elementor-element elementor-element-b3c6a52 e-flex e-con-boxed e-con e-parent\" data-id=\"b3c6a52\" data-element_type=\"container\" data-e-type=\"container\">\n\t\t\t\t\t<div class=\"e-con-inner\">\n\t\t\t\t<div class=\"elementor-element elementor-element-2e90be6 elementor-widget elementor-widget-heading\" data-id=\"2e90be6\" data-element_type=\"widget\" data-e-type=\"widget\" data-widget_type=\"heading.default\">\n\t\t\t\t<div class=\"elementor-widget-container\">\n\t\t\t\t\t<h2 class=\"elementor-heading-title elementor-size-default\">X.     Recursos adicionales y referencias <\/h2>\t\t\t\t<\/div>\n\t\t\t\t<\/div>\n\t\t\t\t\t<\/div>\n\t\t\t\t<\/div>\n\t\t<div class=\"elementor-element elementor-element-39aec17 e-flex e-con-boxed e-con e-parent\" data-id=\"39aec17\" data-element_type=\"container\" data-e-type=\"container\">\n\t\t\t\t\t<div class=\"e-con-inner\">\n\t\t\t\t<div class=\"elementor-element elementor-element-9a332a7 elementor-widget elementor-widget-text-editor\" data-id=\"9a332a7\" data-element_type=\"widget\" data-e-type=\"widget\" data-widget_type=\"text-editor.default\">\n\t\t\t\t<div class=\"elementor-widget-container\">\n\t\t\t\t\t\t\t\t\t<p><span data-preserver-spaces=\"true\">Numerosos recursos est\u00e1n disponibles en l\u00ednea y en galer\u00edas f\u00edsicas para los lectores que deseen explorar la vida, obra y continua influencia de Frida Kahlo en el arte moderno y contempor\u00e1neo. La siguiente lista de enlaces <\/span><strong><span data-preserver-spaces=\"true\">galer\u00edas de arte en l\u00ednea<\/span><\/strong><span data-preserver-spaces=\"true\">, <\/span><strong><span data-preserver-spaces=\"true\">galer\u00edas de arte digital<\/span><\/strong><span data-preserver-spaces=\"true\">y museos que albergan sus obras emblem\u00e1ticas, que ofrecen oportunidades para conocer mejor su legado art\u00edstico e incluso <\/span><strong><span data-preserver-spaces=\"true\">comprar arte en l\u00ednea<\/span><\/strong><span data-preserver-spaces=\"true\">.<\/span><\/p><h3><strong><span data-preserver-spaces=\"true\">Galer\u00edas de arte y recursos digitales en l\u00ednea<\/span><\/strong><\/h3><p><span data-preserver-spaces=\"true\">En la era digital, el acceso a la obra de Frida Kahlo se ha ampliado, permitiendo al p\u00fablico de todo el mundo experimentar su arte sin necesidad de visitar un lugar f\u00edsico. La <\/span><strong><span data-preserver-spaces=\"true\">galer\u00edas de arte en l\u00ednea<\/span><\/strong><span data-preserver-spaces=\"true\">\u00a0y <\/span><strong><span data-preserver-spaces=\"true\">galer\u00edas de arte digital<\/span><\/strong> <span data-preserver-spaces=\"true\">ofrecen abundante informaci\u00f3n, colecciones y experiencias interactivas relacionadas con la vida y el arte de Kahlo:<\/span><\/p><ul><li><strong><span data-preserver-spaces=\"true\">Google Arts &amp; Culture - Colecci\u00f3n Frida Kahlo<\/span><\/strong><span data-preserver-spaces=\"true\">: La plataforma Arte y Cultura de Google ofrece una completa exposici\u00f3n digital de la obra de Kahlo, que incluye im\u00e1genes de alta resoluci\u00f3n de sus cuadros m\u00e1s famosos, visitas de 360 grados a La Casa Azul y art\u00edculos detallados sobre su vida.<\/span><ul><li><span data-preserver-spaces=\"true\">Enlace: Google Arts &amp; Culture - Frida Kahlo<\/span><\/li><\/ul><\/li><li><strong><span data-preserver-spaces=\"true\">Colecci\u00f3n en l\u00ednea del MoMA<\/span><\/strong><span data-preserver-spaces=\"true\">: La galer\u00eda en l\u00ednea del Museo de Arte Moderno presenta varios cuadros de Frida Kahlo, entre ellos <\/span><strong><span data-preserver-spaces=\"true\">\"Autorretrato con el pelo recortado<\/span><span data-preserver-spaces=\"true\">&#8220;<\/span><\/strong><span data-preserver-spaces=\"true\"> (1940). El sitio ofrece informaci\u00f3n detallada sobre cada pieza, incluido su contexto hist\u00f3rico y su significado art\u00edstico.<\/span><ul><li><span data-preserver-spaces=\"true\">Enlace: Colecci\u00f3n Frida Kahlo del MoMA<\/span><\/li><\/ul><\/li><li><strong><span data-preserver-spaces=\"true\">Frida Kahlo: La obra completa<\/span><\/strong><span data-preserver-spaces=\"true\">: Este sitio es un archivo digital de pinturas, dibujos y bocetos de Frida Kahlo. Los visitantes pueden navegar por su obra, leer informaci\u00f3n biogr\u00e1fica y conocer sus cuadros m\u00e1s famosos.<\/span><ul><li><span data-preserver-spaces=\"true\">Enlace: <\/span><a class=\"editor-rtfLink\" href=\"https:\/\/www.fridakahlo.org\/\" target=\"_blank\" rel=\"noopener\"><span data-preserver-spaces=\"true\">Frida Kahlo: La obra completa<\/span><\/a><br \/><h3>\u00a0<\/h3><\/li><li>Wikipedia <a href=\"https:\/\/en.wikipedia.org\/wiki\/Frida_Kahlo\" target=\"_blank\" rel=\"noopener\">Frida Kahlo<\/a><\/li><li><h3><strong><span data-preserver-spaces=\"true\">Museos y exposiciones permanentes<\/span><\/strong><\/h3><\/li><\/ul><\/li><\/ul><p><span data-preserver-spaces=\"true\">Los cuadros de Frida Kahlo se encuentran en algunos de los museos m\u00e1s prestigiosos del mundo. Para quienes deseen contemplar su obra en persona, las siguientes instituciones cuentan con colecciones permanentes y frecuentes exposiciones dedicadas a su arte:<\/span><\/p><ul><li><strong><span data-preserver-spaces=\"true\">Museo Frida Kahlo (La Casa Azul), Ciudad de M\u00e9xico<\/span><\/strong><span data-preserver-spaces=\"true\">: Este museo, situado en la casa de la infancia de Kahlo, es uno de los lugares m\u00e1s importantes para conocer su vida y obra. Los visitantes pueden ver objetos personales, cartas y varios cuadros originales, lo que lo convierte en una parada imprescindible para los interesados en su trayectoria art\u00edstica.<\/span><ul><li><span data-preserver-spaces=\"true\">Enlace: <a href=\"https:\/\/www.museofridakahlo.org.mx\/\" target=\"_blank\" rel=\"noopener\">Museo Frida Kahlo<\/a> - La Casa Azul<\/span><\/li><\/ul><\/li><li><strong><span data-preserver-spaces=\"true\">Museo de Arte Moderno de Nueva York (MoMA)<\/span><\/strong><span data-preserver-spaces=\"true\">: El MoMA alberga varios de <a href=\"https:\/\/www.moma.org\/artists\/2963\" target=\"_blank\" rel=\"noopener\">Frida Kahlo<\/a> obras m\u00e1s conocidas. El museo presenta regularmente sus cuadros en exposiciones que exploran su papel en la configuraci\u00f3n del arte moderno.<\/span><ul><li><span data-preserver-spaces=\"true\">Enlace: <a href=\"https:\/\/www.moma.org\/artists\/2963\" target=\"_blank\" rel=\"noopener\">MoMA - Frida Kahlo<\/a><\/span><\/li><\/ul><\/li><li><strong><span data-preserver-spaces=\"true\">Tate Modern, Londres<\/span><\/strong><span data-preserver-spaces=\"true\">: La Tate Modern ha expuesto la obra de Kahlo en varias retrospectivas, y su influencia en el surrealismo y el modernismo es un tema frecuente en la programaci\u00f3n del museo.<\/span><ul><li><span data-preserver-spaces=\"true\">Enlace: <a href=\"https:\/\/www.tate.org.uk\/whats-on\/tate-modern\/frida-kahlo\" target=\"_blank\" rel=\"noopener\">Tate Modern - Frida Kahlo<\/a><\/span><\/li><\/ul><\/li><li><strong><span data-preserver-spaces=\"true\">El Louvre, Par\u00eds<\/span><\/strong><span data-preserver-spaces=\"true\">: El Louvre alberga uno de los cuadros de Frida Kahlo, <\/span><strong><span data-preserver-spaces=\"true\">\"El marco<\/span><span data-preserver-spaces=\"true\">&#8220;<\/span><\/strong><span data-preserver-spaces=\"true\"> (1938), que fue la primera obra de un artista mexicano que se incorpor\u00f3 a la colecci\u00f3n permanente del museo.<\/span><ul><li><span data-preserver-spaces=\"true\">Enlace: Louvre - El marco<\/span><\/li><\/ul><\/li><li><strong><span data-preserver-spaces=\"true\">Instituto de Arte de Detroit, Michigan<\/span><\/strong><span data-preserver-spaces=\"true\">: El Instituto de Arte de Detroit <\/span><span data-preserver-spaces=\"true\">Kahlo <\/span><strong><span data-preserver-spaces=\"true\">&#8220;<a href=\"https:\/\/www.fridakahlo.org\/self-portrait-with-monkey.jsp\" target=\"_blank\" rel=\"noopener\">Autorretrato con mono<\/a><\/span><span data-preserver-spaces=\"true\">&#8220;<\/span><\/strong><span data-preserver-spaces=\"true\"> (1938) y murales de Diego Rivera, ofreciendo una visi\u00f3n completa del impacto de la pareja en el arte mexicano y estadounidense.<\/span><ul><li><span data-preserver-spaces=\"true\">Enlace: <\/span><a class=\"editor-rtfLink\" href=\"https:\/\/www.dia.org\/\" target=\"_blank\" rel=\"noopener\"><span data-preserver-spaces=\"true\">Instituto de Arte de Detroit - Frida Kahlo<\/span><\/a><br \/><h3><strong><span data-preserver-spaces=\"true\">Recursos adicionales sobre Frida Kahlo<\/span><\/strong><\/h3><\/li><\/ul><\/li><\/ul><p><span data-preserver-spaces=\"true\">Para los lectores que deseen profundizar en la vida y el legado de Kahlo, varios libros, documentales y podcasts ofrecen perspectivas esclarecedoras sobre su obra y su influencia:<\/span><\/p><ul><li><strong><span data-preserver-spaces=\"true\">&#8220;<\/span><span data-preserver-spaces=\"true\">Frida: Biograf\u00eda de Frida Kahlo<\/span><span data-preserver-spaces=\"true\">&#8220;<\/span><\/strong><span data-preserver-spaces=\"true\"> por Hayden Herrera: Esta biograf\u00eda es uno de los relatos m\u00e1s completos sobre la vida y el arte de Kahlo, y ofrece una visi\u00f3n detallada de sus luchas personales, sus relaciones y su proceso creativo.<\/span><ul><li><span data-preserver-spaces=\"true\">Enlace: Frida: Biograf\u00eda de Frida Kahlo<\/span><\/li><\/ul><\/li><li><strong><span data-preserver-spaces=\"true\">&#8220;<\/span><span data-preserver-spaces=\"true\">Frida<\/span><span data-preserver-spaces=\"true\">&#8220;<\/span><span data-preserver-spaces=\"true\"> (Pel\u00edcula de 2002)<\/span><\/strong><span data-preserver-spaces=\"true\">: Protagonizada por Salma Hayek, esta pel\u00edcula biogr\u00e1fica ganadora del Oscar dramatiza la vida de Kahlo, centr\u00e1ndose en sus relaciones, sus problemas de salud y su ascenso como artista.<\/span><ul><li><span data-preserver-spaces=\"true\">Enlace: <\/span><a class=\"editor-rtfLink\" href=\"https:\/\/www.imdb.com\/title\/tt0120679\/\" target=\"_blank\" rel=\"noopener\"><span data-preserver-spaces=\"true\">Frida en IMDb<\/span><\/a><\/li><\/ul><\/li><\/ul>\t\t\t\t\t\t\t\t<\/div>\n\t\t\t\t<\/div>\n\t\t\t\t\t<\/div>\n\t\t\t\t<\/div>\n\t\t\t\t<\/div>","protected":false},"excerpt":{"rendered":"<p>Introduction: The Enduring Legacy of Frida Kahlo with its Surrealism Modern Art Frida Kahlo Surrealism art stands as one of the most recognizable and influential figures in modern painting, not only for the visual beauty of her work but for the emotional depth and raw vulnerability she portrayed. Born in 1907 in Coyoac\u00e1n, Mexico, Kahlo&#8217;s[&#8230;]<\/p>","protected":false},"author":1,"featured_media":12524,"parent":0,"menu_order":0,"comment_status":"closed","ping_status":"closed","template":"","meta":{"_acf_changed":false,"site-sidebar-layout":"no-sidebar","site-content-layout":"page-builder","ast-site-content-layout":"full-width-container","site-content-style":"default","site-sidebar-style":"default","ast-global-header-display":"","ast-banner-title-visibility":"","ast-main-header-display":"","ast-hfb-above-header-display":"","ast-hfb-below-header-display":"","ast-hfb-mobile-header-display":"","site-post-title":"disabled","ast-breadcrumbs-content":"","ast-featured-img":"disabled","footer-sml-layout":"","theme-transparent-header-meta":"","adv-header-id-meta":"","stick-header-meta":"","header-above-stick-meta":"","header-main-stick-meta":"","header-below-stick-meta":"","astra-migrate-meta-layouts":"set","ast-page-background-enabled":"default","ast-page-background-meta":{"desktop":{"background-color":"","background-image":"","background-repeat":"repeat","background-position":"center center","background-size":"auto","background-attachment":"scroll","background-type":"","background-media":"","overlay-type":"","overlay-color":"","overlay-opacity":"","overlay-gradient":""},"tablet":{"background-color":"","background-image":"","background-repeat":"repeat","background-position":"center center","background-size":"auto","background-attachment":"scroll","background-type":"","background-media":"","overlay-type":"","overlay-color":"","overlay-opacity":"","overlay-gradient":""},"mobile":{"background-color":"","background-image":"","background-repeat":"repeat","background-position":"center center","background-size":"auto","background-attachment":"scroll","background-type":"","background-media":"","overlay-type":"","overlay-color":"","overlay-opacity":"","overlay-gradient":""}},"ast-content-background-meta":{"desktop":{"background-color":"var(--ast-global-color-5)","background-image":"","background-repeat":"repeat","background-position":"center center","background-size":"auto","background-attachment":"scroll","background-type":"","background-media":"","overlay-type":"","overlay-color":"","overlay-opacity":"","overlay-gradient":""},"tablet":{"background-color":"var(--ast-global-color-5)","background-image":"","background-repeat":"repeat","background-position":"center center","background-size":"auto","background-attachment":"scroll","background-type":"","background-media":"","overlay-type":"","overlay-color":"","overlay-opacity":"","overlay-gradient":""},"mobile":{"background-color":"var(--ast-global-color-5)","background-image":"","background-repeat":"repeat","background-position":"center center","background-size":"auto","background-attachment":"scroll","background-type":"","background-media":"","overlay-type":"","overlay-color":"","overlay-opacity":"","overlay-gradient":""}},"footnotes":""},"class_list":["post-11668","page","type-page","status-publish","has-post-thumbnail","hentry"],"acf":[],"yoast_head":"<!-- This site is optimized with the Yoast SEO Premium plugin v24.1 (Yoast SEO v25.4) - https:\/\/yoast.com\/wordpress\/plugins\/seo\/ -->\n<title>Frida Kahlo | Surrealism &amp; Modern Art Icon (1907\u20131954)<\/title>\n<meta name=\"description\" content=\"Powerful voice in Surrealism and Modern art, who expressed deep emotion and pain through her works from 1907 to 1954.\" \/>\n<meta name=\"robots\" content=\"index, follow, max-snippet:-1, max-image-preview:large, max-video-preview:-1\" \/>\n<link rel=\"canonical\" href=\"https:\/\/www.exceptional.art\/es\/frida-kahlo-surrealismo-moderno-19071954\/\" \/>\n<meta property=\"og:locale\" content=\"es_ES\" \/>\n<meta property=\"og:type\" content=\"article\" \/>\n<meta property=\"og:title\" content=\"Frida Kahlo - Surrealism -Modern - 1907\u20131954\" \/>\n<meta property=\"og:description\" content=\"Powerful voice in Surrealism and Modern art, who expressed deep emotion and pain through her works from 1907 to 1954.\" \/>\n<meta property=\"og:url\" content=\"https:\/\/www.exceptional.art\/es\/frida-kahlo-surrealismo-moderno-19071954\/\" \/>\n<meta property=\"og:site_name\" content=\"Humberto Poidomani Art - Decades of Sculptural and Paintings Mastery\" \/>\n<meta property=\"article:modified_time\" content=\"2024-12-18T18:54:42+00:00\" \/>\n<meta property=\"og:image\" content=\"https:\/\/www.exceptional.art\/wp-content\/uploads\/2024\/09\/256px-Frida_Kahlo_by_Guillermo_Kahlo.jpg\" \/>\n\t<meta property=\"og:image:width\" content=\"256\" \/>\n\t<meta property=\"og:image:height\" content=\"384\" \/>\n\t<meta property=\"og:image:type\" content=\"image\/jpeg\" \/>\n<meta name=\"twitter:card\" content=\"summary_large_image\" \/>\n<meta name=\"twitter:label1\" content=\"Tiempo de lectura\" \/>\n\t<meta name=\"twitter:data1\" content=\"51 minutos\" \/>\n<script type=\"application\/ld+json\" class=\"yoast-schema-graph\">{\"@context\":\"https:\/\/schema.org\",\"@graph\":[{\"@type\":\"WebPage\",\"@id\":\"https:\/\/www.exceptional.art\/frida-kahlo-surrealism-modern-19071954\/\",\"url\":\"https:\/\/www.exceptional.art\/frida-kahlo-surrealism-modern-19071954\/\",\"name\":\"Frida Kahlo | Surrealism & Modern Art Icon (1907\u20131954)\",\"isPartOf\":{\"@id\":\"https:\/\/www.exceptional.art\/#website\"},\"primaryImageOfPage\":{\"@id\":\"https:\/\/www.exceptional.art\/frida-kahlo-surrealism-modern-19071954\/#primaryimage\"},\"image\":{\"@id\":\"https:\/\/www.exceptional.art\/frida-kahlo-surrealism-modern-19071954\/#primaryimage\"},\"thumbnailUrl\":\"https:\/\/www.exceptional.art\/wp-content\/uploads\/2024\/09\/256px-Frida_Kahlo_by_Guillermo_Kahlo.jpg\",\"datePublished\":\"2024-09-28T04:29:35+00:00\",\"dateModified\":\"2024-12-18T18:54:42+00:00\",\"description\":\"Powerful voice in Surrealism and Modern art, who expressed deep emotion and pain through her works from 1907 to 1954.\",\"breadcrumb\":{\"@id\":\"https:\/\/www.exceptional.art\/frida-kahlo-surrealism-modern-19071954\/#breadcrumb\"},\"inLanguage\":\"es-AR\",\"potentialAction\":[{\"@type\":\"ReadAction\",\"target\":[\"https:\/\/www.exceptional.art\/frida-kahlo-surrealism-modern-19071954\/\"]}]},{\"@type\":\"ImageObject\",\"inLanguage\":\"es-AR\",\"@id\":\"https:\/\/www.exceptional.art\/frida-kahlo-surrealism-modern-19071954\/#primaryimage\",\"url\":\"https:\/\/www.exceptional.art\/wp-content\/uploads\/2024\/09\/256px-Frida_Kahlo_by_Guillermo_Kahlo.jpg\",\"contentUrl\":\"https:\/\/www.exceptional.art\/wp-content\/uploads\/2024\/09\/256px-Frida_Kahlo_by_Guillermo_Kahlo.jpg\",\"width\":256,\"height\":384,\"caption\":\"Portrait of Mexican artist Frida Kahlo, taken by her father Guillermo Kahlo.\"},{\"@type\":\"BreadcrumbList\",\"@id\":\"https:\/\/www.exceptional.art\/frida-kahlo-surrealism-modern-19071954\/#breadcrumb\",\"itemListElement\":[{\"@type\":\"ListItem\",\"position\":1,\"name\":\"Home\",\"item\":\"https:\/\/www.exceptional.art\/\"},{\"@type\":\"ListItem\",\"position\":2,\"name\":\"Frida Kahlo &#8211; Surrealism -Modern &#8211; 1907\u20131954\"}]},{\"@type\":\"WebSite\",\"@id\":\"https:\/\/www.exceptional.art\/#website\",\"url\":\"https:\/\/www.exceptional.art\/\",\"name\":\"Humberto Poidomani Art - Decades of Sculptural and Paintings Mastery\",\"description\":\"An Artist&#039;s Journey Through Textures, Colors, and Societal Commentary\",\"publisher\":{\"@id\":\"https:\/\/www.exceptional.art\/#organization\"},\"potentialAction\":[{\"@type\":\"SearchAction\",\"target\":{\"@type\":\"EntryPoint\",\"urlTemplate\":\"https:\/\/www.exceptional.art\/?s={search_term_string}\"},\"query-input\":{\"@type\":\"PropertyValueSpecification\",\"valueRequired\":true,\"valueName\":\"search_term_string\"}}],\"inLanguage\":\"es-AR\"},{\"@type\":\"Organization\",\"@id\":\"https:\/\/www.exceptional.art\/#organization\",\"name\":\"Humberto Poidomani Art - Decades of Sculptural and Paintings Mastery\",\"alternateName\":\"Humberto Poidomani Art\",\"url\":\"https:\/\/www.exceptional.art\/\",\"logo\":{\"@type\":\"ImageObject\",\"inLanguage\":\"es-AR\",\"@id\":\"https:\/\/www.exceptional.art\/#\/schema\/logo\/image\/\",\"url\":\"https:\/\/www.exceptional.art\/wp-content\/uploads\/2024\/02\/cropped-Humberto-Poidomani-Signature-2-letters-red.webp\",\"contentUrl\":\"https:\/\/www.exceptional.art\/wp-content\/uploads\/2024\/02\/cropped-Humberto-Poidomani-Signature-2-letters-red.webp\",\"width\":511,\"height\":97,\"caption\":\"Humberto Poidomani Art - Decades of Sculptural and Paintings Mastery\"},\"image\":{\"@id\":\"https:\/\/www.exceptional.art\/#\/schema\/logo\/image\/\"},\"description\":\"Online Art Gallery\",\"email\":\"info@exceptional.art\",\"telephone\":\"\u202a(802) 234-8278\u202c\",\"legalName\":\"Exceptional Art\",\"foundingDate\":\"2024-06-16\",\"numberOfEmployees\":{\"@type\":\"QuantitativeValue\",\"minValue\":\"1\",\"maxValue\":\"10\"}}]}<\/script>\n<!-- \/ Yoast SEO Premium plugin. -->","yoast_head_json":{"title":"Frida Kahlo | Surrealism & Modern Art Icon (1907\u20131954)","description":"Powerful voice in Surrealism and Modern art, who expressed deep emotion and pain through her works from 1907 to 1954.","robots":{"index":"index","follow":"follow","max-snippet":"max-snippet:-1","max-image-preview":"max-image-preview:large","max-video-preview":"max-video-preview:-1"},"canonical":"https:\/\/www.exceptional.art\/es\/frida-kahlo-surrealismo-moderno-19071954\/","og_locale":"es_ES","og_type":"article","og_title":"Frida Kahlo - Surrealism -Modern - 1907\u20131954","og_description":"Powerful voice in Surrealism and Modern art, who expressed deep emotion and pain through her works from 1907 to 1954.","og_url":"https:\/\/www.exceptional.art\/es\/frida-kahlo-surrealismo-moderno-19071954\/","og_site_name":"Humberto Poidomani Art - Decades of Sculptural and Paintings Mastery","article_modified_time":"2024-12-18T18:54:42+00:00","og_image":[{"width":256,"height":384,"url":"https:\/\/www.exceptional.art\/wp-content\/uploads\/2024\/09\/256px-Frida_Kahlo_by_Guillermo_Kahlo.jpg","type":"image\/jpeg"}],"twitter_card":"summary_large_image","twitter_misc":{"Tiempo de lectura":"51 minutos"},"schema":{"@context":"https:\/\/schema.org","@graph":[{"@type":"WebPage","@id":"https:\/\/www.exceptional.art\/frida-kahlo-surrealism-modern-19071954\/","url":"https:\/\/www.exceptional.art\/frida-kahlo-surrealism-modern-19071954\/","name":"Frida Kahlo | Surrealism & Modern Art Icon (1907\u20131954)","isPartOf":{"@id":"https:\/\/www.exceptional.art\/#website"},"primaryImageOfPage":{"@id":"https:\/\/www.exceptional.art\/frida-kahlo-surrealism-modern-19071954\/#primaryimage"},"image":{"@id":"https:\/\/www.exceptional.art\/frida-kahlo-surrealism-modern-19071954\/#primaryimage"},"thumbnailUrl":"https:\/\/www.exceptional.art\/wp-content\/uploads\/2024\/09\/256px-Frida_Kahlo_by_Guillermo_Kahlo.jpg","datePublished":"2024-09-28T04:29:35+00:00","dateModified":"2024-12-18T18:54:42+00:00","description":"Powerful voice in Surrealism and Modern art, who expressed deep emotion and pain through her works from 1907 to 1954.","breadcrumb":{"@id":"https:\/\/www.exceptional.art\/frida-kahlo-surrealism-modern-19071954\/#breadcrumb"},"inLanguage":"es-AR","potentialAction":[{"@type":"ReadAction","target":["https:\/\/www.exceptional.art\/frida-kahlo-surrealism-modern-19071954\/"]}]},{"@type":"ImageObject","inLanguage":"es-AR","@id":"https:\/\/www.exceptional.art\/frida-kahlo-surrealism-modern-19071954\/#primaryimage","url":"https:\/\/www.exceptional.art\/wp-content\/uploads\/2024\/09\/256px-Frida_Kahlo_by_Guillermo_Kahlo.jpg","contentUrl":"https:\/\/www.exceptional.art\/wp-content\/uploads\/2024\/09\/256px-Frida_Kahlo_by_Guillermo_Kahlo.jpg","width":256,"height":384,"caption":"Portrait of Mexican artist Frida Kahlo, taken by her father Guillermo Kahlo."},{"@type":"BreadcrumbList","@id":"https:\/\/www.exceptional.art\/frida-kahlo-surrealism-modern-19071954\/#breadcrumb","itemListElement":[{"@type":"ListItem","position":1,"name":"Home","item":"https:\/\/www.exceptional.art\/"},{"@type":"ListItem","position":2,"name":"Frida Kahlo &#8211; Surrealism -Modern &#8211; 1907\u20131954"}]},{"@type":"WebSite","@id":"https:\/\/www.exceptional.art\/#website","url":"https:\/\/www.exceptional.art\/","name":"Humberto Poidomani Art - Decades of Sculptural and Paintings Mastery","description":"An Artist&#039;s Journey Through Textures, Colors, and Societal Commentary","publisher":{"@id":"https:\/\/www.exceptional.art\/#organization"},"potentialAction":[{"@type":"SearchAction","target":{"@type":"EntryPoint","urlTemplate":"https:\/\/www.exceptional.art\/?s={search_term_string}"},"query-input":{"@type":"PropertyValueSpecification","valueRequired":true,"valueName":"search_term_string"}}],"inLanguage":"es-AR"},{"@type":"Organization","@id":"https:\/\/www.exceptional.art\/#organization","name":"Humberto Poidomani Art - Decades of Sculptural and Paintings Mastery","alternateName":"Humberto Poidomani Art","url":"https:\/\/www.exceptional.art\/","logo":{"@type":"ImageObject","inLanguage":"es-AR","@id":"https:\/\/www.exceptional.art\/#\/schema\/logo\/image\/","url":"https:\/\/www.exceptional.art\/wp-content\/uploads\/2024\/02\/cropped-Humberto-Poidomani-Signature-2-letters-red.webp","contentUrl":"https:\/\/www.exceptional.art\/wp-content\/uploads\/2024\/02\/cropped-Humberto-Poidomani-Signature-2-letters-red.webp","width":511,"height":97,"caption":"Humberto Poidomani Art - Decades of Sculptural and Paintings Mastery"},"image":{"@id":"https:\/\/www.exceptional.art\/#\/schema\/logo\/image\/"},"description":"Online Art Gallery","email":"info@exceptional.art","telephone":"\u202a(802) 234-8278\u202c","legalName":"Exceptional Art","foundingDate":"2024-06-16","numberOfEmployees":{"@type":"QuantitativeValue","minValue":"1","maxValue":"10"}}]}},"_links":{"self":[{"href":"https:\/\/www.exceptional.art\/es\/wp-json\/wp\/v2\/pages\/11668","targetHints":{"allow":["GET"]}}],"collection":[{"href":"https:\/\/www.exceptional.art\/es\/wp-json\/wp\/v2\/pages"}],"about":[{"href":"https:\/\/www.exceptional.art\/es\/wp-json\/wp\/v2\/types\/page"}],"author":[{"embeddable":true,"href":"https:\/\/www.exceptional.art\/es\/wp-json\/wp\/v2\/users\/1"}],"replies":[{"embeddable":true,"href":"https:\/\/www.exceptional.art\/es\/wp-json\/wp\/v2\/comments?post=11668"}],"version-history":[{"count":83,"href":"https:\/\/www.exceptional.art\/es\/wp-json\/wp\/v2\/pages\/11668\/revisions"}],"predecessor-version":[{"id":13765,"href":"https:\/\/www.exceptional.art\/es\/wp-json\/wp\/v2\/pages\/11668\/revisions\/13765"}],"wp:featuredmedia":[{"embeddable":true,"href":"https:\/\/www.exceptional.art\/es\/wp-json\/wp\/v2\/media\/12524"}],"wp:attachment":[{"href":"https:\/\/www.exceptional.art\/es\/wp-json\/wp\/v2\/media?parent=11668"}],"curies":[{"name":"wp","href":"https:\/\/api.w.org\/{rel}","templated":true}]}}